{"id":31513,"date":"2021-06-25T11:44:26","date_gmt":"2021-06-25T09:44:26","guid":{"rendered":"https:\/\/www.weyer-gruppe.com\/operatorzy-instalacji-i-inwestorzy\/obliczenie-wysokosci-komina-wg-ta-luft-2002-2021\/"},"modified":"2026-03-23T07:35:44","modified_gmt":"2026-03-23T06:35:44","slug":"obliczenie-wysokosci-komina-wg-ta-luft-2002-2021","status":"publish","type":"page","link":"https:\/\/www.weyer-gruppe.com\/pl\/operatorzy-instalacji-i-inwestorzy\/obliczenie-wysokosci-komina-wg-ta-luft-2002-2021\/","title":{"rendered":"Obliczenie wysoko\u015bci komina wg TA Luft 2002 &amp; 2021"},"content":{"rendered":"<div class=\"wpb-content-wrapper\">[vc_row][vc_column][vc_column_text]Gazy spalinowe z proces\u00f3w produkcji i spalania musz\u0105 by\u0107 z regu\u0142y odprowadzane przez kominy, aby zapewni\u0107 ich niezak\u0142\u00f3cone usuwanie przy swobodnym przep\u0142ywie powietrza i wystarczaj\u0105cym rozcie\u0144czeniu. W tym celu nale\u017cy okre\u015bli\u0107 odpowiedni\u0105 minimaln\u0105 wysoko\u015b\u0107 komin\u00f3w. Przy okre\u015blaniu wymaganej minimalnej wysoko\u015bci komina nale\u017cy przestrzega\u0107 r\u00f3\u017cnych przepis\u00f3w i wytycznych, takich jak instrukcja techniczna dotycz\u0105ca kontroli jako\u015bci powietrza (TA Luft 2002 \/ zmieniona TA Luft 2021), r\u00f3\u017cne federalne rozporz\u0105dzenia dotycz\u0105ce kontroli emisji (1. BImSchV, 13. BImSchV, 17. BImSchV, 44. BImSchV), norma VDI 3781 arkusz 4 lub specyfikacje pa\u0144stwowej grupy roboczej LAI. Obliczenie wysoko\u015bci komina mo\u017ce by\u0107 przeprowadzone zar\u00f3wno zgodnie ze specyfikacjami aktualnie obowi\u0105zuj\u0105cego TA Luft 2002, jak i zgodnie ze specyfikacjami zmienionego TA Luft 2021 (wchodz\u0105cego w \u017cycie z dniem 01.12.2021). Modu\u0142 obliczeniowy BESMIN\/BESMAX, kt\u00f3ry uwzgl\u0119dnia specyfikacje do okre\u015blania wysoko\u015bci komina zgodnie ze zmienion\u0105 TA Luft, zosta\u0142 opublikowany przez Federaln\u0105 Agencj\u0119 Ochrony \u015arodowiska w sierpniu 2021 roku. Obliczenie minimalnej wysoko\u015bci komina jest obecnie mo\u017cliwe zar\u00f3wno zgodnie ze specyfikacj\u0105 aktualnego TA Luft 2002, jak i zgodnie ze specyfikacj\u0105 znowelizowanego TA Luft 2021. Nasz zesp\u00f3\u0142 do\u015bwiadczonych ekspert\u00f3w korzysta z innych modu\u0142\u00f3w obliczeniowych, takich jak &#8222;WinSTACC&#8221; lub &#8222;Wysoko\u015b\u0107 komina wg TA Luft 5.5&#8221;, w celu okre\u015blenia niezb\u0119dnej minimalnej wysoko\u015bci komina. Je\u015bli istniej\u0105cy komin jest wykorzystywany do innego lub zmodyfikowanego projektu, mo\u017ce by\u0107 konieczne sprawdzenie wystarczaj\u0105cych wymiar\u00f3w komina. W razie potrzeby mo\u017cna r\u00f3wnie\u017c poszuka\u0107 idealnej lokalizacji komina. W wi\u0119kszo\u015bci przypadk\u00f3w mo\u017cliwa jest tutaj r\u00f3wnie\u017c wizualizacja r\u00f3\u017cnych lokalizacji komin\u00f3w w odniesieniu do lokalizacji i zabudowy. Ekspertyza dotycz\u0105ca okre\u015blenia wymaganej minimalnej wysoko\u015bci komina jest cz\u0119\u015bci\u0105 dokument\u00f3w zatwierdzaj\u0105cych. Okre\u015blona minimalna wysoko\u015b\u0107 komina jest stosowana jako warto\u015b\u0107 bazowa w obliczeniach dyspersji dla <a href=\"https:\/\/www.weyer-gruppe.com\/pl\/operatorzy-instalacji-i-inwestorzy\/prognoza-imisji-zanieczyszczen-powietrza\/\">prognozy imisji zgodnie z TA Luft<\/a>.[\/vc_column_text][vc_column_text]\n<h2>Nasze us\u0142ugi<\/h2>\n<ul class=\"\">\n<li>Indywidualna analiza konkretnego projektu<\/li>\n<li>Obliczenie wysoko\u015bci komina zgodnie z aktualnym TA Luft 2002 i innymi obowi\u0105zuj\u0105cymi przepisami (np. VDI 3781 arkusz 4, broszura LAI dotycz\u0105ca obliczania wysoko\u015bci komina).<\/li>\n<li>Obliczenie wysoko\u015bci komina zgodnie ze znowelizowanym TA Luft 2021 na podstawie modu\u0142u BESMIN\/BESMAX Federalnej Agencji Ochrony \u015arodowiska oraz innych w\u0142a\u015bciwych przepis\u00f3w (np. VDI 3781 arkusz 4, broszura do obliczania wysoko\u015bci komina LAI).<\/li>\n<li>Obliczenia dla przypadk\u00f3w szczeg\u00f3lnych zgodnie z TA Luft 2002 i 2021 oraz dalsze specyfikacje<\/li>\n<li>Wizualizacja wysoko\u015bci komin\u00f3w i budynk\u00f3w za pomoc\u0105 programu WinSTACC<\/li>\n<li>Poszukiwanie idealnej lokalizacji komina (obliczenie siatki wysoko\u015bci komina)<\/li>\n<\/ul>\n[\/vc_column_text][vc_column_text]\n<h2>Pa\u0144stwa korzy\u015bci<\/h2>\n<ul class=\"\">\n<li>Minimalizacja ryzyka zwi\u0105zanego z planowaniem dzi\u0119ki naszemu 30-letniemu do\u015bwiadczeniu eksperckiemu w zakresie procedur uzyskiwania pozwole\u0144 i planowania<\/li>\n<li>Podstawa szczeg\u00f3\u0142owej oceny imisji zwi\u0105zanych z zak\u0142adami Prognoza imisji zgodnie z TA Luft, azot i kwa\u015bna depozycja (zgodno\u015b\u0107 z FFH)<\/li>\n<li>Oszcz\u0119dno\u015b\u0107 czasu i koszt\u00f3w dzi\u0119ki kompetentnemu doradztwu w zakresie poszczeg\u00f3lnych projekt\u00f3w<\/li>\n<\/ul>\n[\/vc_column_text][\/vc_column][\/vc_row][vc_row][vc_column]<h3 class=\"grve-element grve-align-left grve-title-no-line grve-h3\" style=\"\"><span>Nasz zesp\u00f3\u0142<\/span><\/h3>[\/vc_column][\/vc_row][vc_row][vc_column width=&#8221;1\/4&#8243;]\r\n\t\t<div class=\"grve-team grve-element\" style=\"\">\r\n\t\t\t<figure class=\"grve-image-hover grve-style-1 grve-zoom-in\">\r\n\t\t\t\t<div class=\"grve-team-person grve-media grve-dark-overlay grve-opacity-60\">\r\n\t\t\t\t\t<img decoding=\"async\" width=\"300\" height=\"300\" src=\"https:\/\/www.weyer-gruppe.com\/wp-content\/uploads\/2019\/07\/hannah-bell-probiotec.jpg\" class=\"attachment-grve-image-small-square size-grve-image-small-square\" alt=\"Foto von Hannah Bell der Probiotec\" srcset=\"https:\/\/www.weyer-gruppe.com\/wp-content\/uploads\/2019\/07\/hannah-bell-probiotec.jpg 300w, https:\/\/www.weyer-gruppe.com\/wp-content\/uploads\/2019\/07\/hannah-bell-probiotec-150x150.jpg 150w, https:\/\/www.weyer-gruppe.com\/wp-content\/uploads\/2019\/07\/hannah-bell-probiotec-80x80.jpg 80w\" sizes=\"(max-width: 300px) 100vw, 300px\" \/>\t\t\t\t<\/div>\r\n\t\t\t\t<figcaption>\r\n\t\t\t\t\t<div class=\"grve-team-description\">\r\n\t\t\t\t\t\t\t\t\t\t\t\t<h4 class=\"grve-team-name grve-dark grve-h4\">Hannah Bell<\/h4>\r\n\t\t\t\t\t\t\t\t\t\t\t\t<small class=\"grve-team-identity grve-dark\">PROBIOTEC GmbH<\/small>\r\n\t\t\t\t\t<\/div>\r\n\t\t\t\t\t\t\t\t\t<\/figcaption>\r\n\t\t\t<\/figure>\r\n\t\t<\/div>\r\n\r\n\t\t[\/vc_column][vc_column width=&#8221;1\/4&#8243;]\r\n\t\t<div class=\"grve-team grve-element\" style=\"\">\r\n\t\t\t<figure class=\"grve-image-hover grve-style-1 grve-zoom-in\">\r\n\t\t\t\t<div class=\"grve-team-person grve-media grve-dark-overlay grve-opacity-60\">\r\n\t\t\t\t\t<img decoding=\"async\" width=\"300\" height=\"300\" src=\"https:\/\/www.weyer-gruppe.com\/wp-content\/uploads\/2020\/02\/weyer-gruppe-platzhalter-mitarbeiterfotos.jpg\" class=\"attachment-grve-image-small-square size-grve-image-small-square\" alt=\"Platzhalte Mitarbeiterfotos\" srcset=\"https:\/\/www.weyer-gruppe.com\/wp-content\/uploads\/2020\/02\/weyer-gruppe-platzhalter-mitarbeiterfotos.jpg 300w, https:\/\/www.weyer-gruppe.com\/wp-content\/uploads\/2020\/02\/weyer-gruppe-platzhalter-mitarbeiterfotos-150x150.jpg 150w, https:\/\/www.weyer-gruppe.com\/wp-content\/uploads\/2020\/02\/weyer-gruppe-platzhalter-mitarbeiterfotos-80x80.jpg 80w\" sizes=\"(max-width: 300px) 100vw, 300px\" \/>\t\t\t\t<\/div>\r\n\t\t\t\t<figcaption>\r\n\t\t\t\t\t<div class=\"grve-team-description\">\r\n\t\t\t\t\t\t\t\t\t\t\t\t<h4 class=\"grve-team-name grve-dark grve-h4\">Dr. Vera Linke-Wienemann<\/h4>\r\n\t\t\t\t\t\t\t\t\t\t\t\t<small class=\"grve-team-identity grve-dark\">PROBIOTEC GmbH<\/small>\r\n\t\t\t\t\t<\/div>\r\n\t\t\t\t\t\t\t\t\t<\/figcaption>\r\n\t\t\t<\/figure>\r\n\t\t<\/div>\r\n\r\n\t\t[\/vc_column][vc_column width=&#8221;1\/4&#8243;][\/vc_column][vc_column width=&#8221;1\/4&#8243;][\/vc_column][\/vc_row][vc_row][vc_column]<div class=\"grve-element grve-hr grve-space-divider\" style=\"\"><\/div>[\/vc_column][\/vc_row]\n<\/div>","protected":false},"excerpt":{"rendered":"<p>[vc_row][vc_column][vc_column_text]Gazy spalinowe z proces\u00f3w produkcji i spalania musz\u0105 by\u0107 z regu\u0142y odprowadzane przez kominy, aby zapewni\u0107 ich niezak\u0142\u00f3cone usuwanie przy swobodnym przep\u0142ywie powietrza i wystarczaj\u0105cym rozcie\u0144czeniu. W tym celu nale\u017cy okre\u015bli\u0107 odpowiedni\u0105 minimaln\u0105 wysoko\u015b\u0107 komin\u00f3w. Przy okre\u015blaniu wymaganej minimalnej wysoko\u015bci komina nale\u017cy przestrzega\u0107 r\u00f3\u017cnych przepis\u00f3w i wytycznych, takich jak instrukcja techniczna dotycz\u0105ca kontroli jako\u015bci powietrza [&hellip;]<\/p>\n","protected":false},"author":5,"featured_media":0,"parent":23842,"menu_order":0,"comment_status":"closed","ping_status":"closed","template":"","meta":{"footnotes":""},"class_list":["post-31513","page","type-page","status-publish","hentry"],"yoast_head":"<!-- This site is optimized with the Yoast SEO Premium plugin v27.4 (Yoast SEO v27.4) - https:\/\/yoast.com\/product\/yoast-seo-premium-wordpress\/ -->\n<title>Obliczenie wysoko\u015bci komina wg TA Luft 2002 &amp; 2021 &#8211; weyer gruppe<\/title>\n<meta name=\"robots\" content=\"noindex, follow\" \/>\n<meta property=\"og:locale\" content=\"pl_PL\" \/>\n<meta property=\"og:type\" content=\"article\" \/>\n<meta property=\"og:title\" content=\"Obliczenie wysoko\u015bci komina wg TA Luft 2002 &amp; 2021\" \/>\n<meta property=\"og:description\" content=\"[vc_row][vc_column][vc_column_text]Gazy spalinowe z proces\u00f3w produkcji i spalania musz\u0105 by\u0107 z regu\u0142y odprowadzane przez kominy, aby zapewni\u0107 ich niezak\u0142\u00f3cone usuwanie przy swobodnym przep\u0142ywie powietrza i wystarczaj\u0105cym rozcie\u0144czeniu. W tym celu nale\u017cy okre\u015bli\u0107 odpowiedni\u0105 minimaln\u0105 wysoko\u015b\u0107 komin\u00f3w. Przy okre\u015blaniu wymaganej minimalnej wysoko\u015bci komina nale\u017cy przestrzega\u0107 r\u00f3\u017cnych przepis\u00f3w i wytycznych, takich jak instrukcja techniczna dotycz\u0105ca kontroli jako\u015bci powietrza [&hellip;]\" \/>\n<meta property=\"og:url\" content=\"https:\/\/www.weyer-gruppe.com\/pl\/operatorzy-instalacji-i-inwestorzy\/obliczenie-wysokosci-komina-wg-ta-luft-2002-2021\/\" \/>\n<meta property=\"og:site_name\" content=\"weyer gruppe\" \/>\n<meta property=\"article:publisher\" content=\"https:\/\/www.facebook.com\/weyergruppe\" \/>\n<meta property=\"article:modified_time\" content=\"2026-03-23T06:35:44+00:00\" \/>\n<meta name=\"twitter:card\" content=\"summary_large_image\" \/>\n<meta name=\"twitter:label1\" content=\"Szacowany czas czytania\" \/>\n\t<meta name=\"twitter:data1\" content=\"3 minuty\" \/>\n<script type=\"application\/ld+json\" class=\"yoast-schema-graph\">{\"@context\":\"https:\\\/\\\/schema.org\",\"@graph\":[{\"@type\":\"WebPage\",\"@id\":\"https:\\\/\\\/www.weyer-gruppe.com\\\/pl\\\/operatorzy-instalacji-i-inwestorzy\\\/obliczenie-wysokosci-komina-wg-ta-luft-2002-2021\\\/\",\"url\":\"https:\\\/\\\/www.weyer-gruppe.com\\\/pl\\\/operatorzy-instalacji-i-inwestorzy\\\/obliczenie-wysokosci-komina-wg-ta-luft-2002-2021\\\/\",\"name\":\"Obliczenie wysoko\u015bci komina wg TA Luft 2002 &amp; 2021 &#8211; weyer gruppe\",\"isPartOf\":{\"@id\":\"https:\\\/\\\/www.weyer-gruppe.com\\\/pl\\\/#website\"},\"datePublished\":\"2021-06-25T09:44:26+00:00\",\"dateModified\":\"2026-03-23T06:35:44+00:00\",\"breadcrumb\":{\"@id\":\"https:\\\/\\\/www.weyer-gruppe.com\\\/pl\\\/operatorzy-instalacji-i-inwestorzy\\\/obliczenie-wysokosci-komina-wg-ta-luft-2002-2021\\\/#breadcrumb\"},\"inLanguage\":\"pl-PL\",\"potentialAction\":[{\"@type\":\"ReadAction\",\"target\":[\"https:\\\/\\\/www.weyer-gruppe.com\\\/pl\\\/operatorzy-instalacji-i-inwestorzy\\\/obliczenie-wysokosci-komina-wg-ta-luft-2002-2021\\\/\"]}]},{\"@type\":\"BreadcrumbList\",\"@id\":\"https:\\\/\\\/www.weyer-gruppe.com\\\/pl\\\/operatorzy-instalacji-i-inwestorzy\\\/obliczenie-wysokosci-komina-wg-ta-luft-2002-2021\\\/#breadcrumb\",\"itemListElement\":[{\"@type\":\"ListItem\",\"position\":1,\"name\":\"HOME\",\"item\":\"https:\\\/\\\/www.weyer-gruppe.com\\\/pl\\\/\"},{\"@type\":\"ListItem\",\"position\":2,\"name\":\"Operatorzy instalacji i inwestorzy\",\"item\":\"https:\\\/\\\/www.weyer-gruppe.com\\\/pl\\\/operatorzy-instalacji-i-inwestorzy\\\/\"},{\"@type\":\"ListItem\",\"position\":3,\"name\":\"Obliczenie wysoko\u015bci komina wg TA Luft 2002 &amp; 2021\"}]},{\"@type\":\"WebSite\",\"@id\":\"https:\\\/\\\/www.weyer-gruppe.com\\\/pl\\\/#website\",\"url\":\"https:\\\/\\\/www.weyer-gruppe.com\\\/pl\\\/\",\"name\":\"weyer gruppe\",\"description\":\"komplett. durchdacht.\",\"publisher\":{\"@id\":\"https:\\\/\\\/www.weyer-gruppe.com\\\/pl\\\/#organization\"},\"potentialAction\":[{\"@type\":\"SearchAction\",\"target\":{\"@type\":\"EntryPoint\",\"urlTemplate\":\"https:\\\/\\\/www.weyer-gruppe.com\\\/pl\\\/?s={search_term_string}\"},\"query-input\":{\"@type\":\"PropertyValueSpecification\",\"valueRequired\":true,\"valueName\":\"search_term_string\"}}],\"inLanguage\":\"pl-PL\"},{\"@type\":\"Organization\",\"@id\":\"https:\\\/\\\/www.weyer-gruppe.com\\\/pl\\\/#organization\",\"name\":\"weyer gruppe\",\"url\":\"https:\\\/\\\/www.weyer-gruppe.com\\\/pl\\\/\",\"logo\":{\"@type\":\"ImageObject\",\"inLanguage\":\"pl-PL\",\"@id\":\"https:\\\/\\\/www.weyer-gruppe.com\\\/pl\\\/#\\\/schema\\\/logo\\\/image\\\/\",\"url\":\"https:\\\/\\\/www.weyer-gruppe.com\\\/wp-content\\\/uploads\\\/2019\\\/07\\\/logo-weyer-gruppe-de.png\",\"contentUrl\":\"https:\\\/\\\/www.weyer-gruppe.com\\\/wp-content\\\/uploads\\\/2019\\\/07\\\/logo-weyer-gruppe-de.png\",\"width\":532,\"height\":513,\"caption\":\"weyer gruppe\"},\"image\":{\"@id\":\"https:\\\/\\\/www.weyer-gruppe.com\\\/pl\\\/#\\\/schema\\\/logo\\\/image\\\/\"},\"sameAs\":[\"https:\\\/\\\/www.facebook.com\\\/weyergruppe\",\"https:\\\/\\\/de.linkedin.com\\\/company\\\/weyer-gruppe\",\"https:\\\/\\\/www.youtube.com\\\/channel\\\/UCmZItECuW56Ih_p501_Bq8A\"],\"description\":\"Die weyer gruppe ist seit 1976 Ihr Partner f\u00fcr verfahrenstechnische Anlagenplanung und Anlagensicherheit. Mit einem erfahrenen Team von \u00fcber 190 Mitarbeitern in Deutschland, \u00d6sterreich, Polen und der Schweiz realisieren wir j\u00e4hrlich \u00fcber 1.000 Kundenprojekte. Unsere Expertise erstreckt sich \u00fcber verschiedene Branchen wie Chemie, Pharma, Mineral\u00f6l sowie Ver- und Entsorgung. Vertrauen Sie auf die weyer Gruppe f\u00fcr ma\u00dfgeschneiderte Engineering- und Consulting-L\u00f6sungen, die Ihre Anforderungen in puncto Sicherheit und Effizienz erf\u00fcllen.\",\"email\":\"info@weyer-gruppe.com\",\"telephone\":\"+49 (0) 24 21 \u2013 69 09 1 \u2013 0\",\"numberOfEmployees\":{\"@type\":\"QuantitativeValue\",\"minValue\":\"51\",\"maxValue\":\"200\"}}]}<\/script>\n<!-- \/ Yoast SEO Premium plugin. -->","yoast_head_json":{"title":"Obliczenie wysoko\u015bci komina wg TA Luft 2002 &amp; 2021 &#8211; weyer gruppe","robots":{"index":"noindex","follow":"follow"},"og_locale":"pl_PL","og_type":"article","og_title":"Obliczenie wysoko\u015bci komina wg TA Luft 2002 &amp; 2021","og_description":"[vc_row][vc_column][vc_column_text]Gazy spalinowe z proces\u00f3w produkcji i spalania musz\u0105 by\u0107 z regu\u0142y odprowadzane przez kominy, aby zapewni\u0107 ich niezak\u0142\u00f3cone usuwanie przy swobodnym przep\u0142ywie powietrza i wystarczaj\u0105cym rozcie\u0144czeniu. W tym celu nale\u017cy okre\u015bli\u0107 odpowiedni\u0105 minimaln\u0105 wysoko\u015b\u0107 komin\u00f3w. Przy okre\u015blaniu wymaganej minimalnej wysoko\u015bci komina nale\u017cy przestrzega\u0107 r\u00f3\u017cnych przepis\u00f3w i wytycznych, takich jak instrukcja techniczna dotycz\u0105ca kontroli jako\u015bci powietrza [&hellip;]","og_url":"https:\/\/www.weyer-gruppe.com\/pl\/operatorzy-instalacji-i-inwestorzy\/obliczenie-wysokosci-komina-wg-ta-luft-2002-2021\/","og_site_name":"weyer gruppe","article_publisher":"https:\/\/www.facebook.com\/weyergruppe","article_modified_time":"2026-03-23T06:35:44+00:00","twitter_card":"summary_large_image","twitter_misc":{"Szacowany czas czytania":"3 minuty"},"schema":{"@context":"https:\/\/schema.org","@graph":[{"@type":"WebPage","@id":"https:\/\/www.weyer-gruppe.com\/pl\/operatorzy-instalacji-i-inwestorzy\/obliczenie-wysokosci-komina-wg-ta-luft-2002-2021\/","url":"https:\/\/www.weyer-gruppe.com\/pl\/operatorzy-instalacji-i-inwestorzy\/obliczenie-wysokosci-komina-wg-ta-luft-2002-2021\/","name":"Obliczenie wysoko\u015bci komina wg TA Luft 2002 &amp; 2021 &#8211; weyer gruppe","isPartOf":{"@id":"https:\/\/www.weyer-gruppe.com\/pl\/#website"},"datePublished":"2021-06-25T09:44:26+00:00","dateModified":"2026-03-23T06:35:44+00:00","breadcrumb":{"@id":"https:\/\/www.weyer-gruppe.com\/pl\/operatorzy-instalacji-i-inwestorzy\/obliczenie-wysokosci-komina-wg-ta-luft-2002-2021\/#breadcrumb"},"inLanguage":"pl-PL","potentialAction":[{"@type":"ReadAction","target":["https:\/\/www.weyer-gruppe.com\/pl\/operatorzy-instalacji-i-inwestorzy\/obliczenie-wysokosci-komina-wg-ta-luft-2002-2021\/"]}]},{"@type":"BreadcrumbList","@id":"https:\/\/www.weyer-gruppe.com\/pl\/operatorzy-instalacji-i-inwestorzy\/obliczenie-wysokosci-komina-wg-ta-luft-2002-2021\/#breadcrumb","itemListElement":[{"@type":"ListItem","position":1,"name":"HOME","item":"https:\/\/www.weyer-gruppe.com\/pl\/"},{"@type":"ListItem","position":2,"name":"Operatorzy instalacji i inwestorzy","item":"https:\/\/www.weyer-gruppe.com\/pl\/operatorzy-instalacji-i-inwestorzy\/"},{"@type":"ListItem","position":3,"name":"Obliczenie wysoko\u015bci komina wg TA Luft 2002 &amp; 2021"}]},{"@type":"WebSite","@id":"https:\/\/www.weyer-gruppe.com\/pl\/#website","url":"https:\/\/www.weyer-gruppe.com\/pl\/","name":"weyer gruppe","description":"komplett. durchdacht.","publisher":{"@id":"https:\/\/www.weyer-gruppe.com\/pl\/#organization"},"potentialAction":[{"@type":"SearchAction","target":{"@type":"EntryPoint","urlTemplate":"https:\/\/www.weyer-gruppe.com\/pl\/?s={search_term_string}"},"query-input":{"@type":"PropertyValueSpecification","valueRequired":true,"valueName":"search_term_string"}}],"inLanguage":"pl-PL"},{"@type":"Organization","@id":"https:\/\/www.weyer-gruppe.com\/pl\/#organization","name":"weyer gruppe","url":"https:\/\/www.weyer-gruppe.com\/pl\/","logo":{"@type":"ImageObject","inLanguage":"pl-PL","@id":"https:\/\/www.weyer-gruppe.com\/pl\/#\/schema\/logo\/image\/","url":"https:\/\/www.weyer-gruppe.com\/wp-content\/uploads\/2019\/07\/logo-weyer-gruppe-de.png","contentUrl":"https:\/\/www.weyer-gruppe.com\/wp-content\/uploads\/2019\/07\/logo-weyer-gruppe-de.png","width":532,"height":513,"caption":"weyer gruppe"},"image":{"@id":"https:\/\/www.weyer-gruppe.com\/pl\/#\/schema\/logo\/image\/"},"sameAs":["https:\/\/www.facebook.com\/weyergruppe","https:\/\/de.linkedin.com\/company\/weyer-gruppe","https:\/\/www.youtube.com\/channel\/UCmZItECuW56Ih_p501_Bq8A"],"description":"Die weyer gruppe ist seit 1976 Ihr Partner f\u00fcr verfahrenstechnische Anlagenplanung und Anlagensicherheit. Mit einem erfahrenen Team von \u00fcber 190 Mitarbeitern in Deutschland, \u00d6sterreich, Polen und der Schweiz realisieren wir j\u00e4hrlich \u00fcber 1.000 Kundenprojekte. Unsere Expertise erstreckt sich \u00fcber verschiedene Branchen wie Chemie, Pharma, Mineral\u00f6l sowie Ver- und Entsorgung. Vertrauen Sie auf die weyer Gruppe f\u00fcr ma\u00dfgeschneiderte Engineering- und Consulting-L\u00f6sungen, die Ihre Anforderungen in puncto Sicherheit und Effizienz erf\u00fcllen.","email":"info@weyer-gruppe.com","telephone":"+49 (0) 24 21 \u2013 69 09 1 \u2013 0","numberOfEmployees":{"@type":"QuantitativeValue","minValue":"51","maxValue":"200"}}]}},"_links":{"self":[{"href":"https:\/\/www.weyer-gruppe.com\/pl\/wp-json\/wp\/v2\/pages\/31513","targetHints":{"allow":["GET"]}}],"collection":[{"href":"https:\/\/www.weyer-gruppe.com\/pl\/wp-json\/wp\/v2\/pages"}],"about":[{"href":"https:\/\/www.weyer-gruppe.com\/pl\/wp-json\/wp\/v2\/types\/page"}],"author":[{"embeddable":true,"href":"https:\/\/www.weyer-gruppe.com\/pl\/wp-json\/wp\/v2\/users\/5"}],"replies":[{"embeddable":true,"href":"https:\/\/www.weyer-gruppe.com\/pl\/wp-json\/wp\/v2\/comments?post=31513"}],"version-history":[{"count":1,"href":"https:\/\/www.weyer-gruppe.com\/pl\/wp-json\/wp\/v2\/pages\/31513\/revisions"}],"predecessor-version":[{"id":238052,"href":"https:\/\/www.weyer-gruppe.com\/pl\/wp-json\/wp\/v2\/pages\/31513\/revisions\/238052"}],"up":[{"embeddable":true,"href":"https:\/\/www.weyer-gruppe.com\/pl\/wp-json\/wp\/v2\/pages\/23842"}],"wp:attachment":[{"href":"https:\/\/www.weyer-gruppe.com\/pl\/wp-json\/wp\/v2\/media?parent=31513"}],"curies":[{"name":"wp","href":"https:\/\/api.w.org\/{rel}","templated":true}]}}