{"id":24326,"date":"2019-07-17T16:32:20","date_gmt":"2019-07-17T14:32:20","guid":{"rendered":"https:\/\/www.weyer-gruppe.com\/o-nas\/eksperci-i-specjalisci\/"},"modified":"2026-03-23T09:28:08","modified_gmt":"2026-03-23T08:28:08","slug":"eksperci-i-specjalisci","status":"publish","type":"page","link":"https:\/\/www.weyer-gruppe.com\/pl\/o-nas\/eksperci-i-specjalisci\/","title":{"rendered":"Eksperci i specjali\u015bci"},"content":{"rendered":"<div class=\"wpb-content-wrapper\">[vc_row][vc_column][vc_column_text]\n<div class=\"grve-element grve-text\">\n<p>Od 1976 roku weyer group wspiera projektant\u00f3w, operator\u00f3w, producent\u00f3w i inwestor\u00f3w w szerokim zakresie us\u0142ug konsultingowych i in\u017cynieryjnych. Grupa pracuje dla klient\u00f3w z bran\u017cy chemicznej, farmaceutycznej, olej\u00f3w mineralnych, zaopatrzenia i utylizacji, a tak\u017ce dla stowarzysze\u0144 i urz\u0119d\u00f3w. Wspieramy Pa\u0144stwa we wszystkich fazach realizacji projekt\u00f3w, od planowania instalacji po wsparcie przy uruchomieniu i przygotowujemy niezb\u0119dne ekspertyzy oraz wnioski dla urz\u0119d\u00f3w.<\/p>\n<p>Nasi eksperci i specjali\u015bci s\u0105 do Pa\u0144stwa dyspozycji we wszystkich kwestiach.<\/p>\n<\/div>\n[\/vc_column_text]<div class=\"grve-element grve-hr grve-space-divider\" style=\"\"><\/div>[\/vc_column][\/vc_row][vc_row][vc_column width=&#8221;1\/3&#8243; tablet_sm_width=&#8221;1-2&#8243;]<div class=\"grve-element grve-counter grve-align-center grve-style-2\" style=\"\">  <div class=\"grve-counter-content\">    <div class=\"grve-counter-item grve-color-primary-1\">      <span data-thousands-separator-vis=\"\" data-thousands-separator=\",\" data-prefix=\"\" data-suffix=\"\" data-start-val=\"0\" data-end-val=\"3\" data-decimal-points=\"0\" data-decimal-separator=\".\">0<\/span>    <\/div><h4 class=\"grve-counter-title\"><span>Osoby wykwalifikowane wed\u0142ug \u00a72(7) BetrSichV<\/span><\/h4>  <\/div><\/div>[vc_empty_space height=&#8221;20px&#8221;]<div class=\"grve-element grve-align-center\"><a class=\"grve-btn grve-btn-small grve-square grve-bg-primary-1 grve-btn-line\" href=\"#befaehigte-person-nach-2-7-betrsichv\" target=\"_self\" style=\"\"><span>Osoba do kontaktu<\/span><\/a><\/div>[\/vc_column][vc_column width=&#8221;1\/3&#8243; tablet_sm_width=&#8221;1-2&#8243;]<div class=\"grve-element grve-counter grve-align-center grve-style-2\" style=\"\">  <div class=\"grve-counter-content\">    <div class=\"grve-counter-item grve-color-primary-1\">      <span data-thousands-separator-vis=\"\" data-thousands-separator=\",\" data-prefix=\"\" data-suffix=\"\" data-start-val=\"0\" data-end-val=\"4\" data-decimal-points=\"0\" data-decimal-separator=\".\">0<\/span>    <\/div><h4 class=\"grve-counter-title\"><span>Inspektorzy ochrony przeciwpo\u017carowej<\/span><\/h4>  <\/div><\/div>[vc_empty_space height=&#8221;40px&#8221;]<div class=\"grve-element grve-align-center\"><a class=\"grve-btn grve-btn-small grve-square grve-bg-primary-1 grve-btn-line\" href=\"#brandschutzbeauftragte\" target=\"_self\" style=\"\"><span>Osoba do kontaktu<\/span><\/a><\/div>[\/vc_column][vc_column width=&#8221;1\/3&#8243; tablet_sm_width=&#8221;1-2&#8243;]<div class=\"grve-element grve-counter grve-align-center grve-style-2\" style=\"\">  <div class=\"grve-counter-content\">    <div class=\"grve-counter-item grve-color-primary-1\">      <span data-thousands-separator-vis=\"\" data-thousands-separator=\",\" data-prefix=\"\" data-suffix=\"\" data-start-val=\"0\" data-end-val=\"14\" data-decimal-points=\"0\" data-decimal-separator=\".\">0<\/span>    <\/div><h5 class=\"grve-counter-title\"><span>Eksperci wed\u0142ug \u00a729b BImSchG<\/span><\/h5>  <\/div><\/div>[vc_empty_space height=&#8221;40px&#8221;]<div class=\"grve-element grve-align-center\"><a class=\"grve-btn grve-btn-small grve-square grve-bg-primary-1 grve-btn-line\" href=\"https:\/\/www.weyer-gruppe.com\/pl\/o-nas\/eksperci-i-specjalisci\/#sachverstaendige-29b-bimschg\" target=\"_self\" style=\"\"><span>Osoba do kontaktu<\/span><\/a><\/div>[\/vc_column][\/vc_row][vc_row][vc_column]<div class=\"grve-element grve-hr grve-space-divider\" style=\"\"><\/div>[\/vc_column][\/vc_row][vc_row][vc_column width=&#8221;1\/3&#8243; tablet_width=&#8221;1-2&#8243; tablet_sm_width=&#8221;1-2&#8243;]<div class=\"grve-element grve-counter grve-align-center grve-style-2\" style=\"\">  <div class=\"grve-counter-content\">    <div class=\"grve-counter-item grve-color-primary-1\">      <span data-thousands-separator-vis=\"\" data-thousands-separator=\",\" data-prefix=\"\" data-suffix=\"\" data-start-val=\"0\" data-end-val=\"13\" data-decimal-points=\"0\" data-decimal-separator=\".\">0<\/span>    <\/div><h4 class=\"grve-counter-title\"><span>Eksperci wed\u0142ug AwSV<\/span><\/h4>  <\/div><\/div>[vc_empty_space height=&#8221;40px&#8221;]<div class=\"grve-element grve-align-center\"><a class=\"grve-btn grve-btn-small grve-square grve-bg-primary-1 grve-btn-line\" href=\"#sachverstaendige-awsv\" target=\"_self\" style=\"\"><span>Osoba do kontaktu<\/span><\/a><\/div>[\/vc_column][vc_column width=&#8221;1\/3&#8243; tablet_width=&#8221;1-2&#8243; tablet_sm_width=&#8221;1-2&#8243;]<div class=\"grve-element grve-counter grve-align-center grve-style-2\" style=\"\">  <div class=\"grve-counter-content\">    <div class=\"grve-counter-item grve-color-primary-1\">      <span data-thousands-separator-vis=\"\" data-thousands-separator=\",\" data-prefix=\"\" data-suffix=\"\" data-start-val=\"0\" data-end-val=\"3\" data-decimal-points=\"0\" data-decimal-separator=\".\">0<\/span>    <\/div><h5 class=\"grve-counter-title\"><span>Osoby wykwalifikowane wed\u0142ug BetrSichV za\u0142\u0105cznik 2 Punkt 3; Nr. 3.1 &amp; 3.3<\/span><\/h5>  <\/div><\/div>[vc_empty_space height=&#8221;20px&#8221;]<div class=\"grve-element grve-align-center\"><a class=\"grve-btn grve-btn-small grve-square grve-bg-primary-1 grve-btn-line\" href=\"#befaehigte-person-betrsichv-2\" target=\"_self\" style=\"\"><span>Osoba do kontaktu<\/span><\/a><\/div>[\/vc_column][vc_column width=&#8221;1\/3&#8243; tablet_width=&#8221;1-2&#8243; tablet_sm_width=&#8221;1-2&#8243;]<div class=\"grve-element grve-counter grve-align-center grve-style-2\" style=\"\">  <div class=\"grve-counter-content\">    <div class=\"grve-counter-item grve-color-primary-1\">      <span data-thousands-separator-vis=\"\" data-thousands-separator=\",\" data-prefix=\"\" data-suffix=\"\" data-start-val=\"0\" data-end-val=\"9\" data-decimal-points=\"0\" data-decimal-separator=\".\">0<\/span>    <\/div><h4 class=\"grve-counter-title\"><span>inni eksperci, osoby wykwalifikowane i przedstawiciele<\/span><\/h4>  <\/div><\/div><div class=\"grve-element grve-align-center\"><a class=\"grve-btn grve-btn-small grve-square grve-bg-primary-1 grve-btn-line\" href=\"#weitere-sachverstaendige\" target=\"_self\" style=\"\"><span>Osoba do kontaktu<\/span><\/a><\/div>[\/vc_column][\/vc_row][vc_row][vc_column][vc_empty_space height=&#8221;2px&#8221; el_id=&#8221;befaehigte-person-nach-2-7-betrsichv&#8221;]<div class=\"grve-element grve-hr grve-space-divider\" style=\"\"><\/div><div class=\"grve-element grve-hr grve-space-divider\" style=\"\"><\/div>[\/vc_column][\/vc_row][vc_row][vc_column][vc_column_text]\n<h2>Osoba wykwalifikowana zgodnie z \u00a72(7) BetrSichV<\/h2>\n[\/vc_column_text][\/vc_column][\/vc_row][vc_row][vc_column width=&#8221;1\/4&#8243; tablet_sm_width=&#8221;1-2&#8243;]\r\n\t\t<div class=\"grve-team grve-element\" style=\"\">\r\n\t\t\t<figure class=\"grve-image-hover grve-style-1 grve-zoom-in\">\r\n\t\t\t\t<div class=\"grve-team-person grve-media grve-dark-overlay grve-opacity-60\">\r\n\t\t\t\t\t<img decoding=\"async\" width=\"300\" height=\"300\" src=\"https:\/\/www.weyer-gruppe.com\/wp-content\/uploads\/2020\/02\/weyer-gruppe-platzhalter-mitarbeiterfotos.jpg\" class=\"attachment-grve-image-small-square size-grve-image-small-square\" alt=\"Platzhalte Mitarbeiterfotos\" srcset=\"https:\/\/www.weyer-gruppe.com\/wp-content\/uploads\/2020\/02\/weyer-gruppe-platzhalter-mitarbeiterfotos.jpg 300w, https:\/\/www.weyer-gruppe.com\/wp-content\/uploads\/2020\/02\/weyer-gruppe-platzhalter-mitarbeiterfotos-150x150.jpg 150w, https:\/\/www.weyer-gruppe.com\/wp-content\/uploads\/2020\/02\/weyer-gruppe-platzhalter-mitarbeiterfotos-80x80.jpg 80w\" sizes=\"(max-width: 300px) 100vw, 300px\" \/>\t\t\t\t<\/div>\r\n\t\t\t\t<figcaption>\r\n\t\t\t\t\t<div class=\"grve-team-description\">\r\n\t\t\t\t\t\t\t\t\t\t\t\t<h4 class=\"grve-team-name grve-dark grve-h4\">Stefan Lukas<\/h4>\r\n\t\t\t\t\t\t\t\t\t\t\t\t<small class=\"grve-team-identity grve-dark\">Chemietechnik-Engineering<\/small>\r\n\t\t\t\t\t<\/div>\r\n\t\t\t\t\t\t\t\t\t<\/figcaption>\r\n\t\t\t<\/figure>\r\n\t\t<\/div>\r\n\r\n\t\t[\/vc_column][vc_column width=&#8221;1\/4&#8243; tablet_sm_width=&#8221;1-2&#8243;]\r\n\t\t<div class=\"grve-team grve-element\" style=\"\">\r\n\t\t\t<figure class=\"grve-image-hover grve-style-1 grve-zoom-in\">\r\n\t\t\t\t<div class=\"grve-team-person grve-media grve-dark-overlay grve-opacity-60\">\r\n\t\t\t\t\t<img decoding=\"async\" width=\"300\" height=\"300\" src=\"https:\/\/www.weyer-gruppe.com\/wp-content\/uploads\/2020\/02\/weyer-gruppe-platzhalter-mitarbeiterfotos.jpg\" class=\"attachment-grve-image-small-square size-grve-image-small-square\" alt=\"Platzhalte Mitarbeiterfotos\" srcset=\"https:\/\/www.weyer-gruppe.com\/wp-content\/uploads\/2020\/02\/weyer-gruppe-platzhalter-mitarbeiterfotos.jpg 300w, https:\/\/www.weyer-gruppe.com\/wp-content\/uploads\/2020\/02\/weyer-gruppe-platzhalter-mitarbeiterfotos-150x150.jpg 150w, https:\/\/www.weyer-gruppe.com\/wp-content\/uploads\/2020\/02\/weyer-gruppe-platzhalter-mitarbeiterfotos-80x80.jpg 80w\" sizes=\"(max-width: 300px) 100vw, 300px\" \/>\t\t\t\t<\/div>\r\n\t\t\t\t<figcaption>\r\n\t\t\t\t\t<div class=\"grve-team-description\">\r\n\t\t\t\t\t\t\t\t\t\t\t\t<h4 class=\"grve-team-name grve-dark grve-h4\">Martin Schmidt<\/h4>\r\n\t\t\t\t\t\t\t\t\t\t\t\t<small class=\"grve-team-identity grve-dark\">Chemietechnik-Engineering<\/small>\r\n\t\t\t\t\t<\/div>\r\n\t\t\t\t\t\t\t\t\t<\/figcaption>\r\n\t\t\t<\/figure>\r\n\t\t<\/div>\r\n\r\n\t\t[\/vc_column][vc_column width=&#8221;1\/4&#8243; tablet_sm_width=&#8221;1-2&#8243;][\/vc_column][vc_column width=&#8221;1\/4&#8243; tablet_sm_width=&#8221;1-2&#8243;][vc_empty_space height=&#8221;2px&#8221; el_id=&#8221;brandschutzbeauftragte&#8221;][\/vc_column][\/vc_row][vc_row][vc_column]<div class=\"grve-element grve-hr grve-space-divider\" style=\"\"><\/div>[\/vc_column][\/vc_row][vc_row][vc_column][vc_column_text]\n<h2>Inspektor ochrony przeciwpo\u017carowej \/ kierownik budowy specjalista Ochrona przeciwpo\u017carowa<\/h2>\n[\/vc_column_text][\/vc_column][\/vc_row][vc_row][vc_column width=&#8221;1\/4&#8243; tablet_sm_width=&#8221;1-2&#8243;]\r\n\t\t<div class=\"grve-team grve-element\" style=\"\">\r\n\t\t\t<figure class=\"grve-image-hover grve-style-1 grve-zoom-in\">\r\n\t\t\t\t<div class=\"grve-team-person grve-media grve-dark-overlay grve-opacity-60\">\r\n\t\t\t\t\t<img decoding=\"async\" width=\"300\" height=\"300\" src=\"https:\/\/www.weyer-gruppe.com\/wp-content\/uploads\/2020\/02\/weyer-gruppe-platzhalter-mitarbeiterfotos.jpg\" class=\"attachment-grve-image-small-square size-grve-image-small-square\" alt=\"Platzhalte Mitarbeiterfotos\" srcset=\"https:\/\/www.weyer-gruppe.com\/wp-content\/uploads\/2020\/02\/weyer-gruppe-platzhalter-mitarbeiterfotos.jpg 300w, https:\/\/www.weyer-gruppe.com\/wp-content\/uploads\/2020\/02\/weyer-gruppe-platzhalter-mitarbeiterfotos-150x150.jpg 150w, https:\/\/www.weyer-gruppe.com\/wp-content\/uploads\/2020\/02\/weyer-gruppe-platzhalter-mitarbeiterfotos-80x80.jpg 80w\" sizes=\"(max-width: 300px) 100vw, 300px\" \/>\t\t\t\t<\/div>\r\n\t\t\t\t<figcaption>\r\n\t\t\t\t\t<div class=\"grve-team-description\">\r\n\t\t\t\t\t\t\t\t\t\t\t\t<h4 class=\"grve-team-name grve-dark grve-h4\">Patricia Amelung<\/h4>\r\n\t\t\t\t\t\t\t\t\t\t\t\t<small class=\"grve-team-identity grve-dark\">horst weyer und partner<\/small>\r\n\t\t\t\t\t<\/div>\r\n\t\t\t\t\t\t\t\t\t<\/figcaption>\r\n\t\t\t<\/figure>\r\n\t\t<\/div>\r\n\r\n\t\t[\/vc_column][vc_column width=&#8221;1\/4&#8243; tablet_sm_width=&#8221;1-2&#8243;]\r\n\t\t<div class=\"grve-team grve-element\" style=\"\">\r\n\t\t\t<figure class=\"grve-image-hover grve-style-1 grve-zoom-in\">\r\n\t\t\t\t<div class=\"grve-team-person grve-media grve-dark-overlay grve-opacity-60\">\r\n\t\t\t\t\t<img decoding=\"async\" width=\"300\" height=\"300\" src=\"https:\/\/www.weyer-gruppe.com\/wp-content\/uploads\/2019\/09\/as-u-gamerith-weyer-reinhard-felleitner.jpg\" class=\"attachment-grve-image-small-square size-grve-image-small-square\" alt=\"Zdj\u0119cie Reinhardt Felleitner z As-U Gamerith-Weyer GmbH\" srcset=\"https:\/\/www.weyer-gruppe.com\/wp-content\/uploads\/2019\/09\/as-u-gamerith-weyer-reinhard-felleitner.jpg 300w, https:\/\/www.weyer-gruppe.com\/wp-content\/uploads\/2019\/09\/as-u-gamerith-weyer-reinhard-felleitner-150x150.jpg 150w, https:\/\/www.weyer-gruppe.com\/wp-content\/uploads\/2019\/09\/as-u-gamerith-weyer-reinhard-felleitner-80x80.jpg 80w\" sizes=\"(max-width: 300px) 100vw, 300px\" \/>\t\t\t\t<\/div>\r\n\t\t\t\t<figcaption>\r\n\t\t\t\t\t<div class=\"grve-team-description\">\r\n\t\t\t\t\t\t\t\t\t\t\t\t<h4 class=\"grve-team-name grve-dark grve-h4\">Reinhard Felleitner<\/h4>\r\n\t\t\t\t\t\t\t\t\t\t\t\t<small class=\"grve-team-identity grve-dark\">As-U Gamerith-Weyer<\/small>\r\n\t\t\t\t\t<\/div>\r\n\t\t\t\t\t\t\t\t\t<\/figcaption>\r\n\t\t\t<\/figure>\r\n\t\t<\/div>\r\n\r\n\t\t[\/vc_column][vc_column width=&#8221;1\/4&#8243; tablet_sm_width=&#8221;1-2&#8243;]\r\n\t\t<div class=\"grve-team grve-element\" style=\"\">\r\n\t\t\t<figure class=\"grve-image-hover grve-style-1 grve-zoom-in\">\r\n\t\t\t\t<div class=\"grve-team-person grve-media grve-dark-overlay grve-opacity-60\">\r\n\t\t\t\t\t<img decoding=\"async\" width=\"300\" height=\"300\" src=\"https:\/\/www.weyer-gruppe.com\/wp-content\/uploads\/2019\/07\/robert-schuetz-horst-weyer-und-partner.jpg\" class=\"attachment-grve-image-small-square size-grve-image-small-square\" alt=\"Zdj\u0119cie pracownika Robert Sch\u00fctz z horst weyer und partner gmbh\" srcset=\"https:\/\/www.weyer-gruppe.com\/wp-content\/uploads\/2019\/07\/robert-schuetz-horst-weyer-und-partner.jpg 300w, https:\/\/www.weyer-gruppe.com\/wp-content\/uploads\/2019\/07\/robert-schuetz-horst-weyer-und-partner-150x150.jpg 150w, https:\/\/www.weyer-gruppe.com\/wp-content\/uploads\/2019\/07\/robert-schuetz-horst-weyer-und-partner-80x80.jpg 80w\" sizes=\"(max-width: 300px) 100vw, 300px\" \/>\t\t\t\t<\/div>\r\n\t\t\t\t<figcaption>\r\n\t\t\t\t\t<div class=\"grve-team-description\">\r\n\t\t\t\t\t\t\t\t\t\t\t\t<h4 class=\"grve-team-name grve-dark grve-h4\">Robert Sch\u00fctz<\/h4>\r\n\t\t\t\t\t\t\t\t\t\t\t\t<small class=\"grve-team-identity grve-dark\">horst weyer und partner<\/small>\r\n\t\t\t\t\t<\/div>\r\n\t\t\t\t\t\t\t\t\t<\/figcaption>\r\n\t\t\t<\/figure>\r\n\t\t<\/div>\r\n\r\n\t\t[\/vc_column][vc_column width=&#8221;1\/4&#8243; tablet_sm_width=&#8221;1-2&#8243;][\/vc_column][\/vc_row][vc_row][vc_column]<div class=\"grve-element grve-hr grve-space-divider\" style=\"\"><\/div>[\/vc_column][\/vc_row][vc_row][vc_column][vc_column_text]\n<h2>Eksperci wed\u0142ug \u00a729b BImSchG<\/h2>\n[\/vc_column_text][\/vc_column][\/vc_row][vc_row][vc_column width=&#8221;1\/4&#8243; tablet_sm_width=&#8221;1-2&#8243;]\r\n\t\t<div class=\"grve-team grve-element\" style=\"\">\r\n\t\t\t<figure class=\"grve-image-hover grve-style-1 grve-zoom-in\">\r\n\t\t\t\t<div class=\"grve-team-person grve-media grve-dark-overlay grve-opacity-60\">\r\n\t\t\t\t\t<img decoding=\"async\" width=\"300\" height=\"300\" src=\"https:\/\/www.weyer-gruppe.com\/wp-content\/uploads\/2019\/07\/wip-t.brandes.png\" class=\"attachment-grve-image-small-square size-grve-image-small-square\" alt=\"Zdj\u0119cie pracownika Tobias Brandes z weyer IngenieurPartner GmbH\" srcset=\"https:\/\/www.weyer-gruppe.com\/wp-content\/uploads\/2019\/07\/wip-t.brandes.png 300w, https:\/\/www.weyer-gruppe.com\/wp-content\/uploads\/2019\/07\/wip-t.brandes-150x150.png 150w, https:\/\/www.weyer-gruppe.com\/wp-content\/uploads\/2019\/07\/wip-t.brandes-80x80.png 80w\" sizes=\"(max-width: 300px) 100vw, 300px\" \/>\t\t\t\t<\/div>\r\n\t\t\t\t<figcaption>\r\n\t\t\t\t\t<div class=\"grve-team-description\">\r\n\t\t\t\t\t\t\t\t\t\t\t\t<h4 class=\"grve-team-name grve-dark grve-h4\">Tobias Brandes<\/h4>\r\n\t\t\t\t\t\t\t\t\t\t\t\t<small class=\"grve-team-identity grve-dark\">weyer IngenieurPartner<\/small>\r\n\t\t\t\t\t<\/div>\r\n\t\t\t\t\t\t\t\t\t<\/figcaption>\r\n\t\t\t<\/figure>\r\n\t\t<\/div>\r\n\r\n\t\t[\/vc_column][vc_column width=&#8221;1\/4&#8243; tablet_sm_width=&#8221;1-2&#8243;]\r\n\t\t<div class=\"grve-team grve-element\" style=\"\">\r\n\t\t\t<figure class=\"grve-image-hover grve-style-1 grve-zoom-in\">\r\n\t\t\t\t<div class=\"grve-team-person grve-media grve-dark-overlay grve-opacity-60\">\r\n\t\t\t\t\t<img decoding=\"async\" width=\"300\" height=\"300\" src=\"https:\/\/www.weyer-gruppe.com\/wp-content\/uploads\/2019\/09\/as-u-gamerith-weyer-gernot-gamerith.jpg\" class=\"attachment-grve-image-small-square size-grve-image-small-square\" alt=\"Zdj\u0119cie autorstwa Dr. Gernoth Gamerith z As-U Gamerith-Weyer GmbH\" srcset=\"https:\/\/www.weyer-gruppe.com\/wp-content\/uploads\/2019\/09\/as-u-gamerith-weyer-gernot-gamerith.jpg 300w, https:\/\/www.weyer-gruppe.com\/wp-content\/uploads\/2019\/09\/as-u-gamerith-weyer-gernot-gamerith-150x150.jpg 150w, https:\/\/www.weyer-gruppe.com\/wp-content\/uploads\/2019\/09\/as-u-gamerith-weyer-gernot-gamerith-80x80.jpg 80w\" sizes=\"(max-width: 300px) 100vw, 300px\" \/>\t\t\t\t<\/div>\r\n\t\t\t\t<figcaption>\r\n\t\t\t\t\t<div class=\"grve-team-description\">\r\n\t\t\t\t\t\t\t\t\t\t\t\t<h4 class=\"grve-team-name grve-dark grve-h4\">Dr. Gernot Gamerith<\/h4>\r\n\t\t\t\t\t\t\t\t\t\t\t\t<small class=\"grve-team-identity grve-dark\">As-U Gamerith Weyer<\/small>\r\n\t\t\t\t\t<\/div>\r\n\t\t\t\t\t\t\t\t\t<\/figcaption>\r\n\t\t\t<\/figure>\r\n\t\t<\/div>\r\n\r\n\t\t[\/vc_column][vc_column width=&#8221;1\/4&#8243; tablet_sm_width=&#8221;1-2&#8243;]\r\n\t\t<div class=\"grve-team grve-element\" style=\"\">\r\n\t\t\t<figure class=\"grve-image-hover grve-style-1 grve-zoom-in\">\r\n\t\t\t\t<div class=\"grve-team-person grve-media grve-dark-overlay grve-opacity-60\">\r\n\t\t\t\t\t<img decoding=\"async\" width=\"300\" height=\"300\" src=\"https:\/\/www.weyer-gruppe.com\/wp-content\/uploads\/2019\/07\/johannes-gemmeke-horst-weyer-und-partner.png\" class=\"attachment-grve-image-small-square size-grve-image-small-square\" alt=\"Zdj\u0119cie Johannes Gemmeke z horst weyer und partner gmbh\" srcset=\"https:\/\/www.weyer-gruppe.com\/wp-content\/uploads\/2019\/07\/johannes-gemmeke-horst-weyer-und-partner.png 300w, https:\/\/www.weyer-gruppe.com\/wp-content\/uploads\/2019\/07\/johannes-gemmeke-horst-weyer-und-partner-150x150.png 150w, https:\/\/www.weyer-gruppe.com\/wp-content\/uploads\/2019\/07\/johannes-gemmeke-horst-weyer-und-partner-80x80.png 80w\" sizes=\"(max-width: 300px) 100vw, 300px\" \/>\t\t\t\t<\/div>\r\n\t\t\t\t<figcaption>\r\n\t\t\t\t\t<div class=\"grve-team-description\">\r\n\t\t\t\t\t\t\t\t\t\t\t\t<h4 class=\"grve-team-name grve-dark grve-h4\">Johannes Gemmeke<\/h4>\r\n\t\t\t\t\t\t\t\t\t\t\t\t<small class=\"grve-team-identity grve-dark\">horst weyer und partner<\/small>\r\n\t\t\t\t\t<\/div>\r\n\t\t\t\t\t\t\t\t\t<\/figcaption>\r\n\t\t\t<\/figure>\r\n\t\t<\/div>\r\n\r\n\t\t[\/vc_column][vc_column width=&#8221;1\/4&#8243; tablet_sm_width=&#8221;1-2&#8243;]\r\n\t\t<div class=\"grve-team grve-element\" style=\"\">\r\n\t\t\t<figure class=\"grve-image-hover grve-style-1 grve-zoom-in\">\r\n\t\t\t\t<div class=\"grve-team-person grve-media grve-dark-overlay grve-opacity-60\">\r\n\t\t\t\t\t<img decoding=\"async\" width=\"300\" height=\"300\" src=\"https:\/\/www.weyer-gruppe.com\/wp-content\/uploads\/2019\/07\/felix-kalienke-horst-weyer-und-partner.png\" class=\"attachment-grve-image-small-square size-grve-image-small-square\" alt=\"Zdj\u0119cie Felix Kalienke z horst weyer und partner gmbh\" srcset=\"https:\/\/www.weyer-gruppe.com\/wp-content\/uploads\/2019\/07\/felix-kalienke-horst-weyer-und-partner.png 300w, https:\/\/www.weyer-gruppe.com\/wp-content\/uploads\/2019\/07\/felix-kalienke-horst-weyer-und-partner-150x150.png 150w, https:\/\/www.weyer-gruppe.com\/wp-content\/uploads\/2019\/07\/felix-kalienke-horst-weyer-und-partner-80x80.png 80w\" sizes=\"(max-width: 300px) 100vw, 300px\" \/>\t\t\t\t<\/div>\r\n\t\t\t\t<figcaption>\r\n\t\t\t\t\t<div class=\"grve-team-description\">\r\n\t\t\t\t\t\t\t\t\t\t\t\t<h4 class=\"grve-team-name grve-dark grve-h4\">Felix Kalienke<\/h4>\r\n\t\t\t\t\t\t\t\t\t\t\t\t<small class=\"grve-team-identity grve-dark\">horst weyer und partner<\/small>\r\n\t\t\t\t\t<\/div>\r\n\t\t\t\t\t\t\t\t\t\t<div class=\"grve-team-social grve-team-social-text grve-dark\">\r\n\t\t\t\t\t\t<ul>\r\n\t\t\t\t\t\t\t<li><a href=\"mailto:f.&#107;a&#108;&#105;&#101;&#110;ke&#64;&#119;&#101;&#121;er-gru&#112;p&#101;.c&#111;&#109;\">E-mail<\/a><\/li>\t\t\t\t\t\t<\/ul>\r\n\t\t\t\t\t<\/div>\r\n\t\t\t\t\t\t\t\t\t<\/figcaption>\r\n\t\t\t<\/figure>\r\n\t\t<\/div>\r\n\r\n\t\t[\/vc_column][\/vc_row][vc_row][vc_column width=&#8221;1\/4&#8243; tablet_sm_width=&#8221;1-2&#8243;]\r\n\t\t<div class=\"grve-team grve-element\" style=\"\">\r\n\t\t\t<figure class=\"grve-image-hover grve-style-1 grve-zoom-in\">\r\n\t\t\t\t<div class=\"grve-team-person grve-media grve-dark-overlay grve-opacity-60\">\r\n\t\t\t\t\t<img decoding=\"async\" width=\"300\" height=\"300\" src=\"https:\/\/www.weyer-gruppe.com\/wp-content\/uploads\/2019\/07\/ralf-schiffel-horst-weyer-und-partner.png\" class=\"attachment-grve-image-small-square size-grve-image-small-square\" alt=\"Zdj\u0119cie Ralfa Schiffla z horst weyer und partner gmbh\" srcset=\"https:\/\/www.weyer-gruppe.com\/wp-content\/uploads\/2019\/07\/ralf-schiffel-horst-weyer-und-partner.png 300w, https:\/\/www.weyer-gruppe.com\/wp-content\/uploads\/2019\/07\/ralf-schiffel-horst-weyer-und-partner-150x150.png 150w, https:\/\/www.weyer-gruppe.com\/wp-content\/uploads\/2019\/07\/ralf-schiffel-horst-weyer-und-partner-80x80.png 80w\" sizes=\"(max-width: 300px) 100vw, 300px\" \/>\t\t\t\t<\/div>\r\n\t\t\t\t<figcaption>\r\n\t\t\t\t\t<div class=\"grve-team-description\">\r\n\t\t\t\t\t\t\t\t\t\t\t\t<h4 class=\"grve-team-name grve-dark grve-h4\">Ralf Schiffel<\/h4>\r\n\t\t\t\t\t\t\t\t\t\t\t\t<small class=\"grve-team-identity grve-dark\">horst weyer und partner<\/small>\r\n\t\t\t\t\t<\/div>\r\n\t\t\t\t\t\t\t\t\t<\/figcaption>\r\n\t\t\t<\/figure>\r\n\t\t<\/div>\r\n\r\n\t\t[\/vc_column][vc_column width=&#8221;1\/4&#8243; tablet_sm_width=&#8221;1-2&#8243;]\r\n\t\t<div class=\"grve-team grve-element\" style=\"\">\r\n\t\t\t<figure class=\"grve-image-hover grve-style-1 grve-zoom-in\">\r\n\t\t\t\t<div class=\"grve-team-person grve-media grve-dark-overlay grve-opacity-60\">\r\n\t\t\t\t\t<img decoding=\"async\" width=\"300\" height=\"300\" src=\"https:\/\/www.weyer-gruppe.com\/wp-content\/uploads\/2020\/02\/weyer-gruppe-platzhalter-mitarbeiterfotos.jpg\" class=\"attachment-grve-image-small-square size-grve-image-small-square\" alt=\"Platzhalte Mitarbeiterfotos\" srcset=\"https:\/\/www.weyer-gruppe.com\/wp-content\/uploads\/2020\/02\/weyer-gruppe-platzhalter-mitarbeiterfotos.jpg 300w, https:\/\/www.weyer-gruppe.com\/wp-content\/uploads\/2020\/02\/weyer-gruppe-platzhalter-mitarbeiterfotos-150x150.jpg 150w, https:\/\/www.weyer-gruppe.com\/wp-content\/uploads\/2020\/02\/weyer-gruppe-platzhalter-mitarbeiterfotos-80x80.jpg 80w\" sizes=\"(max-width: 300px) 100vw, 300px\" \/>\t\t\t\t<\/div>\r\n\t\t\t\t<figcaption>\r\n\t\t\t\t\t<div class=\"grve-team-description\">\r\n\t\t\t\t\t\t\t\t\t\t\t\t<h4 class=\"grve-team-name grve-dark grve-h4\">Bertram Schneider<\/h4>\r\n\t\t\t\t\t\t\t\t\t\t\t\t<small class=\"grve-team-identity grve-dark\">horst weyer und partner<\/small>\r\n\t\t\t\t\t<\/div>\r\n\t\t\t\t\t\t\t\t\t<\/figcaption>\r\n\t\t\t<\/figure>\r\n\t\t<\/div>\r\n\r\n\t\t[\/vc_column][vc_column width=&#8221;1\/4&#8243; tablet_sm_width=&#8221;1-2&#8243;]\r\n\t\t<div class=\"grve-team grve-element\" style=\"\">\r\n\t\t\t<figure class=\"grve-image-hover grve-style-1 grve-zoom-in\">\r\n\t\t\t\t<div class=\"grve-team-person grve-media grve-dark-overlay grve-opacity-60\">\r\n\t\t\t\t\t<img decoding=\"async\" width=\"300\" height=\"300\" src=\"https:\/\/www.weyer-gruppe.com\/wp-content\/uploads\/2019\/07\/wip-i.mueller.png\" class=\"attachment-grve-image-small-square size-grve-image-small-square\" alt=\"Zdj\u0119cie pracownika Ingo Mueller z weyer IngenieurPartner GmbH\" srcset=\"https:\/\/www.weyer-gruppe.com\/wp-content\/uploads\/2019\/07\/wip-i.mueller.png 300w, https:\/\/www.weyer-gruppe.com\/wp-content\/uploads\/2019\/07\/wip-i.mueller-150x150.png 150w, https:\/\/www.weyer-gruppe.com\/wp-content\/uploads\/2019\/07\/wip-i.mueller-80x80.png 80w\" sizes=\"(max-width: 300px) 100vw, 300px\" \/>\t\t\t\t<\/div>\r\n\t\t\t\t<figcaption>\r\n\t\t\t\t\t<div class=\"grve-team-description\">\r\n\t\t\t\t\t\t\t\t\t\t\t\t<h4 class=\"grve-team-name grve-dark grve-h4\">Dr.-Ing. Ingo M\u00fcller<\/h4>\r\n\t\t\t\t\t\t\t\t\t\t\t\t<small class=\"grve-team-identity grve-dark\">weyer IngenieurPartner<\/small>\r\n\t\t\t\t\t<\/div>\r\n\t\t\t\t\t\t\t\t\t<\/figcaption>\r\n\t\t\t<\/figure>\r\n\t\t<\/div>\r\n\r\n\t\t[\/vc_column][vc_column width=&#8221;1\/4&#8243; tablet_sm_width=&#8221;1-2&#8243;]\r\n\t\t<div class=\"grve-team grve-element\" style=\"\">\r\n\t\t\t<figure class=\"grve-image-hover grve-style-1 grve-zoom-in\">\r\n\t\t\t\t<div class=\"grve-team-person grve-media grve-dark-overlay grve-opacity-60\">\r\n\t\t\t\t\t<img decoding=\"async\" width=\"300\" height=\"300\" src=\"https:\/\/www.weyer-gruppe.com\/wp-content\/uploads\/2019\/07\/peter-noeldeke-horst-weyer-und-partner.png\" class=\"attachment-grve-image-small-square size-grve-image-small-square\" alt=\"Zdj\u0119cie Peter Noeldeke z horst weyer und partner gmbh\" srcset=\"https:\/\/www.weyer-gruppe.com\/wp-content\/uploads\/2019\/07\/peter-noeldeke-horst-weyer-und-partner.png 300w, https:\/\/www.weyer-gruppe.com\/wp-content\/uploads\/2019\/07\/peter-noeldeke-horst-weyer-und-partner-150x150.png 150w, https:\/\/www.weyer-gruppe.com\/wp-content\/uploads\/2019\/07\/peter-noeldeke-horst-weyer-und-partner-80x80.png 80w\" sizes=\"(max-width: 300px) 100vw, 300px\" \/>\t\t\t\t<\/div>\r\n\t\t\t\t<figcaption>\r\n\t\t\t\t\t<div class=\"grve-team-description\">\r\n\t\t\t\t\t\t\t\t\t\t\t\t<h4 class=\"grve-team-name grve-dark grve-h4\">Peter N\u00f6ldeke<\/h4>\r\n\t\t\t\t\t\t\t\t\t\t\t\t<small class=\"grve-team-identity grve-dark\">horst weyer und partner<\/small>\r\n\t\t\t\t\t<\/div>\r\n\t\t\t\t\t\t\t\t\t<\/figcaption>\r\n\t\t\t<\/figure>\r\n\t\t<\/div>\r\n\r\n\t\t[\/vc_column][\/vc_row][vc_row][vc_column width=&#8221;1\/4&#8243; tablet_sm_width=&#8221;1-2&#8243;]\r\n\t\t<div class=\"grve-team grve-element\" style=\"\">\r\n\t\t\t<figure class=\"grve-image-hover grve-style-1 grve-zoom-in\">\r\n\t\t\t\t<div class=\"grve-team-person grve-media grve-dark-overlay grve-opacity-60\">\r\n\t\t\t\t\t<img decoding=\"async\" width=\"300\" height=\"300\" src=\"https:\/\/www.weyer-gruppe.com\/wp-content\/uploads\/2019\/07\/klaus-woersdoerfer-horst-weyer-und-partner.jpg\" class=\"attachment-grve-image-small-square size-grve-image-small-square\" alt=\"Foto von Klaus Woersdoerfer der Horst Weyer und Partner gmbh\" srcset=\"https:\/\/www.weyer-gruppe.com\/wp-content\/uploads\/2019\/07\/klaus-woersdoerfer-horst-weyer-und-partner.jpg 300w, https:\/\/www.weyer-gruppe.com\/wp-content\/uploads\/2019\/07\/klaus-woersdoerfer-horst-weyer-und-partner-150x150.jpg 150w, https:\/\/www.weyer-gruppe.com\/wp-content\/uploads\/2019\/07\/klaus-woersdoerfer-horst-weyer-und-partner-80x80.jpg 80w\" sizes=\"(max-width: 300px) 100vw, 300px\" \/>\t\t\t\t<\/div>\r\n\t\t\t\t<figcaption>\r\n\t\t\t\t\t<div class=\"grve-team-description\">\r\n\t\t\t\t\t\t\t\t\t\t\t\t<h4 class=\"grve-team-name grve-dark grve-h4\">Dr. Klaus W\u00f6rsd\u00f6rfer<\/h4>\r\n\t\t\t\t\t\t\t\t\t\t\t\t<small class=\"grve-team-identity grve-dark\">horst weyer und partner<\/small>\r\n\t\t\t\t\t<\/div>\r\n\t\t\t\t\t\t\t\t\t<\/figcaption>\r\n\t\t\t<\/figure>\r\n\t\t<\/div>\r\n\r\n\t\t[\/vc_column][vc_column width=&#8221;1\/4&#8243; tablet_sm_width=&#8221;1-2&#8243;][\/vc_column][vc_column width=&#8221;1\/4&#8243; tablet_sm_width=&#8221;1-2&#8243;][\/vc_column][vc_column width=&#8221;1\/4&#8243; tablet_sm_width=&#8221;1-2&#8243;][\/vc_column][\/vc_row][vc_row][vc_column]<div class=\"grve-element grve-hr grve-space-divider\" style=\"\"><\/div>[\/vc_column][\/vc_row][vc_row][vc_column][vc_column_text]\n<h2>Eksperci wed\u0142ug AwSV<\/h2>\n[\/vc_column_text][\/vc_column][\/vc_row][vc_row][vc_column width=&#8221;1\/4&#8243; tablet_sm_width=&#8221;1-2&#8243;]\r\n\t\t<div class=\"grve-team grve-element\" style=\"\">\r\n\t\t\t<figure class=\"grve-image-hover grve-style-1 grve-zoom-in\">\r\n\t\t\t\t<div class=\"grve-team-person grve-media grve-dark-overlay grve-opacity-60\">\r\n\t\t\t\t\t<img decoding=\"async\" width=\"300\" height=\"300\" src=\"https:\/\/www.weyer-gruppe.com\/wp-content\/uploads\/2020\/02\/weyer-gruppe-platzhalter-mitarbeiterfotos.jpg\" class=\"attachment-grve-image-small-square size-grve-image-small-square\" alt=\"Platzhalte Mitarbeiterfotos\" srcset=\"https:\/\/www.weyer-gruppe.com\/wp-content\/uploads\/2020\/02\/weyer-gruppe-platzhalter-mitarbeiterfotos.jpg 300w, https:\/\/www.weyer-gruppe.com\/wp-content\/uploads\/2020\/02\/weyer-gruppe-platzhalter-mitarbeiterfotos-150x150.jpg 150w, https:\/\/www.weyer-gruppe.com\/wp-content\/uploads\/2020\/02\/weyer-gruppe-platzhalter-mitarbeiterfotos-80x80.jpg 80w\" sizes=\"(max-width: 300px) 100vw, 300px\" \/>\t\t\t\t<\/div>\r\n\t\t\t\t<figcaption>\r\n\t\t\t\t\t<div class=\"grve-team-description\">\r\n\t\t\t\t\t\t\t\t\t\t\t\t<h4 class=\"grve-team-name grve-dark grve-h4\">J\u00f6rg Brieden<\/h4>\r\n\t\t\t\t\t\t\t\t\t\t\t\t<small class=\"grve-team-identity grve-dark\">horst weyer und partner<\/small>\r\n\t\t\t\t\t<\/div>\r\n\t\t\t\t\t\t\t\t\t<\/figcaption>\r\n\t\t\t<\/figure>\r\n\t\t<\/div>\r\n\r\n\t\t[\/vc_column][vc_column width=&#8221;1\/4&#8243; tablet_sm_width=&#8221;1-2&#8243;]\r\n\t\t<div class=\"grve-team grve-element\" style=\"\">\r\n\t\t\t<figure class=\"grve-image-hover grve-style-1 grve-zoom-in\">\r\n\t\t\t\t<div class=\"grve-team-person grve-media grve-dark-overlay grve-opacity-60\">\r\n\t\t\t\t\t<img decoding=\"async\" width=\"300\" height=\"300\" src=\"https:\/\/www.weyer-gruppe.com\/wp-content\/uploads\/2019\/07\/johannes-gemmeke-horst-weyer-und-partner.png\" class=\"attachment-grve-image-small-square size-grve-image-small-square\" alt=\"Zdj\u0119cie Johannes Gemmeke z horst weyer und partner gmbh\" srcset=\"https:\/\/www.weyer-gruppe.com\/wp-content\/uploads\/2019\/07\/johannes-gemmeke-horst-weyer-und-partner.png 300w, https:\/\/www.weyer-gruppe.com\/wp-content\/uploads\/2019\/07\/johannes-gemmeke-horst-weyer-und-partner-150x150.png 150w, https:\/\/www.weyer-gruppe.com\/wp-content\/uploads\/2019\/07\/johannes-gemmeke-horst-weyer-und-partner-80x80.png 80w\" sizes=\"(max-width: 300px) 100vw, 300px\" \/>\t\t\t\t<\/div>\r\n\t\t\t\t<figcaption>\r\n\t\t\t\t\t<div class=\"grve-team-description\">\r\n\t\t\t\t\t\t\t\t\t\t\t\t<h4 class=\"grve-team-name grve-dark grve-h4\">Johannes Gemmeke<\/h4>\r\n\t\t\t\t\t\t\t\t\t\t\t\t<small class=\"grve-team-identity grve-dark\">horst weyer und partner<\/small>\r\n\t\t\t\t\t<\/div>\r\n\t\t\t\t\t\t\t\t\t<\/figcaption>\r\n\t\t\t<\/figure>\r\n\t\t<\/div>\r\n\r\n\t\t[\/vc_column][vc_column width=&#8221;1\/4&#8243; tablet_sm_width=&#8221;1-2&#8243;]\r\n\t\t<div class=\"grve-team grve-element\" style=\"\">\r\n\t\t\t<figure class=\"grve-image-hover grve-style-1 grve-zoom-in\">\r\n\t\t\t\t<div class=\"grve-team-person grve-media grve-dark-overlay grve-opacity-60\">\r\n\t\t\t\t\t<img decoding=\"async\" width=\"300\" height=\"300\" src=\"https:\/\/www.weyer-gruppe.com\/wp-content\/uploads\/2019\/07\/uwe-nachstedt-horst-weyer-und-partner.jpg\" class=\"attachment-grve-image-small-square size-grve-image-small-square\" alt=\"Foto von Uwe Nachstedt der Horst Weyer und Partner gmbh\" srcset=\"https:\/\/www.weyer-gruppe.com\/wp-content\/uploads\/2019\/07\/uwe-nachstedt-horst-weyer-und-partner.jpg 300w, https:\/\/www.weyer-gruppe.com\/wp-content\/uploads\/2019\/07\/uwe-nachstedt-horst-weyer-und-partner-150x150.jpg 150w, https:\/\/www.weyer-gruppe.com\/wp-content\/uploads\/2019\/07\/uwe-nachstedt-horst-weyer-und-partner-80x80.jpg 80w\" sizes=\"(max-width: 300px) 100vw, 300px\" \/>\t\t\t\t<\/div>\r\n\t\t\t\t<figcaption>\r\n\t\t\t\t\t<div class=\"grve-team-description\">\r\n\t\t\t\t\t\t\t\t\t\t\t\t<h4 class=\"grve-team-name grve-dark grve-h4\">Dr. Uwe Nachstedt<\/h4>\r\n\t\t\t\t\t\t\t\t\t\t\t\t<small class=\"grve-team-identity grve-dark\">horst weyer und partner<\/small>\r\n\t\t\t\t\t<\/div>\r\n\t\t\t\t\t\t\t\t\t<\/figcaption>\r\n\t\t\t<\/figure>\r\n\t\t<\/div>\r\n\r\n\t\t[\/vc_column][vc_column width=&#8221;1\/4&#8243; tablet_sm_width=&#8221;1-2&#8243;]\r\n\t\t<div class=\"grve-team grve-element\" style=\"\">\r\n\t\t\t<figure class=\"grve-image-hover grve-style-1 grve-zoom-in\">\r\n\t\t\t\t<div class=\"grve-team-person grve-media grve-dark-overlay grve-opacity-60\">\r\n\t\t\t\t\t<img decoding=\"async\" width=\"300\" height=\"300\" src=\"https:\/\/www.weyer-gruppe.com\/wp-content\/uploads\/2020\/02\/weyer-gruppe-platzhalter-mitarbeiterfotos.jpg\" class=\"attachment-grve-image-small-square size-grve-image-small-square\" alt=\"Platzhalte Mitarbeiterfotos\" srcset=\"https:\/\/www.weyer-gruppe.com\/wp-content\/uploads\/2020\/02\/weyer-gruppe-platzhalter-mitarbeiterfotos.jpg 300w, https:\/\/www.weyer-gruppe.com\/wp-content\/uploads\/2020\/02\/weyer-gruppe-platzhalter-mitarbeiterfotos-150x150.jpg 150w, https:\/\/www.weyer-gruppe.com\/wp-content\/uploads\/2020\/02\/weyer-gruppe-platzhalter-mitarbeiterfotos-80x80.jpg 80w\" sizes=\"(max-width: 300px) 100vw, 300px\" \/>\t\t\t\t<\/div>\r\n\t\t\t\t<figcaption>\r\n\t\t\t\t\t<div class=\"grve-team-description\">\r\n\t\t\t\t\t\t\t\t\t\t\t\t<h4 class=\"grve-team-name grve-dark grve-h4\">Bertram Schneider<\/h4>\r\n\t\t\t\t\t\t\t\t\t\t\t\t<small class=\"grve-team-identity grve-dark\">horst weyer und partner<\/small>\r\n\t\t\t\t\t<\/div>\r\n\t\t\t\t\t\t\t\t\t<\/figcaption>\r\n\t\t\t<\/figure>\r\n\t\t<\/div>\r\n\r\n\t\t[\/vc_column][\/vc_row][vc_row][vc_column width=&#8221;1\/4&#8243; tablet_sm_width=&#8221;1-2&#8243;]\r\n\t\t<div class=\"grve-team grve-element\" style=\"\">\r\n\t\t\t<figure class=\"grve-image-hover grve-style-1 grve-zoom-in\">\r\n\t\t\t\t<div class=\"grve-team-person grve-media grve-dark-overlay grve-opacity-60\">\r\n\t\t\t\t\t<img decoding=\"async\" width=\"300\" height=\"300\" src=\"https:\/\/www.weyer-gruppe.com\/wp-content\/uploads\/2019\/07\/peter-noeldeke-horst-weyer-und-partner.png\" class=\"attachment-grve-image-small-square size-grve-image-small-square\" alt=\"Zdj\u0119cie Peter Noeldeke z horst weyer und partner gmbh\" srcset=\"https:\/\/www.weyer-gruppe.com\/wp-content\/uploads\/2019\/07\/peter-noeldeke-horst-weyer-und-partner.png 300w, https:\/\/www.weyer-gruppe.com\/wp-content\/uploads\/2019\/07\/peter-noeldeke-horst-weyer-und-partner-150x150.png 150w, https:\/\/www.weyer-gruppe.com\/wp-content\/uploads\/2019\/07\/peter-noeldeke-horst-weyer-und-partner-80x80.png 80w\" sizes=\"(max-width: 300px) 100vw, 300px\" \/>\t\t\t\t<\/div>\r\n\t\t\t\t<figcaption>\r\n\t\t\t\t\t<div class=\"grve-team-description\">\r\n\t\t\t\t\t\t\t\t\t\t\t\t<h4 class=\"grve-team-name grve-dark grve-h4\">Peter N\u00f6ldeke<\/h4>\r\n\t\t\t\t\t\t\t\t\t\t\t\t<small class=\"grve-team-identity grve-dark\">horst weyer und partner<\/small>\r\n\t\t\t\t\t<\/div>\r\n\t\t\t\t\t\t\t\t\t<\/figcaption>\r\n\t\t\t<\/figure>\r\n\t\t<\/div>\r\n\r\n\t\t[\/vc_column][vc_column width=&#8221;1\/4&#8243; tablet_sm_width=&#8221;1-2&#8243;]\r\n\t\t<div class=\"grve-team grve-element\" style=\"\">\r\n\t\t\t<figure class=\"grve-image-hover grve-style-1 grve-zoom-in\">\r\n\t\t\t\t<div class=\"grve-team-person grve-media grve-dark-overlay grve-opacity-60\">\r\n\t\t\t\t\t<img decoding=\"async\" width=\"300\" height=\"300\" src=\"https:\/\/www.weyer-gruppe.com\/wp-content\/uploads\/2019\/07\/ralf-schiffel-horst-weyer-und-partner.png\" class=\"attachment-grve-image-small-square size-grve-image-small-square\" alt=\"Zdj\u0119cie Ralfa Schiffla z horst weyer und partner gmbh\" srcset=\"https:\/\/www.weyer-gruppe.com\/wp-content\/uploads\/2019\/07\/ralf-schiffel-horst-weyer-und-partner.png 300w, https:\/\/www.weyer-gruppe.com\/wp-content\/uploads\/2019\/07\/ralf-schiffel-horst-weyer-und-partner-150x150.png 150w, https:\/\/www.weyer-gruppe.com\/wp-content\/uploads\/2019\/07\/ralf-schiffel-horst-weyer-und-partner-80x80.png 80w\" sizes=\"(max-width: 300px) 100vw, 300px\" \/>\t\t\t\t<\/div>\r\n\t\t\t\t<figcaption>\r\n\t\t\t\t\t<div class=\"grve-team-description\">\r\n\t\t\t\t\t\t\t\t\t\t\t\t<h4 class=\"grve-team-name grve-dark grve-h4\">Ralf Schiffel<\/h4>\r\n\t\t\t\t\t\t\t\t\t\t\t\t<small class=\"grve-team-identity grve-dark\">horst weyer und partner<\/small>\r\n\t\t\t\t\t<\/div>\r\n\t\t\t\t\t\t\t\t\t<\/figcaption>\r\n\t\t\t<\/figure>\r\n\t\t<\/div>\r\n\r\n\t\t[\/vc_column][vc_column width=&#8221;1\/4&#8243; tablet_sm_width=&#8221;1-2&#8243;]\r\n\t\t<div class=\"grve-team grve-element\" style=\"\">\r\n\t\t\t<figure class=\"grve-image-hover grve-style-1 grve-zoom-in\">\r\n\t\t\t\t<div class=\"grve-team-person grve-media grve-dark-overlay grve-opacity-60\">\r\n\t\t\t\t\t<img decoding=\"async\" width=\"300\" height=\"300\" src=\"https:\/\/www.weyer-gruppe.com\/wp-content\/uploads\/2019\/07\/ulrich-pynappel-horst-weyer-und-partner.jpg\" class=\"attachment-grve-image-small-square size-grve-image-small-square\" alt=\"Foto von Ulrich Pynappel der Horst Weyer und Partner gmbh\" srcset=\"https:\/\/www.weyer-gruppe.com\/wp-content\/uploads\/2019\/07\/ulrich-pynappel-horst-weyer-und-partner.jpg 300w, https:\/\/www.weyer-gruppe.com\/wp-content\/uploads\/2019\/07\/ulrich-pynappel-horst-weyer-und-partner-150x150.jpg 150w, https:\/\/www.weyer-gruppe.com\/wp-content\/uploads\/2019\/07\/ulrich-pynappel-horst-weyer-und-partner-80x80.jpg 80w\" sizes=\"(max-width: 300px) 100vw, 300px\" \/>\t\t\t\t<\/div>\r\n\t\t\t\t<figcaption>\r\n\t\t\t\t\t<div class=\"grve-team-description\">\r\n\t\t\t\t\t\t\t\t\t\t\t\t<h4 class=\"grve-team-name grve-dark grve-h4\">Ulrich Pynappel<\/h4>\r\n\t\t\t\t\t\t\t\t\t\t\t\t<small class=\"grve-team-identity grve-dark\">horst weyer und partner<\/small>\r\n\t\t\t\t\t<\/div>\r\n\t\t\t\t\t\t\t\t\t<\/figcaption>\r\n\t\t\t<\/figure>\r\n\t\t<\/div>\r\n\r\n\t\t[\/vc_column][vc_column width=&#8221;1\/4&#8243; tablet_sm_width=&#8221;1-2&#8243;]\r\n\t\t<div class=\"grve-team grve-element\" style=\"\">\r\n\t\t\t<figure class=\"grve-image-hover grve-style-1 grve-zoom-in\">\r\n\t\t\t\t<div class=\"grve-team-person grve-media grve-dark-overlay grve-opacity-60\">\r\n\t\t\t\t\t<img decoding=\"async\" width=\"300\" height=\"300\" src=\"https:\/\/www.weyer-gruppe.com\/wp-content\/uploads\/2019\/07\/felix-kalienke-horst-weyer-und-partner.png\" class=\"attachment-grve-image-small-square size-grve-image-small-square\" alt=\"Zdj\u0119cie Felix Kalienke z horst weyer und partner gmbh\" srcset=\"https:\/\/www.weyer-gruppe.com\/wp-content\/uploads\/2019\/07\/felix-kalienke-horst-weyer-und-partner.png 300w, https:\/\/www.weyer-gruppe.com\/wp-content\/uploads\/2019\/07\/felix-kalienke-horst-weyer-und-partner-150x150.png 150w, https:\/\/www.weyer-gruppe.com\/wp-content\/uploads\/2019\/07\/felix-kalienke-horst-weyer-und-partner-80x80.png 80w\" sizes=\"(max-width: 300px) 100vw, 300px\" \/>\t\t\t\t<\/div>\r\n\t\t\t\t<figcaption>\r\n\t\t\t\t\t<div class=\"grve-team-description\">\r\n\t\t\t\t\t\t\t\t\t\t\t\t<h4 class=\"grve-team-name grve-dark grve-h4\">Felix Kalienke<\/h4>\r\n\t\t\t\t\t\t\t\t\t\t\t\t<small class=\"grve-team-identity grve-dark\">horst weyer und partner<\/small>\r\n\t\t\t\t\t<\/div>\r\n\t\t\t\t\t\t\t\t\t<\/figcaption>\r\n\t\t\t<\/figure>\r\n\t\t<\/div>\r\n\r\n\t\t[\/vc_column][\/vc_row][vc_row][vc_column width=&#8221;1\/4&#8243; tablet_sm_width=&#8221;1-2&#8243;]\r\n\t\t<div class=\"grve-team grve-element\" style=\"\">\r\n\t\t\t<figure class=\"grve-image-hover grve-style-1 grve-zoom-in\">\r\n\t\t\t\t<div class=\"grve-team-person grve-media grve-dark-overlay grve-opacity-60\">\r\n\t\t\t\t\t<img decoding=\"async\" width=\"350\" height=\"350\" src=\"https:\/\/www.weyer-gruppe.com\/wp-content\/uploads\/2020\/12\/iyad-abou-alfadel.jpg\" class=\"attachment-grve-image-small-square size-grve-image-small-square\" alt=\"\" srcset=\"https:\/\/www.weyer-gruppe.com\/wp-content\/uploads\/2020\/12\/iyad-abou-alfadel.jpg 350w, https:\/\/www.weyer-gruppe.com\/wp-content\/uploads\/2020\/12\/iyad-abou-alfadel-300x300.jpg 300w, https:\/\/www.weyer-gruppe.com\/wp-content\/uploads\/2020\/12\/iyad-abou-alfadel-150x150.jpg 150w, https:\/\/www.weyer-gruppe.com\/wp-content\/uploads\/2020\/12\/iyad-abou-alfadel-80x80.jpg 80w\" sizes=\"(max-width: 350px) 100vw, 350px\" \/>\t\t\t\t<\/div>\r\n\t\t\t\t<figcaption>\r\n\t\t\t\t\t<div class=\"grve-team-description\">\r\n\t\t\t\t\t\t\t\t\t\t\t\t<h4 class=\"grve-team-name grve-dark grve-h4\">Iyad Abou Alfadel<\/h4>\r\n\t\t\t\t\t\t\t\t\t\t\t\t<small class=\"grve-team-identity grve-dark\">horst weyer und partner<\/small>\r\n\t\t\t\t\t<\/div>\r\n\t\t\t\t\t\t\t\t\t<\/figcaption>\r\n\t\t\t<\/figure>\r\n\t\t<\/div>\r\n\r\n\t\t[\/vc_column][vc_column width=&#8221;1\/4&#8243; tablet_sm_width=&#8221;1-2&#8243;][vc_empty_space height=&#8221;2px&#8221;][\/vc_column][vc_column width=&#8221;1\/4&#8243; tablet_sm_width=&#8221;1-2&#8243;][vc_empty_space height=&#8221;2px&#8221;][\/vc_column][vc_column width=&#8221;1\/4&#8243; tablet_sm_width=&#8221;1-2&#8243;][vc_empty_space height=&#8221;2px&#8221;][\/vc_column][\/vc_row][vc_row][vc_column]<div class=\"grve-element grve-hr grve-space-divider\" style=\"\"><\/div>[\/vc_column][\/vc_row][vc_row][vc_column][vc_column_text]\n<h2>Osoba wykwalifikowana do przeprowadzania audytu zgodnie z BetrSichV Za\u0142\u0105cznik 2 Sekcja 3; Nr. 3.1 &amp; 3.3<\/h2>\n[\/vc_column_text][\/vc_column][\/vc_row][vc_row][vc_column width=&#8221;1\/4&#8243; tablet_sm_width=&#8221;1-2&#8243;]\r\n\t\t<div class=\"grve-team grve-element\" style=\"\">\r\n\t\t\t<figure class=\"grve-image-hover grve-style-1 grve-zoom-in\">\r\n\t\t\t\t<div class=\"grve-team-person grve-media grve-dark-overlay grve-opacity-60\">\r\n\t\t\t\t\t<img decoding=\"async\" width=\"300\" height=\"300\" src=\"https:\/\/www.weyer-gruppe.com\/wp-content\/uploads\/2019\/07\/johannes-gemmeke-horst-weyer-und-partner.png\" class=\"attachment-grve-image-small-square size-grve-image-small-square\" alt=\"Zdj\u0119cie Johannes Gemmeke z horst weyer und partner gmbh\" srcset=\"https:\/\/www.weyer-gruppe.com\/wp-content\/uploads\/2019\/07\/johannes-gemmeke-horst-weyer-und-partner.png 300w, https:\/\/www.weyer-gruppe.com\/wp-content\/uploads\/2019\/07\/johannes-gemmeke-horst-weyer-und-partner-150x150.png 150w, https:\/\/www.weyer-gruppe.com\/wp-content\/uploads\/2019\/07\/johannes-gemmeke-horst-weyer-und-partner-80x80.png 80w\" sizes=\"(max-width: 300px) 100vw, 300px\" \/>\t\t\t\t<\/div>\r\n\t\t\t\t<figcaption>\r\n\t\t\t\t\t<div class=\"grve-team-description\">\r\n\t\t\t\t\t\t\t\t\t\t\t\t<h4 class=\"grve-team-name grve-dark grve-h4\">Johannes Gemmeke<\/h4>\r\n\t\t\t\t\t\t\t\t\t\t\t\t<small class=\"grve-team-identity grve-dark\">horst weyer und partner<\/small>\r\n\t\t\t\t\t<\/div>\r\n\t\t\t\t\t\t\t\t\t<\/figcaption>\r\n\t\t\t<\/figure>\r\n\t\t<\/div>\r\n\r\n\t\t[\/vc_column][vc_column width=&#8221;1\/4&#8243; tablet_sm_width=&#8221;1-2&#8243;]\r\n\t\t<div class=\"grve-team grve-element\" style=\"\">\r\n\t\t\t<figure class=\"grve-image-hover grve-style-1 grve-zoom-in\">\r\n\t\t\t\t<div class=\"grve-team-person grve-media grve-dark-overlay grve-opacity-60\">\r\n\t\t\t\t\t<img decoding=\"async\" width=\"300\" height=\"300\" src=\"https:\/\/www.weyer-gruppe.com\/wp-content\/uploads\/2019\/07\/peter-noeldeke-horst-weyer-und-partner.png\" class=\"attachment-grve-image-small-square size-grve-image-small-square\" alt=\"Zdj\u0119cie Peter Noeldeke z horst weyer und partner gmbh\" srcset=\"https:\/\/www.weyer-gruppe.com\/wp-content\/uploads\/2019\/07\/peter-noeldeke-horst-weyer-und-partner.png 300w, https:\/\/www.weyer-gruppe.com\/wp-content\/uploads\/2019\/07\/peter-noeldeke-horst-weyer-und-partner-150x150.png 150w, https:\/\/www.weyer-gruppe.com\/wp-content\/uploads\/2019\/07\/peter-noeldeke-horst-weyer-und-partner-80x80.png 80w\" sizes=\"(max-width: 300px) 100vw, 300px\" \/>\t\t\t\t<\/div>\r\n\t\t\t\t<figcaption>\r\n\t\t\t\t\t<div class=\"grve-team-description\">\r\n\t\t\t\t\t\t\t\t\t\t\t\t<h4 class=\"grve-team-name grve-dark grve-h4\">Peter N\u00f6ldeke<\/h4>\r\n\t\t\t\t\t\t\t\t\t\t\t\t<small class=\"grve-team-identity grve-dark\">horst weyer und partner<\/small>\r\n\t\t\t\t\t<\/div>\r\n\t\t\t\t\t\t\t\t\t<\/figcaption>\r\n\t\t\t<\/figure>\r\n\t\t<\/div>\r\n\r\n\t\t[\/vc_column][vc_column width=&#8221;1\/4&#8243; tablet_sm_width=&#8221;1-2&#8243;]\r\n\t\t<div class=\"grve-team grve-element\" style=\"\">\r\n\t\t\t<figure class=\"grve-image-hover grve-style-1 grve-zoom-in\">\r\n\t\t\t\t<div class=\"grve-team-person grve-media grve-dark-overlay grve-opacity-60\">\r\n\t\t\t\t\t<img decoding=\"async\" width=\"300\" height=\"300\" src=\"https:\/\/www.weyer-gruppe.com\/wp-content\/uploads\/2019\/07\/ralf-schiffel-horst-weyer-und-partner.png\" class=\"attachment-grve-image-small-square size-grve-image-small-square\" alt=\"Zdj\u0119cie Ralfa Schiffla z horst weyer und partner gmbh\" srcset=\"https:\/\/www.weyer-gruppe.com\/wp-content\/uploads\/2019\/07\/ralf-schiffel-horst-weyer-und-partner.png 300w, https:\/\/www.weyer-gruppe.com\/wp-content\/uploads\/2019\/07\/ralf-schiffel-horst-weyer-und-partner-150x150.png 150w, https:\/\/www.weyer-gruppe.com\/wp-content\/uploads\/2019\/07\/ralf-schiffel-horst-weyer-und-partner-80x80.png 80w\" sizes=\"(max-width: 300px) 100vw, 300px\" \/>\t\t\t\t<\/div>\r\n\t\t\t\t<figcaption>\r\n\t\t\t\t\t<div class=\"grve-team-description\">\r\n\t\t\t\t\t\t\t\t\t\t\t\t<h4 class=\"grve-team-name grve-dark grve-h4\">Ralf Schiffel<\/h4>\r\n\t\t\t\t\t\t\t\t\t\t\t\t<small class=\"grve-team-identity grve-dark\">horst weyer und partner<\/small>\r\n\t\t\t\t\t<\/div>\r\n\t\t\t\t\t\t\t\t\t<\/figcaption>\r\n\t\t\t<\/figure>\r\n\t\t<\/div>\r\n\r\n\t\t[\/vc_column][vc_column width=&#8221;1\/4&#8243; tablet_sm_width=&#8221;1-2&#8243;][vc_empty_space height=&#8221;2px&#8221; el_id=&#8221;weitere-sachverstaendige&#8221;][\/vc_column][\/vc_row][vc_row][vc_column]<div class=\"grve-element grve-hr grve-space-divider\" style=\"\"><\/div>[\/vc_column][\/vc_row][vc_row][vc_column][vc_column_text]\n<h2>inni eksperci, osoby wykwalifikowane i przedstawiciele<\/h2>\n[\/vc_column_text][\/vc_column][\/vc_row][vc_row][vc_column width=&#8221;1\/4&#8243; tablet_sm_width=&#8221;1-2&#8243;][vc_column_text]\n<h4>Ekspert w zakresie due diligence w dziedzinie technologii i \u015brodowiska;<\/h4>\n<h4>do oceny miejsca ska\u017cenia i recyklingu ziemi;<\/h4>\n<h4>dla analiz korzy\u015bci i koszt\u00f3w komunalnych<\/h4>\n[\/vc_column_text]\r\n\t\t<div class=\"grve-team grve-element\" style=\"\">\r\n\t\t\t<figure class=\"grve-image-hover grve-style-1 grve-zoom-in\">\r\n\t\t\t\t<div class=\"grve-team-person grve-media grve-dark-overlay grve-opacity-60\">\r\n\t\t\t\t\t<img decoding=\"async\" width=\"300\" height=\"300\" src=\"https:\/\/www.weyer-gruppe.com\/wp-content\/uploads\/2019\/07\/pr-kai-steffens.jpg\" class=\"attachment-grve-image-small-square size-grve-image-small-square\" alt=\"Zdj\u0119cie pracownika Dr. Kai Steffens z BDO TUC GmbH und PROBIOTEC GmbH\" \/>\t\t\t\t<\/div>\r\n\t\t\t\t<figcaption>\r\n\t\t\t\t\t<div class=\"grve-team-description\">\r\n\t\t\t\t\t\t\t\t\t\t\t\t<h4 class=\"grve-team-name grve-dark grve-h4\">Dr.-Ing. Kai Steffens<\/h4>\r\n\t\t\t\t\t\t\t\t\t\t\t\t<small class=\"grve-team-identity grve-dark\">BDO Technik und Umweltconsulting<\/small>\r\n\t\t\t\t\t<\/div>\r\n\t\t\t\t\t\t\t\t\t<\/figcaption>\r\n\t\t\t<\/figure>\r\n\t\t<\/div>\r\n\r\n\t\t[\/vc_column][vc_column width=&#8221;1\/4&#8243; tablet_sm_width=&#8221;1-2&#8243;][vc_empty_space height=&#8221;51px&#8221;][vc_column_text]\n<h4>Ekspert w zakresie wyceny przedsi\u0119biorstw;<\/h4>\n<h4>Ocena maszyn i zak\u0142ad\u00f3w przemys\u0142owych<\/h4>\n[\/vc_column_text]\r\n\t\t<div class=\"grve-team grve-element\" style=\"\">\r\n\t\t\t<figure class=\"grve-image-hover grve-style-1 grve-zoom-in\">\r\n\t\t\t\t<div class=\"grve-team-person grve-media grve-dark-overlay grve-opacity-60\">\r\n\t\t\t\t\t<img decoding=\"async\" width=\"300\" height=\"300\" src=\"https:\/\/www.weyer-gruppe.com\/wp-content\/uploads\/2020\/02\/weyer-gruppe-platzhalter-mitarbeiterfotos.jpg\" class=\"attachment-grve-image-small-square size-grve-image-small-square\" alt=\"Platzhalte Mitarbeiterfotos\" srcset=\"https:\/\/www.weyer-gruppe.com\/wp-content\/uploads\/2020\/02\/weyer-gruppe-platzhalter-mitarbeiterfotos.jpg 300w, https:\/\/www.weyer-gruppe.com\/wp-content\/uploads\/2020\/02\/weyer-gruppe-platzhalter-mitarbeiterfotos-150x150.jpg 150w, https:\/\/www.weyer-gruppe.com\/wp-content\/uploads\/2020\/02\/weyer-gruppe-platzhalter-mitarbeiterfotos-80x80.jpg 80w\" sizes=\"(max-width: 300px) 100vw, 300px\" \/>\t\t\t\t<\/div>\r\n\t\t\t\t<figcaption>\r\n\t\t\t\t\t<div class=\"grve-team-description\">\r\n\t\t\t\t\t\t\t\t\t\t\t\t<h4 class=\"grve-team-name grve-dark grve-h4\">Bertram Schneider<\/h4>\r\n\t\t\t\t\t\t\t\t\t\t\t\t<small class=\"grve-team-identity grve-dark\">horst weyer und partner<\/small>\r\n\t\t\t\t\t<\/div>\r\n\t\t\t\t\t\t\t\t\t<\/figcaption>\r\n\t\t\t<\/figure>\r\n\t\t<\/div>\r\n\r\n\t\t[\/vc_column][vc_column width=&#8221;1\/4&#8243; tablet_sm_width=&#8221;1-2&#8243;][vc_empty_space height=&#8221;102px&#8221;][vc_column_text]\n<h4>Kompetentny nadzorca miejsc monta\u017cu<\/h4>\n[\/vc_column_text]\r\n\t\t<div class=\"grve-team grve-element\" style=\"\">\r\n\t\t\t<figure class=\"grve-image-hover grve-style-1 grve-zoom-in\">\r\n\t\t\t\t<div class=\"grve-team-person grve-media grve-dark-overlay grve-opacity-60\">\r\n\t\t\t\t\t<img decoding=\"async\" width=\"300\" height=\"300\" src=\"https:\/\/www.weyer-gruppe.com\/wp-content\/uploads\/2019\/07\/pr-kerstin-bahlert.jpg\" class=\"attachment-grve-image-small-square size-grve-image-small-square\" alt=\"Zdj\u0119cie pracownika Kerstin Bahlert z PROBIOTEC GmbH\" \/>\t\t\t\t<\/div>\r\n\t\t\t\t<figcaption>\r\n\t\t\t\t\t<div class=\"grve-team-description\">\r\n\t\t\t\t\t\t\t\t\t\t\t\t<h4 class=\"grve-team-name grve-dark grve-h4\">Kerstin Bahlert<\/h4>\r\n\t\t\t\t\t\t\t\t\t\t\t\t<small class=\"grve-team-identity grve-dark\">PROBIOTEC<\/small>\r\n\t\t\t\t\t<\/div>\r\n\t\t\t\t\t\t\t\t\t<\/figcaption>\r\n\t\t\t<\/figure>\r\n\t\t<\/div>\r\n\r\n\t\t[\/vc_column][vc_column width=&#8221;1\/4&#8243; tablet_sm_width=&#8221;1-2&#8243;][vc_empty_space height=&#8221;102px&#8221;][vc_column_text]\n<h4>publicznie powo\u0142any i zaprzysi\u0119\u017cony Ekspert ds. weryfikacji w TEHG<\/h4>\n[\/vc_column_text]\r\n\t\t<div class=\"grve-team grve-element\" style=\"\">\r\n\t\t\t<figure class=\"grve-image-hover grve-style-1 grve-zoom-in\">\r\n\t\t\t\t<div class=\"grve-team-person grve-media grve-dark-overlay grve-opacity-60\">\r\n\t\t\t\t\t<img decoding=\"async\" width=\"300\" height=\"300\" src=\"https:\/\/www.weyer-gruppe.com\/wp-content\/uploads\/2019\/07\/pr-patrick-bahlert.jpg\" class=\"attachment-grve-image-small-square size-grve-image-small-square\" alt=\"Zdj\u0119cie pracownika Patrick Bahlert z PROBIOTEC GmbH\" \/>\t\t\t\t<\/div>\r\n\t\t\t\t<figcaption>\r\n\t\t\t\t\t<div class=\"grve-team-description\">\r\n\t\t\t\t\t\t\t\t\t\t\t\t<h4 class=\"grve-team-name grve-dark grve-h4\">Patrick Bahlert<\/h4>\r\n\t\t\t\t\t\t\t\t\t\t\t\t<small class=\"grve-team-identity grve-dark\">PROBIOTEC<\/small>\r\n\t\t\t\t\t<\/div>\r\n\t\t\t\t\t\t\t\t\t<\/figcaption>\r\n\t\t\t<\/figure>\r\n\t\t<\/div>\r\n\r\n\t\t[\/vc_column][\/vc_row][vc_row][vc_column width=&#8221;1\/4&#8243; tablet_sm_width=&#8221;1-2&#8243;][vc_column_text]\n<h4>Urz\u0119dnik ds. zarz\u0105dzania energi\u0105 zgodnie z ISO 50001<\/h4>\n[\/vc_column_text]\r\n\t\t<div class=\"grve-team grve-element\" style=\"\">\r\n\t\t\t<figure class=\"grve-image-hover grve-style-1 grve-zoom-in\">\r\n\t\t\t\t<div class=\"grve-team-person grve-media grve-dark-overlay grve-opacity-60\">\r\n\t\t\t\t\t<img decoding=\"async\" width=\"300\" height=\"300\" src=\"https:\/\/www.weyer-gruppe.com\/wp-content\/uploads\/2019\/07\/wip-f.schoenborn.png\" class=\"attachment-grve-image-small-square size-grve-image-small-square\" alt=\"Zdj\u0119cie pracownika Frank Schoenborn z weyer IngenieurPartner GmbH\" srcset=\"https:\/\/www.weyer-gruppe.com\/wp-content\/uploads\/2019\/07\/wip-f.schoenborn.png 300w, https:\/\/www.weyer-gruppe.com\/wp-content\/uploads\/2019\/07\/wip-f.schoenborn-150x150.png 150w, https:\/\/www.weyer-gruppe.com\/wp-content\/uploads\/2019\/07\/wip-f.schoenborn-80x80.png 80w\" sizes=\"(max-width: 300px) 100vw, 300px\" \/>\t\t\t\t<\/div>\r\n\t\t\t\t<figcaption>\r\n\t\t\t\t\t<div class=\"grve-team-description\">\r\n\t\t\t\t\t\t\t\t\t\t\t\t<h4 class=\"grve-team-name grve-dark grve-h4\">Frank Sch\u00f6nborn<\/h4>\r\n\t\t\t\t\t\t\t\t\t\t\t\t<small class=\"grve-team-identity grve-dark\">weyer IngenieurPartner<\/small>\r\n\t\t\t\t\t<\/div>\r\n\t\t\t\t\t\t\t\t\t<\/figcaption>\r\n\t\t\t<\/figure>\r\n\t\t<\/div>\r\n\r\n\t\t[\/vc_column][vc_column width=&#8221;1\/4&#8243; tablet_sm_width=&#8221;1-2&#8243;][vc_column_text]\n<h4>Osoba wykwalifikowana do badania zabezpiecze\u0144 przeciwwybuchowych<\/h4>\n[\/vc_column_text]\r\n\t\t<div class=\"grve-team grve-element\" style=\"\">\r\n\t\t\t<figure class=\"grve-image-hover grve-style-1 grve-zoom-in\">\r\n\t\t\t\t<div class=\"grve-team-person grve-media grve-dark-overlay grve-opacity-60\">\r\n\t\t\t\t\t<img decoding=\"async\" width=\"300\" height=\"300\" src=\"https:\/\/www.weyer-gruppe.com\/wp-content\/uploads\/2019\/07\/friedrich-bezdekovsky-horst-weyer-und-partner.jpg\" class=\"attachment-grve-image-small-square size-grve-image-small-square\" alt=\"Foto von Friedrich Bezdekovsky der Horst Weyer und Partner gmbh\" srcset=\"https:\/\/www.weyer-gruppe.com\/wp-content\/uploads\/2019\/07\/friedrich-bezdekovsky-horst-weyer-und-partner.jpg 300w, https:\/\/www.weyer-gruppe.com\/wp-content\/uploads\/2019\/07\/friedrich-bezdekovsky-horst-weyer-und-partner-150x150.jpg 150w, https:\/\/www.weyer-gruppe.com\/wp-content\/uploads\/2019\/07\/friedrich-bezdekovsky-horst-weyer-und-partner-80x80.jpg 80w\" sizes=\"(max-width: 300px) 100vw, 300px\" \/>\t\t\t\t<\/div>\r\n\t\t\t\t<figcaption>\r\n\t\t\t\t\t<div class=\"grve-team-description\">\r\n\t\t\t\t\t\t\t\t\t\t\t\t<h4 class=\"grve-team-name grve-dark grve-h4\">Friedrich Bezdekovsky<\/h4>\r\n\t\t\t\t\t\t\t\t\t\t\t\t<small class=\"grve-team-identity grve-dark\">horst weyer und partner<\/small>\r\n\t\t\t\t\t<\/div>\r\n\t\t\t\t\t\t\t\t\t<\/figcaption>\r\n\t\t\t<\/figure>\r\n\t\t<\/div>\r\n\r\n\t\t[\/vc_column][vc_column width=&#8221;1\/4&#8243; tablet_sm_width=&#8221;1-2&#8243;][vc_empty_space height=&#8221;23px&#8221;][vc_column_text]\n<h4>Specjalista ds. bezpiecze\u0144stwa wed\u0142ug ASchG<\/h4>\n[\/vc_column_text]\r\n\t\t<div class=\"grve-team grve-element\" style=\"\">\r\n\t\t\t<figure class=\"grve-image-hover grve-style-1 grve-zoom-in\">\r\n\t\t\t\t<div class=\"grve-team-person grve-media grve-dark-overlay grve-opacity-60\">\r\n\t\t\t\t\t<img decoding=\"async\" width=\"300\" height=\"300\" src=\"https:\/\/www.weyer-gruppe.com\/wp-content\/uploads\/2019\/09\/as-u-gamerith-weyer-daniela-schmol.jpg\" class=\"attachment-grve-image-small-square size-grve-image-small-square\" alt=\"Zdj\u0119cie Danieli Schmol z As-U Gamerith-Weyer GmbH\" srcset=\"https:\/\/www.weyer-gruppe.com\/wp-content\/uploads\/2019\/09\/as-u-gamerith-weyer-daniela-schmol.jpg 300w, https:\/\/www.weyer-gruppe.com\/wp-content\/uploads\/2019\/09\/as-u-gamerith-weyer-daniela-schmol-150x150.jpg 150w, https:\/\/www.weyer-gruppe.com\/wp-content\/uploads\/2019\/09\/as-u-gamerith-weyer-daniela-schmol-80x80.jpg 80w\" sizes=\"(max-width: 300px) 100vw, 300px\" \/>\t\t\t\t<\/div>\r\n\t\t\t\t<figcaption>\r\n\t\t\t\t\t<div class=\"grve-team-description\">\r\n\t\t\t\t\t\t\t\t\t\t\t\t<h4 class=\"grve-team-name grve-dark grve-h4\">Daniela Schmol<\/h4>\r\n\t\t\t\t\t\t\t\t\t\t\t\t<small class=\"grve-team-identity grve-dark\">As-U Gamerith-Weyer<\/small>\r\n\t\t\t\t\t<\/div>\r\n\t\t\t\t\t\t\t\t\t<\/figcaption>\r\n\t\t\t<\/figure>\r\n\t\t<\/div>\r\n\r\n\t\t[\/vc_column][vc_column width=&#8221;1\/4&#8243; tablet_sm_width=&#8221;1-2&#8243;][vc_empty_space height=&#8221;23px&#8221;][vc_column_text el_id=&#8221;weitere-sachverstaendige&#8221;]\n<h4>Funkcjonariusz ds. ochrony przeciwwybuchowej<\/h4>\n[\/vc_column_text]\r\n\t\t<div class=\"grve-team grve-element\" style=\"\">\r\n\t\t\t<figure class=\"grve-image-hover grve-style-1 grve-zoom-in\">\r\n\t\t\t\t<div class=\"grve-team-person grve-media grve-dark-overlay grve-opacity-60\">\r\n\t\t\t\t\t<img decoding=\"async\" width=\"300\" height=\"300\" src=\"https:\/\/www.weyer-gruppe.com\/wp-content\/uploads\/2019\/07\/wip-t.brandes.png\" class=\"attachment-grve-image-small-square size-grve-image-small-square\" alt=\"Zdj\u0119cie pracownika Tobias Brandes z weyer IngenieurPartner GmbH\" srcset=\"https:\/\/www.weyer-gruppe.com\/wp-content\/uploads\/2019\/07\/wip-t.brandes.png 300w, https:\/\/www.weyer-gruppe.com\/wp-content\/uploads\/2019\/07\/wip-t.brandes-150x150.png 150w, https:\/\/www.weyer-gruppe.com\/wp-content\/uploads\/2019\/07\/wip-t.brandes-80x80.png 80w\" sizes=\"(max-width: 300px) 100vw, 300px\" \/>\t\t\t\t<\/div>\r\n\t\t\t\t<figcaption>\r\n\t\t\t\t\t<div class=\"grve-team-description\">\r\n\t\t\t\t\t\t\t\t\t\t\t\t<h4 class=\"grve-team-name grve-dark grve-h4\">Tobias Brandes<\/h4>\r\n\t\t\t\t\t\t\t\t\t\t\t\t<small class=\"grve-team-identity grve-dark\">weyer IngenieurPartner<\/small>\r\n\t\t\t\t\t<\/div>\r\n\t\t\t\t\t\t\t\t\t<\/figcaption>\r\n\t\t\t<\/figure>\r\n\t\t<\/div>\r\n\r\n\t\t[\/vc_column][\/vc_row][vc_row][vc_column width=&#8221;1\/4&#8243; tablet_sm_width=&#8221;1-2&#8243;][vc_column_text]\n<h4>publicznie powo\u0142any i zaprzysi\u0119\u017cony Eksperci ds. procedur zatwierdzania w sektorze ochrony \u015brodowiska<\/h4>\n[\/vc_column_text]\r\n\t\t<div class=\"grve-team grve-element\" style=\"\">\r\n\t\t\t<figure class=\"grve-image-hover grve-style-1 grve-zoom-in\">\r\n\t\t\t\t<div class=\"grve-team-person grve-media grve-dark-overlay grve-opacity-60\">\r\n\t\t\t\t\t<img decoding=\"async\" width=\"300\" height=\"300\" src=\"https:\/\/www.weyer-gruppe.com\/wp-content\/uploads\/2019\/07\/pr-andrea-esser.jpg\" class=\"attachment-grve-image-small-square size-grve-image-small-square\" alt=\"Foto von Andrea Esser der Probiotec\" \/>\t\t\t\t<\/div>\r\n\t\t\t\t<figcaption>\r\n\t\t\t\t\t<div class=\"grve-team-description\">\r\n\t\t\t\t\t\t\t\t\t\t\t\t<h4 class=\"grve-team-name grve-dark grve-h4\">Andrea Esser<\/h4>\r\n\t\t\t\t\t\t\t\t\t\t\t\t<small class=\"grve-team-identity grve-dark\">PROBIOTEC<\/small>\r\n\t\t\t\t\t<\/div>\r\n\t\t\t\t\t\t\t\t\t<\/figcaption>\r\n\t\t\t<\/figure>\r\n\t\t<\/div>\r\n\r\n\t\t[\/vc_column][vc_column width=&#8221;1\/4&#8243; tablet_sm_width=&#8221;1-2&#8243;][\/vc_column][vc_column width=&#8221;1\/4&#8243; tablet_sm_width=&#8221;1-2&#8243;][\/vc_column][vc_column width=&#8221;1\/4&#8243; tablet_sm_width=&#8221;1-2&#8243;][\/vc_column][\/vc_row][vc_row][vc_column]<div class=\"grve-element grve-hr grve-space-divider\" style=\"\"><\/div><h2 class=\"grve-element grve-align-left grve-title-no-line grve-h2\" style=\"\"><span>Kontakt<\/span><\/h2>[\/vc_column][\/vc_row][vc_row][vc_column width=&#8221;1\/2&#8243;][vc_empty_space height=&#8221;80px&#8221;]<div class=\"grve-element grve-box-icon grve-align-center\" style=\"\">  <div class=\"grve-icon grve-large grve-simple grve-no-shape grve-color-primary-1 fa fa-envelope-o\"><\/div><\/div>[vc_column_text]\n<h5 style=\"text-align: center;\">Czy masz jakie\u015b pytania?<\/h5>\n<h5 style=\"text-align: center;\">Porozmawiaj z nami!<\/h5>\n<h5 style=\"text-align: center;\">Nasi eksperci ch\u0119tnie Pa\u0144stwu doradz\u0105!<\/h5>\n[\/vc_column_text][\/vc_column][vc_column width=&#8221;1\/2&#8243;]\n<div class=\"wpcf7 no-js\" id=\"wpcf7-f24174-o1\" lang=\"pl-PL\" dir=\"ltr\" data-wpcf7-id=\"24174\">\n<div class=\"screen-reader-response\"><p role=\"status\" aria-live=\"polite\" aria-atomic=\"true\"><\/p> <ul><\/ul><\/div>\n<form action=\"\/pl\/wp-json\/wp\/v2\/pages\/24326#wpcf7-f24174-o1\" method=\"post\" class=\"wpcf7-form init\" aria-label=\"Formularz kontaktowy\" novalidate=\"novalidate\" data-status=\"init\">\n<fieldset class=\"hidden-fields-container\"><input type=\"hidden\" name=\"_wpcf7\" value=\"24174\" \/><input type=\"hidden\" name=\"_wpcf7_version\" value=\"6.1.5\" \/><input type=\"hidden\" name=\"_wpcf7_locale\" value=\"pl_PL\" \/><input type=\"hidden\" name=\"_wpcf7_unit_tag\" value=\"wpcf7-f24174-o1\" \/><input type=\"hidden\" name=\"_wpcf7_container_post\" value=\"0\" \/><input type=\"hidden\" name=\"_wpcf7_posted_data_hash\" value=\"\" \/><input type=\"hidden\" name=\"_wpcf7_recaptcha_response\" value=\"\" \/>\n<\/fieldset>\n<p><label> Salutacja (pole obowi\u0105zkowe)<br \/>\n<span class=\"wpcf7-form-control-wrap\" data-name=\"anrede\"><select class=\"wpcf7-form-control wpcf7-select wpcf7-validates-as-required\" aria-required=\"true\" aria-invalid=\"false\" name=\"anrede\"><option value=\"\">&#8212;Prosz\u0119 wybra\u0107 opcj\u0119&#8212;<\/option><option value=\"Pan\">Pan<\/option><option value=\"Pani\">Pani<\/option><\/select><\/span> <\/label><br \/>\n<label> Imi\u0119 (pole obowi\u0105zkowe)<br \/>\n<span class=\"wpcf7-form-control-wrap\" data-name=\"your-prename\"><input size=\"40\" maxlength=\"400\" class=\"wpcf7-form-control wpcf7-text wpcf7-validates-as-required\" aria-required=\"true\" aria-invalid=\"false\" value=\"\" type=\"text\" name=\"your-prename\" \/><\/span> <\/label><br \/>\n<label> Nazwisko (pole obowi\u0105zkowe)<br \/>\n<span class=\"wpcf7-form-control-wrap\" data-name=\"your-lastname\"><input size=\"40\" maxlength=\"400\" class=\"wpcf7-form-control wpcf7-text wpcf7-validates-as-required\" aria-required=\"true\" aria-invalid=\"false\" value=\"\" type=\"text\" name=\"your-lastname\" \/><\/span> <\/label><br \/>\n<label> Adres e-mail (pole obowi\u0105zkowe)<br \/>\n<span class=\"wpcf7-form-control-wrap\" data-name=\"your-email\"><input size=\"40\" maxlength=\"400\" class=\"wpcf7-form-control wpcf7-email wpcf7-validates-as-required wpcf7-text wpcf7-validates-as-email\" aria-required=\"true\" aria-invalid=\"false\" value=\"\" type=\"email\" name=\"your-email\" \/><\/span> <\/label><br \/>\n<label> Numer telefonu<br \/>\n<span class=\"wpcf7-form-control-wrap\" data-name=\"Telefon\"><input size=\"40\" maxlength=\"400\" class=\"wpcf7-form-control wpcf7-tel wpcf7-text wpcf7-validates-as-tel\" aria-invalid=\"false\" value=\"\" type=\"tel\" name=\"Telefon\" \/><\/span> <\/label><br \/>\n<label> Przedmiot<br \/>\n<span class=\"wpcf7-form-control-wrap\" data-name=\"your-subject\"><input size=\"40\" maxlength=\"400\" class=\"wpcf7-form-control wpcf7-text\" aria-invalid=\"false\" value=\"\" type=\"text\" name=\"your-subject\" \/><\/span> <\/label><br \/>\n<label> Wiadomo\u015b\u0107<br \/>\n<span class=\"wpcf7-form-control-wrap\" data-name=\"your-message\"><textarea cols=\"40\" rows=\"10\" maxlength=\"2000\" class=\"wpcf7-form-control wpcf7-textarea\" aria-invalid=\"false\" name=\"your-message\"><\/textarea><\/span> <\/label><br \/>\n<span class=\"wpcf7-form-control-wrap\" data-name=\"Datenschutzerklaerung\"><span class=\"wpcf7-form-control wpcf7-checkbox wpcf7-validates-as-required\"><span class=\"wpcf7-list-item first last\"><input type=\"checkbox\" name=\"Datenschutzerklaerung[]\" value=\"Przeczyta\u0142em polityk\u0119 prywatno\u015bci i zgadzam si\u0119 na ni\u0105.\" \/><span class=\"wpcf7-list-item-label\">Przeczyta\u0142em polityk\u0119 prywatno\u015bci i zgadzam si\u0119 na ni\u0105.<\/span><\/span><\/span><\/span><br \/>\n<br \/>\n<input class=\"wpcf7-form-control wpcf7-submit has-spinner\" type=\"submit\" value=\"Wy\u015blij\" \/>\n<\/p><div class=\"wpcf7-response-output\" aria-hidden=\"true\"><\/div>\n<\/form>\n<\/div>\n[vc_column_text][borlabs-cookie id=&#8221;recaptcha&#8221; type=&#8221;content-blocker&#8221;]&#8230;zablokuj to&#8230;[\/borlabs-cookie][\/vc_column_text][\/vc_column][\/vc_row]\n<\/div>","protected":false},"excerpt":{"rendered":"<p>[vc_row][vc_column][vc_column_text] Od 1976 roku weyer group wspiera projektant\u00f3w, operator\u00f3w, producent\u00f3w i inwestor\u00f3w w szerokim zakresie us\u0142ug konsultingowych i in\u017cynieryjnych. Grupa pracuje dla klient\u00f3w z bran\u017cy chemicznej, farmaceutycznej, olej\u00f3w mineralnych, zaopatrzenia i utylizacji, a tak\u017ce dla stowarzysze\u0144 i urz\u0119d\u00f3w. Wspieramy Pa\u0144stwa we wszystkich fazach realizacji projekt\u00f3w, od planowania instalacji po wsparcie przy uruchomieniu i przygotowujemy niezb\u0119dne [&hellip;]<\/p>\n","protected":false},"author":5,"featured_media":0,"parent":23793,"menu_order":0,"comment_status":"closed","ping_status":"closed","template":"","meta":{"footnotes":""},"class_list":["post-24326","page","type-page","status-publish","hentry"],"yoast_head":"<!-- This site is optimized with the Yoast SEO Premium plugin v27.4 (Yoast SEO v27.4) - https:\/\/yoast.com\/product\/yoast-seo-premium-wordpress\/ -->\n<title>Eksperci i specjali\u015bci &#8211; Ekipa weyer gruppe<\/title>\n<meta name=\"description\" content=\"Tutaj znajdziecie Pa\u0144stwo przegl\u0105d zespo\u0142u ekspert\u00f3w i specjalist\u00f3w weyer grouppe. Skontaktuj si\u0119 z osob\u0105 kontaktow\u0105, kt\u00f3rej potrzebujesz.\" \/>\n<meta name=\"robots\" content=\"index, follow, max-snippet:-1, max-image-preview:large, max-video-preview:-1\" \/>\n<link rel=\"canonical\" href=\"https:\/\/www.weyer-gruppe.com\/pl\/o-nas\/eksperci-i-specjalisci\/\" \/>\n<meta property=\"og:locale\" content=\"pl_PL\" \/>\n<meta property=\"og:type\" content=\"article\" \/>\n<meta property=\"og:title\" content=\"Eksperci i specjali\u015bci\" \/>\n<meta property=\"og:description\" content=\"Tutaj znajdziecie Pa\u0144stwo przegl\u0105d zespo\u0142u ekspert\u00f3w i specjalist\u00f3w weyer grouppe. Skontaktuj si\u0119 z osob\u0105 kontaktow\u0105, kt\u00f3rej potrzebujesz.\" \/>\n<meta property=\"og:url\" content=\"https:\/\/www.weyer-gruppe.com\/pl\/o-nas\/eksperci-i-specjalisci\/\" \/>\n<meta property=\"og:site_name\" content=\"weyer gruppe\" \/>\n<meta property=\"article:publisher\" content=\"https:\/\/www.facebook.com\/weyergruppe\" \/>\n<meta property=\"article:modified_time\" content=\"2026-03-23T08:28:08+00:00\" \/>\n<meta name=\"twitter:card\" content=\"summary_large_image\" \/>\n<meta name=\"twitter:label1\" content=\"Szacowany czas czytania\" \/>\n\t<meta name=\"twitter:data1\" content=\"11 minut\" \/>\n<script type=\"application\/ld+json\" class=\"yoast-schema-graph\">{\"@context\":\"https:\\\/\\\/schema.org\",\"@graph\":[{\"@type\":\"WebPage\",\"@id\":\"https:\\\/\\\/www.weyer-gruppe.com\\\/pl\\\/o-nas\\\/eksperci-i-specjalisci\\\/\",\"url\":\"https:\\\/\\\/www.weyer-gruppe.com\\\/pl\\\/o-nas\\\/eksperci-i-specjalisci\\\/\",\"name\":\"Eksperci i specjali\u015bci &#8211; Ekipa weyer gruppe\",\"isPartOf\":{\"@id\":\"https:\\\/\\\/www.weyer-gruppe.com\\\/pl\\\/#website\"},\"datePublished\":\"2019-07-17T14:32:20+00:00\",\"dateModified\":\"2026-03-23T08:28:08+00:00\",\"description\":\"Tutaj znajdziecie Pa\u0144stwo przegl\u0105d zespo\u0142u ekspert\u00f3w i specjalist\u00f3w weyer grouppe. Skontaktuj si\u0119 z osob\u0105 kontaktow\u0105, kt\u00f3rej potrzebujesz.\",\"breadcrumb\":{\"@id\":\"https:\\\/\\\/www.weyer-gruppe.com\\\/pl\\\/o-nas\\\/eksperci-i-specjalisci\\\/#breadcrumb\"},\"inLanguage\":\"pl-PL\",\"potentialAction\":[{\"@type\":\"ReadAction\",\"target\":[\"https:\\\/\\\/www.weyer-gruppe.com\\\/pl\\\/o-nas\\\/eksperci-i-specjalisci\\\/\"]}]},{\"@type\":\"BreadcrumbList\",\"@id\":\"https:\\\/\\\/www.weyer-gruppe.com\\\/pl\\\/o-nas\\\/eksperci-i-specjalisci\\\/#breadcrumb\",\"itemListElement\":[{\"@type\":\"ListItem\",\"position\":1,\"name\":\"HOME\",\"item\":\"https:\\\/\\\/www.weyer-gruppe.com\\\/pl\\\/\"},{\"@type\":\"ListItem\",\"position\":2,\"name\":\"O nas\",\"item\":\"https:\\\/\\\/www.weyer-gruppe.com\\\/pl\\\/o-nas\\\/\"},{\"@type\":\"ListItem\",\"position\":3,\"name\":\"Eksperci i specjali\u015bci\"}]},{\"@type\":\"WebSite\",\"@id\":\"https:\\\/\\\/www.weyer-gruppe.com\\\/pl\\\/#website\",\"url\":\"https:\\\/\\\/www.weyer-gruppe.com\\\/pl\\\/\",\"name\":\"weyer gruppe\",\"description\":\"komplett. durchdacht.\",\"publisher\":{\"@id\":\"https:\\\/\\\/www.weyer-gruppe.com\\\/pl\\\/#organization\"},\"potentialAction\":[{\"@type\":\"SearchAction\",\"target\":{\"@type\":\"EntryPoint\",\"urlTemplate\":\"https:\\\/\\\/www.weyer-gruppe.com\\\/pl\\\/?s={search_term_string}\"},\"query-input\":{\"@type\":\"PropertyValueSpecification\",\"valueRequired\":true,\"valueName\":\"search_term_string\"}}],\"inLanguage\":\"pl-PL\"},{\"@type\":\"Organization\",\"@id\":\"https:\\\/\\\/www.weyer-gruppe.com\\\/pl\\\/#organization\",\"name\":\"weyer gruppe\",\"url\":\"https:\\\/\\\/www.weyer-gruppe.com\\\/pl\\\/\",\"logo\":{\"@type\":\"ImageObject\",\"inLanguage\":\"pl-PL\",\"@id\":\"https:\\\/\\\/www.weyer-gruppe.com\\\/pl\\\/#\\\/schema\\\/logo\\\/image\\\/\",\"url\":\"https:\\\/\\\/www.weyer-gruppe.com\\\/wp-content\\\/uploads\\\/2019\\\/07\\\/logo-weyer-gruppe-de.png\",\"contentUrl\":\"https:\\\/\\\/www.weyer-gruppe.com\\\/wp-content\\\/uploads\\\/2019\\\/07\\\/logo-weyer-gruppe-de.png\",\"width\":532,\"height\":513,\"caption\":\"weyer gruppe\"},\"image\":{\"@id\":\"https:\\\/\\\/www.weyer-gruppe.com\\\/pl\\\/#\\\/schema\\\/logo\\\/image\\\/\"},\"sameAs\":[\"https:\\\/\\\/www.facebook.com\\\/weyergruppe\",\"https:\\\/\\\/de.linkedin.com\\\/company\\\/weyer-gruppe\",\"https:\\\/\\\/www.youtube.com\\\/channel\\\/UCmZItECuW56Ih_p501_Bq8A\"],\"description\":\"Die weyer gruppe ist seit 1976 Ihr Partner f\u00fcr verfahrenstechnische Anlagenplanung und Anlagensicherheit. Mit einem erfahrenen Team von \u00fcber 190 Mitarbeitern in Deutschland, \u00d6sterreich, Polen und der Schweiz realisieren wir j\u00e4hrlich \u00fcber 1.000 Kundenprojekte. Unsere Expertise erstreckt sich \u00fcber verschiedene Branchen wie Chemie, Pharma, Mineral\u00f6l sowie Ver- und Entsorgung. Vertrauen Sie auf die weyer Gruppe f\u00fcr ma\u00dfgeschneiderte Engineering- und Consulting-L\u00f6sungen, die Ihre Anforderungen in puncto Sicherheit und Effizienz erf\u00fcllen.\",\"email\":\"info@weyer-gruppe.com\",\"telephone\":\"+49 (0) 24 21 \u2013 69 09 1 \u2013 0\",\"numberOfEmployees\":{\"@type\":\"QuantitativeValue\",\"minValue\":\"51\",\"maxValue\":\"200\"}}]}<\/script>\n<!-- \/ Yoast SEO Premium plugin. -->","yoast_head_json":{"title":"Eksperci i specjali\u015bci &#8211; Ekipa weyer gruppe","description":"Tutaj znajdziecie Pa\u0144stwo przegl\u0105d zespo\u0142u ekspert\u00f3w i specjalist\u00f3w weyer grouppe. Skontaktuj si\u0119 z osob\u0105 kontaktow\u0105, kt\u00f3rej potrzebujesz.","robots":{"index":"index","follow":"follow","max-snippet":"max-snippet:-1","max-image-preview":"max-image-preview:large","max-video-preview":"max-video-preview:-1"},"canonical":"https:\/\/www.weyer-gruppe.com\/pl\/o-nas\/eksperci-i-specjalisci\/","og_locale":"pl_PL","og_type":"article","og_title":"Eksperci i specjali\u015bci","og_description":"Tutaj znajdziecie Pa\u0144stwo przegl\u0105d zespo\u0142u ekspert\u00f3w i specjalist\u00f3w weyer grouppe. Skontaktuj si\u0119 z osob\u0105 kontaktow\u0105, kt\u00f3rej potrzebujesz.","og_url":"https:\/\/www.weyer-gruppe.com\/pl\/o-nas\/eksperci-i-specjalisci\/","og_site_name":"weyer gruppe","article_publisher":"https:\/\/www.facebook.com\/weyergruppe","article_modified_time":"2026-03-23T08:28:08+00:00","twitter_card":"summary_large_image","twitter_misc":{"Szacowany czas czytania":"11 minut"},"schema":{"@context":"https:\/\/schema.org","@graph":[{"@type":"WebPage","@id":"https:\/\/www.weyer-gruppe.com\/pl\/o-nas\/eksperci-i-specjalisci\/","url":"https:\/\/www.weyer-gruppe.com\/pl\/o-nas\/eksperci-i-specjalisci\/","name":"Eksperci i specjali\u015bci &#8211; Ekipa weyer gruppe","isPartOf":{"@id":"https:\/\/www.weyer-gruppe.com\/pl\/#website"},"datePublished":"2019-07-17T14:32:20+00:00","dateModified":"2026-03-23T08:28:08+00:00","description":"Tutaj znajdziecie Pa\u0144stwo przegl\u0105d zespo\u0142u ekspert\u00f3w i specjalist\u00f3w weyer grouppe. Skontaktuj si\u0119 z osob\u0105 kontaktow\u0105, kt\u00f3rej potrzebujesz.","breadcrumb":{"@id":"https:\/\/www.weyer-gruppe.com\/pl\/o-nas\/eksperci-i-specjalisci\/#breadcrumb"},"inLanguage":"pl-PL","potentialAction":[{"@type":"ReadAction","target":["https:\/\/www.weyer-gruppe.com\/pl\/o-nas\/eksperci-i-specjalisci\/"]}]},{"@type":"BreadcrumbList","@id":"https:\/\/www.weyer-gruppe.com\/pl\/o-nas\/eksperci-i-specjalisci\/#breadcrumb","itemListElement":[{"@type":"ListItem","position":1,"name":"HOME","item":"https:\/\/www.weyer-gruppe.com\/pl\/"},{"@type":"ListItem","position":2,"name":"O nas","item":"https:\/\/www.weyer-gruppe.com\/pl\/o-nas\/"},{"@type":"ListItem","position":3,"name":"Eksperci i specjali\u015bci"}]},{"@type":"WebSite","@id":"https:\/\/www.weyer-gruppe.com\/pl\/#website","url":"https:\/\/www.weyer-gruppe.com\/pl\/","name":"weyer gruppe","description":"komplett. durchdacht.","publisher":{"@id":"https:\/\/www.weyer-gruppe.com\/pl\/#organization"},"potentialAction":[{"@type":"SearchAction","target":{"@type":"EntryPoint","urlTemplate":"https:\/\/www.weyer-gruppe.com\/pl\/?s={search_term_string}"},"query-input":{"@type":"PropertyValueSpecification","valueRequired":true,"valueName":"search_term_string"}}],"inLanguage":"pl-PL"},{"@type":"Organization","@id":"https:\/\/www.weyer-gruppe.com\/pl\/#organization","name":"weyer gruppe","url":"https:\/\/www.weyer-gruppe.com\/pl\/","logo":{"@type":"ImageObject","inLanguage":"pl-PL","@id":"https:\/\/www.weyer-gruppe.com\/pl\/#\/schema\/logo\/image\/","url":"https:\/\/www.weyer-gruppe.com\/wp-content\/uploads\/2019\/07\/logo-weyer-gruppe-de.png","contentUrl":"https:\/\/www.weyer-gruppe.com\/wp-content\/uploads\/2019\/07\/logo-weyer-gruppe-de.png","width":532,"height":513,"caption":"weyer gruppe"},"image":{"@id":"https:\/\/www.weyer-gruppe.com\/pl\/#\/schema\/logo\/image\/"},"sameAs":["https:\/\/www.facebook.com\/weyergruppe","https:\/\/de.linkedin.com\/company\/weyer-gruppe","https:\/\/www.youtube.com\/channel\/UCmZItECuW56Ih_p501_Bq8A"],"description":"Die weyer gruppe ist seit 1976 Ihr Partner f\u00fcr verfahrenstechnische Anlagenplanung und Anlagensicherheit. Mit einem erfahrenen Team von \u00fcber 190 Mitarbeitern in Deutschland, \u00d6sterreich, Polen und der Schweiz realisieren wir j\u00e4hrlich \u00fcber 1.000 Kundenprojekte. Unsere Expertise erstreckt sich \u00fcber verschiedene Branchen wie Chemie, Pharma, Mineral\u00f6l sowie Ver- und Entsorgung. Vertrauen Sie auf die weyer Gruppe f\u00fcr ma\u00dfgeschneiderte Engineering- und Consulting-L\u00f6sungen, die Ihre Anforderungen in puncto Sicherheit und Effizienz erf\u00fcllen.","email":"info@weyer-gruppe.com","telephone":"+49 (0) 24 21 \u2013 69 09 1 \u2013 0","numberOfEmployees":{"@type":"QuantitativeValue","minValue":"51","maxValue":"200"}}]}},"_links":{"self":[{"href":"https:\/\/www.weyer-gruppe.com\/pl\/wp-json\/wp\/v2\/pages\/24326","targetHints":{"allow":["GET"]}}],"collection":[{"href":"https:\/\/www.weyer-gruppe.com\/pl\/wp-json\/wp\/v2\/pages"}],"about":[{"href":"https:\/\/www.weyer-gruppe.com\/pl\/wp-json\/wp\/v2\/types\/page"}],"author":[{"embeddable":true,"href":"https:\/\/www.weyer-gruppe.com\/pl\/wp-json\/wp\/v2\/users\/5"}],"replies":[{"embeddable":true,"href":"https:\/\/www.weyer-gruppe.com\/pl\/wp-json\/wp\/v2\/comments?post=24326"}],"version-history":[{"count":3,"href":"https:\/\/www.weyer-gruppe.com\/pl\/wp-json\/wp\/v2\/pages\/24326\/revisions"}],"predecessor-version":[{"id":238151,"href":"https:\/\/www.weyer-gruppe.com\/pl\/wp-json\/wp\/v2\/pages\/24326\/revisions\/238151"}],"up":[{"embeddable":true,"href":"https:\/\/www.weyer-gruppe.com\/pl\/wp-json\/wp\/v2\/pages\/23793"}],"wp:attachment":[{"href":"https:\/\/www.weyer-gruppe.com\/pl\/wp-json\/wp\/v2\/media?parent=24326"}],"curies":[{"name":"wp","href":"https:\/\/api.w.org\/{rel}","templated":true}]}}