{"id":24178,"date":"2019-07-19T13:57:56","date_gmt":"2019-07-19T11:57:56","guid":{"rendered":"https:\/\/www.weyer-gruppe.com\/sektor-publiczny\/lokalna-ochrona-klimatu\/"},"modified":"2026-03-23T09:01:03","modified_gmt":"2026-03-23T08:01:03","slug":"lokalna-ochrona-klimatu","status":"publish","type":"page","link":"https:\/\/www.weyer-gruppe.com\/pl\/sektor-publiczny\/lokalna-ochrona-klimatu\/","title":{"rendered":"Lokalna ochrona klimatu"},"content":{"rendered":"<div class=\"wpb-content-wrapper\">[vc_row][vc_column][vc_column_text]W ostatnich latach lokalna ochrona klimatu ugruntowa\u0142a si\u0119 jako przekrojowe zadanie komunalne. Federalne Ministerstwo \u015arodowiska, Ochrony Przyrody, Budownictwa i Bezpiecze\u0144stwa J\u0105drowego (BMUB) promuje mi\u0119dzy innymi wiele r\u00f3\u017cnych koncepcji, aby zapewni\u0107 wsparcie koncepcyjne dla miast i gmin oraz przedsi\u0119biorstw komunalnych. Obejmuj\u0105 one zar\u00f3wno zintegrowane koncepcje ochrony klimatu (IKK), jak i projekty dotycz\u0105ce przyjaznego dla klimatu zarz\u0105dzania gruntami i przyjaznej dla klimatu mobilno\u015bci.<\/p>\n<p>Ten kompleksowy zakres tematyczny jest realizowany przez nasze interdyscyplinarne zespo\u0142y projektowe dostosowane do poszczeg\u00f3lnych zada\u0144. W razie potrzeby integrujemy sprawdzonych partner\u00f3w do wsp\u00f3\u0142pracy. Nasze ustrukturyzowane i pragmatyczne podej\u015bcie uwzgl\u0119dnia m.in. potencjalne interakcje i tworzy synergie, np. do planowania urbanistycznego i transportowego, zarz\u0105dzania nieruchomo\u015bciami, przemys\u0142u mieszkaniowego i rozwoju biznesu.<\/p>\n<p>Ch\u0119tnie wesprzemy Pa\u0144stwa od pierwszych rozwa\u017ca\u0144 na temat integracji ochrony klimatu w Pa\u0144stwa gminie poprzez wyb\u00f3r i pozyskanie dotacji a\u017c po stworzenie zorientowanych na realizacj\u0119 koncepcji ochrony klimatu i ich realizacj\u0119.<\/p>\n<h2>Us\u0142ugi w zakresie lokalnej ochrony klimatu<\/h2>\n<ul class=\"arrow-gray\">\n<li class=\"first-child\">Doradztwo w zakresie dotacji i wsparcie w przygotowaniu wniosk\u00f3w (BMUB i KfW)<\/li>\n<li>Zintegrowane komunalne koncepcje ochrony klimatu<\/li>\n<li>Koncepcje cz\u0119\u015bciowe ochrony klimatu \u201eEnergia odnawialna\u201d<\/li>\n<li>Koncepcje cz\u0119\u015bciowe ochrony klimatu \u201eOchrona klimatu we w\u0142asnych nieruchomo\u015bciach\u201d<\/li>\n<li>Koncepcje cz\u0119\u015bciowe ochrony klimatu \u201eMobilno\u015b\u0107 przyjazna dla klimatu\u201d<\/li>\n<li>Koncepcje cz\u0119\u015bciowe ochrony klimatu \u201ePrzyjazne dla klimatu zarz\u0105dzanie gruntami\u201d<\/li>\n<li>Przygotowanie komunalnych i regionalnych bilans\u00f3w energii i CO<sub>2<\/sub><\/li>\n<li>Koncepcje energetyczne dla istniej\u0105cych i nowych obszar\u00f3w rozwoju<\/li>\n<li class=\"last-child\">Zintegrowane koncepcje dzielnicowe w zakresie energetycznych dzia\u0142a\u0144 renowacyjnych<\/li>\n<\/ul>\n[\/vc_column_text][\/vc_column][\/vc_row][vc_row bg_type=&#8221;color&#8221; bg_color=&#8221;#0b3c80&#8243;][vc_column css=&#8221;.vc_custom_1564044155002{background-color: #0b3c80 !important;}&#8221;]<div class=\"grve-element grve-hr grve-space-divider\" style=\"\"><\/div><div class=\"grve-element grve-image-text\" style=\"\">  <div class=\"grve-content grve-align-right\">    <h6>weyer spezial: Rozw\u00f3j obszar\u00f3w miejskich i urbanistyka<\/h6>  <p> <span style=\"color: #ffffff;\">Podstawowe warunki i przes\u0142anki s\u0105 zawsze r\u00f3\u017cne w ka\u017cdej gminie i w ka\u017cdej dzielnicy, dlatego te\u017c musz\u0105 by\u0107 zawsze rozpatrywane indywidualnie i w ich wzajemnych relacjach. I to jest to, o co nam chodzi! Skuteczne doradztwo w zakresie rozwoju obszar\u00f3w miejskich oznacza pokazanie niezawodnych i elastycznych rozwi\u0105za\u0144 r\u00f3\u017cnorodnych kwestii, a tym samym metodycznie uzasadnionych i zorientowanych na praktyk\u0119 z jednego \u017ar\u00f3d\u0142a. Zgodnie z t\u0105 filozofi\u0105 oferujemy wraz z naszym interdyscyplinarnym zespo\u0142em urbanist\u00f3w, architekt\u00f3w, architekt\u00f3w&#8230;<\/span><\/p>    <a href=\"https:\/\/www.weyer-gruppe.com\/planungskultur-wettbewerbs-und-vergabemanagement\/\" target=\"_blank\" class=\"grve-read-more \">Pobierz weyer spezial tutaj<\/a>  <\/div><div class=\"grve-image\"><img decoding=\"async\" width=\"250\" height=\"354\" src=\"https:\/\/www.weyer-gruppe.com\/wp-content\/uploads\/2019\/07\/weyer-spezial-weyer-gruppe-stadtentwicklung-stadtplanung.jpg\" class=\"attachment-full size-full\" alt=\"weyer spezial zum Thema Stadtentwicklung und Stadtplanung\" srcset=\"\" \/><\/div><\/div><div class=\"grve-element grve-hr grve-space-divider\" style=\"\"><\/div>[\/vc_column][\/vc_row][vc_row][vc_column]<div class=\"grve-element grve-hr grve-space-divider\" style=\"\"><\/div>[vc_column_text]\n<h3>Nasz zesp\u00f3\u0142<\/h3>\n[\/vc_column_text][\/vc_column][\/vc_row][vc_row][vc_column width=&#8221;1\/4&#8243; tablet_sm_width=&#8221;1-2&#8243;]\r\n\t\t<div class=\"grve-team grve-element\" style=\"\">\r\n\t\t\t<figure class=\"grve-image-hover grve-style-1 grve-zoom-in\">\r\n\t\t\t\t<div class=\"grve-team-person grve-media grve-dark-overlay grve-opacity-60\">\r\n\t\t\t\t\t<img decoding=\"async\" width=\"300\" height=\"300\" src=\"https:\/\/www.weyer-gruppe.com\/wp-content\/uploads\/2019\/07\/volker-bode-probiotec.jpg\" class=\"attachment-grve-image-small-square size-grve-image-small-square\" alt=\"Foto von Volker Bode der Probiotec\" srcset=\"https:\/\/www.weyer-gruppe.com\/wp-content\/uploads\/2019\/07\/volker-bode-probiotec.jpg 300w, https:\/\/www.weyer-gruppe.com\/wp-content\/uploads\/2019\/07\/volker-bode-probiotec-150x150.jpg 150w, https:\/\/www.weyer-gruppe.com\/wp-content\/uploads\/2019\/07\/volker-bode-probiotec-80x80.jpg 80w\" sizes=\"(max-width: 300px) 100vw, 300px\" \/>\t\t\t\t<\/div>\r\n\t\t\t\t<figcaption>\r\n\t\t\t\t\t<div class=\"grve-team-description\">\r\n\t\t\t\t\t\t\t\t\t\t\t\t<h4 class=\"grve-team-name grve-dark grve-h4\">Volker Bode<\/h4>\r\n\t\t\t\t\t\t\t\t\t\t\t\t<small class=\"grve-team-identity grve-dark\">Probiotec<\/small>\r\n\t\t\t\t\t<\/div>\r\n\t\t\t\t\t\t\t\t\t<\/figcaption>\r\n\t\t\t<\/figure>\r\n\t\t<\/div>\r\n\r\n\t\t[\/vc_column][vc_column width=&#8221;1\/4&#8243; tablet_sm_width=&#8221;1-2&#8243;][\/vc_column][vc_column width=&#8221;1\/4&#8243; tablet_sm_width=&#8221;1-2&#8243;][\/vc_column][vc_column width=&#8221;1\/4&#8243; tablet_sm_width=&#8221;1-2&#8243;][\/vc_column][\/vc_row][vc_row][vc_column]<div class=\"grve-element grve-hr grve-space-divider\" style=\"\"><\/div>[\/vc_column][\/vc_row]\n<\/div>","protected":false},"excerpt":{"rendered":"<p>[vc_row][vc_column][vc_column_text]W ostatnich latach lokalna ochrona klimatu ugruntowa\u0142a si\u0119 jako przekrojowe zadanie komunalne. Federalne Ministerstwo \u015arodowiska, Ochrony Przyrody, Budownictwa i Bezpiecze\u0144stwa J\u0105drowego (BMUB) promuje mi\u0119dzy innymi wiele r\u00f3\u017cnych koncepcji, aby zapewni\u0107 wsparcie koncepcyjne dla miast i gmin oraz przedsi\u0119biorstw komunalnych. Obejmuj\u0105 one zar\u00f3wno zintegrowane koncepcje ochrony klimatu (IKK), jak i projekty dotycz\u0105ce przyjaznego dla klimatu zarz\u0105dzania [&hellip;]<\/p>\n","protected":false},"author":5,"featured_media":0,"parent":23973,"menu_order":0,"comment_status":"closed","ping_status":"closed","template":"","meta":{"footnotes":""},"class_list":["post-24178","page","type-page","status-publish","hentry"],"yoast_head":"<!-- This site is optimized with the Yoast SEO Premium plugin v27.4 (Yoast SEO v27.4) - https:\/\/yoast.com\/product\/yoast-seo-premium-wordpress\/ -->\n<title>Lokalna ochrona klimatu &#8211; Wsparcie koncepcyjne dla weyer gruppe<\/title>\n<meta name=\"description\" content=\"Lokalna ochrona klimatu nabiera w ostatnich latach coraz wi\u0119kszego znaczenia jako zadanie dla miast i gmin. Wspieramy ci\u0119 w pocz\u0119ciu.\" \/>\n<meta name=\"robots\" content=\"index, follow, max-snippet:-1, max-image-preview:large, max-video-preview:-1\" \/>\n<link rel=\"canonical\" href=\"https:\/\/www.weyer-gruppe.com\/pl\/sektor-publiczny\/lokalna-ochrona-klimatu\/\" \/>\n<meta property=\"og:locale\" content=\"pl_PL\" \/>\n<meta property=\"og:type\" content=\"article\" \/>\n<meta property=\"og:title\" content=\"Lokalna ochrona klimatu\" \/>\n<meta property=\"og:description\" content=\"Lokalna ochrona klimatu nabiera w ostatnich latach coraz wi\u0119kszego znaczenia jako zadanie dla miast i gmin. Wspieramy ci\u0119 w pocz\u0119ciu.\" \/>\n<meta property=\"og:url\" content=\"https:\/\/www.weyer-gruppe.com\/pl\/sektor-publiczny\/lokalna-ochrona-klimatu\/\" \/>\n<meta property=\"og:site_name\" content=\"weyer gruppe\" \/>\n<meta property=\"article:publisher\" content=\"https:\/\/www.facebook.com\/weyergruppe\" \/>\n<meta property=\"article:modified_time\" content=\"2026-03-23T08:01:03+00:00\" \/>\n<meta name=\"twitter:card\" content=\"summary_large_image\" \/>\n<meta name=\"twitter:label1\" content=\"Szacowany czas czytania\" \/>\n\t<meta name=\"twitter:data1\" content=\"2 minuty\" \/>\n<script type=\"application\/ld+json\" class=\"yoast-schema-graph\">{\"@context\":\"https:\\\/\\\/schema.org\",\"@graph\":[{\"@type\":\"WebPage\",\"@id\":\"https:\\\/\\\/www.weyer-gruppe.com\\\/pl\\\/sektor-publiczny\\\/lokalna-ochrona-klimatu\\\/\",\"url\":\"https:\\\/\\\/www.weyer-gruppe.com\\\/pl\\\/sektor-publiczny\\\/lokalna-ochrona-klimatu\\\/\",\"name\":\"Lokalna ochrona klimatu &#8211; Wsparcie koncepcyjne dla weyer gruppe\",\"isPartOf\":{\"@id\":\"https:\\\/\\\/www.weyer-gruppe.com\\\/pl\\\/#website\"},\"datePublished\":\"2019-07-19T11:57:56+00:00\",\"dateModified\":\"2026-03-23T08:01:03+00:00\",\"description\":\"Lokalna ochrona klimatu nabiera w ostatnich latach coraz wi\u0119kszego znaczenia jako zadanie dla miast i gmin. Wspieramy ci\u0119 w pocz\u0119ciu.\",\"breadcrumb\":{\"@id\":\"https:\\\/\\\/www.weyer-gruppe.com\\\/pl\\\/sektor-publiczny\\\/lokalna-ochrona-klimatu\\\/#breadcrumb\"},\"inLanguage\":\"pl-PL\",\"potentialAction\":[{\"@type\":\"ReadAction\",\"target\":[\"https:\\\/\\\/www.weyer-gruppe.com\\\/pl\\\/sektor-publiczny\\\/lokalna-ochrona-klimatu\\\/\"]}]},{\"@type\":\"BreadcrumbList\",\"@id\":\"https:\\\/\\\/www.weyer-gruppe.com\\\/pl\\\/sektor-publiczny\\\/lokalna-ochrona-klimatu\\\/#breadcrumb\",\"itemListElement\":[{\"@type\":\"ListItem\",\"position\":1,\"name\":\"HOME\",\"item\":\"https:\\\/\\\/www.weyer-gruppe.com\\\/pl\\\/\"},{\"@type\":\"ListItem\",\"position\":2,\"name\":\"Sektor publiczny\",\"item\":\"https:\\\/\\\/www.weyer-gruppe.com\\\/pl\\\/sektor-publiczny\\\/\"},{\"@type\":\"ListItem\",\"position\":3,\"name\":\"Lokalna ochrona klimatu\"}]},{\"@type\":\"WebSite\",\"@id\":\"https:\\\/\\\/www.weyer-gruppe.com\\\/pl\\\/#website\",\"url\":\"https:\\\/\\\/www.weyer-gruppe.com\\\/pl\\\/\",\"name\":\"weyer gruppe\",\"description\":\"komplett. durchdacht.\",\"publisher\":{\"@id\":\"https:\\\/\\\/www.weyer-gruppe.com\\\/pl\\\/#organization\"},\"potentialAction\":[{\"@type\":\"SearchAction\",\"target\":{\"@type\":\"EntryPoint\",\"urlTemplate\":\"https:\\\/\\\/www.weyer-gruppe.com\\\/pl\\\/?s={search_term_string}\"},\"query-input\":{\"@type\":\"PropertyValueSpecification\",\"valueRequired\":true,\"valueName\":\"search_term_string\"}}],\"inLanguage\":\"pl-PL\"},{\"@type\":\"Organization\",\"@id\":\"https:\\\/\\\/www.weyer-gruppe.com\\\/pl\\\/#organization\",\"name\":\"weyer gruppe\",\"url\":\"https:\\\/\\\/www.weyer-gruppe.com\\\/pl\\\/\",\"logo\":{\"@type\":\"ImageObject\",\"inLanguage\":\"pl-PL\",\"@id\":\"https:\\\/\\\/www.weyer-gruppe.com\\\/pl\\\/#\\\/schema\\\/logo\\\/image\\\/\",\"url\":\"https:\\\/\\\/www.weyer-gruppe.com\\\/wp-content\\\/uploads\\\/2019\\\/07\\\/logo-weyer-gruppe-de.png\",\"contentUrl\":\"https:\\\/\\\/www.weyer-gruppe.com\\\/wp-content\\\/uploads\\\/2019\\\/07\\\/logo-weyer-gruppe-de.png\",\"width\":532,\"height\":513,\"caption\":\"weyer gruppe\"},\"image\":{\"@id\":\"https:\\\/\\\/www.weyer-gruppe.com\\\/pl\\\/#\\\/schema\\\/logo\\\/image\\\/\"},\"sameAs\":[\"https:\\\/\\\/www.facebook.com\\\/weyergruppe\",\"https:\\\/\\\/de.linkedin.com\\\/company\\\/weyer-gruppe\",\"https:\\\/\\\/www.youtube.com\\\/channel\\\/UCmZItECuW56Ih_p501_Bq8A\"],\"description\":\"Die weyer gruppe ist seit 1976 Ihr Partner f\u00fcr verfahrenstechnische Anlagenplanung und Anlagensicherheit. Mit einem erfahrenen Team von \u00fcber 190 Mitarbeitern in Deutschland, \u00d6sterreich, Polen und der Schweiz realisieren wir j\u00e4hrlich \u00fcber 1.000 Kundenprojekte. Unsere Expertise erstreckt sich \u00fcber verschiedene Branchen wie Chemie, Pharma, Mineral\u00f6l sowie Ver- und Entsorgung. Vertrauen Sie auf die weyer Gruppe f\u00fcr ma\u00dfgeschneiderte Engineering- und Consulting-L\u00f6sungen, die Ihre Anforderungen in puncto Sicherheit und Effizienz erf\u00fcllen.\",\"email\":\"info@weyer-gruppe.com\",\"telephone\":\"+49 (0) 24 21 \u2013 69 09 1 \u2013 0\",\"numberOfEmployees\":{\"@type\":\"QuantitativeValue\",\"minValue\":\"51\",\"maxValue\":\"200\"}}]}<\/script>\n<!-- \/ Yoast SEO Premium plugin. -->","yoast_head_json":{"title":"Lokalna ochrona klimatu &#8211; Wsparcie koncepcyjne dla weyer gruppe","description":"Lokalna ochrona klimatu nabiera w ostatnich latach coraz wi\u0119kszego znaczenia jako zadanie dla miast i gmin. Wspieramy ci\u0119 w pocz\u0119ciu.","robots":{"index":"index","follow":"follow","max-snippet":"max-snippet:-1","max-image-preview":"max-image-preview:large","max-video-preview":"max-video-preview:-1"},"canonical":"https:\/\/www.weyer-gruppe.com\/pl\/sektor-publiczny\/lokalna-ochrona-klimatu\/","og_locale":"pl_PL","og_type":"article","og_title":"Lokalna ochrona klimatu","og_description":"Lokalna ochrona klimatu nabiera w ostatnich latach coraz wi\u0119kszego znaczenia jako zadanie dla miast i gmin. Wspieramy ci\u0119 w pocz\u0119ciu.","og_url":"https:\/\/www.weyer-gruppe.com\/pl\/sektor-publiczny\/lokalna-ochrona-klimatu\/","og_site_name":"weyer gruppe","article_publisher":"https:\/\/www.facebook.com\/weyergruppe","article_modified_time":"2026-03-23T08:01:03+00:00","twitter_card":"summary_large_image","twitter_misc":{"Szacowany czas czytania":"2 minuty"},"schema":{"@context":"https:\/\/schema.org","@graph":[{"@type":"WebPage","@id":"https:\/\/www.weyer-gruppe.com\/pl\/sektor-publiczny\/lokalna-ochrona-klimatu\/","url":"https:\/\/www.weyer-gruppe.com\/pl\/sektor-publiczny\/lokalna-ochrona-klimatu\/","name":"Lokalna ochrona klimatu &#8211; Wsparcie koncepcyjne dla weyer gruppe","isPartOf":{"@id":"https:\/\/www.weyer-gruppe.com\/pl\/#website"},"datePublished":"2019-07-19T11:57:56+00:00","dateModified":"2026-03-23T08:01:03+00:00","description":"Lokalna ochrona klimatu nabiera w ostatnich latach coraz wi\u0119kszego znaczenia jako zadanie dla miast i gmin. Wspieramy ci\u0119 w pocz\u0119ciu.","breadcrumb":{"@id":"https:\/\/www.weyer-gruppe.com\/pl\/sektor-publiczny\/lokalna-ochrona-klimatu\/#breadcrumb"},"inLanguage":"pl-PL","potentialAction":[{"@type":"ReadAction","target":["https:\/\/www.weyer-gruppe.com\/pl\/sektor-publiczny\/lokalna-ochrona-klimatu\/"]}]},{"@type":"BreadcrumbList","@id":"https:\/\/www.weyer-gruppe.com\/pl\/sektor-publiczny\/lokalna-ochrona-klimatu\/#breadcrumb","itemListElement":[{"@type":"ListItem","position":1,"name":"HOME","item":"https:\/\/www.weyer-gruppe.com\/pl\/"},{"@type":"ListItem","position":2,"name":"Sektor publiczny","item":"https:\/\/www.weyer-gruppe.com\/pl\/sektor-publiczny\/"},{"@type":"ListItem","position":3,"name":"Lokalna ochrona klimatu"}]},{"@type":"WebSite","@id":"https:\/\/www.weyer-gruppe.com\/pl\/#website","url":"https:\/\/www.weyer-gruppe.com\/pl\/","name":"weyer gruppe","description":"komplett. durchdacht.","publisher":{"@id":"https:\/\/www.weyer-gruppe.com\/pl\/#organization"},"potentialAction":[{"@type":"SearchAction","target":{"@type":"EntryPoint","urlTemplate":"https:\/\/www.weyer-gruppe.com\/pl\/?s={search_term_string}"},"query-input":{"@type":"PropertyValueSpecification","valueRequired":true,"valueName":"search_term_string"}}],"inLanguage":"pl-PL"},{"@type":"Organization","@id":"https:\/\/www.weyer-gruppe.com\/pl\/#organization","name":"weyer gruppe","url":"https:\/\/www.weyer-gruppe.com\/pl\/","logo":{"@type":"ImageObject","inLanguage":"pl-PL","@id":"https:\/\/www.weyer-gruppe.com\/pl\/#\/schema\/logo\/image\/","url":"https:\/\/www.weyer-gruppe.com\/wp-content\/uploads\/2019\/07\/logo-weyer-gruppe-de.png","contentUrl":"https:\/\/www.weyer-gruppe.com\/wp-content\/uploads\/2019\/07\/logo-weyer-gruppe-de.png","width":532,"height":513,"caption":"weyer gruppe"},"image":{"@id":"https:\/\/www.weyer-gruppe.com\/pl\/#\/schema\/logo\/image\/"},"sameAs":["https:\/\/www.facebook.com\/weyergruppe","https:\/\/de.linkedin.com\/company\/weyer-gruppe","https:\/\/www.youtube.com\/channel\/UCmZItECuW56Ih_p501_Bq8A"],"description":"Die weyer gruppe ist seit 1976 Ihr Partner f\u00fcr verfahrenstechnische Anlagenplanung und Anlagensicherheit. Mit einem erfahrenen Team von \u00fcber 190 Mitarbeitern in Deutschland, \u00d6sterreich, Polen und der Schweiz realisieren wir j\u00e4hrlich \u00fcber 1.000 Kundenprojekte. Unsere Expertise erstreckt sich \u00fcber verschiedene Branchen wie Chemie, Pharma, Mineral\u00f6l sowie Ver- und Entsorgung. Vertrauen Sie auf die weyer Gruppe f\u00fcr ma\u00dfgeschneiderte Engineering- und Consulting-L\u00f6sungen, die Ihre Anforderungen in puncto Sicherheit und Effizienz erf\u00fcllen.","email":"info@weyer-gruppe.com","telephone":"+49 (0) 24 21 \u2013 69 09 1 \u2013 0","numberOfEmployees":{"@type":"QuantitativeValue","minValue":"51","maxValue":"200"}}]}},"_links":{"self":[{"href":"https:\/\/www.weyer-gruppe.com\/pl\/wp-json\/wp\/v2\/pages\/24178","targetHints":{"allow":["GET"]}}],"collection":[{"href":"https:\/\/www.weyer-gruppe.com\/pl\/wp-json\/wp\/v2\/pages"}],"about":[{"href":"https:\/\/www.weyer-gruppe.com\/pl\/wp-json\/wp\/v2\/types\/page"}],"author":[{"embeddable":true,"href":"https:\/\/www.weyer-gruppe.com\/pl\/wp-json\/wp\/v2\/users\/5"}],"replies":[{"embeddable":true,"href":"https:\/\/www.weyer-gruppe.com\/pl\/wp-json\/wp\/v2\/comments?post=24178"}],"version-history":[{"count":2,"href":"https:\/\/www.weyer-gruppe.com\/pl\/wp-json\/wp\/v2\/pages\/24178\/revisions"}],"predecessor-version":[{"id":238128,"href":"https:\/\/www.weyer-gruppe.com\/pl\/wp-json\/wp\/v2\/pages\/24178\/revisions\/238128"}],"up":[{"embeddable":true,"href":"https:\/\/www.weyer-gruppe.com\/pl\/wp-json\/wp\/v2\/pages\/23973"}],"wp:attachment":[{"href":"https:\/\/www.weyer-gruppe.com\/pl\/wp-json\/wp\/v2\/media?parent=24178"}],"curies":[{"name":"wp","href":"https:\/\/api.w.org\/{rel}","templated":true}]}}