{"id":24146,"date":"2020-02-11T10:42:51","date_gmt":"2020-02-11T09:42:51","guid":{"rendered":"https:\/\/www.weyer-gruppe.com\/wynajem-sal-seminaryjnych\/"},"modified":"2026-03-23T09:18:27","modified_gmt":"2026-03-23T08:18:27","slug":"wynajem-sal-seminaryjnych","status":"publish","type":"page","link":"https:\/\/www.weyer-gruppe.com\/pl\/wynajem-sal-seminaryjnych\/","title":{"rendered":"Wynajem sal seminaryjnych"},"content":{"rendered":"<div class=\"wpb-content-wrapper\">[vc_row][vc_column][vc_column_text]<a href=\"https:\/\/www.weyer-gruppe.com\/pl\/o-nas\/weyer-akademie-gmbh\/\" target=\"_blank\" rel=\"noopener noreferrer\">weyer akademie<\/a> wynajmuje sal\u0119 seminaryjn\u0105 dla maksymalnie 24 os\u00f3b w D\u00fcren-G\u00fcrzenich. Sala oferuje wszystkie udogodnienia potrzebne do przeprowadzenia seminarium, spotkania lub warsztatu. Opr\u00f3cz zainstalowanego na sta\u0142e komputera i rzutnika do przeprowadzenia prezentacji mo\u017cna wykorzysta\u0107 tak\u017ce g\u0142o\u015bniki, mobilne \u015bciany moderacyjne i flipcharty.<\/p>\n<p>Oddzielny k\u0105cik herbaciany pozwala na ustawienie jedzenia dostarczanego przez nasz\u0105 domow\u0105 firm\u0119 cateringow\u0105 bez zak\u0142\u00f3cania przebiegu seminarium.<\/p>\n<p>Opr\u00f3cz sali seminaryjnej do dyspozycji go\u015bci jest r\u00f3wnie\u017c niewielka powierzchnia zewn\u0119trzna na przerwy, z kt\u00f3rej mog\u0105 korzysta\u0107 tak\u017ce palacze.<\/p>\n<p>Sala seminaryjna znajduje si\u0119 w hotelu Hubertushof usytuowanym na obrze\u017cach D\u00fcren. Dzi\u0119ki spokojnej lokalizacji oferuje idealne \u015brodowisko do dyskusji na nowe tematy i pe\u0142nej koncentracji na wydarzeniu.[\/vc_column_text][vc_empty_space]<div class=\"grve-element grve-box-icon grve-align-left\" style=\"\">  <div class=\"grve-icon grve-medium grve-simple grve-no-shape grve-color-primary-1 fa fa-home\"><\/div>  <div class=\"grve-box-content\"><h5 class=\"grve-box-title\"><span>Op\u0142ata za sal\u0119<\/span><\/h5>    <p class=\"\">Op\u0142ata za sal\u0119 wynosi 350 \u20ac za dzie\u0144. Obejmuje to zar\u00f3wno przygotowanie sali seminaryjnej do imprezy, jak i dodatkowe koszty.<\/p>  <\/div><\/div><div class=\"grve-element grve-box-icon grve-align-left\" style=\"\">  <div class=\"grve-icon grve-medium grve-simple grve-no-shape grve-color-primary-1 fa fa-user\"><\/div>  <div class=\"grve-box-content\"><h5 class=\"grve-box-title\"><span>Obs\u0142uga imprez<\/span><\/h5>    <p class=\"\">Personel serwisowy: 40,00 \u20ac \/ godzin\u0119<br \/>\nTechnik informatyk (za dodatkow\u0105 technologi\u0119 specjaln\u0105): 72,00 \u20ac \/ godzin\u0119<\/p>  <\/div><\/div><div class=\"grve-element grve-box-icon grve-align-left\" style=\"\">  <div class=\"grve-icon grve-medium grve-simple grve-no-shape grve-color-primary-1 fa fa-coffee\"><\/div>  <div class=\"grve-box-content\"><h5 class=\"grve-box-title\"><span>Rycza\u0142towa stawka dzienna za napoje<\/span><\/h5>    <p class=\"\">Nieograniczone napoje zimne (woda, cola, sok jab\u0142kowy i pomara\u0144czowy), jak r\u00f3wnie\u017c kawa, r\u00f3\u017cne rodzaje herbaty<\/p>  <\/div><\/div><div class=\"grve-element grve-box-icon grve-align-left\" style=\"\">  <div class=\"grve-icon grve-medium grve-simple grve-no-shape grve-color-primary-1 fa fa-cutlery\"><\/div>  <div class=\"grve-box-content\"><h5 class=\"grve-box-title\"><span>Catering<\/span><\/h5>    <p class=\"\">Na \u017cyczenie przygotujemy dla Pa\u0144stwa ofert\u0119 cateringow\u0105 naszej firmy. Mo\u017cliwe s\u0105 wszystkie warianty: od prostej, smacznej kuchni po gastronomi\u0119 na najwy\u017cszym poziomie, w zale\u017cno\u015bci od Pa\u0144stwa \u017cycze\u0144 i bud\u017cetu.<\/p>\n<p>Alternatywnie: Stacja serwisowa z owocami i kanapkami (rycza\u0142towa stawka dzienna) 6,00 \u20ac za osob\u0119<\/p>  <\/div><\/div>[vc_empty_space][\/vc_column][\/vc_row][vc_row bg_type=&#8221;color&#8221; bg_color=&#8221;#e6e6e6&#8243; font_color=&#8221;#ffffff&#8221;][vc_column css=&#8221;.vc_custom_1563974199119{padding-top: 25px !important;padding-bottom: 25px !important;padding-left: 25px !important;}&#8221;][vc_empty_space]<h2 class=\"grve-element grve-align-left grve-title-no-line grve-h2\" style=\"\"><span>Galeria<\/span><\/h2>[vc_empty_space]<div class=\"grve-element grve-gallery grve-isotope grve-gallery-popup\" style=\"\" data-gutter=\"yes\" data-type=\"3-columns\" data-layout=\"fitRows\"><div class=\"grve-isotope-container\"><div class=\"grve-isotope-item \"><a href=\"https:\/\/www.weyer-gruppe.com\/wp-content\/uploads\/2020\/02\/hubertushof-vordereingang-1.jpg\"><figure class=\"grve-image-hover grve-zoom-in\"><div class=\"grve-media grve-dark-overlay grve-opacity-60\"><img decoding=\"async\" width=\"560\" height=\"533\" src=\"https:\/\/www.weyer-gruppe.com\/wp-content\/uploads\/2020\/02\/hubertushof-vordereingang-1-560x533.jpg\" class=\"attachment-grve-image-small-square size-grve-image-small-square\" alt=\"Au\u00dfenansicht des Hubertushofs\" \/><\/div><figcaption><\/figcaption><\/figure><\/a><\/div><div class=\"grve-isotope-item \"><a href=\"https:\/\/www.weyer-gruppe.com\/wp-content\/uploads\/2020\/02\/seminarraum-parlamentarisch-eingedeckt-beamer-1.jpg\"><figure class=\"grve-image-hover grve-zoom-in\"><div class=\"grve-media grve-dark-overlay grve-opacity-60\"><img decoding=\"async\" width=\"560\" height=\"533\" src=\"https:\/\/www.weyer-gruppe.com\/wp-content\/uploads\/2020\/02\/seminarraum-parlamentarisch-eingedeckt-beamer-1-560x533.jpg\" class=\"attachment-grve-image-small-square size-grve-image-small-square\" alt=\"Seminarraum des Hubertushofs in der Innenansicht\" \/><\/div><figcaption><\/figcaption><\/figure><\/a><\/div><div class=\"grve-isotope-item \"><a href=\"https:\/\/www.weyer-gruppe.com\/wp-content\/uploads\/2020\/02\/u-form.jpg\"><figure class=\"grve-image-hover grve-zoom-in\"><div class=\"grve-media grve-dark-overlay grve-opacity-60\"><img decoding=\"async\" width=\"560\" height=\"533\" src=\"https:\/\/www.weyer-gruppe.com\/wp-content\/uploads\/2020\/02\/seminarraum-u-form-eingedeckt-2016-560x533.jpg\" class=\"attachment-grve-image-small-square size-grve-image-small-square\" alt=\"Seminarraum des Hubertushofs in der Innenansicht Tische in U-Form\" \/><\/div><figcaption><\/figcaption><\/figure><\/a><\/div><div class=\"grve-isotope-item \"><a href=\"https:\/\/www.weyer-gruppe.com\/wp-content\/uploads\/2020\/02\/hubertushof-flur-eingang.jpg\"><figure class=\"grve-image-hover grve-zoom-in\"><div class=\"grve-media grve-dark-overlay grve-opacity-60\"><img decoding=\"async\" width=\"560\" height=\"533\" src=\"https:\/\/www.weyer-gruppe.com\/wp-content\/uploads\/2020\/02\/hubertushof-flur-eingang-560x533.jpg\" class=\"attachment-grve-image-small-square size-grve-image-small-square\" alt=\"Eingang zum Seminarraum der weyer akademie\" \/><\/div><figcaption><\/figcaption><\/figure><\/a><\/div><div class=\"grve-isotope-item \"><a href=\"https:\/\/www.weyer-gruppe.com\/wp-content\/uploads\/2020\/02\/hubertushof-gartenseite-1.jpg\"><figure class=\"grve-image-hover grve-zoom-in\"><div class=\"grve-media grve-dark-overlay grve-opacity-60\"><img decoding=\"async\" width=\"560\" height=\"533\" src=\"https:\/\/www.weyer-gruppe.com\/wp-content\/uploads\/2020\/02\/hubertushof-gartenseite-1-560x533.jpg\" class=\"attachment-grve-image-small-square size-grve-image-small-square\" alt=\"Gartenansicht des Hubertushofs\" \/><\/div><figcaption><\/figcaption><\/figure><\/a><\/div><div class=\"grve-isotope-item \"><a href=\"https:\/\/www.weyer-gruppe.com\/wp-content\/uploads\/2020\/02\/hubertushof-parlamentarisch.jpg\"><figure class=\"grve-image-hover grve-zoom-in\"><div class=\"grve-media grve-dark-overlay grve-opacity-60\"><img decoding=\"async\" width=\"560\" height=\"533\" src=\"https:\/\/www.weyer-gruppe.com\/wp-content\/uploads\/2020\/02\/hubertushof-parlamentarisch-560x533.jpg\" class=\"attachment-grve-image-small-square size-grve-image-small-square\" alt=\"Innenansicht des Seminarraums im Hubertushof Parlamentarische Bestuhlung\" \/><\/div><figcaption><\/figcaption><\/figure><\/a><\/div><div class=\"grve-isotope-item \"><a href=\"https:\/\/www.weyer-gruppe.com\/wp-content\/uploads\/2020\/02\/hubertushof-parlamentarisch-von-hinten.jpg\"><figure class=\"grve-image-hover grve-zoom-in\"><div class=\"grve-media grve-dark-overlay grve-opacity-60\"><img decoding=\"async\" width=\"560\" height=\"533\" src=\"https:\/\/www.weyer-gruppe.com\/wp-content\/uploads\/2020\/02\/hubertushof-parlamentarisch-von-hinten-560x533.jpg\" class=\"attachment-grve-image-small-square size-grve-image-small-square\" alt=\"Seminarraum hubertushof mit parlementarischer Sitzordnung\" \/><\/div><figcaption><\/figcaption><\/figure><\/a><\/div><div class=\"grve-isotope-item \"><a href=\"https:\/\/www.weyer-gruppe.com\/wp-content\/uploads\/2020\/02\/hubertushof-strassenseite-1.jpg\"><figure class=\"grve-image-hover grve-zoom-in\"><div class=\"grve-media grve-dark-overlay grve-opacity-60\"><img decoding=\"async\" width=\"560\" height=\"533\" src=\"https:\/\/www.weyer-gruppe.com\/wp-content\/uploads\/2020\/02\/hubertushof-strassenseite-1-560x533.jpg\" class=\"attachment-grve-image-small-square size-grve-image-small-square\" alt=\"Au\u00dfenansicht des Hubertushofs\" \/><\/div><figcaption><\/figcaption><\/figure><\/a><\/div><div class=\"grve-isotope-item \"><a href=\"https:\/\/www.weyer-gruppe.com\/wp-content\/uploads\/2020\/02\/hubertushof-grundriss.jpg\"><figure class=\"grve-image-hover grve-zoom-in\"><div class=\"grve-media grve-dark-overlay grve-opacity-60\"><img decoding=\"async\" width=\"560\" height=\"560\" src=\"https:\/\/www.weyer-gruppe.com\/wp-content\/uploads\/2020\/02\/hubertushof-grundriss-560x560.jpg\" class=\"attachment-grve-image-small-square size-grve-image-small-square\" alt=\"Plan pi\u0119tra Hubertushof\" srcset=\"https:\/\/www.weyer-gruppe.com\/wp-content\/uploads\/2020\/02\/hubertushof-grundriss-560x560.jpg 560w, https:\/\/www.weyer-gruppe.com\/wp-content\/uploads\/2020\/02\/hubertushof-grundriss-150x150.jpg 150w, https:\/\/www.weyer-gruppe.com\/wp-content\/uploads\/2020\/02\/hubertushof-grundriss-80x80.jpg 80w\" sizes=\"(max-width: 560px) 100vw, 560px\" \/><\/div><figcaption><\/figcaption><\/figure><\/a><\/div><\/div><\/div>[vc_empty_space][\/vc_column][\/vc_row][vc_row][vc_column width=&#8221;1\/2&#8243;]<div class=\"grve-element grve-hr grve-space-divider\" style=\"\"><\/div><h2 class=\"grve-element grve-align-left grve-title-no-line grve-h2\" style=\"\"><span>Zapytanie ofertowe dotycz\u0105ce wynajmu sali seminaryjnej<\/span><\/h2>\n<div class=\"wpcf7 no-js\" id=\"wpcf7-f24195-o1\" lang=\"pl-PL\" dir=\"ltr\" data-wpcf7-id=\"24195\">\n<div class=\"screen-reader-response\"><p role=\"status\" aria-live=\"polite\" aria-atomic=\"true\"><\/p> <ul><\/ul><\/div>\n<form action=\"\/pl\/wp-json\/wp\/v2\/pages\/24146#wpcf7-f24195-o1\" method=\"post\" class=\"wpcf7-form init\" aria-label=\"Formularz kontaktowy\" novalidate=\"novalidate\" data-status=\"init\">\n<fieldset class=\"hidden-fields-container\"><input type=\"hidden\" name=\"_wpcf7\" value=\"24195\" \/><input type=\"hidden\" name=\"_wpcf7_version\" value=\"6.1.5\" \/><input type=\"hidden\" name=\"_wpcf7_locale\" value=\"pl_PL\" \/><input type=\"hidden\" name=\"_wpcf7_unit_tag\" value=\"wpcf7-f24195-o1\" \/><input type=\"hidden\" name=\"_wpcf7_container_post\" value=\"0\" \/><input type=\"hidden\" name=\"_wpcf7_posted_data_hash\" value=\"\" \/><input type=\"hidden\" name=\"_wpcf7_recaptcha_response\" value=\"\" \/>\n<\/fieldset>\n<p><label> Firma<br \/>\n<span class=\"wpcf7-form-control-wrap\" data-name=\"unternehmen\"><input size=\"40\" maxlength=\"400\" class=\"wpcf7-form-control wpcf7-text\" aria-invalid=\"false\" value=\"\" type=\"text\" name=\"unternehmen\" \/><\/span> <\/label><br \/>\n<label> Salutacja (pole obowi\u0105zkowe)<br \/>\n<span class=\"wpcf7-form-control-wrap\" data-name=\"anrede\"><select class=\"wpcf7-form-control wpcf7-select wpcf7-validates-as-required\" aria-required=\"true\" aria-invalid=\"false\" name=\"anrede\"><option value=\"\">&#8212;Prosz\u0119 wybra\u0107 opcj\u0119&#8212;<\/option><option value=\"Pan\">Pan<\/option><option value=\"Pani\">Pani<\/option><option value=\"-\">-<\/option><\/select><\/span> <\/label><br \/>\n<label> Imi\u0119 (pole obowi\u0105zkowe)<br \/>\n<span class=\"wpcf7-form-control-wrap\" data-name=\"your-prename\"><input size=\"40\" maxlength=\"400\" class=\"wpcf7-form-control wpcf7-text wpcf7-validates-as-required\" aria-required=\"true\" aria-invalid=\"false\" value=\"\" type=\"text\" name=\"your-prename\" \/><\/span> <\/label><br \/>\n<label> Nazwisko (pole obowi\u0105zkowe)<br \/>\n<span class=\"wpcf7-form-control-wrap\" data-name=\"your-lastname\"><input size=\"40\" maxlength=\"400\" class=\"wpcf7-form-control wpcf7-text wpcf7-validates-as-required\" aria-required=\"true\" aria-invalid=\"false\" value=\"\" type=\"text\" name=\"your-lastname\" \/><\/span> <\/label><br \/>\n<label> Adres e-mail (pole obowi\u0105zkowe)<br \/>\n<span class=\"wpcf7-form-control-wrap\" data-name=\"your-email\"><input size=\"40\" maxlength=\"400\" class=\"wpcf7-form-control wpcf7-email wpcf7-validates-as-required wpcf7-text wpcf7-validates-as-email\" aria-required=\"true\" aria-invalid=\"false\" value=\"\" type=\"email\" name=\"your-email\" \/><\/span> <\/label><br \/>\n<label> Numer telefonu<br \/>\n<span class=\"wpcf7-form-control-wrap\" data-name=\"Telefon\"><input size=\"40\" maxlength=\"400\" class=\"wpcf7-form-control wpcf7-tel wpcf7-text wpcf7-validates-as-tel\" aria-invalid=\"false\" value=\"\" type=\"tel\" name=\"Telefon\" \/><\/span> <\/label><br \/>\n<label> Data z <span class=\"wpcf7-form-control-wrap\" data-name=\"zeitraumvon\"><input class=\"wpcf7-form-control wpcf7-date wpcf7-validates-as-required wpcf7-validates-as-date\" aria-required=\"true\" aria-invalid=\"false\" value=\"\" type=\"date\" name=\"zeitraumvon\" \/><\/span> <\/label><br \/>\n<label> do <span class=\"wpcf7-form-control-wrap\" data-name=\"zeitraumbis\"><input class=\"wpcf7-form-control wpcf7-date wpcf7-validates-as-required wpcf7-validates-as-date\" aria-required=\"true\" aria-invalid=\"false\" value=\"\" type=\"date\" name=\"zeitraumbis\" \/><\/span> <\/label><br \/>\n<label> Przedmiot<br \/>\n<span class=\"wpcf7-form-control-wrap\" data-name=\"your-subject\"><input size=\"40\" maxlength=\"400\" class=\"wpcf7-form-control wpcf7-text\" aria-invalid=\"false\" value=\"\" type=\"text\" name=\"your-subject\" \/><\/span> <\/label><br \/>\n<label> Wiadomo\u015b\u0107<br \/>\n<span class=\"wpcf7-form-control-wrap\" data-name=\"your-message\"><textarea cols=\"40\" rows=\"10\" maxlength=\"2000\" class=\"wpcf7-form-control wpcf7-textarea\" aria-invalid=\"false\" name=\"your-message\"><\/textarea><\/span> <\/label><br \/>\n<span class=\"wpcf7-form-control-wrap\" data-name=\"Datenschutz\"><span class=\"wpcf7-form-control wpcf7-checkbox wpcf7-validates-as-required\"><span class=\"wpcf7-list-item first last\"><input type=\"checkbox\" name=\"Datenschutz[]\" value=\"Przeczyta\u0142em polityk\u0119 prywatno\u015bci i zgadzam si\u0119 na ni\u0105.\" \/><span class=\"wpcf7-list-item-label\">Przeczyta\u0142em polityk\u0119 prywatno\u015bci i zgadzam si\u0119 na ni\u0105.<\/span><\/span><\/span><\/span><br \/>\n<br \/>\n<input class=\"wpcf7-form-control wpcf7-submit has-spinner\" type=\"submit\" value=\"Wy\u015blij\" \/>\n<\/p><div class=\"wpcf7-response-output\" aria-hidden=\"true\"><\/div>\n<\/form>\n<\/div>\n[vc_column_text][borlabs-cookie id=&#8221;recaptcha&#8221; type=&#8221;content-blocker&#8221;]&#8230;zablokuj to&#8230;[\/borlabs-cookie][\/vc_column_text][\/vc_column][vc_column width=&#8221;1\/2&#8243;]<div class=\"grve-element grve-hr grve-space-divider\" style=\"\"><\/div><h2 class=\"grve-element grve-align-left grve-title-no-line grve-h2\" style=\"\"><span>Podej\u015bcie<\/span><\/h2>[vc_column_text]Navigationsadress: Schevenh\u00fcttener Stra\u00dfe 1, 52355 D\u00fcren[\/vc_column_text][vc_column_text]<iframe style=\"border: 0;\" src=\"https:\/\/www.google.com\/maps\/embed?pb=!1m18!1m12!1m3!1d2522.5387331928187!2d6.425764464237437!3d50.784123762765546!2m3!1f0!2f0!3f0!3m2!1i1024!2i768!4f13.1!3m3!1m2!1s0x47bf662f84c5e9dd%3A0x4cbbc379ec51d66c!2sSchevenh%C3%BCttener%20Str.%201%2C%2052355%20D%C3%BCren!5e0!3m2!1sde!2sde!4v1581418440186!5m2!1sde!2sde\" width=\"600\" height=\"450\" frameborder=\"0\"><\/iframe>[\/vc_column_text][\/vc_column][\/vc_row][vc_row][vc_column][vc_empty_space]<h3 class=\"grve-element grve-align-left grve-title-no-line grve-h3\" style=\"\"><span>Nasz zesp\u00f3\u0142<\/span><\/h3>[\/vc_column][\/vc_row][vc_row][vc_column width=&#8221;1\/4&#8243; tablet_sm_width=&#8221;1-2&#8243;]\r\n\t\t<div class=\"grve-team grve-element\" style=\"\">\r\n\t\t\t<figure class=\"grve-image-hover grve-style-1 grve-zoom-in\">\r\n\t\t\t\t<div class=\"grve-team-person grve-media grve-dark-overlay grve-opacity-60\">\r\n\t\t\t\t\t<img decoding=\"async\" width=\"300\" height=\"300\" src=\"https:\/\/www.weyer-gruppe.com\/wp-content\/uploads\/2023\/04\/m.matejit_web2-scaled.jpg\" class=\"attachment-grve-image-small-square size-grve-image-small-square\" alt=\"Foto von Maresa Matejit der Horst Weyer und Partner gmbh\" \/>\t\t\t\t<\/div>\r\n\t\t\t\t<figcaption>\r\n\t\t\t\t\t<div class=\"grve-team-description\">\r\n\t\t\t\t\t\t\t\t\t\t\t\t<h4 class=\"grve-team-name grve-dark grve-h4\">Maresa Matejit-Papka<\/h4>\r\n\t\t\t\t\t\t\t\t\t\t\t\t<small class=\"grve-team-identity grve-dark\">weyer akademie<\/small>\r\n\t\t\t\t\t<\/div>\r\n\t\t\t\t\t\t\t\t\t<\/figcaption>\r\n\t\t\t<\/figure>\r\n\t\t<\/div>\r\n\r\n\t\t[\/vc_column][vc_column width=&#8221;1\/4&#8243; tablet_sm_width=&#8221;1-2&#8243;][\/vc_column][vc_column width=&#8221;1\/4&#8243; tablet_sm_width=&#8221;1-2&#8243;][\/vc_column][vc_column width=&#8221;1\/4&#8243; tablet_sm_width=&#8221;1-2&#8243;][\/vc_column][\/vc_row][vc_row][vc_column]<div class=\"grve-element grve-hr grve-space-divider\" style=\"\"><\/div>[\/vc_column][\/vc_row]\n<\/div>","protected":false},"excerpt":{"rendered":"<p>[vc_row][vc_column][vc_column_text]weyer akademie wynajmuje sal\u0119 seminaryjn\u0105 dla maksymalnie 24 os\u00f3b w D\u00fcren-G\u00fcrzenich. Sala oferuje wszystkie udogodnienia potrzebne do przeprowadzenia seminarium, spotkania lub warsztatu. Opr\u00f3cz zainstalowanego na sta\u0142e komputera i rzutnika do przeprowadzenia prezentacji mo\u017cna wykorzysta\u0107 tak\u017ce g\u0142o\u015bniki, mobilne \u015bciany moderacyjne i flipcharty. Oddzielny k\u0105cik herbaciany pozwala na ustawienie jedzenia dostarczanego przez nasz\u0105 domow\u0105 firm\u0119 cateringow\u0105 bez [&hellip;]<\/p>\n","protected":false},"author":5,"featured_media":0,"parent":0,"menu_order":0,"comment_status":"closed","ping_status":"closed","template":"","meta":{"footnotes":""},"class_list":["post-24146","page","type-page","status-publish","hentry"],"yoast_head":"<!-- This site is optimized with the Yoast SEO Premium plugin v27.4 (Yoast SEO v27.4) - https:\/\/yoast.com\/product\/yoast-seo-premium-wordpress\/ -->\n<title>Wynajem sal seminaryjnych w D\u00fcren - weyer akademie<\/title>\n<meta name=\"description\" content=\"Wynajem sali seminaryjnej akademii weyer w D\u00fcren-G\u00fcrzenich. Wynajmij sal\u0119 seminaryjn\u0105 weyer akademie w spokojnej okolicy w pobli\u017cu Aachen i Kolonii.\" \/>\n<meta name=\"robots\" content=\"index, follow, max-snippet:-1, max-image-preview:large, max-video-preview:-1\" \/>\n<link rel=\"canonical\" href=\"https:\/\/www.weyer-gruppe.com\/pl\/wynajem-sal-seminaryjnych\/\" \/>\n<meta property=\"og:locale\" content=\"pl_PL\" \/>\n<meta property=\"og:type\" content=\"article\" \/>\n<meta property=\"og:title\" content=\"Wynajem sal seminaryjnych\" \/>\n<meta property=\"og:description\" content=\"Wynajem sali seminaryjnej akademii weyer w D\u00fcren-G\u00fcrzenich. Wynajmij sal\u0119 seminaryjn\u0105 weyer akademie w spokojnej okolicy w pobli\u017cu Aachen i Kolonii.\" \/>\n<meta property=\"og:url\" content=\"https:\/\/www.weyer-gruppe.com\/pl\/wynajem-sal-seminaryjnych\/\" \/>\n<meta property=\"og:site_name\" content=\"weyer gruppe\" \/>\n<meta property=\"article:publisher\" content=\"https:\/\/www.facebook.com\/weyergruppe\" \/>\n<meta property=\"article:modified_time\" content=\"2026-03-23T08:18:27+00:00\" \/>\n<meta name=\"twitter:card\" content=\"summary_large_image\" \/>\n<meta name=\"twitter:label1\" content=\"Szacowany czas czytania\" \/>\n\t<meta name=\"twitter:data1\" content=\"3 minuty\" \/>\n<script type=\"application\/ld+json\" class=\"yoast-schema-graph\">{\"@context\":\"https:\\\/\\\/schema.org\",\"@graph\":[{\"@type\":\"WebPage\",\"@id\":\"https:\\\/\\\/www.weyer-gruppe.com\\\/pl\\\/wynajem-sal-seminaryjnych\\\/\",\"url\":\"https:\\\/\\\/www.weyer-gruppe.com\\\/pl\\\/wynajem-sal-seminaryjnych\\\/\",\"name\":\"Wynajem sal seminaryjnych w D\u00fcren - weyer akademie\",\"isPartOf\":{\"@id\":\"https:\\\/\\\/www.weyer-gruppe.com\\\/pl\\\/#website\"},\"datePublished\":\"2020-02-11T09:42:51+00:00\",\"dateModified\":\"2026-03-23T08:18:27+00:00\",\"description\":\"Wynajem sali seminaryjnej akademii weyer w D\u00fcren-G\u00fcrzenich. Wynajmij sal\u0119 seminaryjn\u0105 weyer akademie w spokojnej okolicy w pobli\u017cu Aachen i Kolonii.\",\"breadcrumb\":{\"@id\":\"https:\\\/\\\/www.weyer-gruppe.com\\\/pl\\\/wynajem-sal-seminaryjnych\\\/#breadcrumb\"},\"inLanguage\":\"pl-PL\",\"potentialAction\":[{\"@type\":\"ReadAction\",\"target\":[\"https:\\\/\\\/www.weyer-gruppe.com\\\/pl\\\/wynajem-sal-seminaryjnych\\\/\"]}]},{\"@type\":\"BreadcrumbList\",\"@id\":\"https:\\\/\\\/www.weyer-gruppe.com\\\/pl\\\/wynajem-sal-seminaryjnych\\\/#breadcrumb\",\"itemListElement\":[{\"@type\":\"ListItem\",\"position\":1,\"name\":\"HOME\",\"item\":\"https:\\\/\\\/www.weyer-gruppe.com\\\/pl\\\/\"},{\"@type\":\"ListItem\",\"position\":2,\"name\":\"Wynajem sal seminaryjnych\"}]},{\"@type\":\"WebSite\",\"@id\":\"https:\\\/\\\/www.weyer-gruppe.com\\\/pl\\\/#website\",\"url\":\"https:\\\/\\\/www.weyer-gruppe.com\\\/pl\\\/\",\"name\":\"weyer gruppe\",\"description\":\"komplett. durchdacht.\",\"publisher\":{\"@id\":\"https:\\\/\\\/www.weyer-gruppe.com\\\/pl\\\/#organization\"},\"potentialAction\":[{\"@type\":\"SearchAction\",\"target\":{\"@type\":\"EntryPoint\",\"urlTemplate\":\"https:\\\/\\\/www.weyer-gruppe.com\\\/pl\\\/?s={search_term_string}\"},\"query-input\":{\"@type\":\"PropertyValueSpecification\",\"valueRequired\":true,\"valueName\":\"search_term_string\"}}],\"inLanguage\":\"pl-PL\"},{\"@type\":\"Organization\",\"@id\":\"https:\\\/\\\/www.weyer-gruppe.com\\\/pl\\\/#organization\",\"name\":\"weyer gruppe\",\"url\":\"https:\\\/\\\/www.weyer-gruppe.com\\\/pl\\\/\",\"logo\":{\"@type\":\"ImageObject\",\"inLanguage\":\"pl-PL\",\"@id\":\"https:\\\/\\\/www.weyer-gruppe.com\\\/pl\\\/#\\\/schema\\\/logo\\\/image\\\/\",\"url\":\"https:\\\/\\\/www.weyer-gruppe.com\\\/wp-content\\\/uploads\\\/2019\\\/07\\\/logo-weyer-gruppe-de.png\",\"contentUrl\":\"https:\\\/\\\/www.weyer-gruppe.com\\\/wp-content\\\/uploads\\\/2019\\\/07\\\/logo-weyer-gruppe-de.png\",\"width\":532,\"height\":513,\"caption\":\"weyer gruppe\"},\"image\":{\"@id\":\"https:\\\/\\\/www.weyer-gruppe.com\\\/pl\\\/#\\\/schema\\\/logo\\\/image\\\/\"},\"sameAs\":[\"https:\\\/\\\/www.facebook.com\\\/weyergruppe\",\"https:\\\/\\\/de.linkedin.com\\\/company\\\/weyer-gruppe\",\"https:\\\/\\\/www.youtube.com\\\/channel\\\/UCmZItECuW56Ih_p501_Bq8A\"],\"description\":\"Die weyer gruppe ist seit 1976 Ihr Partner f\u00fcr verfahrenstechnische Anlagenplanung und Anlagensicherheit. Mit einem erfahrenen Team von \u00fcber 190 Mitarbeitern in Deutschland, \u00d6sterreich, Polen und der Schweiz realisieren wir j\u00e4hrlich \u00fcber 1.000 Kundenprojekte. Unsere Expertise erstreckt sich \u00fcber verschiedene Branchen wie Chemie, Pharma, Mineral\u00f6l sowie Ver- und Entsorgung. Vertrauen Sie auf die weyer Gruppe f\u00fcr ma\u00dfgeschneiderte Engineering- und Consulting-L\u00f6sungen, die Ihre Anforderungen in puncto Sicherheit und Effizienz erf\u00fcllen.\",\"email\":\"info@weyer-gruppe.com\",\"telephone\":\"+49 (0) 24 21 \u2013 69 09 1 \u2013 0\",\"numberOfEmployees\":{\"@type\":\"QuantitativeValue\",\"minValue\":\"51\",\"maxValue\":\"200\"}}]}<\/script>\n<!-- \/ Yoast SEO Premium plugin. -->","yoast_head_json":{"title":"Wynajem sal seminaryjnych w D\u00fcren - weyer akademie","description":"Wynajem sali seminaryjnej akademii weyer w D\u00fcren-G\u00fcrzenich. Wynajmij sal\u0119 seminaryjn\u0105 weyer akademie w spokojnej okolicy w pobli\u017cu Aachen i Kolonii.","robots":{"index":"index","follow":"follow","max-snippet":"max-snippet:-1","max-image-preview":"max-image-preview:large","max-video-preview":"max-video-preview:-1"},"canonical":"https:\/\/www.weyer-gruppe.com\/pl\/wynajem-sal-seminaryjnych\/","og_locale":"pl_PL","og_type":"article","og_title":"Wynajem sal seminaryjnych","og_description":"Wynajem sali seminaryjnej akademii weyer w D\u00fcren-G\u00fcrzenich. Wynajmij sal\u0119 seminaryjn\u0105 weyer akademie w spokojnej okolicy w pobli\u017cu Aachen i Kolonii.","og_url":"https:\/\/www.weyer-gruppe.com\/pl\/wynajem-sal-seminaryjnych\/","og_site_name":"weyer gruppe","article_publisher":"https:\/\/www.facebook.com\/weyergruppe","article_modified_time":"2026-03-23T08:18:27+00:00","twitter_card":"summary_large_image","twitter_misc":{"Szacowany czas czytania":"3 minuty"},"schema":{"@context":"https:\/\/schema.org","@graph":[{"@type":"WebPage","@id":"https:\/\/www.weyer-gruppe.com\/pl\/wynajem-sal-seminaryjnych\/","url":"https:\/\/www.weyer-gruppe.com\/pl\/wynajem-sal-seminaryjnych\/","name":"Wynajem sal seminaryjnych w D\u00fcren - weyer akademie","isPartOf":{"@id":"https:\/\/www.weyer-gruppe.com\/pl\/#website"},"datePublished":"2020-02-11T09:42:51+00:00","dateModified":"2026-03-23T08:18:27+00:00","description":"Wynajem sali seminaryjnej akademii weyer w D\u00fcren-G\u00fcrzenich. Wynajmij sal\u0119 seminaryjn\u0105 weyer akademie w spokojnej okolicy w pobli\u017cu Aachen i Kolonii.","breadcrumb":{"@id":"https:\/\/www.weyer-gruppe.com\/pl\/wynajem-sal-seminaryjnych\/#breadcrumb"},"inLanguage":"pl-PL","potentialAction":[{"@type":"ReadAction","target":["https:\/\/www.weyer-gruppe.com\/pl\/wynajem-sal-seminaryjnych\/"]}]},{"@type":"BreadcrumbList","@id":"https:\/\/www.weyer-gruppe.com\/pl\/wynajem-sal-seminaryjnych\/#breadcrumb","itemListElement":[{"@type":"ListItem","position":1,"name":"HOME","item":"https:\/\/www.weyer-gruppe.com\/pl\/"},{"@type":"ListItem","position":2,"name":"Wynajem sal seminaryjnych"}]},{"@type":"WebSite","@id":"https:\/\/www.weyer-gruppe.com\/pl\/#website","url":"https:\/\/www.weyer-gruppe.com\/pl\/","name":"weyer gruppe","description":"komplett. durchdacht.","publisher":{"@id":"https:\/\/www.weyer-gruppe.com\/pl\/#organization"},"potentialAction":[{"@type":"SearchAction","target":{"@type":"EntryPoint","urlTemplate":"https:\/\/www.weyer-gruppe.com\/pl\/?s={search_term_string}"},"query-input":{"@type":"PropertyValueSpecification","valueRequired":true,"valueName":"search_term_string"}}],"inLanguage":"pl-PL"},{"@type":"Organization","@id":"https:\/\/www.weyer-gruppe.com\/pl\/#organization","name":"weyer gruppe","url":"https:\/\/www.weyer-gruppe.com\/pl\/","logo":{"@type":"ImageObject","inLanguage":"pl-PL","@id":"https:\/\/www.weyer-gruppe.com\/pl\/#\/schema\/logo\/image\/","url":"https:\/\/www.weyer-gruppe.com\/wp-content\/uploads\/2019\/07\/logo-weyer-gruppe-de.png","contentUrl":"https:\/\/www.weyer-gruppe.com\/wp-content\/uploads\/2019\/07\/logo-weyer-gruppe-de.png","width":532,"height":513,"caption":"weyer gruppe"},"image":{"@id":"https:\/\/www.weyer-gruppe.com\/pl\/#\/schema\/logo\/image\/"},"sameAs":["https:\/\/www.facebook.com\/weyergruppe","https:\/\/de.linkedin.com\/company\/weyer-gruppe","https:\/\/www.youtube.com\/channel\/UCmZItECuW56Ih_p501_Bq8A"],"description":"Die weyer gruppe ist seit 1976 Ihr Partner f\u00fcr verfahrenstechnische Anlagenplanung und Anlagensicherheit. Mit einem erfahrenen Team von \u00fcber 190 Mitarbeitern in Deutschland, \u00d6sterreich, Polen und der Schweiz realisieren wir j\u00e4hrlich \u00fcber 1.000 Kundenprojekte. Unsere Expertise erstreckt sich \u00fcber verschiedene Branchen wie Chemie, Pharma, Mineral\u00f6l sowie Ver- und Entsorgung. Vertrauen Sie auf die weyer Gruppe f\u00fcr ma\u00dfgeschneiderte Engineering- und Consulting-L\u00f6sungen, die Ihre Anforderungen in puncto Sicherheit und Effizienz erf\u00fcllen.","email":"info@weyer-gruppe.com","telephone":"+49 (0) 24 21 \u2013 69 09 1 \u2013 0","numberOfEmployees":{"@type":"QuantitativeValue","minValue":"51","maxValue":"200"}}]}},"_links":{"self":[{"href":"https:\/\/www.weyer-gruppe.com\/pl\/wp-json\/wp\/v2\/pages\/24146","targetHints":{"allow":["GET"]}}],"collection":[{"href":"https:\/\/www.weyer-gruppe.com\/pl\/wp-json\/wp\/v2\/pages"}],"about":[{"href":"https:\/\/www.weyer-gruppe.com\/pl\/wp-json\/wp\/v2\/types\/page"}],"author":[{"embeddable":true,"href":"https:\/\/www.weyer-gruppe.com\/pl\/wp-json\/wp\/v2\/users\/5"}],"replies":[{"embeddable":true,"href":"https:\/\/www.weyer-gruppe.com\/pl\/wp-json\/wp\/v2\/comments?post=24146"}],"version-history":[{"count":1,"href":"https:\/\/www.weyer-gruppe.com\/pl\/wp-json\/wp\/v2\/pages\/24146\/revisions"}],"predecessor-version":[{"id":238148,"href":"https:\/\/www.weyer-gruppe.com\/pl\/wp-json\/wp\/v2\/pages\/24146\/revisions\/238148"}],"wp:attachment":[{"href":"https:\/\/www.weyer-gruppe.com\/pl\/wp-json\/wp\/v2\/media?parent=24146"}],"curies":[{"name":"wp","href":"https:\/\/api.w.org\/{rel}","templated":true}]}}