{"id":24043,"date":"2019-07-17T16:27:10","date_gmt":"2019-07-17T14:27:10","guid":{"rendered":"https:\/\/www.weyer-gruppe.com\/o-nas\/weyer-akademie-gmbh\/"},"modified":"2026-03-23T09:14:31","modified_gmt":"2026-03-23T08:14:31","slug":"weyer-akademie-gmbh","status":"publish","type":"page","link":"https:\/\/www.weyer-gruppe.com\/pl\/o-nas\/weyer-akademie-gmbh\/","title":{"rendered":"weyer akademie gmbh"},"content":{"rendered":"<div class=\"wpb-content-wrapper\">[vc_row][vc_column][vc_column_text css=&#8221;&#8221;]Die weyer gruppe hat bei der Abwicklung von j\u00e4hrlich mehr als 1.000 Projekten ein umfangreiches Know-how erworben und ist durch die kontinuierliche praktische Anwendung immer am Puls der Entwicklung. In hochspezialisierten und ma\u00dfgeschneiderten <strong>Seminaren<\/strong>,\u00a0<strong>Workshops<\/strong>\u00a0und\u00a0<strong>Inhouse-Schulungen<\/strong> der weyer akademie gmbh profitieren unsere Kunden von unserer umfangreichen Erfahrung und Expertise.[\/vc_column_text]<h2 class=\"grve-element grve-align-left grve-title-no-line grve-h2\" style=\"\"><span>Inhouse-Schulungsangebot der weyer akademie:<\/span><\/h2>[vc_column_text css=&#8221;&#8221;]\n<ul class=\"arrow-gray\">\n<li class=\"first-child\">Anlagenbezogener Gew\u00e4sserschutz und die AwSV in der betrieblichen Praxis<\/li>\n<li>ATEX-Betriebsrichtlinie 1999\/92\/EG \u2013 das Explosionsschutzdokument<\/li>\n<li>ATEX-Produktrichtlinie 94\/9\/EG<\/li>\n<li>Auslegung von Sicherheitsventilen bei ein- oder zweiphasigem Abblasen<\/li>\n<li>Brandschutz in der thermischen Abfallbehandlung<\/li>\n<li>CE-Kennzeichnung nach Maschinenrichtlinie<\/li>\n<li>SIL in der praktischen Anwendung<\/li>\n<li>Stressberechnung von Rohrleitungen<\/li>\n<li>Umgang mit Gefahrstoffen \u2013 Grundlagen, Einstufung &amp; Kennzeichnung nach GHS\/CLP<\/li>\n<li>EN ISO 13849 Maschinensteuerung<\/li>\n<li>Gef\u00e4hrdungsbeurteilung nach ArbSchG f\u00fcr die betriebliche Praxis<\/li>\n<li>Legal Compliance \u2013 Rechtssicherheit im Betrieb<\/li>\n<li class=\"last-child\">Tanklager \u2013 Grundlagen f\u00fcr den sicheren Betrieb<\/li>\n<li>Sie k\u00f6nnen die <a href=\"https:\/\/www.weyer-gruppe.com\/veranstaltungen-und-seminare\/\" target=\"_blank\" rel=\"noopener noreferrer\">\u00f6ffentlichen Seminartermine auf unserer Website<\/a> oder bei <a href=\"https:\/\/www.linkedin.com\/company\/weyer-gruppe\/\">LinkedIN<\/a> einsehen.<\/li>\n<\/ul>\n[\/vc_column_text]<div class=\"grve-element grve-hr grve-space-divider\" style=\"\"><\/div>[\/vc_column][\/vc_row][vc_row][vc_column width=&#8221;1\/2&#8243;]<div class=\"grve-element grve-hr grve-space-divider\" style=\"\"><\/div><div class=\"grve-element grve-box-icon grve-align-center\" style=\"\">  <div class=\"grve-icon grve-medium grve-simple grve-no-shape grve-color-primary-1 far fa-envelope\"><\/div><\/div>[vc_column_text css=&#8221;&#8221;]\n<h3 style=\"text-align: center;\">Haben Sie Fragen?<\/h3>\n<p style=\"text-align: center;\">Sprechen Sie uns an!<br \/>\nUnsere Experten beraten Sie gerne!<\/p>\n[\/vc_column_text][vc_column_text css=&#8221;&#8221;]\n<h4 style=\"text-align: center;\">Kontakt<\/h4>\n<p style=\"text-align: center;\">weyer akademie gmbh<br \/>\nSchillingsstra\u00dfe 329<br \/>\n52355 D\u00fcren<\/p>\n<p style=\"text-align: center;\"><strong>Telefon:<\/strong> +49 (0) 2421 69 09 2-0<br \/>\n<strong>E-Mail:<\/strong> <a href=\"mailto:info@weyer-akademie.com\">info@weyer-akademie.com<\/a><\/p>\n[\/vc_column_text][\/vc_column][vc_column width=&#8221;1\/2&#8243;]\n<div class=\"wpcf7 no-js\" id=\"wpcf7-f24296-o1\" lang=\"pl-PL\" dir=\"ltr\" data-wpcf7-id=\"24296\">\n<div class=\"screen-reader-response\"><p role=\"status\" aria-live=\"polite\" aria-atomic=\"true\"><\/p> <ul><\/ul><\/div>\n<form action=\"\/pl\/wp-json\/wp\/v2\/pages\/24043#wpcf7-f24296-o1\" method=\"post\" class=\"wpcf7-form init\" aria-label=\"Formularz kontaktowy\" novalidate=\"novalidate\" data-status=\"init\">\n<fieldset class=\"hidden-fields-container\"><input type=\"hidden\" name=\"_wpcf7\" value=\"24296\" \/><input type=\"hidden\" name=\"_wpcf7_version\" value=\"6.1.5\" \/><input type=\"hidden\" name=\"_wpcf7_locale\" value=\"pl_PL\" \/><input type=\"hidden\" name=\"_wpcf7_unit_tag\" value=\"wpcf7-f24296-o1\" \/><input type=\"hidden\" name=\"_wpcf7_container_post\" value=\"0\" \/><input type=\"hidden\" name=\"_wpcf7_posted_data_hash\" value=\"\" \/><input type=\"hidden\" name=\"_wpcf7_recaptcha_response\" value=\"\" \/>\n<\/fieldset>\n<p><label> Salutacja (pole obowi\u0105zkowe)<br \/>\n<span class=\"wpcf7-form-control-wrap\" data-name=\"anrede\"><select class=\"wpcf7-form-control wpcf7-select wpcf7-validates-as-required\" aria-required=\"true\" aria-invalid=\"false\" name=\"anrede\"><option value=\"\">&#8212;Prosz\u0119 wybra\u0107 opcj\u0119&#8212;<\/option><option value=\"Pan\">Pan<\/option><option value=\"Pani\">Pani<\/option><\/select><\/span> <\/label><br \/>\n<label> Imi\u0119 (pole obowi\u0105zkowe)<br \/>\n<span class=\"wpcf7-form-control-wrap\" data-name=\"your-prename\"><input size=\"40\" maxlength=\"400\" class=\"wpcf7-form-control wpcf7-text wpcf7-validates-as-required\" aria-required=\"true\" aria-invalid=\"false\" value=\"\" type=\"text\" name=\"your-prename\" \/><\/span> <\/label><br \/>\n<label> Nazwisko (pole obowi\u0105zkowe)<br \/>\n<span class=\"wpcf7-form-control-wrap\" data-name=\"your-lastname\"><input size=\"40\" maxlength=\"400\" class=\"wpcf7-form-control wpcf7-text wpcf7-validates-as-required\" aria-required=\"true\" aria-invalid=\"false\" value=\"\" type=\"text\" name=\"your-lastname\" \/><\/span> <\/label><br \/>\n<label> Adres e-mail (pole obowi\u0105zkowe)<br \/>\n<span class=\"wpcf7-form-control-wrap\" data-name=\"your-email\"><input size=\"40\" maxlength=\"400\" class=\"wpcf7-form-control wpcf7-email wpcf7-validates-as-required wpcf7-text wpcf7-validates-as-email\" aria-required=\"true\" aria-invalid=\"false\" value=\"\" type=\"email\" name=\"your-email\" \/><\/span> <\/label><br \/>\n<label> Numer telefonu<br \/>\n<span class=\"wpcf7-form-control-wrap\" data-name=\"Telefon\"><input size=\"40\" maxlength=\"400\" class=\"wpcf7-form-control wpcf7-tel wpcf7-text wpcf7-validates-as-tel\" aria-invalid=\"false\" value=\"\" type=\"tel\" name=\"Telefon\" \/><\/span> <\/label><br \/>\n<label> Przedmiot<br \/>\n<span class=\"wpcf7-form-control-wrap\" data-name=\"your-subject\"><input size=\"40\" maxlength=\"400\" class=\"wpcf7-form-control wpcf7-text\" aria-invalid=\"false\" value=\"\" type=\"text\" name=\"your-subject\" \/><\/span> <\/label><br \/>\n<label> Wiadomo\u015b\u0107<br \/>\n<span class=\"wpcf7-form-control-wrap\" data-name=\"your-message\"><textarea cols=\"40\" rows=\"10\" maxlength=\"2000\" class=\"wpcf7-form-control wpcf7-textarea\" aria-invalid=\"false\" name=\"your-message\"><\/textarea><\/span> <\/label><br \/>\n<span class=\"wpcf7-form-control-wrap\" data-name=\"Datenschutzerklaerung\"><span class=\"wpcf7-form-control wpcf7-checkbox wpcf7-validates-as-required\"><span class=\"wpcf7-list-item first last\"><input type=\"checkbox\" name=\"Datenschutzerklaerung[]\" value=\"Przeczyta\u0142em polityk\u0119 prywatno\u015bci i zgadzam si\u0119 na ni\u0105.\" \/><span class=\"wpcf7-list-item-label\">Przeczyta\u0142em polityk\u0119 prywatno\u015bci i zgadzam si\u0119 na ni\u0105.<\/span><\/span><\/span><\/span><br \/>\n<br \/>\n<input class=\"wpcf7-form-control wpcf7-submit has-spinner\" type=\"submit\" value=\"Wy\u015blij\" \/>\n<\/p><div class=\"wpcf7-response-output\" aria-hidden=\"true\"><\/div>\n<\/form>\n<\/div>\n[\/vc_column][\/vc_row][vc_row][vc_column]<div class=\"grve-element grve-hr grve-space-divider\" style=\"\"><\/div><h2 class=\"grve-element grve-align-center grve-title-no-line grve-h2\" style=\"\"><span>weyer akademie gmbh w liczbach<\/span><\/h2>[\/vc_column][\/vc_row][vc_row][vc_column width=&#8221;1\/4&#8243;][\/vc_column][vc_column width=&#8221;1\/4&#8243;]<div class=\"grve-element grve-counter grve-align-center\" style=\"\">  <div class=\"grve-counter-content\">    <div class=\"grve-counter-item grve-color-primary-1\">      <span data-thousands-separator-vis=\"\" data-thousands-separator=\",\" data-prefix=\"\" data-suffix=\"\" data-start-val=\"1\" data-end-val=\"35\" data-decimal-points=\"0\" data-decimal-separator=\".\">1<\/span>    <\/div><h5 class=\"grve-counter-title\"><span>przeszkoleni eksperci<\/span><\/h5>  <\/div><\/div>[\/vc_column][vc_column width=&#8221;1\/4&#8243;]<div class=\"grve-element grve-counter grve-align-center\" style=\"\">  <div class=\"grve-counter-content\">    <div class=\"grve-counter-item grve-color-primary-1\">      <span data-thousands-separator-vis=\"\" data-thousands-separator=\",\" data-prefix=\"\" data-suffix=\"\" data-start-val=\"1\" data-end-val=\"22\" data-decimal-points=\"0\" data-decimal-separator=\".\">1<\/span>    <\/div><h5 class=\"grve-counter-title\"><span>lat do\u015bwiadczenia<\/span><\/h5>  <\/div><\/div>[\/vc_column][vc_column width=&#8221;1\/4&#8243;][\/vc_column][\/vc_row][vc_row][vc_column]<div class=\"grve-element grve-hr grve-space-divider\" style=\"\"><\/div><h3 class=\"grve-element grve-align-left grve-title-no-line grve-h3\" style=\"\"><span>Unser Team<\/span><\/h3>[\/vc_column][\/vc_row][vc_row][vc_column width=&#8221;1\/4&#8243; tablet_sm_width=&#8221;1-2&#8243;]\r\n\t\t<div class=\"grve-team grve-element\" style=\"\">\r\n\t\t\t<figure class=\"grve-image-hover grve-style-1 grve-zoom-in\">\r\n\t\t\t\t<div class=\"grve-team-person grve-media grve-dark-overlay grve-opacity-60\">\r\n\t\t\t\t\t<img decoding=\"async\" width=\"300\" height=\"300\" src=\"https:\/\/www.weyer-gruppe.com\/wp-content\/uploads\/2019\/07\/detlef-becker-horst-weyer-und-partner.jpg\" class=\"attachment-grve-image-small-square size-grve-image-small-square\" alt=\"Foto von Detlef Becker der Horst Weyer und Partner gmbh\" srcset=\"https:\/\/www.weyer-gruppe.com\/wp-content\/uploads\/2019\/07\/detlef-becker-horst-weyer-und-partner.jpg 300w, https:\/\/www.weyer-gruppe.com\/wp-content\/uploads\/2019\/07\/detlef-becker-horst-weyer-und-partner-150x150.jpg 150w, https:\/\/www.weyer-gruppe.com\/wp-content\/uploads\/2019\/07\/detlef-becker-horst-weyer-und-partner-80x80.jpg 80w\" sizes=\"(max-width: 300px) 100vw, 300px\" \/>\t\t\t\t<\/div>\r\n\t\t\t\t<figcaption>\r\n\t\t\t\t\t<div class=\"grve-team-description\">\r\n\t\t\t\t\t\t\t\t\t\t\t\t<h4 class=\"grve-team-name grve-dark grve-h4\">Detlef Becker<\/h4>\r\n\t\t\t\t\t\t\t\t\t\t\t\t<small class=\"grve-team-identity grve-dark\">Dyrektor Zarz\u0105dzaj\u0105cy<\/small>\r\n\t\t\t\t\t<\/div>\r\n\t\t\t\t\t\t\t\t\t<\/figcaption>\r\n\t\t\t<\/figure>\r\n\t\t<\/div>\r\n\r\n\t\t[\/vc_column][vc_column width=&#8221;1\/4&#8243; tablet_sm_width=&#8221;1-2&#8243;]\r\n\t\t<div class=\"grve-team grve-element\" style=\"\">\r\n\t\t\t<figure class=\"grve-image-hover grve-style-1 grve-zoom-in\">\r\n\t\t\t\t<div class=\"grve-team-person grve-media grve-dark-overlay grve-opacity-60\">\r\n\t\t\t\t\t<img decoding=\"async\" width=\"300\" height=\"300\" src=\"https:\/\/www.weyer-gruppe.com\/wp-content\/uploads\/2019\/07\/klaus-woersdoerfer-horst-weyer-und-partner.jpg\" class=\"attachment-grve-image-small-square size-grve-image-small-square\" alt=\"Foto von Klaus Woersdoerfer der Horst Weyer und Partner gmbh\" srcset=\"https:\/\/www.weyer-gruppe.com\/wp-content\/uploads\/2019\/07\/klaus-woersdoerfer-horst-weyer-und-partner.jpg 300w, https:\/\/www.weyer-gruppe.com\/wp-content\/uploads\/2019\/07\/klaus-woersdoerfer-horst-weyer-und-partner-150x150.jpg 150w, https:\/\/www.weyer-gruppe.com\/wp-content\/uploads\/2019\/07\/klaus-woersdoerfer-horst-weyer-und-partner-80x80.jpg 80w\" sizes=\"(max-width: 300px) 100vw, 300px\" \/>\t\t\t\t<\/div>\r\n\t\t\t\t<figcaption>\r\n\t\t\t\t\t<div class=\"grve-team-description\">\r\n\t\t\t\t\t\t\t\t\t\t\t\t<h4 class=\"grve-team-name grve-dark grve-h4\">Dr. Klaus W\u00f6rsd\u00f6rfer<\/h4>\r\n\t\t\t\t\t\t\t\t\t\t\t\t<small class=\"grve-team-identity grve-dark\">Dyrektor Zarz\u0105dzaj\u0105cy<\/small>\r\n\t\t\t\t\t<\/div>\r\n\t\t\t\t\t\t\t\t\t<\/figcaption>\r\n\t\t\t<\/figure>\r\n\t\t<\/div>\r\n\r\n\t\t[\/vc_column][vc_column width=&#8221;1\/4&#8243; tablet_sm_width=&#8221;1-2&#8243;]\r\n\t\t<div class=\"grve-team grve-element\" style=\"\">\r\n\t\t\t<figure class=\"grve-image-hover grve-style-1 grve-zoom-in\">\r\n\t\t\t\t<div class=\"grve-team-person grve-media grve-dark-overlay grve-opacity-60\">\r\n\t\t\t\t\t<img decoding=\"async\" width=\"300\" height=\"300\" src=\"https:\/\/www.weyer-gruppe.com\/wp-content\/uploads\/2023\/04\/m.matejit_web2-scaled.jpg\" class=\"attachment-grve-image-small-square size-grve-image-small-square\" alt=\"Foto von Maresa Matejit der Horst Weyer und Partner gmbh\" \/>\t\t\t\t<\/div>\r\n\t\t\t\t<figcaption>\r\n\t\t\t\t\t<div class=\"grve-team-description\">\r\n\t\t\t\t\t\t\t\t\t\t\t\t<h4 class=\"grve-team-name grve-dark grve-h4\">Maresa Matejit-Papka<\/h4>\r\n\t\t\t\t\t\t\t\t\t\t\t\t<small class=\"grve-team-identity grve-dark\">Organizacja szkoleniowa<\/small>\r\n\t\t\t\t\t<\/div>\r\n\t\t\t\t\t\t\t\t\t<\/figcaption>\r\n\t\t\t<\/figure>\r\n\t\t<\/div>\r\n\r\n\t\t[\/vc_column][\/vc_row][vc_row][vc_column]<div class=\"grve-element grve-hr grve-space-divider\" style=\"\"><\/div>[\/vc_column][\/vc_row][vc_row][vc_column][vc_column_text css=&#8221;&#8221;]\n<h3>Hauptsitz der weyer akademie gmbh<\/h3>\n<p>Navigationsadresse: Schillingsstra\u00dfe 329, 52355 D\u00fcren[\/vc_column_text][vc_column_text]<iframe style=\"border: 0;\" src=\"https:\/\/www.google.com\/maps\/embed?pb=!1m18!1m12!1m3!1d2522.483269819432!2d6.429596116065501!3d50.78515177952303!2m3!1f0!2f0!3f0!3m2!1i1024!2i768!4f13.1!3m3!1m2!1s0x47bf6628e792755d%3A0x54af24256a0c3a83!2sweyer%20akademie%20gmbh!5e0!3m2!1sde!2sde!4v1620825019534!5m2!1sde!2sde\" width=\"1200\" height=\"350\" allowfullscreen=\"allowfullscreen\"><\/iframe>[\/vc_column_text][\/vc_column][\/vc_row]\n<\/div>","protected":false},"excerpt":{"rendered":"<p>[vc_row][vc_column][vc_column_text css=&#8221;&#8221;]Die weyer gruppe hat bei der Abwicklung von j\u00e4hrlich mehr als 1.000 Projekten ein umfangreiches Know-how erworben und ist durch die kontinuierliche praktische Anwendung immer am Puls der Entwicklung. In hochspezialisierten und ma\u00dfgeschneiderten Seminaren,\u00a0Workshops\u00a0und\u00a0Inhouse-Schulungen der weyer akademie gmbh profitieren unsere Kunden von unserer umfangreichen Erfahrung und Expertise.[\/vc_column_text][vc_column_text css=&#8221;&#8221;] Anlagenbezogener Gew\u00e4sserschutz und die AwSV in [&hellip;]<\/p>\n","protected":false},"author":2,"featured_media":0,"parent":23793,"menu_order":0,"comment_status":"closed","ping_status":"closed","template":"","meta":{"footnotes":""},"class_list":["post-24043","page","type-page","status-publish","hentry"],"yoast_head":"<!-- This site is optimized with the Yoast SEO Premium plugin v27.4 (Yoast SEO v27.4) - https:\/\/yoast.com\/product\/yoast-seo-premium-wordpress\/ -->\n<title>O nas - weyer akademie gmbh &#8211; O\u015brodek szkoleniowy weyer gruppe<\/title>\n<meta name=\"description\" content=\"Weyer Akademie jest centrum szkoleniowym weyer group i oferuje seminaria oraz szkolenia w r\u00f3\u017cnych specjalistycznych dziedzinach.\" \/>\n<meta name=\"robots\" content=\"index, follow, max-snippet:-1, max-image-preview:large, max-video-preview:-1\" \/>\n<link rel=\"canonical\" href=\"https:\/\/www.weyer-gruppe.com\/pl\/o-nas\/weyer-akademie-gmbh\/\" \/>\n<meta property=\"og:locale\" content=\"pl_PL\" \/>\n<meta property=\"og:type\" content=\"article\" \/>\n<meta property=\"og:title\" content=\"weyer akademie gmbh\" \/>\n<meta property=\"og:description\" content=\"Weyer Akademie jest centrum szkoleniowym weyer group i oferuje seminaria oraz szkolenia w r\u00f3\u017cnych specjalistycznych dziedzinach.\" \/>\n<meta property=\"og:url\" content=\"https:\/\/www.weyer-gruppe.com\/pl\/o-nas\/weyer-akademie-gmbh\/\" \/>\n<meta property=\"og:site_name\" content=\"weyer gruppe\" \/>\n<meta property=\"article:publisher\" content=\"https:\/\/www.facebook.com\/weyergruppe\" \/>\n<meta property=\"article:modified_time\" content=\"2026-03-23T08:14:31+00:00\" \/>\n<meta name=\"twitter:card\" content=\"summary_large_image\" \/>\n<meta name=\"twitter:label1\" content=\"Szacowany czas czytania\" \/>\n\t<meta name=\"twitter:data1\" content=\"2 minuty\" \/>\n<script type=\"application\/ld+json\" class=\"yoast-schema-graph\">{\"@context\":\"https:\\\/\\\/schema.org\",\"@graph\":[{\"@type\":\"WebPage\",\"@id\":\"https:\\\/\\\/www.weyer-gruppe.com\\\/pl\\\/o-nas\\\/weyer-akademie-gmbh\\\/\",\"url\":\"https:\\\/\\\/www.weyer-gruppe.com\\\/pl\\\/o-nas\\\/weyer-akademie-gmbh\\\/\",\"name\":\"O nas - weyer akademie gmbh &#8211; O\u015brodek szkoleniowy weyer gruppe\",\"isPartOf\":{\"@id\":\"https:\\\/\\\/www.weyer-gruppe.com\\\/pl\\\/#website\"},\"datePublished\":\"2019-07-17T14:27:10+00:00\",\"dateModified\":\"2026-03-23T08:14:31+00:00\",\"description\":\"Weyer Akademie jest centrum szkoleniowym weyer group i oferuje seminaria oraz szkolenia w r\u00f3\u017cnych specjalistycznych dziedzinach.\",\"breadcrumb\":{\"@id\":\"https:\\\/\\\/www.weyer-gruppe.com\\\/pl\\\/o-nas\\\/weyer-akademie-gmbh\\\/#breadcrumb\"},\"inLanguage\":\"pl-PL\",\"potentialAction\":[{\"@type\":\"ReadAction\",\"target\":[\"https:\\\/\\\/www.weyer-gruppe.com\\\/pl\\\/o-nas\\\/weyer-akademie-gmbh\\\/\"]}]},{\"@type\":\"BreadcrumbList\",\"@id\":\"https:\\\/\\\/www.weyer-gruppe.com\\\/pl\\\/o-nas\\\/weyer-akademie-gmbh\\\/#breadcrumb\",\"itemListElement\":[{\"@type\":\"ListItem\",\"position\":1,\"name\":\"HOME\",\"item\":\"https:\\\/\\\/www.weyer-gruppe.com\\\/pl\\\/\"},{\"@type\":\"ListItem\",\"position\":2,\"name\":\"O nas\",\"item\":\"https:\\\/\\\/www.weyer-gruppe.com\\\/pl\\\/o-nas\\\/\"},{\"@type\":\"ListItem\",\"position\":3,\"name\":\"weyer akademie gmbh\"}]},{\"@type\":\"WebSite\",\"@id\":\"https:\\\/\\\/www.weyer-gruppe.com\\\/pl\\\/#website\",\"url\":\"https:\\\/\\\/www.weyer-gruppe.com\\\/pl\\\/\",\"name\":\"weyer gruppe\",\"description\":\"komplett. durchdacht.\",\"publisher\":{\"@id\":\"https:\\\/\\\/www.weyer-gruppe.com\\\/pl\\\/#organization\"},\"potentialAction\":[{\"@type\":\"SearchAction\",\"target\":{\"@type\":\"EntryPoint\",\"urlTemplate\":\"https:\\\/\\\/www.weyer-gruppe.com\\\/pl\\\/?s={search_term_string}\"},\"query-input\":{\"@type\":\"PropertyValueSpecification\",\"valueRequired\":true,\"valueName\":\"search_term_string\"}}],\"inLanguage\":\"pl-PL\"},{\"@type\":\"Organization\",\"@id\":\"https:\\\/\\\/www.weyer-gruppe.com\\\/pl\\\/#organization\",\"name\":\"weyer gruppe\",\"url\":\"https:\\\/\\\/www.weyer-gruppe.com\\\/pl\\\/\",\"logo\":{\"@type\":\"ImageObject\",\"inLanguage\":\"pl-PL\",\"@id\":\"https:\\\/\\\/www.weyer-gruppe.com\\\/pl\\\/#\\\/schema\\\/logo\\\/image\\\/\",\"url\":\"https:\\\/\\\/www.weyer-gruppe.com\\\/wp-content\\\/uploads\\\/2019\\\/07\\\/logo-weyer-gruppe-de.png\",\"contentUrl\":\"https:\\\/\\\/www.weyer-gruppe.com\\\/wp-content\\\/uploads\\\/2019\\\/07\\\/logo-weyer-gruppe-de.png\",\"width\":532,\"height\":513,\"caption\":\"weyer gruppe\"},\"image\":{\"@id\":\"https:\\\/\\\/www.weyer-gruppe.com\\\/pl\\\/#\\\/schema\\\/logo\\\/image\\\/\"},\"sameAs\":[\"https:\\\/\\\/www.facebook.com\\\/weyergruppe\",\"https:\\\/\\\/de.linkedin.com\\\/company\\\/weyer-gruppe\",\"https:\\\/\\\/www.youtube.com\\\/channel\\\/UCmZItECuW56Ih_p501_Bq8A\"],\"description\":\"Die weyer gruppe ist seit 1976 Ihr Partner f\u00fcr verfahrenstechnische Anlagenplanung und Anlagensicherheit. Mit einem erfahrenen Team von \u00fcber 190 Mitarbeitern in Deutschland, \u00d6sterreich, Polen und der Schweiz realisieren wir j\u00e4hrlich \u00fcber 1.000 Kundenprojekte. Unsere Expertise erstreckt sich \u00fcber verschiedene Branchen wie Chemie, Pharma, Mineral\u00f6l sowie Ver- und Entsorgung. Vertrauen Sie auf die weyer Gruppe f\u00fcr ma\u00dfgeschneiderte Engineering- und Consulting-L\u00f6sungen, die Ihre Anforderungen in puncto Sicherheit und Effizienz erf\u00fcllen.\",\"email\":\"info@weyer-gruppe.com\",\"telephone\":\"+49 (0) 24 21 \u2013 69 09 1 \u2013 0\",\"numberOfEmployees\":{\"@type\":\"QuantitativeValue\",\"minValue\":\"51\",\"maxValue\":\"200\"}}]}<\/script>\n<!-- \/ Yoast SEO Premium plugin. -->","yoast_head_json":{"title":"O nas - weyer akademie gmbh &#8211; O\u015brodek szkoleniowy weyer gruppe","description":"Weyer Akademie jest centrum szkoleniowym weyer group i oferuje seminaria oraz szkolenia w r\u00f3\u017cnych specjalistycznych dziedzinach.","robots":{"index":"index","follow":"follow","max-snippet":"max-snippet:-1","max-image-preview":"max-image-preview:large","max-video-preview":"max-video-preview:-1"},"canonical":"https:\/\/www.weyer-gruppe.com\/pl\/o-nas\/weyer-akademie-gmbh\/","og_locale":"pl_PL","og_type":"article","og_title":"weyer akademie gmbh","og_description":"Weyer Akademie jest centrum szkoleniowym weyer group i oferuje seminaria oraz szkolenia w r\u00f3\u017cnych specjalistycznych dziedzinach.","og_url":"https:\/\/www.weyer-gruppe.com\/pl\/o-nas\/weyer-akademie-gmbh\/","og_site_name":"weyer gruppe","article_publisher":"https:\/\/www.facebook.com\/weyergruppe","article_modified_time":"2026-03-23T08:14:31+00:00","twitter_card":"summary_large_image","twitter_misc":{"Szacowany czas czytania":"2 minuty"},"schema":{"@context":"https:\/\/schema.org","@graph":[{"@type":"WebPage","@id":"https:\/\/www.weyer-gruppe.com\/pl\/o-nas\/weyer-akademie-gmbh\/","url":"https:\/\/www.weyer-gruppe.com\/pl\/o-nas\/weyer-akademie-gmbh\/","name":"O nas - weyer akademie gmbh &#8211; O\u015brodek szkoleniowy weyer gruppe","isPartOf":{"@id":"https:\/\/www.weyer-gruppe.com\/pl\/#website"},"datePublished":"2019-07-17T14:27:10+00:00","dateModified":"2026-03-23T08:14:31+00:00","description":"Weyer Akademie jest centrum szkoleniowym weyer group i oferuje seminaria oraz szkolenia w r\u00f3\u017cnych specjalistycznych dziedzinach.","breadcrumb":{"@id":"https:\/\/www.weyer-gruppe.com\/pl\/o-nas\/weyer-akademie-gmbh\/#breadcrumb"},"inLanguage":"pl-PL","potentialAction":[{"@type":"ReadAction","target":["https:\/\/www.weyer-gruppe.com\/pl\/o-nas\/weyer-akademie-gmbh\/"]}]},{"@type":"BreadcrumbList","@id":"https:\/\/www.weyer-gruppe.com\/pl\/o-nas\/weyer-akademie-gmbh\/#breadcrumb","itemListElement":[{"@type":"ListItem","position":1,"name":"HOME","item":"https:\/\/www.weyer-gruppe.com\/pl\/"},{"@type":"ListItem","position":2,"name":"O nas","item":"https:\/\/www.weyer-gruppe.com\/pl\/o-nas\/"},{"@type":"ListItem","position":3,"name":"weyer akademie gmbh"}]},{"@type":"WebSite","@id":"https:\/\/www.weyer-gruppe.com\/pl\/#website","url":"https:\/\/www.weyer-gruppe.com\/pl\/","name":"weyer gruppe","description":"komplett. durchdacht.","publisher":{"@id":"https:\/\/www.weyer-gruppe.com\/pl\/#organization"},"potentialAction":[{"@type":"SearchAction","target":{"@type":"EntryPoint","urlTemplate":"https:\/\/www.weyer-gruppe.com\/pl\/?s={search_term_string}"},"query-input":{"@type":"PropertyValueSpecification","valueRequired":true,"valueName":"search_term_string"}}],"inLanguage":"pl-PL"},{"@type":"Organization","@id":"https:\/\/www.weyer-gruppe.com\/pl\/#organization","name":"weyer gruppe","url":"https:\/\/www.weyer-gruppe.com\/pl\/","logo":{"@type":"ImageObject","inLanguage":"pl-PL","@id":"https:\/\/www.weyer-gruppe.com\/pl\/#\/schema\/logo\/image\/","url":"https:\/\/www.weyer-gruppe.com\/wp-content\/uploads\/2019\/07\/logo-weyer-gruppe-de.png","contentUrl":"https:\/\/www.weyer-gruppe.com\/wp-content\/uploads\/2019\/07\/logo-weyer-gruppe-de.png","width":532,"height":513,"caption":"weyer gruppe"},"image":{"@id":"https:\/\/www.weyer-gruppe.com\/pl\/#\/schema\/logo\/image\/"},"sameAs":["https:\/\/www.facebook.com\/weyergruppe","https:\/\/de.linkedin.com\/company\/weyer-gruppe","https:\/\/www.youtube.com\/channel\/UCmZItECuW56Ih_p501_Bq8A"],"description":"Die weyer gruppe ist seit 1976 Ihr Partner f\u00fcr verfahrenstechnische Anlagenplanung und Anlagensicherheit. Mit einem erfahrenen Team von \u00fcber 190 Mitarbeitern in Deutschland, \u00d6sterreich, Polen und der Schweiz realisieren wir j\u00e4hrlich \u00fcber 1.000 Kundenprojekte. Unsere Expertise erstreckt sich \u00fcber verschiedene Branchen wie Chemie, Pharma, Mineral\u00f6l sowie Ver- und Entsorgung. Vertrauen Sie auf die weyer Gruppe f\u00fcr ma\u00dfgeschneiderte Engineering- und Consulting-L\u00f6sungen, die Ihre Anforderungen in puncto Sicherheit und Effizienz erf\u00fcllen.","email":"info@weyer-gruppe.com","telephone":"+49 (0) 24 21 \u2013 69 09 1 \u2013 0","numberOfEmployees":{"@type":"QuantitativeValue","minValue":"51","maxValue":"200"}}]}},"_links":{"self":[{"href":"https:\/\/www.weyer-gruppe.com\/pl\/wp-json\/wp\/v2\/pages\/24043","targetHints":{"allow":["GET"]}}],"collection":[{"href":"https:\/\/www.weyer-gruppe.com\/pl\/wp-json\/wp\/v2\/pages"}],"about":[{"href":"https:\/\/www.weyer-gruppe.com\/pl\/wp-json\/wp\/v2\/types\/page"}],"author":[{"embeddable":true,"href":"https:\/\/www.weyer-gruppe.com\/pl\/wp-json\/wp\/v2\/users\/2"}],"replies":[{"embeddable":true,"href":"https:\/\/www.weyer-gruppe.com\/pl\/wp-json\/wp\/v2\/comments?post=24043"}],"version-history":[{"count":4,"href":"https:\/\/www.weyer-gruppe.com\/pl\/wp-json\/wp\/v2\/pages\/24043\/revisions"}],"predecessor-version":[{"id":237636,"href":"https:\/\/www.weyer-gruppe.com\/pl\/wp-json\/wp\/v2\/pages\/24043\/revisions\/237636"}],"up":[{"embeddable":true,"href":"https:\/\/www.weyer-gruppe.com\/pl\/wp-json\/wp\/v2\/pages\/23793"}],"wp:attachment":[{"href":"https:\/\/www.weyer-gruppe.com\/pl\/wp-json\/wp\/v2\/media?parent=24043"}],"curies":[{"name":"wp","href":"https:\/\/api.w.org\/{rel}","templated":true}]}}