{"id":23973,"date":"2019-09-04T11:18:57","date_gmt":"2019-09-04T09:18:57","guid":{"rendered":"https:\/\/www.weyer-gruppe.com\/sektor-publiczny\/"},"modified":"2022-08-26T11:34:11","modified_gmt":"2022-08-26T09:34:11","slug":"sektor-publiczny","status":"publish","type":"page","link":"https:\/\/www.weyer-gruppe.com\/pl\/sektor-publiczny\/","title":{"rendered":"Sektor publiczny"},"content":{"rendered":"<div class=\"wpb-content-wrapper\">[vc_row][vc_column][vc_column_text]Klienci publiczni, ze wzgl\u0119du na ich suwerenny mandat i r\u00f3\u017cnorodne regulacje miejskie, maj\u0105 szczeg\u00f3lne wymagania dotycz\u0105ce wsparcia zewn\u0119trznego. Eksperci grupy weyer posiadaj\u0105 bogate do\u015bwiadczenie w realizacji projekt\u00f3w dla zleceniodawc\u00f3w publicznych. Jako konsultanci i eksperci wspieramy Ci\u0119 w spe\u0142nianiu i skutecznym wdra\u017caniu wymaga\u0144 technicznych w ramach Twojego projektu.[\/vc_column_text]<h3 class=\"grve-element grve-align-left grve-title-no-line grve-h3\" style=\"\"><span>Przegl\u0105d us\u0142ug dla klient\u00f3w publicznych<\/span><\/h3>[vc_tta_accordion active_section=&#8221;0&#8243; collapsible_all=&#8221;true&#8221;][vc_tta_section title=&#8221;Urbanizacja i planowanie urbanistyczne&#8221; tab_id=&#8221;1566389060088-a9276ae5-a341&#8243;][vc_column_text]<strong>Masz pomys\u0142. My to realizujemy! <\/strong><\/p>\n<p>Dzia\u0142 Urban Development + Urban Planning z zespo\u0142em architekt\u00f3w, urbanist\u00f3w, zarz\u0105dc\u00f3w nieruchomo\u015bci, geodet\u00f3w i geograf\u00f3w, dzia\u0142aj\u0105cy na terenie ca\u0142ego kraju, wspiera klient\u00f3w publicznych i prywatnych w zorganizowanym wdra\u017caniu i zarz\u0105dzaniu procesami rozwoju i planowania. Dzi\u0119ki ekspertyzom koncepcyjnym, skutecznym dzia\u0142aniom steruj\u0105cym, wra\u017cliwej moderacji i dostosowanym do potrzeb dzia\u0142om public relations, dzia\u0142 Urban Development + Urban Planning \u0142\u0105czy dynamicznie rosn\u0105ce wymagania i potrzeby gmin, deweloper\u00f3w, inwestor\u00f3w i obywateli i wsp\u00f3lnie z nimi tworzy miasto przysz\u0142o\u015bci.<\/p>\n<ul>\n<li><a href=\"https:\/\/www.weyer-gruppe.com\/pl\/sektor-publiczny\/zarzadzanie-informacjami-dla-mieszkancow-aim-2\/\">AIM: zarz\u0105dzanie informacjami dla mieszka\u0144c\u00f3w<\/a><\/li>\n<li><a href=\"https:\/\/www.weyer-gruppe.com\/pl\/sektor-publiczny\/zarzadzanie-dotacjami-poszukiwanie-i-wnioskowanie-o-fundusze-zewnetrzne-2\/\">Zarz\u0105dzanie dotacjami: poszukiwanie i wskazywanie funduszy zewn\u0119trznych<\/a><\/li>\n<li><a href=\"https:\/\/www.weyer-gruppe.com\/pl\/sektor-publiczny\/zintegrowane-koncepcje-rozwoju-2\/\">Zintegrowane koncepcje urbanistyczne<\/a><\/li>\n<li><a href=\"https:\/\/www.weyer-gruppe.com\/pl\/sektor-publiczny\/lokalna-ochrona-klimatu\/\">Lokalna ochrona klimatu<\/a><\/li>\n<li><a href=\"https:\/\/www.weyer-gruppe.com\/pl\/sektor-publiczny\/kultura-komunikacji-koncepcje-uczestnictwa-i-moderacja\/\">Kultura komunikacji: uczestnictwo i moderacja<\/a><\/li>\n<li><a href=\"https:\/\/www.weyer-gruppe.com\/pl\/sektor-publiczny\/kultura-planowania-zarzadzanie-konkurencja-i-przydzialem-zlecen-2\/\">Kultura planowania: zarz\u0105dzanie konkurencj\u0105 i przydzia\u0142em zlece\u0144<\/a><\/li>\n<li><a href=\"https:\/\/www.weyer-gruppe.com\/pl\/sektor-publiczny\/zarzadzanie-projektem-rozwoju-terenu-2\/\">Zarz\u0105dzanie projektem rozwoju terenu<\/a><\/li>\n<\/ul>\n[\/vc_column_text][\/vc_tta_section][vc_tta_section title=&#8221;Ochrona \u015brodowiska&#8221; tab_id=&#8221;1566388979219-8db972d3-670c&#8221;][vc_column_text]\n<ul>\n<li><a href=\"https:\/\/www.weyer-gruppe.com\/pl\/sektor-publiczny\/ochrona-gatunkow-i-zgodnosc-z-dyrektywa-siedliskowa-3\/\">Ochrona gatunk\u00f3w i zgodno\u015b\u0107 z dyrektyw\u0105 siedliskow\u0105<\/a><\/li>\n<li><a href=\"https:\/\/www.weyer-gruppe.com\/pl\/sektor-publiczny\/trwale-skazenia-gruntu-i-zarzadzanie-powierzchnia-3\/\">Trwa\u0142e ska\u017cenia gruntu i zarz\u0105dzanie powierzchni\u0105<\/a><\/li>\n<li><a href=\"https:\/\/www.weyer-gruppe.com\/pl\/sektor-publiczny\/zarzadzanie-zezwoleniami-3\/\">Zarz\u0105dzanie zezwoleniami<\/a><\/li>\n<li><a href=\"https:\/\/www.weyer-gruppe.com\/pl\/sektor-publiczny\/badanie-wplywu-na-srodowisko-3\/\">Badania wp\u0142ywu na \u015brodowisko<\/a><\/li>\n<\/ul>\n[\/vc_column_text][\/vc_tta_section][vc_tta_section title=&#8221;Doradztwo gospodarczo\u2010techniczne&#8221; tab_id=&#8221;1566389046252-a6360b5a-5b62&#8243;][vc_column_text]\n<ul>\n<li><a href=\"https:\/\/www.weyer-gruppe.com\/pl\/sektor-publiczny\/baurevision-und-baucontrolling-3\/\">Audyt budowlany \/ kontrola budowy<\/a><\/li>\n<li><a href=\"https:\/\/www.weyer-gruppe.com\/pl\/sektor-publiczny\/zarzadzanie-przetargami\/\">Zarz\u0105dzanie przetargami<\/a><\/li>\n<\/ul>\n[\/vc_column_text][\/vc_tta_section][vc_tta_section title=&#8221;Zarz\u0105dzanie zastrze\u017ceniami&#8221; tab_id=&#8221;1580460186690-f0cce6ff-b7bb&#8221;][vc_column_text]\n<ul>\n<li><a href=\"https:\/\/www.weyer-gruppe.com\/pl\/sektor-publiczny\/zarzadzanie-zastrzezeniami\/\">Zarz\u0105dzanie zastrze\u017ceniami<\/a><\/li>\n<\/ul>\n[\/vc_column_text][\/vc_tta_section][\/vc_tta_accordion][\/vc_column][\/vc_row][vc_row][vc_column][vc_column_text el_id=&#8221;kontaktformular-anlagenbetreiber-investoren&#8221;][\/vc_column_text][\/vc_column][\/vc_row][vc_row][vc_column width=&#8221;1\/2&#8243;]<div class=\"grve-element grve-hr grve-space-divider\" style=\"\"><\/div><div class=\"grve-element grve-hr grve-space-divider\" style=\"\"><\/div><div class=\"grve-element grve-box-icon grve-align-center\" style=\"\">  <div class=\"grve-icon grve-large grve-simple grve-no-shape grve-color-primary-1 fa fa-envelope-o\"><\/div><\/div>[vc_column_text]\n<h5 style=\"text-align: center;\">Czy masz jakie\u015b pytania?<\/h5>\n<h5 style=\"text-align: center;\">Porozmawiaj z nami!<\/h5>\n<h5 style=\"text-align: center;\">Nasi eksperci ch\u0119tnie Pa\u0144stwu doradz\u0105!<\/h5>\n[\/vc_column_text][\/vc_column][vc_column width=&#8221;1\/2&#8243;]\n<div class=\"wpcf7 no-js\" id=\"wpcf7-f24299-o1\" lang=\"pl-PL\" dir=\"ltr\" data-wpcf7-id=\"24299\">\n<div class=\"screen-reader-response\"><p role=\"status\" aria-live=\"polite\" aria-atomic=\"true\"><\/p> <ul><\/ul><\/div>\n<form action=\"\/pl\/wp-json\/wp\/v2\/pages\/23973#wpcf7-f24299-o1\" method=\"post\" class=\"wpcf7-form init\" aria-label=\"Formularz kontaktowy\" novalidate=\"novalidate\" data-status=\"init\">\n<fieldset class=\"hidden-fields-container\"><input type=\"hidden\" name=\"_wpcf7\" value=\"24299\" \/><input type=\"hidden\" name=\"_wpcf7_version\" value=\"6.1.5\" \/><input type=\"hidden\" name=\"_wpcf7_locale\" value=\"pl_PL\" \/><input type=\"hidden\" name=\"_wpcf7_unit_tag\" value=\"wpcf7-f24299-o1\" \/><input type=\"hidden\" name=\"_wpcf7_container_post\" value=\"0\" \/><input type=\"hidden\" name=\"_wpcf7_posted_data_hash\" value=\"\" \/><input type=\"hidden\" name=\"_wpcf7_recaptcha_response\" value=\"\" \/>\n<\/fieldset>\n<p><label> Salutacja (pole obowi\u0105zkowe) <span class=\"wpcf7-form-control-wrap\" data-name=\"menu-543\"><select class=\"wpcf7-form-control wpcf7-select wpcf7-validates-as-required\" aria-required=\"true\" aria-invalid=\"false\" name=\"menu-543\"><option value=\"\">&#8212;Prosz\u0119 wybra\u0107 opcj\u0119&#8212;<\/option><option value=\"Pan\">Pan<\/option><option value=\"Pani\">Pani<\/option><\/select><\/span> <\/label><label> Imi\u0119 (pole obowi\u0105zkowe) <span class=\"wpcf7-form-control-wrap\" data-name=\"your-prename\"><input size=\"40\" maxlength=\"400\" class=\"wpcf7-form-control wpcf7-text wpcf7-validates-as-required\" aria-required=\"true\" aria-invalid=\"false\" value=\"\" type=\"text\" name=\"your-prename\" \/><\/span> <\/label><label> Nazwisko (pole obowi\u0105zkowe) <span class=\"wpcf7-form-control-wrap\" data-name=\"your-lastname\"><input size=\"40\" maxlength=\"400\" class=\"wpcf7-form-control wpcf7-text wpcf7-validates-as-required\" aria-required=\"true\" aria-invalid=\"false\" value=\"\" type=\"text\" name=\"your-lastname\" \/><\/span> <\/label><label> Adres e-mail (pole obowi\u0105zkowe) <span class=\"wpcf7-form-control-wrap\" data-name=\"your-email\"><input size=\"40\" maxlength=\"400\" class=\"wpcf7-form-control wpcf7-email wpcf7-validates-as-required wpcf7-text wpcf7-validates-as-email\" aria-required=\"true\" aria-invalid=\"false\" value=\"\" type=\"email\" name=\"your-email\" \/><\/span> <\/label><label> Przedmiot <span class=\"wpcf7-form-control-wrap\" data-name=\"your-subject\"><input size=\"40\" maxlength=\"400\" class=\"wpcf7-form-control wpcf7-text\" aria-invalid=\"false\" value=\"\" type=\"text\" name=\"your-subject\" \/><\/span> <\/label><br \/>\n<label> twoja wiadomo\u015b\u0107 <span class=\"wpcf7-form-control-wrap\" data-name=\"your-message\"><textarea cols=\"40\" rows=\"10\" maxlength=\"2000\" class=\"wpcf7-form-control wpcf7-textarea\" aria-invalid=\"false\" name=\"your-message\"><\/textarea><\/span> <\/label><br \/>\n<span class=\"wpcf7-form-control-wrap\" data-name=\"Datenschutzerklaerung\"><span class=\"wpcf7-form-control wpcf7-checkbox wpcf7-validates-as-required\"><span class=\"wpcf7-list-item first last\"><input type=\"checkbox\" name=\"Datenschutzerklaerung[]\" value=\"Zapozna\u0142em si\u0119 i akceptuj\u0119 polityk\u0119 prywatno\u015bci.\" \/><span class=\"wpcf7-list-item-label\">Zapozna\u0142em si\u0119 i akceptuj\u0119 polityk\u0119 prywatno\u015bci.<\/span><\/span><\/span><\/span><br \/>\n<br \/>\n<input class=\"wpcf7-form-control wpcf7-submit has-spinner\" type=\"submit\" value=\"Wy\u015blij\" \/>\n<\/p><div class=\"wpcf7-response-output\" aria-hidden=\"true\"><\/div>\n<\/form>\n<\/div>\n[vc_column_text][borlabs-cookie id=&#8221;recaptcha&#8221; type=&#8221;content-blocker&#8221;]&#8230;zablokuj to&#8230;[\/borlabs-cookie][\/vc_column_text][\/vc_column][\/vc_row][vc_row][vc_column][vc_empty_space height=&#8221;50px&#8221;]<h2 class=\"grve-element grve-align-left grve-title-no-line grve-h2\" style=\"\"><span>Przeczytaj tutaj odpowiednie wpisy na blogu<\/span><\/h2>[vc_empty_space height=&#8221;20px&#8221;][\/vc_column][\/vc_row]\n<\/div>","protected":false},"excerpt":{"rendered":"<p>[vc_row][vc_column][vc_column_text]Klienci publiczni, ze wzgl\u0119du na ich suwerenny mandat i r\u00f3\u017cnorodne regulacje miejskie, maj\u0105 szczeg\u00f3lne wymagania dotycz\u0105ce wsparcia zewn\u0119trznego. Eksperci grupy weyer posiadaj\u0105 bogate do\u015bwiadczenie w realizacji projekt\u00f3w dla zleceniodawc\u00f3w publicznych. Jako konsultanci i eksperci wspieramy Ci\u0119 w spe\u0142nianiu i skutecznym wdra\u017caniu wymaga\u0144 technicznych w ramach Twojego projektu.[\/vc_column_text][vc_tta_accordion active_section=&#8221;0&#8243; collapsible_all=&#8221;true&#8221;][vc_tta_section title=&#8221;Urbanizacja i planowanie urbanistyczne&#8221; tab_id=&#8221;1566389060088-a9276ae5-a341&#8243;][vc_column_text]Masz pomys\u0142. [&hellip;]<\/p>\n","protected":false},"author":5,"featured_media":0,"parent":0,"menu_order":0,"comment_status":"closed","ping_status":"closed","template":"","meta":{"footnotes":""},"class_list":["post-23973","page","type-page","status-publish","hentry"],"yoast_head":"<!-- This site is optimized with the Yoast SEO Premium plugin v27.4 (Yoast SEO v27.4) - https:\/\/yoast.com\/product\/yoast-seo-premium-wordpress\/ -->\n<title>Us\u0142ugi doradcze dla klient\u00f3w publicznych \u2013 grupa weyer<\/title>\n<meta name=\"description\" content=\"Grupa weyer wspiera klient\u00f3w publicznych w rozwoju obszar\u00f3w miejskich, ochronie \u015brodowiska, doradztwie ekonomiczno-technicznym i zarz\u0105dzaniu zastrze\u017ceniami.\" \/>\n<meta name=\"robots\" content=\"index, follow, max-snippet:-1, max-image-preview:large, max-video-preview:-1\" \/>\n<link rel=\"canonical\" href=\"https:\/\/www.weyer-gruppe.com\/pl\/sektor-publiczny\/\" \/>\n<meta property=\"og:locale\" content=\"pl_PL\" \/>\n<meta property=\"og:type\" content=\"article\" \/>\n<meta property=\"og:title\" content=\"Sektor publiczny\" \/>\n<meta property=\"og:description\" content=\"Grupa weyer wspiera klient\u00f3w publicznych w rozwoju obszar\u00f3w miejskich, ochronie \u015brodowiska, doradztwie ekonomiczno-technicznym i zarz\u0105dzaniu zastrze\u017ceniami.\" \/>\n<meta property=\"og:url\" content=\"https:\/\/www.weyer-gruppe.com\/pl\/sektor-publiczny\/\" \/>\n<meta property=\"og:site_name\" content=\"weyer gruppe\" \/>\n<meta property=\"article:publisher\" content=\"https:\/\/www.facebook.com\/weyergruppe\" \/>\n<meta property=\"article:modified_time\" content=\"2022-08-26T09:34:11+00:00\" \/>\n<meta name=\"twitter:card\" content=\"summary_large_image\" \/>\n<meta name=\"twitter:label1\" content=\"Szacowany czas czytania\" \/>\n\t<meta name=\"twitter:data1\" content=\"2 minuty\" \/>\n<script type=\"application\/ld+json\" class=\"yoast-schema-graph\">{\"@context\":\"https:\\\/\\\/schema.org\",\"@graph\":[{\"@type\":\"WebPage\",\"@id\":\"https:\\\/\\\/www.weyer-gruppe.com\\\/pl\\\/sektor-publiczny\\\/\",\"url\":\"https:\\\/\\\/www.weyer-gruppe.com\\\/pl\\\/sektor-publiczny\\\/\",\"name\":\"Us\u0142ugi doradcze dla klient\u00f3w publicznych \u2013 grupa weyer\",\"isPartOf\":{\"@id\":\"https:\\\/\\\/www.weyer-gruppe.com\\\/pl\\\/#website\"},\"datePublished\":\"2019-09-04T09:18:57+00:00\",\"dateModified\":\"2022-08-26T09:34:11+00:00\",\"description\":\"Grupa weyer wspiera klient\u00f3w publicznych w rozwoju obszar\u00f3w miejskich, ochronie \u015brodowiska, doradztwie ekonomiczno-technicznym i zarz\u0105dzaniu zastrze\u017ceniami.\",\"breadcrumb\":{\"@id\":\"https:\\\/\\\/www.weyer-gruppe.com\\\/pl\\\/sektor-publiczny\\\/#breadcrumb\"},\"inLanguage\":\"pl-PL\",\"potentialAction\":[{\"@type\":\"ReadAction\",\"target\":[\"https:\\\/\\\/www.weyer-gruppe.com\\\/pl\\\/sektor-publiczny\\\/\"]}]},{\"@type\":\"BreadcrumbList\",\"@id\":\"https:\\\/\\\/www.weyer-gruppe.com\\\/pl\\\/sektor-publiczny\\\/#breadcrumb\",\"itemListElement\":[{\"@type\":\"ListItem\",\"position\":1,\"name\":\"HOME\",\"item\":\"https:\\\/\\\/www.weyer-gruppe.com\\\/pl\\\/\"},{\"@type\":\"ListItem\",\"position\":2,\"name\":\"Sektor publiczny\"}]},{\"@type\":\"WebSite\",\"@id\":\"https:\\\/\\\/www.weyer-gruppe.com\\\/pl\\\/#website\",\"url\":\"https:\\\/\\\/www.weyer-gruppe.com\\\/pl\\\/\",\"name\":\"weyer gruppe\",\"description\":\"komplett. durchdacht.\",\"publisher\":{\"@id\":\"https:\\\/\\\/www.weyer-gruppe.com\\\/pl\\\/#organization\"},\"potentialAction\":[{\"@type\":\"SearchAction\",\"target\":{\"@type\":\"EntryPoint\",\"urlTemplate\":\"https:\\\/\\\/www.weyer-gruppe.com\\\/pl\\\/?s={search_term_string}\"},\"query-input\":{\"@type\":\"PropertyValueSpecification\",\"valueRequired\":true,\"valueName\":\"search_term_string\"}}],\"inLanguage\":\"pl-PL\"},{\"@type\":\"Organization\",\"@id\":\"https:\\\/\\\/www.weyer-gruppe.com\\\/pl\\\/#organization\",\"name\":\"weyer gruppe\",\"url\":\"https:\\\/\\\/www.weyer-gruppe.com\\\/pl\\\/\",\"logo\":{\"@type\":\"ImageObject\",\"inLanguage\":\"pl-PL\",\"@id\":\"https:\\\/\\\/www.weyer-gruppe.com\\\/pl\\\/#\\\/schema\\\/logo\\\/image\\\/\",\"url\":\"https:\\\/\\\/www.weyer-gruppe.com\\\/wp-content\\\/uploads\\\/2019\\\/07\\\/logo-weyer-gruppe-de.png\",\"contentUrl\":\"https:\\\/\\\/www.weyer-gruppe.com\\\/wp-content\\\/uploads\\\/2019\\\/07\\\/logo-weyer-gruppe-de.png\",\"width\":532,\"height\":513,\"caption\":\"weyer gruppe\"},\"image\":{\"@id\":\"https:\\\/\\\/www.weyer-gruppe.com\\\/pl\\\/#\\\/schema\\\/logo\\\/image\\\/\"},\"sameAs\":[\"https:\\\/\\\/www.facebook.com\\\/weyergruppe\",\"https:\\\/\\\/de.linkedin.com\\\/company\\\/weyer-gruppe\",\"https:\\\/\\\/www.youtube.com\\\/channel\\\/UCmZItECuW56Ih_p501_Bq8A\"],\"description\":\"Die weyer gruppe ist seit 1976 Ihr Partner f\u00fcr verfahrenstechnische Anlagenplanung und Anlagensicherheit. Mit einem erfahrenen Team von \u00fcber 190 Mitarbeitern in Deutschland, \u00d6sterreich, Polen und der Schweiz realisieren wir j\u00e4hrlich \u00fcber 1.000 Kundenprojekte. Unsere Expertise erstreckt sich \u00fcber verschiedene Branchen wie Chemie, Pharma, Mineral\u00f6l sowie Ver- und Entsorgung. Vertrauen Sie auf die weyer Gruppe f\u00fcr ma\u00dfgeschneiderte Engineering- und Consulting-L\u00f6sungen, die Ihre Anforderungen in puncto Sicherheit und Effizienz erf\u00fcllen.\",\"email\":\"info@weyer-gruppe.com\",\"telephone\":\"+49 (0) 24 21 \u2013 69 09 1 \u2013 0\",\"numberOfEmployees\":{\"@type\":\"QuantitativeValue\",\"minValue\":\"51\",\"maxValue\":\"200\"}}]}<\/script>\n<!-- \/ Yoast SEO Premium plugin. -->","yoast_head_json":{"title":"Us\u0142ugi doradcze dla klient\u00f3w publicznych \u2013 grupa weyer","description":"Grupa weyer wspiera klient\u00f3w publicznych w rozwoju obszar\u00f3w miejskich, ochronie \u015brodowiska, doradztwie ekonomiczno-technicznym i zarz\u0105dzaniu zastrze\u017ceniami.","robots":{"index":"index","follow":"follow","max-snippet":"max-snippet:-1","max-image-preview":"max-image-preview:large","max-video-preview":"max-video-preview:-1"},"canonical":"https:\/\/www.weyer-gruppe.com\/pl\/sektor-publiczny\/","og_locale":"pl_PL","og_type":"article","og_title":"Sektor publiczny","og_description":"Grupa weyer wspiera klient\u00f3w publicznych w rozwoju obszar\u00f3w miejskich, ochronie \u015brodowiska, doradztwie ekonomiczno-technicznym i zarz\u0105dzaniu zastrze\u017ceniami.","og_url":"https:\/\/www.weyer-gruppe.com\/pl\/sektor-publiczny\/","og_site_name":"weyer gruppe","article_publisher":"https:\/\/www.facebook.com\/weyergruppe","article_modified_time":"2022-08-26T09:34:11+00:00","twitter_card":"summary_large_image","twitter_misc":{"Szacowany czas czytania":"2 minuty"},"schema":{"@context":"https:\/\/schema.org","@graph":[{"@type":"WebPage","@id":"https:\/\/www.weyer-gruppe.com\/pl\/sektor-publiczny\/","url":"https:\/\/www.weyer-gruppe.com\/pl\/sektor-publiczny\/","name":"Us\u0142ugi doradcze dla klient\u00f3w publicznych \u2013 grupa weyer","isPartOf":{"@id":"https:\/\/www.weyer-gruppe.com\/pl\/#website"},"datePublished":"2019-09-04T09:18:57+00:00","dateModified":"2022-08-26T09:34:11+00:00","description":"Grupa weyer wspiera klient\u00f3w publicznych w rozwoju obszar\u00f3w miejskich, ochronie \u015brodowiska, doradztwie ekonomiczno-technicznym i zarz\u0105dzaniu zastrze\u017ceniami.","breadcrumb":{"@id":"https:\/\/www.weyer-gruppe.com\/pl\/sektor-publiczny\/#breadcrumb"},"inLanguage":"pl-PL","potentialAction":[{"@type":"ReadAction","target":["https:\/\/www.weyer-gruppe.com\/pl\/sektor-publiczny\/"]}]},{"@type":"BreadcrumbList","@id":"https:\/\/www.weyer-gruppe.com\/pl\/sektor-publiczny\/#breadcrumb","itemListElement":[{"@type":"ListItem","position":1,"name":"HOME","item":"https:\/\/www.weyer-gruppe.com\/pl\/"},{"@type":"ListItem","position":2,"name":"Sektor publiczny"}]},{"@type":"WebSite","@id":"https:\/\/www.weyer-gruppe.com\/pl\/#website","url":"https:\/\/www.weyer-gruppe.com\/pl\/","name":"weyer gruppe","description":"komplett. durchdacht.","publisher":{"@id":"https:\/\/www.weyer-gruppe.com\/pl\/#organization"},"potentialAction":[{"@type":"SearchAction","target":{"@type":"EntryPoint","urlTemplate":"https:\/\/www.weyer-gruppe.com\/pl\/?s={search_term_string}"},"query-input":{"@type":"PropertyValueSpecification","valueRequired":true,"valueName":"search_term_string"}}],"inLanguage":"pl-PL"},{"@type":"Organization","@id":"https:\/\/www.weyer-gruppe.com\/pl\/#organization","name":"weyer gruppe","url":"https:\/\/www.weyer-gruppe.com\/pl\/","logo":{"@type":"ImageObject","inLanguage":"pl-PL","@id":"https:\/\/www.weyer-gruppe.com\/pl\/#\/schema\/logo\/image\/","url":"https:\/\/www.weyer-gruppe.com\/wp-content\/uploads\/2019\/07\/logo-weyer-gruppe-de.png","contentUrl":"https:\/\/www.weyer-gruppe.com\/wp-content\/uploads\/2019\/07\/logo-weyer-gruppe-de.png","width":532,"height":513,"caption":"weyer gruppe"},"image":{"@id":"https:\/\/www.weyer-gruppe.com\/pl\/#\/schema\/logo\/image\/"},"sameAs":["https:\/\/www.facebook.com\/weyergruppe","https:\/\/de.linkedin.com\/company\/weyer-gruppe","https:\/\/www.youtube.com\/channel\/UCmZItECuW56Ih_p501_Bq8A"],"description":"Die weyer gruppe ist seit 1976 Ihr Partner f\u00fcr verfahrenstechnische Anlagenplanung und Anlagensicherheit. Mit einem erfahrenen Team von \u00fcber 190 Mitarbeitern in Deutschland, \u00d6sterreich, Polen und der Schweiz realisieren wir j\u00e4hrlich \u00fcber 1.000 Kundenprojekte. Unsere Expertise erstreckt sich \u00fcber verschiedene Branchen wie Chemie, Pharma, Mineral\u00f6l sowie Ver- und Entsorgung. Vertrauen Sie auf die weyer Gruppe f\u00fcr ma\u00dfgeschneiderte Engineering- und Consulting-L\u00f6sungen, die Ihre Anforderungen in puncto Sicherheit und Effizienz erf\u00fcllen.","email":"info@weyer-gruppe.com","telephone":"+49 (0) 24 21 \u2013 69 09 1 \u2013 0","numberOfEmployees":{"@type":"QuantitativeValue","minValue":"51","maxValue":"200"}}]}},"_links":{"self":[{"href":"https:\/\/www.weyer-gruppe.com\/pl\/wp-json\/wp\/v2\/pages\/23973","targetHints":{"allow":["GET"]}}],"collection":[{"href":"https:\/\/www.weyer-gruppe.com\/pl\/wp-json\/wp\/v2\/pages"}],"about":[{"href":"https:\/\/www.weyer-gruppe.com\/pl\/wp-json\/wp\/v2\/types\/page"}],"author":[{"embeddable":true,"href":"https:\/\/www.weyer-gruppe.com\/pl\/wp-json\/wp\/v2\/users\/5"}],"replies":[{"embeddable":true,"href":"https:\/\/www.weyer-gruppe.com\/pl\/wp-json\/wp\/v2\/comments?post=23973"}],"version-history":[{"count":0,"href":"https:\/\/www.weyer-gruppe.com\/pl\/wp-json\/wp\/v2\/pages\/23973\/revisions"}],"wp:attachment":[{"href":"https:\/\/www.weyer-gruppe.com\/pl\/wp-json\/wp\/v2\/media?parent=23973"}],"curies":[{"name":"wp","href":"https:\/\/api.w.org\/{rel}","templated":true}]}}