{"id":23801,"date":"2019-08-05T09:38:48","date_gmt":"2019-08-05T07:38:48","guid":{"rendered":"https:\/\/www.weyer-gruppe.com\/zarzadzanie-projektem-rozwoju-terenu\/"},"modified":"2026-03-23T08:01:50","modified_gmt":"2026-03-23T07:01:50","slug":"zarzadzanie-projektem-rozwoju-terenu","status":"publish","type":"page","link":"https:\/\/www.weyer-gruppe.com\/pl\/operatorzy-instalacji-i-inwestorzy\/zarzadzanie-projektem-rozwoju-terenu\/","title":{"rendered":"Zarz\u0105dzanie projektem rozwoju terenu"},"content":{"rendered":"<div class=\"wpb-content-wrapper\">[vc_row][vc_column][vc_column_text]\n<p class=\"entry-title\">Skuteczne zarz\u0105dzanie projektem w zakresie zagospodarowania przestrzennego oznacza r\u00f3wnoleg\u0142e i r\u00f3wnowarto\u015bciowe uwzgl\u0119dnienie wielu czynnik\u00f3w: z jednej strony przestrzeganie koszt\u00f3w i termin\u00f3w; z drugiej \u2013 zapewnienie jako\u015bci koncepcyjnej i konstrukcyjnej.<\/p>\n<div class=\"entry-content\">\n<p>W zwi\u0105zku z t\u0105 rozpi\u0119to\u015bci\u0105 zarz\u0105dzanie projektem zagospodarowania przestrzeni wymaga od samego pocz\u0105tku solidnego planowania strategicznego. Rozumiemy przez to wszechstronn\u0105 analiz\u0119 obecnej sytuacji i identyfikacj\u0119 mo\u017cliwych konflikt\u00f3w interes\u00f3w w ramach projektu. Przebieg ca\u0142ego procesu jest precyzyjnie okre\u015blony i uporz\u0105dkowany pod wzgl\u0119dem jako\u015bci, koszt\u00f3w i termin\u00f3w. Rozw\u00f3j i tworzenie dostosowanych do potrzeb struktur komunikacyjnych, takich jak tworzenie \u201eworkflow\u201d, r\u00f3wnie\u017c przyczynia si\u0119 do skutecznego zarz\u0105dzania projektami zagospodarowania przestrzeni.<\/p>\n<p>Nasz interdyscyplinarny zesp\u00f3\u0142 zapewnia Pa\u0144stwu profesjonalne wsparcie, po\u015bredniczy mi\u0119dzy wymaganiami sektora publicznego i prywatnego oraz daje wi\u0105\u017c\u0105ce i wiarygodne wyniki. W ramach zarz\u0105dzania projektami zagospodarowania przestrzennego obs\u0142ugujemy szeroki zakres zada\u0144 urbanistycznych, prawa planistycznego, zagospodarowania przestrzennego, prawa um\u00f3w, controllingu i komunikacji. W ten spos\u00f3b og\u00f3lna koordynacja Pa\u0144stwa projektu zawsze pozostaje w jednym \u017ar\u00f3dle.<\/p>\n<\/div>\n[\/vc_column_text][\/vc_column][\/vc_row][vc_row][vc_column][vc_column_text]\n<h2>Us\u0142ugi<\/h2>\n<ul class=\"arrow-gray\">\n<li class=\"first-child\">Planowanie strategiczne<\/li>\n<li>Reprezentowanie interes\u00f3w inwestor\u00f3w wobec wszystkich uczestnik\u00f3w projektu<\/li>\n<li>Kontrola i zarz\u0105dzanie projektem<\/li>\n<li>Zarz\u0105dzanie umowami<\/li>\n<li>Odpowiedzialno\u015b\u0107 za dochowanie koszt\u00f3w, termin\u00f3w i jako\u015bci<\/li>\n<li>zarz\u0105dzania ryzykiem<\/li>\n<li class=\"last-child\">Zarz\u0105dzanie ryzykiem<\/li>\n<\/ul>\n<h2 data-canvas-width=\"117.31533333333333\" data-angle=\"0\" data-font-name=\"g_font_1\">Pa\u0144stwa korzy\u015bci<\/h2>\n<div data-canvas-width=\"11.83676\" data-angle=\"0\" data-font-name=\"g_font_5\">\n<ul class=\"arrow-gray\">\n<li class=\"first-child\">Otrzymaj\u0105 Pa\u0144stwo kompleksowe doradztwo od projektu koncepcyjnego i finansowania po realizacj\u0119 i zarz\u0105dzanie procesami urbanistycznymi i projektami zagospodarowania przestrzennego.<\/li>\n<li>Otrzymuj\u0105 Pa\u0144stwo dostosowane do potrzeb strategie komunikacji i wra\u017cliwe us\u0142ugi moderacji, kt\u00f3re przyczyniaj\u0105 si\u0119 do akceptacji i realizacji Pa\u0144stwa plan\u00f3w.<\/li>\n<li>Korzystaj\u0105 Pa\u0144stwo z naszego wieloletniego do\u015bwiadczenia w dziedzinie rozwoju obszar\u00f3w miejskich, planowania przestrzennego, ochrony klimatu i \u015brodowiska.<\/li>\n<li class=\"last-child\">W razie potrzeby mog\u0105 Pa\u0144stwo skorzysta\u0107 z naszej sieci wsp\u00f3\u0142pracy w zakresie prawa i innego specjalistycznego planowania, np. planowania ruchu drogowego, planowania krajobrazu itp.<\/li>\n<\/ul>\n<\/div>\n[\/vc_column_text]<div class=\"grve-element grve-hr grve-space-divider\" style=\"\"><\/div>[\/vc_column][\/vc_row][vc_row bg_type=&#8221;color&#8221; bg_color=&#8221;#0b3c80&#8243;][vc_column css=&#8221;.vc_custom_1564045753899{background-color: #0b3c80 !important;}&#8221;]<div class=\"grve-element grve-hr grve-space-divider\" style=\"\"><\/div><div class=\"grve-element grve-image-text\" style=\"\">  <div class=\"grve-content grve-align-right\">    <h6>weyer spezial: Rozw\u00f3j obszar\u00f3w miejskich i urbanistyka<\/h6>  <p> <span style=\"color: #ffffff;\">Podstawowe warunki i przes\u0142anki s\u0105 zawsze r\u00f3\u017cne w ka\u017cdej gminie i w ka\u017cdej dzielnicy, dlatego te\u017c musz\u0105 by\u0107 zawsze rozpatrywane indywidualnie i w ich wzajemnych relacjach. I to jest to, o co nam chodzi! Skuteczne doradztwo w zakresie rozwoju obszar\u00f3w miejskich oznacza pokazanie niezawodnych i elastycznych rozwi\u0105za\u0144 r\u00f3\u017cnorodnych kwestii, a tym samym metodycznie uzasadnionych i zorientowanych na praktyk\u0119 z jednego \u017ar\u00f3d\u0142a. Zgodnie z t\u0105 filozofi\u0105 oferujemy wraz z naszym interdyscyplinarnym zespo\u0142em urbanist\u00f3w, architekt\u00f3w, architekt\u00f3w&#8230;<\/span><\/p>    <a href=\"https:\/\/www.weyer-gruppe.com\/wp-content\/uploads\/2019\/07\/weyer-spezial-stadtentwicklung-stadtplanung-0416.pdf\" target=\"_blank\" class=\"grve-read-more \">Pobierz weyer spezial tutaj<\/a>  <\/div><div class=\"grve-image\"><img decoding=\"async\" width=\"250\" height=\"354\" src=\"https:\/\/www.weyer-gruppe.com\/wp-content\/uploads\/2019\/07\/weyer-spezial-weyer-gruppe-stadtentwicklung-stadtplanung.jpg\" class=\"attachment-full size-full\" alt=\"weyer spezial zum Thema Stadtentwicklung und Stadtplanung\" srcset=\"\" \/><\/div><\/div><div class=\"grve-element grve-hr grve-space-divider\" style=\"\"><\/div>[\/vc_column][\/vc_row][vc_row][vc_column]<div class=\"grve-element grve-hr grve-space-divider\" style=\"\"><\/div>[vc_column_text]\n<h3>Nasz zesp\u00f3\u0142<\/h3>\n[\/vc_column_text][\/vc_column][\/vc_row][vc_row][vc_column width=&#8221;1\/4&#8243; tablet_sm_width=&#8221;1-2&#8243;]\r\n\t\t<div class=\"grve-team grve-element\" style=\"\">\r\n\t\t\t<figure class=\"grve-image-hover grve-style-1 grve-zoom-in\">\r\n\t\t\t\t<div class=\"grve-team-person grve-media grve-dark-overlay grve-opacity-60\">\r\n\t\t\t\t\t<img decoding=\"async\" width=\"270\" height=\"270\" src=\"https:\/\/www.weyer-gruppe.com\/wp-content\/uploads\/2019\/07\/martina-kloehn-pr-2022-1.jpg\" class=\"attachment-large size-large\" alt=\"Mitarbeiterfoto\" \/>\t\t\t\t<\/div>\r\n\t\t\t\t<figcaption>\r\n\t\t\t\t\t<div class=\"grve-team-description\">\r\n\t\t\t\t\t\t\t\t\t\t\t\t<h4 class=\"grve-team-name grve-dark grve-h4\">Martina Kl\u00f6hn<\/h4>\r\n\t\t\t\t\t\t\t\t\t\t\t\t<small class=\"grve-team-identity grve-dark\">Probiotec<\/small>\r\n\t\t\t\t\t<\/div>\r\n\t\t\t\t\t\t\t\t\t<\/figcaption>\r\n\t\t\t<\/figure>\r\n\t\t<\/div>\r\n\r\n\t\t[\/vc_column][vc_column width=&#8221;1\/4&#8243; tablet_sm_width=&#8221;1-2&#8243;]\r\n\t\t<div class=\"grve-team grve-element\" style=\"\">\r\n\t\t\t<figure class=\"grve-image-hover grve-style-1 grve-zoom-in\">\r\n\t\t\t\t<div class=\"grve-team-person grve-media grve-dark-overlay grve-opacity-60\">\r\n\t\t\t\t\t<img decoding=\"async\" width=\"300\" height=\"300\" src=\"https:\/\/www.weyer-gruppe.com\/wp-content\/uploads\/2019\/07\/volker-bode-probiotec.jpg\" class=\"attachment-grve-image-small-square size-grve-image-small-square\" alt=\"Foto von Volker Bode der Probiotec\" srcset=\"https:\/\/www.weyer-gruppe.com\/wp-content\/uploads\/2019\/07\/volker-bode-probiotec.jpg 300w, https:\/\/www.weyer-gruppe.com\/wp-content\/uploads\/2019\/07\/volker-bode-probiotec-150x150.jpg 150w, https:\/\/www.weyer-gruppe.com\/wp-content\/uploads\/2019\/07\/volker-bode-probiotec-80x80.jpg 80w\" sizes=\"(max-width: 300px) 100vw, 300px\" \/>\t\t\t\t<\/div>\r\n\t\t\t\t<figcaption>\r\n\t\t\t\t\t<div class=\"grve-team-description\">\r\n\t\t\t\t\t\t\t\t\t\t\t\t<h4 class=\"grve-team-name grve-dark grve-h4\">Volker Bode<\/h4>\r\n\t\t\t\t\t\t\t\t\t\t\t\t<small class=\"grve-team-identity grve-dark\">Probiotec<\/small>\r\n\t\t\t\t\t<\/div>\r\n\t\t\t\t\t\t\t\t\t<\/figcaption>\r\n\t\t\t<\/figure>\r\n\t\t<\/div>\r\n\r\n\t\t[\/vc_column][vc_column width=&#8221;1\/4&#8243; tablet_sm_width=&#8221;1-2&#8243;][\/vc_column][vc_column width=&#8221;1\/4&#8243; tablet_sm_width=&#8221;1-2&#8243;][\/vc_column][\/vc_row][vc_row][vc_column]<div class=\"grve-element grve-hr grve-space-divider\" style=\"\"><\/div>[\/vc_column][\/vc_row]\n<\/div>","protected":false},"excerpt":{"rendered":"<p>[vc_row][vc_column][vc_column_text] Skuteczne zarz\u0105dzanie projektem w zakresie zagospodarowania przestrzennego oznacza r\u00f3wnoleg\u0142e i r\u00f3wnowarto\u015bciowe uwzgl\u0119dnienie wielu czynnik\u00f3w: z jednej strony przestrzeganie koszt\u00f3w i termin\u00f3w; z drugiej \u2013 zapewnienie jako\u015bci koncepcyjnej i konstrukcyjnej. W zwi\u0105zku z t\u0105 rozpi\u0119to\u015bci\u0105 zarz\u0105dzanie projektem zagospodarowania przestrzeni wymaga od samego pocz\u0105tku solidnego planowania strategicznego. Rozumiemy przez to wszechstronn\u0105 analiz\u0119 obecnej sytuacji i identyfikacj\u0119 [&hellip;]<\/p>\n","protected":false},"author":5,"featured_media":0,"parent":23842,"menu_order":0,"comment_status":"closed","ping_status":"closed","template":"","meta":{"footnotes":""},"class_list":["post-23801","page","type-page","status-publish","hentry"],"yoast_head":"<!-- This site is optimized with the Yoast SEO Premium plugin v27.4 (Yoast SEO v27.4) - https:\/\/yoast.com\/product\/yoast-seo-premium-wordpress\/ -->\n<title>Zarz\u0105dzanie projektem rozwoju terenu &#8211; weyer gruppe<\/title>\n<meta name=\"description\" content=\"Grupa weyer wspiera Pa\u0144stwa w zakresie rozwoju urbanistycznego, prawa planistycznego, zagospodarowania przestrzennego, prawa um\u00f3w oraz controllingu w ramach sterowania projektem rozwoju terenu.\" \/>\n<meta name=\"robots\" content=\"noindex, follow\" \/>\n<meta property=\"og:locale\" content=\"pl_PL\" \/>\n<meta property=\"og:type\" content=\"article\" \/>\n<meta property=\"og:title\" content=\"Zarz\u0105dzanie projektem rozwoju terenu\" \/>\n<meta property=\"og:description\" content=\"Grupa weyer wspiera Pa\u0144stwa w zakresie rozwoju urbanistycznego, prawa planistycznego, zagospodarowania przestrzennego, prawa um\u00f3w oraz controllingu w ramach sterowania projektem rozwoju terenu.\" \/>\n<meta property=\"og:url\" content=\"https:\/\/www.weyer-gruppe.com\/pl\/operatorzy-instalacji-i-inwestorzy\/zarzadzanie-projektem-rozwoju-terenu\/\" \/>\n<meta property=\"og:site_name\" content=\"weyer gruppe\" \/>\n<meta property=\"article:publisher\" content=\"https:\/\/www.facebook.com\/weyergruppe\" \/>\n<meta property=\"article:modified_time\" content=\"2026-03-23T07:01:50+00:00\" \/>\n<meta name=\"twitter:card\" content=\"summary_large_image\" \/>\n<meta name=\"twitter:label1\" content=\"Szacowany czas czytania\" \/>\n\t<meta name=\"twitter:data1\" content=\"3 minuty\" \/>\n<script type=\"application\/ld+json\" class=\"yoast-schema-graph\">{\"@context\":\"https:\\\/\\\/schema.org\",\"@graph\":[{\"@type\":\"WebPage\",\"@id\":\"https:\\\/\\\/www.weyer-gruppe.com\\\/pl\\\/operatorzy-instalacji-i-inwestorzy\\\/zarzadzanie-projektem-rozwoju-terenu\\\/\",\"url\":\"https:\\\/\\\/www.weyer-gruppe.com\\\/pl\\\/operatorzy-instalacji-i-inwestorzy\\\/zarzadzanie-projektem-rozwoju-terenu\\\/\",\"name\":\"Zarz\u0105dzanie projektem rozwoju terenu &#8211; weyer gruppe\",\"isPartOf\":{\"@id\":\"https:\\\/\\\/www.weyer-gruppe.com\\\/pl\\\/#website\"},\"datePublished\":\"2019-08-05T07:38:48+00:00\",\"dateModified\":\"2026-03-23T07:01:50+00:00\",\"description\":\"Grupa weyer wspiera Pa\u0144stwa w zakresie rozwoju urbanistycznego, prawa planistycznego, zagospodarowania przestrzennego, prawa um\u00f3w oraz controllingu w ramach sterowania projektem rozwoju terenu.\",\"breadcrumb\":{\"@id\":\"https:\\\/\\\/www.weyer-gruppe.com\\\/pl\\\/operatorzy-instalacji-i-inwestorzy\\\/zarzadzanie-projektem-rozwoju-terenu\\\/#breadcrumb\"},\"inLanguage\":\"pl-PL\",\"potentialAction\":[{\"@type\":\"ReadAction\",\"target\":[\"https:\\\/\\\/www.weyer-gruppe.com\\\/pl\\\/operatorzy-instalacji-i-inwestorzy\\\/zarzadzanie-projektem-rozwoju-terenu\\\/\"]}]},{\"@type\":\"BreadcrumbList\",\"@id\":\"https:\\\/\\\/www.weyer-gruppe.com\\\/pl\\\/operatorzy-instalacji-i-inwestorzy\\\/zarzadzanie-projektem-rozwoju-terenu\\\/#breadcrumb\",\"itemListElement\":[{\"@type\":\"ListItem\",\"position\":1,\"name\":\"HOME\",\"item\":\"https:\\\/\\\/www.weyer-gruppe.com\\\/pl\\\/\"},{\"@type\":\"ListItem\",\"position\":2,\"name\":\"Operatorzy instalacji i inwestorzy\",\"item\":\"https:\\\/\\\/www.weyer-gruppe.com\\\/pl\\\/operatorzy-instalacji-i-inwestorzy\\\/\"},{\"@type\":\"ListItem\",\"position\":3,\"name\":\"Zarz\u0105dzanie projektem rozwoju terenu\"}]},{\"@type\":\"WebSite\",\"@id\":\"https:\\\/\\\/www.weyer-gruppe.com\\\/pl\\\/#website\",\"url\":\"https:\\\/\\\/www.weyer-gruppe.com\\\/pl\\\/\",\"name\":\"weyer gruppe\",\"description\":\"komplett. durchdacht.\",\"publisher\":{\"@id\":\"https:\\\/\\\/www.weyer-gruppe.com\\\/pl\\\/#organization\"},\"potentialAction\":[{\"@type\":\"SearchAction\",\"target\":{\"@type\":\"EntryPoint\",\"urlTemplate\":\"https:\\\/\\\/www.weyer-gruppe.com\\\/pl\\\/?s={search_term_string}\"},\"query-input\":{\"@type\":\"PropertyValueSpecification\",\"valueRequired\":true,\"valueName\":\"search_term_string\"}}],\"inLanguage\":\"pl-PL\"},{\"@type\":\"Organization\",\"@id\":\"https:\\\/\\\/www.weyer-gruppe.com\\\/pl\\\/#organization\",\"name\":\"weyer gruppe\",\"url\":\"https:\\\/\\\/www.weyer-gruppe.com\\\/pl\\\/\",\"logo\":{\"@type\":\"ImageObject\",\"inLanguage\":\"pl-PL\",\"@id\":\"https:\\\/\\\/www.weyer-gruppe.com\\\/pl\\\/#\\\/schema\\\/logo\\\/image\\\/\",\"url\":\"https:\\\/\\\/www.weyer-gruppe.com\\\/wp-content\\\/uploads\\\/2019\\\/07\\\/logo-weyer-gruppe-de.png\",\"contentUrl\":\"https:\\\/\\\/www.weyer-gruppe.com\\\/wp-content\\\/uploads\\\/2019\\\/07\\\/logo-weyer-gruppe-de.png\",\"width\":532,\"height\":513,\"caption\":\"weyer gruppe\"},\"image\":{\"@id\":\"https:\\\/\\\/www.weyer-gruppe.com\\\/pl\\\/#\\\/schema\\\/logo\\\/image\\\/\"},\"sameAs\":[\"https:\\\/\\\/www.facebook.com\\\/weyergruppe\",\"https:\\\/\\\/de.linkedin.com\\\/company\\\/weyer-gruppe\",\"https:\\\/\\\/www.youtube.com\\\/channel\\\/UCmZItECuW56Ih_p501_Bq8A\"],\"description\":\"Die weyer gruppe ist seit 1976 Ihr Partner f\u00fcr verfahrenstechnische Anlagenplanung und Anlagensicherheit. Mit einem erfahrenen Team von \u00fcber 190 Mitarbeitern in Deutschland, \u00d6sterreich, Polen und der Schweiz realisieren wir j\u00e4hrlich \u00fcber 1.000 Kundenprojekte. Unsere Expertise erstreckt sich \u00fcber verschiedene Branchen wie Chemie, Pharma, Mineral\u00f6l sowie Ver- und Entsorgung. Vertrauen Sie auf die weyer Gruppe f\u00fcr ma\u00dfgeschneiderte Engineering- und Consulting-L\u00f6sungen, die Ihre Anforderungen in puncto Sicherheit und Effizienz erf\u00fcllen.\",\"email\":\"info@weyer-gruppe.com\",\"telephone\":\"+49 (0) 24 21 \u2013 69 09 1 \u2013 0\",\"numberOfEmployees\":{\"@type\":\"QuantitativeValue\",\"minValue\":\"51\",\"maxValue\":\"200\"}}]}<\/script>\n<!-- \/ Yoast SEO Premium plugin. -->","yoast_head_json":{"title":"Zarz\u0105dzanie projektem rozwoju terenu &#8211; weyer gruppe","description":"Grupa weyer wspiera Pa\u0144stwa w zakresie rozwoju urbanistycznego, prawa planistycznego, zagospodarowania przestrzennego, prawa um\u00f3w oraz controllingu w ramach sterowania projektem rozwoju terenu.","robots":{"index":"noindex","follow":"follow"},"og_locale":"pl_PL","og_type":"article","og_title":"Zarz\u0105dzanie projektem rozwoju terenu","og_description":"Grupa weyer wspiera Pa\u0144stwa w zakresie rozwoju urbanistycznego, prawa planistycznego, zagospodarowania przestrzennego, prawa um\u00f3w oraz controllingu w ramach sterowania projektem rozwoju terenu.","og_url":"https:\/\/www.weyer-gruppe.com\/pl\/operatorzy-instalacji-i-inwestorzy\/zarzadzanie-projektem-rozwoju-terenu\/","og_site_name":"weyer gruppe","article_publisher":"https:\/\/www.facebook.com\/weyergruppe","article_modified_time":"2026-03-23T07:01:50+00:00","twitter_card":"summary_large_image","twitter_misc":{"Szacowany czas czytania":"3 minuty"},"schema":{"@context":"https:\/\/schema.org","@graph":[{"@type":"WebPage","@id":"https:\/\/www.weyer-gruppe.com\/pl\/operatorzy-instalacji-i-inwestorzy\/zarzadzanie-projektem-rozwoju-terenu\/","url":"https:\/\/www.weyer-gruppe.com\/pl\/operatorzy-instalacji-i-inwestorzy\/zarzadzanie-projektem-rozwoju-terenu\/","name":"Zarz\u0105dzanie projektem rozwoju terenu &#8211; weyer gruppe","isPartOf":{"@id":"https:\/\/www.weyer-gruppe.com\/pl\/#website"},"datePublished":"2019-08-05T07:38:48+00:00","dateModified":"2026-03-23T07:01:50+00:00","description":"Grupa weyer wspiera Pa\u0144stwa w zakresie rozwoju urbanistycznego, prawa planistycznego, zagospodarowania przestrzennego, prawa um\u00f3w oraz controllingu w ramach sterowania projektem rozwoju terenu.","breadcrumb":{"@id":"https:\/\/www.weyer-gruppe.com\/pl\/operatorzy-instalacji-i-inwestorzy\/zarzadzanie-projektem-rozwoju-terenu\/#breadcrumb"},"inLanguage":"pl-PL","potentialAction":[{"@type":"ReadAction","target":["https:\/\/www.weyer-gruppe.com\/pl\/operatorzy-instalacji-i-inwestorzy\/zarzadzanie-projektem-rozwoju-terenu\/"]}]},{"@type":"BreadcrumbList","@id":"https:\/\/www.weyer-gruppe.com\/pl\/operatorzy-instalacji-i-inwestorzy\/zarzadzanie-projektem-rozwoju-terenu\/#breadcrumb","itemListElement":[{"@type":"ListItem","position":1,"name":"HOME","item":"https:\/\/www.weyer-gruppe.com\/pl\/"},{"@type":"ListItem","position":2,"name":"Operatorzy instalacji i inwestorzy","item":"https:\/\/www.weyer-gruppe.com\/pl\/operatorzy-instalacji-i-inwestorzy\/"},{"@type":"ListItem","position":3,"name":"Zarz\u0105dzanie projektem rozwoju terenu"}]},{"@type":"WebSite","@id":"https:\/\/www.weyer-gruppe.com\/pl\/#website","url":"https:\/\/www.weyer-gruppe.com\/pl\/","name":"weyer gruppe","description":"komplett. durchdacht.","publisher":{"@id":"https:\/\/www.weyer-gruppe.com\/pl\/#organization"},"potentialAction":[{"@type":"SearchAction","target":{"@type":"EntryPoint","urlTemplate":"https:\/\/www.weyer-gruppe.com\/pl\/?s={search_term_string}"},"query-input":{"@type":"PropertyValueSpecification","valueRequired":true,"valueName":"search_term_string"}}],"inLanguage":"pl-PL"},{"@type":"Organization","@id":"https:\/\/www.weyer-gruppe.com\/pl\/#organization","name":"weyer gruppe","url":"https:\/\/www.weyer-gruppe.com\/pl\/","logo":{"@type":"ImageObject","inLanguage":"pl-PL","@id":"https:\/\/www.weyer-gruppe.com\/pl\/#\/schema\/logo\/image\/","url":"https:\/\/www.weyer-gruppe.com\/wp-content\/uploads\/2019\/07\/logo-weyer-gruppe-de.png","contentUrl":"https:\/\/www.weyer-gruppe.com\/wp-content\/uploads\/2019\/07\/logo-weyer-gruppe-de.png","width":532,"height":513,"caption":"weyer gruppe"},"image":{"@id":"https:\/\/www.weyer-gruppe.com\/pl\/#\/schema\/logo\/image\/"},"sameAs":["https:\/\/www.facebook.com\/weyergruppe","https:\/\/de.linkedin.com\/company\/weyer-gruppe","https:\/\/www.youtube.com\/channel\/UCmZItECuW56Ih_p501_Bq8A"],"description":"Die weyer gruppe ist seit 1976 Ihr Partner f\u00fcr verfahrenstechnische Anlagenplanung und Anlagensicherheit. Mit einem erfahrenen Team von \u00fcber 190 Mitarbeitern in Deutschland, \u00d6sterreich, Polen und der Schweiz realisieren wir j\u00e4hrlich \u00fcber 1.000 Kundenprojekte. Unsere Expertise erstreckt sich \u00fcber verschiedene Branchen wie Chemie, Pharma, Mineral\u00f6l sowie Ver- und Entsorgung. Vertrauen Sie auf die weyer Gruppe f\u00fcr ma\u00dfgeschneiderte Engineering- und Consulting-L\u00f6sungen, die Ihre Anforderungen in puncto Sicherheit und Effizienz erf\u00fcllen.","email":"info@weyer-gruppe.com","telephone":"+49 (0) 24 21 \u2013 69 09 1 \u2013 0","numberOfEmployees":{"@type":"QuantitativeValue","minValue":"51","maxValue":"200"}}]}},"_links":{"self":[{"href":"https:\/\/www.weyer-gruppe.com\/pl\/wp-json\/wp\/v2\/pages\/23801","targetHints":{"allow":["GET"]}}],"collection":[{"href":"https:\/\/www.weyer-gruppe.com\/pl\/wp-json\/wp\/v2\/pages"}],"about":[{"href":"https:\/\/www.weyer-gruppe.com\/pl\/wp-json\/wp\/v2\/types\/page"}],"author":[{"embeddable":true,"href":"https:\/\/www.weyer-gruppe.com\/pl\/wp-json\/wp\/v2\/users\/5"}],"replies":[{"embeddable":true,"href":"https:\/\/www.weyer-gruppe.com\/pl\/wp-json\/wp\/v2\/comments?post=23801"}],"version-history":[{"count":2,"href":"https:\/\/www.weyer-gruppe.com\/pl\/wp-json\/wp\/v2\/pages\/23801\/revisions"}],"predecessor-version":[{"id":238072,"href":"https:\/\/www.weyer-gruppe.com\/pl\/wp-json\/wp\/v2\/pages\/23801\/revisions\/238072"}],"up":[{"embeddable":true,"href":"https:\/\/www.weyer-gruppe.com\/pl\/wp-json\/wp\/v2\/pages\/23842"}],"wp:attachment":[{"href":"https:\/\/www.weyer-gruppe.com\/pl\/wp-json\/wp\/v2\/media?parent=23801"}],"curies":[{"name":"wp","href":"https:\/\/api.w.org\/{rel}","templated":true}]}}