{"id":23748,"date":"2019-12-17T11:27:13","date_gmt":"2019-12-17T10:27:13","guid":{"rendered":"https:\/\/www.weyer-gruppe.com\/zintegrowane-koncepcje-rozwoju-2\/"},"modified":"2026-03-23T09:00:19","modified_gmt":"2026-03-23T08:00:19","slug":"zintegrowane-koncepcje-rozwoju-2","status":"publish","type":"page","link":"https:\/\/www.weyer-gruppe.com\/pl\/sektor-publiczny\/zintegrowane-koncepcje-rozwoju-2\/","title":{"rendered":"Zintegrowane koncepcje rozwoju"},"content":{"rendered":"<div class=\"wpb-content-wrapper\">[vc_row][vc_column][vc_column_text]\n<p class=\"entry-title\">Czy to DIEK, IKEK, czy ISEK: wszystkie z nich od lat maj\u0105 ugruntowan\u0105 pozycj\u0119 w dziedzinie rozwoju obszar\u00f3w miejskich i planowania przestrzennego. Ich wsp\u00f3lny mianownik to zintegrowane koncepcje rozwoju, kt\u00f3re dotycz\u0105 albo gminnych obszar\u00f3w, dzielnic, osiedli, albo miasta lub gminy jako ca\u0142o\u015bci. Celem zintegrowanych koncepcji rozwojowych jest okre\u015blenie trwa\u0142ych perspektyw i mo\u017cliwych do osi\u0105gni\u0119cia cel\u00f3w dla miast i gmin oraz prze\u0142o\u017cenie ich na praktyczne pola dzia\u0142ania i \u015brodki. Nasze kompleksowe analizy bior\u0105 pod uwag\u0119 szczeg\u00f3lne talenty i mo\u017cliwo\u015bci, ale tak\u017ce ograniczenia i restrykcje poszczeg\u00f3lnych obszar\u00f3w rozwoju. Na tej podstawie opracowujemy wzorce, koncepcje i strategie realizacji. W \u015bcis\u0142ej wsp\u00f3\u0142pracy z gminami, ich mieszka\u0144cami i innymi uczestnikami projektu okre\u015blamy mo\u017cliwo\u015bci rozwoju, planujemy projekty i towarzyszymy ich realizacji.<\/p>\n[\/vc_column_text][\/vc_column][\/vc_row][vc_row][vc_column][vc_column_text]\n<h2>Us\u0142ugi<\/h2>\n<ul class=\"arrow-gray\">\n<li class=\"first-child\">Inwentaryzacja i analiza bie\u017c\u0105cej sytuacji<\/li>\n<li>Organizacja i wdra\u017canie dostosowanych do potrzeb procedur uczestnictwa<\/li>\n<li>Tworzenie i kontrola struktur komunikacyjnych<\/li>\n<li>Opracowanie wzorca i wytycznych<\/li>\n<li>Opracowanie strategii rozwi\u0105za\u0144 przestrzennych, strukturalnych i spo\u0142ecznych<\/li>\n<li>Przygotowanie zintegrowanej koncepcji rozwoju obejmuj\u0105cej opracowanie obszar\u00f3w planowania specjalizacji<\/li>\n<li class=\"last-child\">Realizacja prac towarzysz\u0105cych zwi\u0105zanych z pras\u0105 i public relations<\/li>\n<\/ul>\n[\/vc_column_text][\/vc_column][\/vc_row][vc_row bg_type=&#8221;color&#8221; bg_color=&#8221;#0b3c80&#8243;][vc_column]<div class=\"grve-element grve-hr grve-space-divider\" style=\"\"><\/div><div class=\"grve-element grve-image-text\" style=\"\">  <div class=\"grve-content grve-align-right\">    <h6>weyer spezial: Rozw\u00f3j obszar\u00f3w miejskich i urbanistyka<\/h6>  <p> <span style=\"color: #ffffff;\">Podstawowe warunki i przes\u0142anki s\u0105 zawsze r\u00f3\u017cne w ka\u017cdej gminie i w ka\u017cdej dzielnicy, dlatego te\u017c musz\u0105 by\u0107 zawsze rozpatrywane indywidualnie i w ich wzajemnych relacjach. I to jest to, o co nam chodzi! Skuteczne doradztwo w zakresie rozwoju obszar\u00f3w miejskich oznacza pokazywanie niezawodnych i elastycznych rozwi\u0105za\u0144 r\u00f3\u017cnorodnych problem\u00f3w, a tym samym metodyczn\u0105 i praktyczn\u0105 prac\u0119 z jednego \u017ar\u00f3d\u0142a. Zgodnie z t\u0105 filozofi\u0105 oferujemy wraz z naszym interdyscyplinarnym zespo\u0142em urbanist\u00f3w, architekt\u00f3w, architekt\u00f3w&#8230;<\/span><\/p>    <a href=\"https:\/\/www.weyer-gruppe.com\/wp-content\/uploads\/2019\/07\/weyer-spezial-stadtentwicklung-stadtplanung-0416.pdf\" target=\"_blank\" class=\"grve-read-more \">Pobierz weyer spezial tutaj<\/a>  <\/div><div class=\"grve-image\"><img decoding=\"async\" width=\"250\" height=\"354\" src=\"https:\/\/www.weyer-gruppe.com\/wp-content\/uploads\/2019\/07\/weyer-spezial-weyer-gruppe-stadtentwicklung-stadtplanung.jpg\" class=\"attachment-full size-full\" alt=\"weyer spezial zum Thema Stadtentwicklung und Stadtplanung\" srcset=\"\" \/><\/div><\/div><div class=\"grve-element grve-hr grve-space-divider\" style=\"\"><\/div>[\/vc_column][\/vc_row][vc_row][vc_column]<div class=\"grve-element grve-hr grve-space-divider\" style=\"\"><\/div>[vc_column_text]\n<h3>Nasz zesp\u00f3\u0142<\/h3>\n[\/vc_column_text][\/vc_column][\/vc_row][vc_row][vc_column width=&#8221;1\/4&#8243; tablet_sm_width=&#8221;1-2&#8243;]\r\n\t\t<div class=\"grve-team grve-element\" style=\"\">\r\n\t\t\t<figure class=\"grve-image-hover grve-style-1 grve-zoom-in\">\r\n\t\t\t\t<div class=\"grve-team-person grve-media grve-dark-overlay grve-opacity-60\">\r\n\t\t\t\t\t<img decoding=\"async\" width=\"270\" height=\"270\" src=\"https:\/\/www.weyer-gruppe.com\/wp-content\/uploads\/2019\/07\/martina-kloehn-pr-2022-1.jpg\" class=\"attachment-large size-large\" alt=\"Mitarbeiterfoto\" \/>\t\t\t\t<\/div>\r\n\t\t\t\t<figcaption>\r\n\t\t\t\t\t<div class=\"grve-team-description\">\r\n\t\t\t\t\t\t\t\t\t\t\t\t<h4 class=\"grve-team-name grve-dark grve-h4\">Martina Kl\u00f6hn<\/h4>\r\n\t\t\t\t\t\t\t\t\t\t\t\t<small class=\"grve-team-identity grve-dark\">Probiotec<\/small>\r\n\t\t\t\t\t<\/div>\r\n\t\t\t\t\t\t\t\t\t<\/figcaption>\r\n\t\t\t<\/figure>\r\n\t\t<\/div>\r\n\r\n\t\t[\/vc_column][vc_column width=&#8221;1\/4&#8243; tablet_sm_width=&#8221;1-2&#8243;][\/vc_column][vc_column width=&#8221;1\/4&#8243; tablet_sm_width=&#8221;1-2&#8243;][\/vc_column][vc_column width=&#8221;1\/4&#8243; tablet_sm_width=&#8221;1-2&#8243;][\/vc_column][\/vc_row]\n<\/div>","protected":false},"excerpt":{"rendered":"<p>[vc_row][vc_column][vc_column_text] Czy to DIEK, IKEK, czy ISEK: wszystkie z nich od lat maj\u0105 ugruntowan\u0105 pozycj\u0119 w dziedzinie rozwoju obszar\u00f3w miejskich i planowania przestrzennego. Ich wsp\u00f3lny mianownik to zintegrowane koncepcje rozwoju, kt\u00f3re dotycz\u0105 albo gminnych obszar\u00f3w, dzielnic, osiedli, albo miasta lub gminy jako ca\u0142o\u015bci. Celem zintegrowanych koncepcji rozwojowych jest okre\u015blenie trwa\u0142ych perspektyw i mo\u017cliwych do osi\u0105gni\u0119cia [&hellip;]<\/p>\n","protected":false},"author":5,"featured_media":0,"parent":23973,"menu_order":0,"comment_status":"closed","ping_status":"closed","template":"","meta":{"footnotes":""},"class_list":["post-23748","page","type-page","status-publish","hentry"],"yoast_head":"<!-- This site is optimized with the Yoast SEO Premium plugin v27.4 (Yoast SEO v27.4) - https:\/\/yoast.com\/product\/yoast-seo-premium-wordpress\/ -->\n<title>Zintegrowane koncepcje rozwoju w urbanistyce \u2013 grupa weyer<\/title>\n<meta name=\"description\" content=\"Zintegrowane koncepcje rozwoju s\u0105 centralnym punktem rozwoju miast i planowania urbanistycznego. Grupa weyer s\u0142u\u017cy porad\u0105.\" \/>\n<meta name=\"robots\" content=\"index, follow, max-snippet:-1, max-image-preview:large, max-video-preview:-1\" \/>\n<link rel=\"canonical\" href=\"https:\/\/www.weyer-gruppe.com\/pl\/sektor-publiczny\/zintegrowane-koncepcje-rozwoju-2\/\" \/>\n<meta property=\"og:locale\" content=\"pl_PL\" \/>\n<meta property=\"og:type\" content=\"article\" \/>\n<meta property=\"og:title\" content=\"Zintegrowane koncepcje rozwoju\" \/>\n<meta property=\"og:description\" content=\"Zintegrowane koncepcje rozwoju s\u0105 centralnym punktem rozwoju miast i planowania urbanistycznego. Grupa weyer s\u0142u\u017cy porad\u0105.\" \/>\n<meta property=\"og:url\" content=\"https:\/\/www.weyer-gruppe.com\/pl\/sektor-publiczny\/zintegrowane-koncepcje-rozwoju-2\/\" \/>\n<meta property=\"og:site_name\" content=\"weyer gruppe\" \/>\n<meta property=\"article:publisher\" content=\"https:\/\/www.facebook.com\/weyergruppe\" \/>\n<meta property=\"article:modified_time\" content=\"2026-03-23T08:00:19+00:00\" \/>\n<meta name=\"twitter:card\" content=\"summary_large_image\" \/>\n<meta name=\"twitter:label1\" content=\"Szacowany czas czytania\" \/>\n\t<meta name=\"twitter:data1\" content=\"2 minuty\" \/>\n<script type=\"application\/ld+json\" class=\"yoast-schema-graph\">{\"@context\":\"https:\\\/\\\/schema.org\",\"@graph\":[{\"@type\":\"WebPage\",\"@id\":\"https:\\\/\\\/www.weyer-gruppe.com\\\/pl\\\/sektor-publiczny\\\/zintegrowane-koncepcje-rozwoju-2\\\/\",\"url\":\"https:\\\/\\\/www.weyer-gruppe.com\\\/pl\\\/sektor-publiczny\\\/zintegrowane-koncepcje-rozwoju-2\\\/\",\"name\":\"Zintegrowane koncepcje rozwoju w urbanistyce \u2013 grupa weyer\",\"isPartOf\":{\"@id\":\"https:\\\/\\\/www.weyer-gruppe.com\\\/pl\\\/#website\"},\"datePublished\":\"2019-12-17T10:27:13+00:00\",\"dateModified\":\"2026-03-23T08:00:19+00:00\",\"description\":\"Zintegrowane koncepcje rozwoju s\u0105 centralnym punktem rozwoju miast i planowania urbanistycznego. Grupa weyer s\u0142u\u017cy porad\u0105.\",\"breadcrumb\":{\"@id\":\"https:\\\/\\\/www.weyer-gruppe.com\\\/pl\\\/sektor-publiczny\\\/zintegrowane-koncepcje-rozwoju-2\\\/#breadcrumb\"},\"inLanguage\":\"pl-PL\",\"potentialAction\":[{\"@type\":\"ReadAction\",\"target\":[\"https:\\\/\\\/www.weyer-gruppe.com\\\/pl\\\/sektor-publiczny\\\/zintegrowane-koncepcje-rozwoju-2\\\/\"]}]},{\"@type\":\"BreadcrumbList\",\"@id\":\"https:\\\/\\\/www.weyer-gruppe.com\\\/pl\\\/sektor-publiczny\\\/zintegrowane-koncepcje-rozwoju-2\\\/#breadcrumb\",\"itemListElement\":[{\"@type\":\"ListItem\",\"position\":1,\"name\":\"HOME\",\"item\":\"https:\\\/\\\/www.weyer-gruppe.com\\\/pl\\\/\"},{\"@type\":\"ListItem\",\"position\":2,\"name\":\"Sektor publiczny\",\"item\":\"https:\\\/\\\/www.weyer-gruppe.com\\\/pl\\\/sektor-publiczny\\\/\"},{\"@type\":\"ListItem\",\"position\":3,\"name\":\"Zintegrowane koncepcje rozwoju\"}]},{\"@type\":\"WebSite\",\"@id\":\"https:\\\/\\\/www.weyer-gruppe.com\\\/pl\\\/#website\",\"url\":\"https:\\\/\\\/www.weyer-gruppe.com\\\/pl\\\/\",\"name\":\"weyer gruppe\",\"description\":\"komplett. durchdacht.\",\"publisher\":{\"@id\":\"https:\\\/\\\/www.weyer-gruppe.com\\\/pl\\\/#organization\"},\"potentialAction\":[{\"@type\":\"SearchAction\",\"target\":{\"@type\":\"EntryPoint\",\"urlTemplate\":\"https:\\\/\\\/www.weyer-gruppe.com\\\/pl\\\/?s={search_term_string}\"},\"query-input\":{\"@type\":\"PropertyValueSpecification\",\"valueRequired\":true,\"valueName\":\"search_term_string\"}}],\"inLanguage\":\"pl-PL\"},{\"@type\":\"Organization\",\"@id\":\"https:\\\/\\\/www.weyer-gruppe.com\\\/pl\\\/#organization\",\"name\":\"weyer gruppe\",\"url\":\"https:\\\/\\\/www.weyer-gruppe.com\\\/pl\\\/\",\"logo\":{\"@type\":\"ImageObject\",\"inLanguage\":\"pl-PL\",\"@id\":\"https:\\\/\\\/www.weyer-gruppe.com\\\/pl\\\/#\\\/schema\\\/logo\\\/image\\\/\",\"url\":\"https:\\\/\\\/www.weyer-gruppe.com\\\/wp-content\\\/uploads\\\/2019\\\/07\\\/logo-weyer-gruppe-de.png\",\"contentUrl\":\"https:\\\/\\\/www.weyer-gruppe.com\\\/wp-content\\\/uploads\\\/2019\\\/07\\\/logo-weyer-gruppe-de.png\",\"width\":532,\"height\":513,\"caption\":\"weyer gruppe\"},\"image\":{\"@id\":\"https:\\\/\\\/www.weyer-gruppe.com\\\/pl\\\/#\\\/schema\\\/logo\\\/image\\\/\"},\"sameAs\":[\"https:\\\/\\\/www.facebook.com\\\/weyergruppe\",\"https:\\\/\\\/de.linkedin.com\\\/company\\\/weyer-gruppe\",\"https:\\\/\\\/www.youtube.com\\\/channel\\\/UCmZItECuW56Ih_p501_Bq8A\"],\"description\":\"Die weyer gruppe ist seit 1976 Ihr Partner f\u00fcr verfahrenstechnische Anlagenplanung und Anlagensicherheit. Mit einem erfahrenen Team von \u00fcber 190 Mitarbeitern in Deutschland, \u00d6sterreich, Polen und der Schweiz realisieren wir j\u00e4hrlich \u00fcber 1.000 Kundenprojekte. Unsere Expertise erstreckt sich \u00fcber verschiedene Branchen wie Chemie, Pharma, Mineral\u00f6l sowie Ver- und Entsorgung. Vertrauen Sie auf die weyer Gruppe f\u00fcr ma\u00dfgeschneiderte Engineering- und Consulting-L\u00f6sungen, die Ihre Anforderungen in puncto Sicherheit und Effizienz erf\u00fcllen.\",\"email\":\"info@weyer-gruppe.com\",\"telephone\":\"+49 (0) 24 21 \u2013 69 09 1 \u2013 0\",\"numberOfEmployees\":{\"@type\":\"QuantitativeValue\",\"minValue\":\"51\",\"maxValue\":\"200\"}}]}<\/script>\n<!-- \/ Yoast SEO Premium plugin. -->","yoast_head_json":{"title":"Zintegrowane koncepcje rozwoju w urbanistyce \u2013 grupa weyer","description":"Zintegrowane koncepcje rozwoju s\u0105 centralnym punktem rozwoju miast i planowania urbanistycznego. Grupa weyer s\u0142u\u017cy porad\u0105.","robots":{"index":"index","follow":"follow","max-snippet":"max-snippet:-1","max-image-preview":"max-image-preview:large","max-video-preview":"max-video-preview:-1"},"canonical":"https:\/\/www.weyer-gruppe.com\/pl\/sektor-publiczny\/zintegrowane-koncepcje-rozwoju-2\/","og_locale":"pl_PL","og_type":"article","og_title":"Zintegrowane koncepcje rozwoju","og_description":"Zintegrowane koncepcje rozwoju s\u0105 centralnym punktem rozwoju miast i planowania urbanistycznego. Grupa weyer s\u0142u\u017cy porad\u0105.","og_url":"https:\/\/www.weyer-gruppe.com\/pl\/sektor-publiczny\/zintegrowane-koncepcje-rozwoju-2\/","og_site_name":"weyer gruppe","article_publisher":"https:\/\/www.facebook.com\/weyergruppe","article_modified_time":"2026-03-23T08:00:19+00:00","twitter_card":"summary_large_image","twitter_misc":{"Szacowany czas czytania":"2 minuty"},"schema":{"@context":"https:\/\/schema.org","@graph":[{"@type":"WebPage","@id":"https:\/\/www.weyer-gruppe.com\/pl\/sektor-publiczny\/zintegrowane-koncepcje-rozwoju-2\/","url":"https:\/\/www.weyer-gruppe.com\/pl\/sektor-publiczny\/zintegrowane-koncepcje-rozwoju-2\/","name":"Zintegrowane koncepcje rozwoju w urbanistyce \u2013 grupa weyer","isPartOf":{"@id":"https:\/\/www.weyer-gruppe.com\/pl\/#website"},"datePublished":"2019-12-17T10:27:13+00:00","dateModified":"2026-03-23T08:00:19+00:00","description":"Zintegrowane koncepcje rozwoju s\u0105 centralnym punktem rozwoju miast i planowania urbanistycznego. Grupa weyer s\u0142u\u017cy porad\u0105.","breadcrumb":{"@id":"https:\/\/www.weyer-gruppe.com\/pl\/sektor-publiczny\/zintegrowane-koncepcje-rozwoju-2\/#breadcrumb"},"inLanguage":"pl-PL","potentialAction":[{"@type":"ReadAction","target":["https:\/\/www.weyer-gruppe.com\/pl\/sektor-publiczny\/zintegrowane-koncepcje-rozwoju-2\/"]}]},{"@type":"BreadcrumbList","@id":"https:\/\/www.weyer-gruppe.com\/pl\/sektor-publiczny\/zintegrowane-koncepcje-rozwoju-2\/#breadcrumb","itemListElement":[{"@type":"ListItem","position":1,"name":"HOME","item":"https:\/\/www.weyer-gruppe.com\/pl\/"},{"@type":"ListItem","position":2,"name":"Sektor publiczny","item":"https:\/\/www.weyer-gruppe.com\/pl\/sektor-publiczny\/"},{"@type":"ListItem","position":3,"name":"Zintegrowane koncepcje rozwoju"}]},{"@type":"WebSite","@id":"https:\/\/www.weyer-gruppe.com\/pl\/#website","url":"https:\/\/www.weyer-gruppe.com\/pl\/","name":"weyer gruppe","description":"komplett. durchdacht.","publisher":{"@id":"https:\/\/www.weyer-gruppe.com\/pl\/#organization"},"potentialAction":[{"@type":"SearchAction","target":{"@type":"EntryPoint","urlTemplate":"https:\/\/www.weyer-gruppe.com\/pl\/?s={search_term_string}"},"query-input":{"@type":"PropertyValueSpecification","valueRequired":true,"valueName":"search_term_string"}}],"inLanguage":"pl-PL"},{"@type":"Organization","@id":"https:\/\/www.weyer-gruppe.com\/pl\/#organization","name":"weyer gruppe","url":"https:\/\/www.weyer-gruppe.com\/pl\/","logo":{"@type":"ImageObject","inLanguage":"pl-PL","@id":"https:\/\/www.weyer-gruppe.com\/pl\/#\/schema\/logo\/image\/","url":"https:\/\/www.weyer-gruppe.com\/wp-content\/uploads\/2019\/07\/logo-weyer-gruppe-de.png","contentUrl":"https:\/\/www.weyer-gruppe.com\/wp-content\/uploads\/2019\/07\/logo-weyer-gruppe-de.png","width":532,"height":513,"caption":"weyer gruppe"},"image":{"@id":"https:\/\/www.weyer-gruppe.com\/pl\/#\/schema\/logo\/image\/"},"sameAs":["https:\/\/www.facebook.com\/weyergruppe","https:\/\/de.linkedin.com\/company\/weyer-gruppe","https:\/\/www.youtube.com\/channel\/UCmZItECuW56Ih_p501_Bq8A"],"description":"Die weyer gruppe ist seit 1976 Ihr Partner f\u00fcr verfahrenstechnische Anlagenplanung und Anlagensicherheit. Mit einem erfahrenen Team von \u00fcber 190 Mitarbeitern in Deutschland, \u00d6sterreich, Polen und der Schweiz realisieren wir j\u00e4hrlich \u00fcber 1.000 Kundenprojekte. Unsere Expertise erstreckt sich \u00fcber verschiedene Branchen wie Chemie, Pharma, Mineral\u00f6l sowie Ver- und Entsorgung. Vertrauen Sie auf die weyer Gruppe f\u00fcr ma\u00dfgeschneiderte Engineering- und Consulting-L\u00f6sungen, die Ihre Anforderungen in puncto Sicherheit und Effizienz erf\u00fcllen.","email":"info@weyer-gruppe.com","telephone":"+49 (0) 24 21 \u2013 69 09 1 \u2013 0","numberOfEmployees":{"@type":"QuantitativeValue","minValue":"51","maxValue":"200"}}]}},"_links":{"self":[{"href":"https:\/\/www.weyer-gruppe.com\/pl\/wp-json\/wp\/v2\/pages\/23748","targetHints":{"allow":["GET"]}}],"collection":[{"href":"https:\/\/www.weyer-gruppe.com\/pl\/wp-json\/wp\/v2\/pages"}],"about":[{"href":"https:\/\/www.weyer-gruppe.com\/pl\/wp-json\/wp\/v2\/types\/page"}],"author":[{"embeddable":true,"href":"https:\/\/www.weyer-gruppe.com\/pl\/wp-json\/wp\/v2\/users\/5"}],"replies":[{"embeddable":true,"href":"https:\/\/www.weyer-gruppe.com\/pl\/wp-json\/wp\/v2\/comments?post=23748"}],"version-history":[{"count":2,"href":"https:\/\/www.weyer-gruppe.com\/pl\/wp-json\/wp\/v2\/pages\/23748\/revisions"}],"predecessor-version":[{"id":238126,"href":"https:\/\/www.weyer-gruppe.com\/pl\/wp-json\/wp\/v2\/pages\/23748\/revisions\/238126"}],"up":[{"embeddable":true,"href":"https:\/\/www.weyer-gruppe.com\/pl\/wp-json\/wp\/v2\/pages\/23973"}],"wp:attachment":[{"href":"https:\/\/www.weyer-gruppe.com\/pl\/wp-json\/wp\/v2\/media?parent=23748"}],"curies":[{"name":"wp","href":"https:\/\/api.w.org\/{rel}","templated":true}]}}