{"id":23719,"date":"2019-12-17T11:27:12","date_gmt":"2019-12-17T10:27:12","guid":{"rendered":"https:\/\/www.weyer-gruppe.com\/zarzadzanie-informacjami-dla-mieszkancow-aim-2\/"},"modified":"2026-03-23T08:59:01","modified_gmt":"2026-03-23T07:59:01","slug":"zarzadzanie-informacjami-dla-mieszkancow-aim-2","status":"publish","type":"page","link":"https:\/\/www.weyer-gruppe.com\/pl\/sektor-publiczny\/zarzadzanie-informacjami-dla-mieszkancow-aim-2\/","title":{"rendered":"Zarz\u0105dzanie informacjami dla mieszka\u0144c\u00f3w (AIM)"},"content":{"rendered":"<div class=\"wpb-content-wrapper\">[vc_row][vc_column]<h2 class=\"grve-element grve-align-left grve-title-no-line grve-h2\" style=\"\"><span>Zarz\u0105dzanie informacjami dla mieszka\u0144c\u00f3w \u2013 kompaktowy pakiet us\u0142ug dla projekt\u00f3w budowlanych<\/span><\/h2>[vc_column_text]Podczas przygotowywania, planowania i realizacji kompleksowych dzia\u0142a\u0144 budowlanych niezb\u0119dna jest przejrzysta i zrozumia\u0142a komunikacja i public relations \u2013 dzia\u0142 rozwoju miast i urbanistyki oferuje inwestorom publicznym i prywatnym ukierunkowany i zwarty pakiet us\u0142ug dla ich projekt\u00f3w o nazwie Zarz\u0105dzanie Informacjami dla Mieszka\u0144c\u00f3w. Zarz\u0105dzanie Informacjami dla Mieszka\u0144c\u00f3w (AIM) zosta\u0142o ju\u017c z powodzeniem zastosowane przez miasto Frankfurt nad Menem w jego 15-miesi\u0119cznym projekcie rozwojowym \u201eAusbau Deutschherrnufer\u201d. <strong>AIM \u2013 Zarz\u0105dzanie Informacjami dla Mieszka\u0144c\u00f3w<\/strong> oferuje indywidualne i szybkie rozwi\u0105zania w zakresie pomocy kierownikom projekt\u00f3w i innym osobom zaanga\u017cowanym w ramach danego projektu budowlanego. Kompaktowy pakiet us\u0142ug z modu\u0142owymi komponentami us\u0142ugowymi wspiera zar\u00f3wno inwestor\u00f3w publicznych, jak i prywatnych w ich codziennej pracy projektowej.[\/vc_column_text]<div class=\"grve-element grve-hr grve-space-divider\" style=\"\"><\/div>[\/vc_column][\/vc_row][vc_row][vc_column][vc_column_text]\n<h2>Us\u0142ugi<\/h2>\n<div class=\"textLayer\">\n<ul class=\"arrow-gray\">\n<li class=\"first-child\" data-canvas-width=\"267.2435999999999\">Doradztwo strategiczne i koncepcyjne: doradztwo, koncepcja i realizacja pochodz\u0105 z jednej firmy. Odci\u0105\u017ca to Pa\u0144stwa wewn\u0119trzn\u0105 jednostk\u0119 organizacyjn\u0105 i tworzy przejrzysto\u015b\u0107 koszt\u00f3w.<\/li>\n<li data-canvas-width=\"271.60679999999996\">Ukierunkowana i elastyczna komunikacja: informacje o projekcie s\u0105 przygotowywane i przekazywane zgodnie z Pa\u0144stwa \u017cyczeniami i wymaganiami. Zawarto\u015b\u0107 projektu jest prezentowana w spos\u00f3b dostosowany do potrzeb klienta.<\/li>\n<li data-canvas-width=\"296.6484\">Kompleksowy i profesjonalny serwis informacyjny: dzi\u0119ki naszemu wieloletniemu do\u015bwiadczeniu w kontaktach z opini\u0105 publiczn\u0105 mo\u017cemy przygotowa\u0107 tre\u015bci Pa\u0144stwa projektu w zrozumia\u0142y spos\u00f3b i przekaza\u0107 je dalej. Neutralne osoby do kontaktu s\u0105 ogniwem \u0142\u0105cz\u0105cym Pa\u0144stwa z opini\u0105 publiczn\u0105.<\/li>\n<li>Wyznaczenie centralnej osoby do kontaktu dla og\u00f3\u0142u spo\u0142ecze\u0144stwa<\/li>\n<li>Zorientowane na rozwi\u0105zanie przetwarzanie przychodz\u0105cych pyta\u0144, sugestii i krytyki<\/li>\n<li>Dokumentacja dzia\u0142alno\u015bci doradczej<\/li>\n<li>Uczestnictwo w spotkaniach budowlanych<\/li>\n<li class=\"last-child\">Regularne konsultacje z inwestorami, zaanga\u017cowanymi biurami specjalistycznymi i firmami budowlanymi<\/li>\n<\/ul>\n<h2>Pa\u0144stwa korzy\u015bci<\/h2>\n<ul class=\"arrow-gray\">\n<li class=\"first-child\" data-canvas-width=\"412.1796\">Bezpo\u015brednie przetwarzanie pyta\u0144, sugestii i problem\u00f3w, co w d\u0142u\u017cszej perspektywie czasowej odci\u0105\u017cy Pa\u0144stwa procesy robocze i zmotywuje Pa\u0144stwa pracownik\u00f3w<\/li>\n<li class=\"last-child\" data-canvas-width=\"306.5267999999999\">Optymalny przekaz wizerunkowy dla Pa\u0144stwa projektu budowlanego i tym samym lepsza akceptacja Pa\u0144stwa projektu<\/li>\n<\/ul>\n<\/div>\n[\/vc_column_text][\/vc_column][\/vc_row][vc_row][vc_column]<div class=\"grve-element grve-hr grve-space-divider\" style=\"\"><\/div>[\/vc_column][\/vc_row][vc_row bg_type=&#8221;color&#8221; bg_color=&#8221;#0b3c80&#8243;][vc_column css=&#8221;.vc_custom_1564042453400{background-color: #0b3c80 !important;}&#8221;]<div class=\"grve-element grve-hr grve-space-divider\" style=\"\"><\/div><div class=\"grve-element grve-image-text\" style=\"\">  <div class=\"grve-content grve-align-right\">    <h6>Broszura: Zarz\u0105dzanie informacjami dla mieszka\u0144c\u00f3w (AIM)<\/h6>  <p><span style=\"color: #ffffff;\">Dzia\u0142ania budowlane s\u0105 zawsze wyzwaniem dla wszystkich zaanga\u017cowanych stron: w\u0142a\u015bcicieli budynk\u00f3w, zaanga\u017cowanych organ\u00f3w administracji, firm budowlanych, jak r\u00f3wnie\u017c mieszka\u0144c\u00f3w, kt\u00f3rych to dotyczy. Czy to budownictwo, czy in\u017cynieria l\u0105dowa i wodna, czy renowacja lub nowe budownictwo &#8211; s\u0105 to z\u0142o\u017cone projekty z ich indywidualn\u0105 tre\u015bci\u0105, konstrukcj\u0105 i efektami ubocznymi&#8230;<\/span><\/p>    <a href=\"https:\/\/www.weyer-gruppe.com\/wp-content\/uploads\/2023\/04\/AIM-2023.pdf\" target=\"_blank\" class=\"grve-read-more \">Broszura do pobrania tutaj<\/a>  <\/div><div class=\"grve-image\"><img decoding=\"async\" width=\"250\" height=\"176\" src=\"https:\/\/www.weyer-gruppe.com\/wp-content\/uploads\/2019\/08\/broschuere-aim-anwohnerinformationsmanagement.jpg\" class=\"attachment-full size-full\" alt=\"Deckblatt Brosch\u00fcre AIM\" srcset=\"\" \/><\/div><\/div><div class=\"grve-element grve-hr grve-space-divider\" style=\"\"><\/div>[\/vc_column][\/vc_row][vc_row][vc_column]<div class=\"grve-element grve-hr grve-space-divider\" style=\"\"><\/div>[\/vc_column][\/vc_row][vc_row][vc_column][vc_column_text]\n<h3>Nasz zesp\u00f3\u0142<\/h3>\n[\/vc_column_text][\/vc_column][\/vc_row][vc_row][vc_column width=&#8221;1\/4&#8243; tablet_sm_width=&#8221;1-2&#8243;]\r\n\t\t<div class=\"grve-team grve-element\" style=\"\">\r\n\t\t\t<figure class=\"grve-image-hover grve-style-1 grve-zoom-in\">\r\n\t\t\t\t<div class=\"grve-team-person grve-media grve-dark-overlay grve-opacity-60\">\r\n\t\t\t\t\t<img decoding=\"async\" width=\"270\" height=\"270\" src=\"https:\/\/www.weyer-gruppe.com\/wp-content\/uploads\/2019\/07\/martina-kloehn-pr-2022-1.jpg\" class=\"attachment-large size-large\" alt=\"Mitarbeiterfoto\" \/>\t\t\t\t<\/div>\r\n\t\t\t\t<figcaption>\r\n\t\t\t\t\t<div class=\"grve-team-description\">\r\n\t\t\t\t\t\t\t\t\t\t\t\t<h4 class=\"grve-team-name grve-dark grve-h4\">Martina Kl\u00f6hn<\/h4>\r\n\t\t\t\t\t\t\t\t\t\t\t\t<small class=\"grve-team-identity grve-dark\">Probiotec<\/small>\r\n\t\t\t\t\t<\/div>\r\n\t\t\t\t\t\t\t\t\t<\/figcaption>\r\n\t\t\t<\/figure>\r\n\t\t<\/div>\r\n\r\n\t\t[\/vc_column][vc_column width=&#8221;1\/4&#8243; tablet_sm_width=&#8221;1-2&#8243;][\/vc_column][vc_column width=&#8221;1\/4&#8243; tablet_sm_width=&#8221;1-2&#8243;][\/vc_column][vc_column width=&#8221;1\/4&#8243; tablet_sm_width=&#8221;1-2&#8243;][\/vc_column][\/vc_row][vc_row][vc_column]<div class=\"grve-element grve-hr grve-space-divider\" style=\"\"><\/div>[\/vc_column][\/vc_row]\n<\/div>","protected":false},"excerpt":{"rendered":"<p>[vc_row][vc_column][vc_column_text]Podczas przygotowywania, planowania i realizacji kompleksowych dzia\u0142a\u0144 budowlanych niezb\u0119dna jest przejrzysta i zrozumia\u0142a komunikacja i public relations \u2013 dzia\u0142 rozwoju miast i urbanistyki oferuje inwestorom publicznym i prywatnym ukierunkowany i zwarty pakiet us\u0142ug dla ich projekt\u00f3w o nazwie Zarz\u0105dzanie Informacjami dla Mieszka\u0144c\u00f3w. Zarz\u0105dzanie Informacjami dla Mieszka\u0144c\u00f3w (AIM) zosta\u0142o ju\u017c z powodzeniem zastosowane przez miasto Frankfurt [&hellip;]<\/p>\n","protected":false},"author":5,"featured_media":0,"parent":23973,"menu_order":0,"comment_status":"closed","ping_status":"closed","template":"","meta":{"footnotes":""},"class_list":["post-23719","page","type-page","status-publish","hentry"],"yoast_head":"<!-- This site is optimized with the Yoast SEO Premium plugin v27.4 (Yoast SEO v27.4) - https:\/\/yoast.com\/product\/yoast-seo-premium-wordpress\/ -->\n<title>Zarz\u0105dzanie informacjami dla mieszka\u0144c\u00f3w (AIM) &#8211; weyer gruppe<\/title>\n<meta name=\"description\" content=\"AIM: Zarz\u0105dzanie informacjami dla mieszka\u0144c\u00f3w to pakiet us\u0142ug grupy weyer, kt\u00f3ry informuje mieszka\u0144c\u00f3w o dzia\u0142aniach zwi\u0105zanych z budownictwem publicznym.\" \/>\n<meta name=\"robots\" content=\"index, follow, max-snippet:-1, max-image-preview:large, max-video-preview:-1\" \/>\n<link rel=\"canonical\" href=\"https:\/\/www.weyer-gruppe.com\/pl\/sektor-publiczny\/zarzadzanie-informacjami-dla-mieszkancow-aim-2\/\" \/>\n<meta property=\"og:locale\" content=\"pl_PL\" \/>\n<meta property=\"og:type\" content=\"article\" \/>\n<meta property=\"og:title\" content=\"Zarz\u0105dzanie informacjami dla mieszka\u0144c\u00f3w (AIM)\" \/>\n<meta property=\"og:description\" content=\"AIM: Zarz\u0105dzanie informacjami dla mieszka\u0144c\u00f3w to pakiet us\u0142ug grupy weyer, kt\u00f3ry informuje mieszka\u0144c\u00f3w o dzia\u0142aniach zwi\u0105zanych z budownictwem publicznym.\" \/>\n<meta property=\"og:url\" content=\"https:\/\/www.weyer-gruppe.com\/pl\/sektor-publiczny\/zarzadzanie-informacjami-dla-mieszkancow-aim-2\/\" \/>\n<meta property=\"og:site_name\" content=\"weyer gruppe\" \/>\n<meta property=\"article:publisher\" content=\"https:\/\/www.facebook.com\/weyergruppe\" \/>\n<meta property=\"article:modified_time\" content=\"2026-03-23T07:59:01+00:00\" \/>\n<meta name=\"twitter:card\" content=\"summary_large_image\" \/>\n<meta name=\"twitter:label1\" content=\"Szacowany czas czytania\" \/>\n\t<meta name=\"twitter:data1\" content=\"3 minuty\" \/>\n<script type=\"application\/ld+json\" class=\"yoast-schema-graph\">{\"@context\":\"https:\\\/\\\/schema.org\",\"@graph\":[{\"@type\":\"WebPage\",\"@id\":\"https:\\\/\\\/www.weyer-gruppe.com\\\/pl\\\/sektor-publiczny\\\/zarzadzanie-informacjami-dla-mieszkancow-aim-2\\\/\",\"url\":\"https:\\\/\\\/www.weyer-gruppe.com\\\/pl\\\/sektor-publiczny\\\/zarzadzanie-informacjami-dla-mieszkancow-aim-2\\\/\",\"name\":\"Zarz\u0105dzanie informacjami dla mieszka\u0144c\u00f3w (AIM) &#8211; weyer gruppe\",\"isPartOf\":{\"@id\":\"https:\\\/\\\/www.weyer-gruppe.com\\\/pl\\\/#website\"},\"datePublished\":\"2019-12-17T10:27:12+00:00\",\"dateModified\":\"2026-03-23T07:59:01+00:00\",\"description\":\"AIM: Zarz\u0105dzanie informacjami dla mieszka\u0144c\u00f3w to pakiet us\u0142ug grupy weyer, kt\u00f3ry informuje mieszka\u0144c\u00f3w o dzia\u0142aniach zwi\u0105zanych z budownictwem publicznym.\",\"breadcrumb\":{\"@id\":\"https:\\\/\\\/www.weyer-gruppe.com\\\/pl\\\/sektor-publiczny\\\/zarzadzanie-informacjami-dla-mieszkancow-aim-2\\\/#breadcrumb\"},\"inLanguage\":\"pl-PL\",\"potentialAction\":[{\"@type\":\"ReadAction\",\"target\":[\"https:\\\/\\\/www.weyer-gruppe.com\\\/pl\\\/sektor-publiczny\\\/zarzadzanie-informacjami-dla-mieszkancow-aim-2\\\/\"]}]},{\"@type\":\"BreadcrumbList\",\"@id\":\"https:\\\/\\\/www.weyer-gruppe.com\\\/pl\\\/sektor-publiczny\\\/zarzadzanie-informacjami-dla-mieszkancow-aim-2\\\/#breadcrumb\",\"itemListElement\":[{\"@type\":\"ListItem\",\"position\":1,\"name\":\"HOME\",\"item\":\"https:\\\/\\\/www.weyer-gruppe.com\\\/pl\\\/\"},{\"@type\":\"ListItem\",\"position\":2,\"name\":\"Sektor publiczny\",\"item\":\"https:\\\/\\\/www.weyer-gruppe.com\\\/pl\\\/sektor-publiczny\\\/\"},{\"@type\":\"ListItem\",\"position\":3,\"name\":\"Zarz\u0105dzanie informacjami dla mieszka\u0144c\u00f3w (AIM)\"}]},{\"@type\":\"WebSite\",\"@id\":\"https:\\\/\\\/www.weyer-gruppe.com\\\/pl\\\/#website\",\"url\":\"https:\\\/\\\/www.weyer-gruppe.com\\\/pl\\\/\",\"name\":\"weyer gruppe\",\"description\":\"komplett. durchdacht.\",\"publisher\":{\"@id\":\"https:\\\/\\\/www.weyer-gruppe.com\\\/pl\\\/#organization\"},\"potentialAction\":[{\"@type\":\"SearchAction\",\"target\":{\"@type\":\"EntryPoint\",\"urlTemplate\":\"https:\\\/\\\/www.weyer-gruppe.com\\\/pl\\\/?s={search_term_string}\"},\"query-input\":{\"@type\":\"PropertyValueSpecification\",\"valueRequired\":true,\"valueName\":\"search_term_string\"}}],\"inLanguage\":\"pl-PL\"},{\"@type\":\"Organization\",\"@id\":\"https:\\\/\\\/www.weyer-gruppe.com\\\/pl\\\/#organization\",\"name\":\"weyer gruppe\",\"url\":\"https:\\\/\\\/www.weyer-gruppe.com\\\/pl\\\/\",\"logo\":{\"@type\":\"ImageObject\",\"inLanguage\":\"pl-PL\",\"@id\":\"https:\\\/\\\/www.weyer-gruppe.com\\\/pl\\\/#\\\/schema\\\/logo\\\/image\\\/\",\"url\":\"https:\\\/\\\/www.weyer-gruppe.com\\\/wp-content\\\/uploads\\\/2019\\\/07\\\/logo-weyer-gruppe-de.png\",\"contentUrl\":\"https:\\\/\\\/www.weyer-gruppe.com\\\/wp-content\\\/uploads\\\/2019\\\/07\\\/logo-weyer-gruppe-de.png\",\"width\":532,\"height\":513,\"caption\":\"weyer gruppe\"},\"image\":{\"@id\":\"https:\\\/\\\/www.weyer-gruppe.com\\\/pl\\\/#\\\/schema\\\/logo\\\/image\\\/\"},\"sameAs\":[\"https:\\\/\\\/www.facebook.com\\\/weyergruppe\",\"https:\\\/\\\/de.linkedin.com\\\/company\\\/weyer-gruppe\",\"https:\\\/\\\/www.youtube.com\\\/channel\\\/UCmZItECuW56Ih_p501_Bq8A\"],\"description\":\"Die weyer gruppe ist seit 1976 Ihr Partner f\u00fcr verfahrenstechnische Anlagenplanung und Anlagensicherheit. Mit einem erfahrenen Team von \u00fcber 190 Mitarbeitern in Deutschland, \u00d6sterreich, Polen und der Schweiz realisieren wir j\u00e4hrlich \u00fcber 1.000 Kundenprojekte. Unsere Expertise erstreckt sich \u00fcber verschiedene Branchen wie Chemie, Pharma, Mineral\u00f6l sowie Ver- und Entsorgung. Vertrauen Sie auf die weyer Gruppe f\u00fcr ma\u00dfgeschneiderte Engineering- und Consulting-L\u00f6sungen, die Ihre Anforderungen in puncto Sicherheit und Effizienz erf\u00fcllen.\",\"email\":\"info@weyer-gruppe.com\",\"telephone\":\"+49 (0) 24 21 \u2013 69 09 1 \u2013 0\",\"numberOfEmployees\":{\"@type\":\"QuantitativeValue\",\"minValue\":\"51\",\"maxValue\":\"200\"}}]}<\/script>\n<!-- \/ Yoast SEO Premium plugin. -->","yoast_head_json":{"title":"Zarz\u0105dzanie informacjami dla mieszka\u0144c\u00f3w (AIM) &#8211; weyer gruppe","description":"AIM: Zarz\u0105dzanie informacjami dla mieszka\u0144c\u00f3w to pakiet us\u0142ug grupy weyer, kt\u00f3ry informuje mieszka\u0144c\u00f3w o dzia\u0142aniach zwi\u0105zanych z budownictwem publicznym.","robots":{"index":"index","follow":"follow","max-snippet":"max-snippet:-1","max-image-preview":"max-image-preview:large","max-video-preview":"max-video-preview:-1"},"canonical":"https:\/\/www.weyer-gruppe.com\/pl\/sektor-publiczny\/zarzadzanie-informacjami-dla-mieszkancow-aim-2\/","og_locale":"pl_PL","og_type":"article","og_title":"Zarz\u0105dzanie informacjami dla mieszka\u0144c\u00f3w (AIM)","og_description":"AIM: Zarz\u0105dzanie informacjami dla mieszka\u0144c\u00f3w to pakiet us\u0142ug grupy weyer, kt\u00f3ry informuje mieszka\u0144c\u00f3w o dzia\u0142aniach zwi\u0105zanych z budownictwem publicznym.","og_url":"https:\/\/www.weyer-gruppe.com\/pl\/sektor-publiczny\/zarzadzanie-informacjami-dla-mieszkancow-aim-2\/","og_site_name":"weyer gruppe","article_publisher":"https:\/\/www.facebook.com\/weyergruppe","article_modified_time":"2026-03-23T07:59:01+00:00","twitter_card":"summary_large_image","twitter_misc":{"Szacowany czas czytania":"3 minuty"},"schema":{"@context":"https:\/\/schema.org","@graph":[{"@type":"WebPage","@id":"https:\/\/www.weyer-gruppe.com\/pl\/sektor-publiczny\/zarzadzanie-informacjami-dla-mieszkancow-aim-2\/","url":"https:\/\/www.weyer-gruppe.com\/pl\/sektor-publiczny\/zarzadzanie-informacjami-dla-mieszkancow-aim-2\/","name":"Zarz\u0105dzanie informacjami dla mieszka\u0144c\u00f3w (AIM) &#8211; weyer gruppe","isPartOf":{"@id":"https:\/\/www.weyer-gruppe.com\/pl\/#website"},"datePublished":"2019-12-17T10:27:12+00:00","dateModified":"2026-03-23T07:59:01+00:00","description":"AIM: Zarz\u0105dzanie informacjami dla mieszka\u0144c\u00f3w to pakiet us\u0142ug grupy weyer, kt\u00f3ry informuje mieszka\u0144c\u00f3w o dzia\u0142aniach zwi\u0105zanych z budownictwem publicznym.","breadcrumb":{"@id":"https:\/\/www.weyer-gruppe.com\/pl\/sektor-publiczny\/zarzadzanie-informacjami-dla-mieszkancow-aim-2\/#breadcrumb"},"inLanguage":"pl-PL","potentialAction":[{"@type":"ReadAction","target":["https:\/\/www.weyer-gruppe.com\/pl\/sektor-publiczny\/zarzadzanie-informacjami-dla-mieszkancow-aim-2\/"]}]},{"@type":"BreadcrumbList","@id":"https:\/\/www.weyer-gruppe.com\/pl\/sektor-publiczny\/zarzadzanie-informacjami-dla-mieszkancow-aim-2\/#breadcrumb","itemListElement":[{"@type":"ListItem","position":1,"name":"HOME","item":"https:\/\/www.weyer-gruppe.com\/pl\/"},{"@type":"ListItem","position":2,"name":"Sektor publiczny","item":"https:\/\/www.weyer-gruppe.com\/pl\/sektor-publiczny\/"},{"@type":"ListItem","position":3,"name":"Zarz\u0105dzanie informacjami dla mieszka\u0144c\u00f3w (AIM)"}]},{"@type":"WebSite","@id":"https:\/\/www.weyer-gruppe.com\/pl\/#website","url":"https:\/\/www.weyer-gruppe.com\/pl\/","name":"weyer gruppe","description":"komplett. durchdacht.","publisher":{"@id":"https:\/\/www.weyer-gruppe.com\/pl\/#organization"},"potentialAction":[{"@type":"SearchAction","target":{"@type":"EntryPoint","urlTemplate":"https:\/\/www.weyer-gruppe.com\/pl\/?s={search_term_string}"},"query-input":{"@type":"PropertyValueSpecification","valueRequired":true,"valueName":"search_term_string"}}],"inLanguage":"pl-PL"},{"@type":"Organization","@id":"https:\/\/www.weyer-gruppe.com\/pl\/#organization","name":"weyer gruppe","url":"https:\/\/www.weyer-gruppe.com\/pl\/","logo":{"@type":"ImageObject","inLanguage":"pl-PL","@id":"https:\/\/www.weyer-gruppe.com\/pl\/#\/schema\/logo\/image\/","url":"https:\/\/www.weyer-gruppe.com\/wp-content\/uploads\/2019\/07\/logo-weyer-gruppe-de.png","contentUrl":"https:\/\/www.weyer-gruppe.com\/wp-content\/uploads\/2019\/07\/logo-weyer-gruppe-de.png","width":532,"height":513,"caption":"weyer gruppe"},"image":{"@id":"https:\/\/www.weyer-gruppe.com\/pl\/#\/schema\/logo\/image\/"},"sameAs":["https:\/\/www.facebook.com\/weyergruppe","https:\/\/de.linkedin.com\/company\/weyer-gruppe","https:\/\/www.youtube.com\/channel\/UCmZItECuW56Ih_p501_Bq8A"],"description":"Die weyer gruppe ist seit 1976 Ihr Partner f\u00fcr verfahrenstechnische Anlagenplanung und Anlagensicherheit. Mit einem erfahrenen Team von \u00fcber 190 Mitarbeitern in Deutschland, \u00d6sterreich, Polen und der Schweiz realisieren wir j\u00e4hrlich \u00fcber 1.000 Kundenprojekte. Unsere Expertise erstreckt sich \u00fcber verschiedene Branchen wie Chemie, Pharma, Mineral\u00f6l sowie Ver- und Entsorgung. Vertrauen Sie auf die weyer Gruppe f\u00fcr ma\u00dfgeschneiderte Engineering- und Consulting-L\u00f6sungen, die Ihre Anforderungen in puncto Sicherheit und Effizienz erf\u00fcllen.","email":"info@weyer-gruppe.com","telephone":"+49 (0) 24 21 \u2013 69 09 1 \u2013 0","numberOfEmployees":{"@type":"QuantitativeValue","minValue":"51","maxValue":"200"}}]}},"_links":{"self":[{"href":"https:\/\/www.weyer-gruppe.com\/pl\/wp-json\/wp\/v2\/pages\/23719","targetHints":{"allow":["GET"]}}],"collection":[{"href":"https:\/\/www.weyer-gruppe.com\/pl\/wp-json\/wp\/v2\/pages"}],"about":[{"href":"https:\/\/www.weyer-gruppe.com\/pl\/wp-json\/wp\/v2\/types\/page"}],"author":[{"embeddable":true,"href":"https:\/\/www.weyer-gruppe.com\/pl\/wp-json\/wp\/v2\/users\/5"}],"replies":[{"embeddable":true,"href":"https:\/\/www.weyer-gruppe.com\/pl\/wp-json\/wp\/v2\/comments?post=23719"}],"version-history":[{"count":2,"href":"https:\/\/www.weyer-gruppe.com\/pl\/wp-json\/wp\/v2\/pages\/23719\/revisions"}],"predecessor-version":[{"id":238122,"href":"https:\/\/www.weyer-gruppe.com\/pl\/wp-json\/wp\/v2\/pages\/23719\/revisions\/238122"}],"up":[{"embeddable":true,"href":"https:\/\/www.weyer-gruppe.com\/pl\/wp-json\/wp\/v2\/pages\/23973"}],"wp:attachment":[{"href":"https:\/\/www.weyer-gruppe.com\/pl\/wp-json\/wp\/v2\/media?parent=23719"}],"curies":[{"name":"wp","href":"https:\/\/api.w.org\/{rel}","templated":true}]}}