{"id":23600,"date":"2019-07-29T16:09:13","date_gmt":"2019-07-29T14:09:13","guid":{"rendered":"https:\/\/www.weyer-gruppe.com\/handel-uprawnieniami-do-emisji-przygotowywanie-wnioskow-o-pozwolenie-i-przydzial\/"},"modified":"2021-07-16T10:39:55","modified_gmt":"2021-07-16T08:39:55","slug":"handel-uprawnieniami-do-emisji-przygotowywanie-wnioskow-o-pozwolenie-i-przydzial","status":"publish","type":"page","link":"https:\/\/www.weyer-gruppe.com\/pl\/operatorzy-instalacji-i-inwestorzy\/handel-uprawnieniami-do-emisji-przygotowywanie-wnioskow-o-pozwolenie-i-przydzial\/","title":{"rendered":"Handel uprawnieniami do emisji \u2013 przygotowywanie wniosk\u00f3w o pozwolenie i przydzia\u0142"},"content":{"rendered":"<div class=\"wpb-content-wrapper\">[vc_row][vc_column][vc_column_text]Od pocz\u0105tku 2005 r. europejski system handlu uprawnieniami do emisji rejestruje emisje z instalacji sektora energetycznego, przemys\u0142u energoch\u0142onnego, a od po\u0142owy 2009 r. tak\u017ce od operator\u00f3w transportu lotniczego. Celem jest efektywna kosztowo redukcja emisji gaz\u00f3w cieplarnianych zgodnie z zasad\u0105 cap (g\u00f3rna granica) &amp; trade (handel). Elementarne podstawy prawne dla trwaj\u0105cego obecnie 3. okresu handlowego 2013\u20132020 to m.in. <a href=\"https:\/\/www.gesetze-im-internet.de\/tehg_2011\/\" target=\"_blank\" rel=\"noopener noreferrer\">ustawa o handlu emisjami gaz\u00f3w cieplarnianych (TEHG)<\/a> i <a href=\"https:\/\/www.gesetze-im-internet.de\/zuv_2020\/BJNR192100011.html\" target=\"_blank\" rel=\"noopener noreferrer\">rozporz\u0105dzenie w sprawie przydzia\u0142u uprawnie\u0144 do emisji gaz\u00f3w cieplarnianych (ZuV 2020).<\/a> Od 2021 roku rozpocznie si\u0119 4. okres handlowy, kt\u00f3ry b\u0119dzie trwa\u0142 do 2030 r. w\u0142\u0105cznie. Grupa weyer doradza w zakresie handlu emisjami oraz przygotowania wniosk\u00f3w o zatwierdzenie i przydzia\u0142 uprawnie\u0144 na poszczeg\u00f3lne okresy handlowe.<\/p>\n<p>Podsumowali\u015bmy tutaj najwa\u017cniejsze zmiany:[\/vc_column_text][\/vc_column][\/vc_row][vc_row][vc_column]<h2 class=\"grve-element grve-align-left grve-title-no-line grve-h2\" style=\"\"><span>Zmiana z 3. na 4. okres handlowy<\/span><\/h2>[\/vc_column][\/vc_row][vc_row][vc_column][vc_column_text]<div class=\"su-table su-table-responsive su-table-alternate\">\n<table>\n<thead>\n<tr>\n<th class=\"left\"><strong>3. okres handlowy<\/strong><\/th>\n<th class=\"left\"><strong>4. okres handlowy<\/strong><\/th>\n<\/tr>\n<\/thead>\n<tbody>\n<tr class=\"odd\">\n<td class=\"left\" style=\"text-align: left\">8-letni okres handlowy<\/td>\n<td class=\"left\" style=\"text-align: left\">10-letni okres handlowy<\/td>\n<\/tr>\n<tr class=\"even\">\n<td class=\"left\" style=\"text-align: left\">Liniowy wsp\u00f3\u0142czynnik redukcji: 1,74% rocznie<\/td>\n<td class=\"left\" style=\"text-align: left\">Liniowy wsp\u00f3\u0142czynnik redukcji: 2,2% rocznie<\/td>\n<\/tr>\n<tr class=\"odd\">\n<td class=\"left\" style=\"text-align: left\">Przydzia\u0142 uprawnie\u0144 jest ustalany na pocz\u0105tku okresu handlowego<\/td>\n<td class=\"left\" style=\"text-align: left\">Przydzia\u0142 uprawnie\u0144 nast\u0119puje w dw\u00f3ch okresach pi\u0119cioletnich (2021\u20132025 <abbr class=\"has-tip tip-bottom\" title=\"Odpowiednio\" data-tooltip=\"\"><abbr class=\"has-tip tip-bottom\" title=\"Odpowiednio\" data-tooltip=\"\"><abbr class=\"has-tip tip-bottom\" title=\"Odpowiednio\" data-tooltip=\"\">i<\/abbr><\/abbr><\/abbr> 2026\u20132030) i jest ustalany na pocz\u0105tku danego okresu przydzia\u0142u uprawnie\u0144<\/td>\n<\/tr>\n<tr class=\"even\">\n<td class=\"left\" style=\"text-align: left\">Jednolite warto\u015bci emisji obowi\u0105zuj\u0105 dla ca\u0142ego okresu handlowego<\/td>\n<td class=\"left\" style=\"text-align: left\">Warto\u015bci emisji s\u0105 aktualizowane dla ka\u017cdego okresu przydzia\u0142u uprawnie\u0144<\/td>\n<\/tr>\n<tr class=\"odd\">\n<td>\n<p class=\"left\" style=\"text-align: left\">Bezp\u0142atny przydzia\u0142 uprawnie\u0144 zmniejsza si\u0119 z 80% obliczonego przydzia\u0142u uprawnie\u0144 w 2013 roku do 30% w 2020 roku. Wyj\u0105tek:<\/p>\n<ul>\n<li style=\"text-align: left\">Nie ma redukcji dla sektor\u00f3w nara\u017conych na ryzyko <abbr class=\"has-tip tip-bottom\" title=\"Carbon Leakage\" data-tooltip=\"\"><abbr class=\"has-tip tip-bottom\" title=\"Carbon Leakage\" data-tooltip=\"\"><abbr class=\"has-tip tip-bottom\" title=\"Carbon Leakage\" data-tooltip=\"\">CL<\/abbr><\/abbr><\/abbr> (100% obliczonego przydzia\u0142u uprawnie\u0144 bezp\u0142atnie)<\/li>\n<\/ul>\n<\/td>\n<td>\n<p class=\"left\" style=\"text-align: left\">Bezp\u0142atny przydzia\u0142 uprawnie\u0144 zmniejsza si\u0119 z 30% obliczonego przydzia\u0142u uprawnie\u0144 w latach 2021\u20132026 do 0% w 2030 roku. Wyj\u0105tki:<\/p>\n<ul>\n<li style=\"text-align: left\">Nie ma redukcji dla sektor\u00f3w nara\u017conych na ryzyko <abbr class=\"has-tip tip-bottom\" title=\"Carbon Leakage\" data-tooltip=\"\"><abbr class=\"has-tip tip-bottom\" title=\"Carbon Leakage\" data-tooltip=\"\"><abbr class=\"has-tip tip-bottom\" title=\"Carbon Leakage\" data-tooltip=\"\">CL<\/abbr><\/abbr><\/abbr> (100% obliczonego przydzia\u0142u uprawnie\u0144 bezp\u0142atnie)<\/li>\n<li style=\"text-align: left\">W przypadku ciep\u0142a przesy\u0142anego na odleg\u0142o\u015b\u0107 zachowany jest sta\u0142y poziom 30% bezp\u0142atnego przydzia\u0142u do 2030 r.<\/li>\n<\/ul>\n<\/td>\n<\/tr>\n<tr class=\"even\">\n<td>\n<p class=\"left\" style=\"text-align: left\">Przydzia\u0142 uprawnie\u0144 zmienia si\u0119 w ci\u0105gu okresu handlowego:<\/p>\n<ul>\n<li style=\"text-align: left\">Po fizycznej zmianie spowodowanej \u201eznacz\u0105c\u0105 zmian\u0105 w wydajno\u015bci\u201d, warto\u015b\u0107 progowa: 10%, wzrost lub spadek<\/li>\n<li style=\"text-align: left\">Niezale\u017cnie od fizycznej zmiany redukcja spowodowana \u201ecz\u0119\u015bciowym zaprzestaniem pracy\u201d, warto\u015b\u0107 progowa: 50%<\/li>\n<\/ul>\n<\/td>\n<td>\n<p class=\"left\" style=\"text-align: left\">Przydzia\u0142 uprawnie\u0144 zmienia si\u0119 w ci\u0105gu okresu przydzia\u0142u:<\/p>\n<ul style=\"text-align: left\">\n<li>Niezale\u017cnie od fizycznej zmiany wynikaj\u0105cej wy\u0142\u0105cznie ze \u201ezmian w produkcji\u201d, warto\u015b\u0107 progowa: 15% spadek lub wzrost<\/li>\n<\/ul>\n<p class=\"left\" style=\"text-align: left\">(Szczeg\u00f3\u0142y dotycz\u0105ce dostosowania przydzia\u0142u uprawnie\u0144 musz\u0105 jeszcze zosta\u0107 okre\u015blone przez <abbr class=\"has-tip tip-bottom\" title=\"Unia Europejska\" data-tooltip=\"\">UE<\/abbr>.)<\/p>\n<\/td>\n<\/tr>\n<tr class=\"odd\">\n<td class=\"left\" style=\"text-align: left\">Ilo\u015b\u0107 bezp\u0142atnych uprawnie\u0144 do emisji przydzielanych instalacjom przemys\u0142owym (producentom nieenergetycznym) jest ograniczona do historycznego udzia\u0142u emisji z instalacji przemys\u0142owych (tzw. <span lang=\"en-GB\">limit przemys\u0142owy<\/span>). W celu zachowania zgodno\u015bci z <span lang=\"en-GB\">limitem przemys\u0142owym<\/span> stosowany jest jednolity mi\u0119dzysektorowy wsp\u00f3\u0142czynnik korekcyjny.<\/td>\n<td class=\"left\" style=\"text-align: left\">Ilo\u015b\u0107 wylicytowanych uprawnie\u0144 do emisji jest ustalana na poziomie 57% ca\u0142kowitej ilo\u015bci, ale 3% ca\u0142kowitej ilo\u015bci mo\u017ce by\u0107 wykorzystane jako bufor dla bezp\u0142atnych przydzia\u0142\u00f3w, aby unikn\u0105\u0107 zastosowania mi\u0119dzysektorowego wsp\u00f3\u0142czynnika korekcyjnego.<\/td>\n<\/tr>\n<tr class=\"even\">\n<td class=\"left\" style=\"text-align: left\">Status <span lang=\"en-GB\">carbon leakage<\/span> jest okre\u015blany na podstawie kryteri\u00f3w koszt\u00f3w w\u0119gla i\/lub intensywno\u015bci handlu. Zmiany statusu s\u0105 mo\u017cliwe w ci\u0105gu okresu handlowego.<\/td>\n<td class=\"left\" style=\"text-align: left\">Status <span lang=\"en-GB\">carbon leakage<\/span> jest okre\u015blany przez intensywno\u015b\u0107 handlu pomno\u017con\u0105 przez intensywno\u015b\u0107 emisji podzielon\u0105 przez warto\u015b\u0107 dodan\u0105 brutto. Nie ma plan\u00f3w zmiany statusu w ci\u0105gu okresu handlowego.<\/td>\n<\/tr>\n<\/tbody>\n<\/table>\n<\/div>[\/vc_column_text][vc_column_text][\/vc_column_text][vc_column_text]Od pocz\u0105tku istnienia obowi\u0105zku handlu uprawnieniami do emisji wspieramy i doradzamy operatorom instalacji w zakresie obowi\u0105zk\u00f3w operator\u00f3w i sprawozdawczo\u015bci wobec w\u0142adz oraz sposob\u00f3w optymalizacji funkcjonowania instalacji z ekonomicznego punktu widzenia.[\/vc_column_text][\/vc_column][\/vc_row][vc_row][vc_column][vc_column_text]\n<h2>Us\u0142ugi<\/h2>\n<ul class=\"arrow-gray\">\n<li class=\"first-child\">Gromadzenie, ocena i okre\u015blanie metod monitorowania<\/li>\n<li>Przygotowywanie wniosk\u00f3w o pozwolenie zgodnie z <a href=\"https:\/\/www.gesetze-im-internet.de\/tehg_2011\/__4.html\" target=\"_blank\" rel=\"noopener noreferrer\">\u00a7 4 ustawy o handlu uprawnieniami do emisji gaz\u00f3w cieplarnianych (TEHG)<\/a><\/li>\n<li>Tworzenie wniosk\u00f3w o przydzia\u0142 uprawnie\u0144 zgodnie z <a href=\"https:\/\/www.gesetze-im-internet.de\/tehg_2011\/__9.html\" target=\"_blank\" rel=\"noopener noreferrer\">\u00a7 9 TEHG<\/a> oraz <a href=\"https:\/\/www.gesetze-im-internet.de\/zuv_2020\/BJNR192100011.html\" target=\"_blank\" rel=\"noopener noreferrer\">\u00a7 16 ZuV 202<\/a><\/li>\n<li>\u2022 Przygotowywanie raport\u00f3w o emisjach zgodnie z <a href=\"https:\/\/www.gesetze-im-internet.de\/tehg_2011\/__5.html\" target=\"_blank\" rel=\"noopener noreferrer\">\u00a7 5 TEHG<\/a><\/li>\n<li>Przygotowywanie plan\u00f3w monitorowania zgodnie z <a href=\"https:\/\/www.gesetze-im-internet.de\/tehg_2011\/__6.html\" target=\"_blank\" rel=\"noopener noreferrer\">\u00a7 6 TEHG<\/a><\/li>\n<li class=\"last-child\">\u2022 Opracowanie koncepcji redukcji emisji CO<sub>2<\/sub><\/li>\n<\/ul>\n[\/vc_column_text][\/vc_column][\/vc_row][vc_row][vc_column]<div class=\"grve-element grve-hr grve-space-divider\" style=\"\"><\/div><h3 class=\"grve-element grve-align-left grve-title-no-line grve-h3\" style=\"\"><span>Nasz zesp\u00f3\u0142<\/span><\/h3>[\/vc_column][\/vc_row][vc_row][vc_column width=&#8221;1\/4&#8243; tablet_sm_width=&#8221;1-2&#8243;]\r\n\t\t<div class=\"grve-team grve-element\" style=\"\">\r\n\t\t\t<figure class=\"grve-image-hover grve-style-1 grve-zoom-in\">\r\n\t\t\t\t<div class=\"grve-team-person grve-media grve-dark-overlay grve-opacity-60\">\r\n\t\t\t\t\t<img decoding=\"async\" width=\"300\" height=\"300\" src=\"https:\/\/www.weyer-gruppe.com\/wp-content\/uploads\/2019\/07\/pr-patrick-bahlert.jpg\" class=\"attachment-grve-image-small-square size-grve-image-small-square\" alt=\"Zdj\u0119cie pracownika Patrick Bahlert z PROBIOTEC GmbH\" \/>\t\t\t\t<\/div>\r\n\t\t\t\t<figcaption>\r\n\t\t\t\t\t<div class=\"grve-team-description\">\r\n\t\t\t\t\t\t\t\t\t\t\t\t<h4 class=\"grve-team-name grve-dark grve-h4\">Patrick Bahlert<\/h4>\r\n\t\t\t\t\t\t\t\t\t\t\t\t<small class=\"grve-team-identity grve-dark\">PROBIOTEC<\/small>\r\n\t\t\t\t\t<\/div>\r\n\t\t\t\t\t\t\t\t\t\t<div class=\"grve-team-social grve-team-social-text grve-dark\">\r\n\t\t\t\t\t\t<ul>\r\n\t\t\t\t\t\t\t<li><a href=\"mailto:&#112;.ba&#104;le&#114;&#116;&#64;w&#101;&#121;e&#114;&#45;gruppe&#46;co&#109;\">E-mail<\/a><\/li>\t\t\t\t\t\t<\/ul>\r\n\t\t\t\t\t<\/div>\r\n\t\t\t\t\t\t\t\t\t<\/figcaption>\r\n\t\t\t<\/figure>\r\n\t\t<\/div>\r\n\r\n\t\t[\/vc_column][vc_column width=&#8221;1\/4&#8243; tablet_sm_width=&#8221;1-2&#8243;]\r\n\t\t<div class=\"grve-team grve-element\" style=\"\">\r\n\t\t\t<figure class=\"grve-image-hover grve-style-1 grve-zoom-in\">\r\n\t\t\t\t<div class=\"grve-team-person grve-media grve-dark-overlay grve-opacity-60\">\r\n\t\t\t\t\t<img decoding=\"async\" width=\"300\" height=\"300\" src=\"https:\/\/www.weyer-gruppe.com\/wp-content\/uploads\/2019\/07\/wip-f.schoenborn.png\" class=\"attachment-grve-image-small-square size-grve-image-small-square\" alt=\"Zdj\u0119cie pracownika Frank Schoenborn z weyer IngenieurPartner GmbH\" srcset=\"https:\/\/www.weyer-gruppe.com\/wp-content\/uploads\/2019\/07\/wip-f.schoenborn.png 300w, https:\/\/www.weyer-gruppe.com\/wp-content\/uploads\/2019\/07\/wip-f.schoenborn-150x150.png 150w, https:\/\/www.weyer-gruppe.com\/wp-content\/uploads\/2019\/07\/wip-f.schoenborn-80x80.png 80w\" sizes=\"(max-width: 300px) 100vw, 300px\" \/>\t\t\t\t<\/div>\r\n\t\t\t\t<figcaption>\r\n\t\t\t\t\t<div class=\"grve-team-description\">\r\n\t\t\t\t\t\t\t\t\t\t\t\t<h4 class=\"grve-team-name grve-dark grve-h4\">Frank Sch\u00f6nborn<\/h4>\r\n\t\t\t\t\t\t\t\t\t\t\t\t<small class=\"grve-team-identity grve-dark\">weyer IngenieurPartner<\/small>\r\n\t\t\t\t\t<\/div>\r\n\t\t\t\t\t\t\t\t\t\t<div class=\"grve-team-social grve-team-social-text grve-dark\">\r\n\t\t\t\t\t\t<ul>\r\n\t\t\t\t\t\t\t<li><a href=\"mailto:f&#46;s&#99;&#104;&#111;&#101;&#110;&#98;o&#114;&#110;&#64;&#119;ey&#101;&#114;&#45;gr&#117;p&#112;&#101;&#46;com\">E-mail<\/a><\/li>\t\t\t\t\t\t<\/ul>\r\n\t\t\t\t\t<\/div>\r\n\t\t\t\t\t\t\t\t\t<\/figcaption>\r\n\t\t\t<\/figure>\r\n\t\t<\/div>\r\n\r\n\t\t[\/vc_column][vc_column width=&#8221;1\/4&#8243; tablet_sm_width=&#8221;1-2&#8243;][\/vc_column][vc_column width=&#8221;1\/4&#8243; tablet_sm_width=&#8221;1-2&#8243;][\/vc_column][\/vc_row][vc_row][vc_column]<div class=\"grve-element grve-hr grve-space-divider\" style=\"\"><\/div>[\/vc_column][\/vc_row]\n<\/div>","protected":false},"excerpt":{"rendered":"<p>[vc_row][vc_column][vc_column_text]Od pocz\u0105tku 2005 r. europejski system handlu uprawnieniami do emisji rejestruje emisje z instalacji sektora energetycznego, przemys\u0142u energoch\u0142onnego, a od po\u0142owy 2009 r. tak\u017ce od operator\u00f3w transportu lotniczego. Celem jest efektywna kosztowo redukcja emisji gaz\u00f3w cieplarnianych zgodnie z zasad\u0105 cap (g\u00f3rna granica) &amp; trade (handel). Elementarne podstawy prawne dla trwaj\u0105cego obecnie 3. okresu handlowego 2013\u20132020 [&hellip;]<\/p>\n","protected":false},"author":5,"featured_media":0,"parent":23842,"menu_order":0,"comment_status":"closed","ping_status":"closed","template":"","meta":{"footnotes":""},"class_list":["post-23600","page","type-page","status-publish","hentry"],"yoast_head":"<!-- This site is optimized with the Yoast SEO Premium plugin v27.4 (Yoast SEO v27.4) - https:\/\/yoast.com\/product\/yoast-seo-premium-wordpress\/ -->\n<title>Handel uprawnieniami do emisji \u2013 przygotowywanie wniosk\u00f3w o pozwolenie i przydzia\u0142<\/title>\n<meta name=\"description\" content=\"Handel uprawnieniami do emisji \u2013 grupa weyer wspiera Pa\u0144stwa w przygotowaniu wniosk\u00f3w o pozwolenia i przydzia\u0142y oraz zmianie na 4. okres handlowy.\" \/>\n<meta name=\"robots\" content=\"index, nofollow, max-snippet:-1, max-image-preview:large, max-video-preview:-1\" \/>\n<link rel=\"canonical\" href=\"https:\/\/www.weyer-gruppe.com\/pl\/operatorzy-instalacji-i-inwestorzy\/handel-uprawnieniami-do-emisji-przygotowywanie-wnioskow-o-pozwolenie-i-przydzial\/\" \/>\n<meta property=\"og:locale\" content=\"pl_PL\" \/>\n<meta property=\"og:type\" content=\"article\" \/>\n<meta property=\"og:title\" content=\"Handel uprawnieniami do emisji \u2013 przygotowywanie wniosk\u00f3w o pozwolenie i przydzia\u0142\" \/>\n<meta property=\"og:description\" content=\"Handel uprawnieniami do emisji \u2013 grupa weyer wspiera Pa\u0144stwa w przygotowaniu wniosk\u00f3w o pozwolenia i przydzia\u0142y oraz zmianie na 4. okres handlowy.\" \/>\n<meta property=\"og:url\" content=\"https:\/\/www.weyer-gruppe.com\/pl\/operatorzy-instalacji-i-inwestorzy\/handel-uprawnieniami-do-emisji-przygotowywanie-wnioskow-o-pozwolenie-i-przydzial\/\" \/>\n<meta property=\"og:site_name\" content=\"weyer gruppe\" \/>\n<meta property=\"article:publisher\" content=\"https:\/\/www.facebook.com\/weyergruppe\" \/>\n<meta property=\"article:modified_time\" content=\"2021-07-16T08:39:55+00:00\" \/>\n<meta name=\"twitter:card\" content=\"summary_large_image\" \/>\n<meta name=\"twitter:label1\" content=\"Szacowany czas czytania\" \/>\n\t<meta name=\"twitter:data1\" content=\"4 minuty\" \/>\n<script type=\"application\/ld+json\" class=\"yoast-schema-graph\">{\"@context\":\"https:\\\/\\\/schema.org\",\"@graph\":[{\"@type\":\"WebPage\",\"@id\":\"https:\\\/\\\/www.weyer-gruppe.com\\\/pl\\\/operatorzy-instalacji-i-inwestorzy\\\/handel-uprawnieniami-do-emisji-przygotowywanie-wnioskow-o-pozwolenie-i-przydzial\\\/\",\"url\":\"https:\\\/\\\/www.weyer-gruppe.com\\\/pl\\\/operatorzy-instalacji-i-inwestorzy\\\/handel-uprawnieniami-do-emisji-przygotowywanie-wnioskow-o-pozwolenie-i-przydzial\\\/\",\"name\":\"Handel uprawnieniami do emisji \u2013 przygotowywanie wniosk\u00f3w o pozwolenie i przydzia\u0142\",\"isPartOf\":{\"@id\":\"https:\\\/\\\/www.weyer-gruppe.com\\\/pl\\\/#website\"},\"datePublished\":\"2019-07-29T14:09:13+00:00\",\"dateModified\":\"2021-07-16T08:39:55+00:00\",\"description\":\"Handel uprawnieniami do emisji \u2013 grupa weyer wspiera Pa\u0144stwa w przygotowaniu wniosk\u00f3w o pozwolenia i przydzia\u0142y oraz zmianie na 4. okres handlowy.\",\"breadcrumb\":{\"@id\":\"https:\\\/\\\/www.weyer-gruppe.com\\\/pl\\\/operatorzy-instalacji-i-inwestorzy\\\/handel-uprawnieniami-do-emisji-przygotowywanie-wnioskow-o-pozwolenie-i-przydzial\\\/#breadcrumb\"},\"inLanguage\":\"pl-PL\",\"potentialAction\":[{\"@type\":\"ReadAction\",\"target\":[\"https:\\\/\\\/www.weyer-gruppe.com\\\/pl\\\/operatorzy-instalacji-i-inwestorzy\\\/handel-uprawnieniami-do-emisji-przygotowywanie-wnioskow-o-pozwolenie-i-przydzial\\\/\"]}]},{\"@type\":\"BreadcrumbList\",\"@id\":\"https:\\\/\\\/www.weyer-gruppe.com\\\/pl\\\/operatorzy-instalacji-i-inwestorzy\\\/handel-uprawnieniami-do-emisji-przygotowywanie-wnioskow-o-pozwolenie-i-przydzial\\\/#breadcrumb\",\"itemListElement\":[{\"@type\":\"ListItem\",\"position\":1,\"name\":\"HOME\",\"item\":\"https:\\\/\\\/www.weyer-gruppe.com\\\/pl\\\/\"},{\"@type\":\"ListItem\",\"position\":2,\"name\":\"Operatorzy instalacji i inwestorzy\",\"item\":\"https:\\\/\\\/www.weyer-gruppe.com\\\/pl\\\/operatorzy-instalacji-i-inwestorzy\\\/\"},{\"@type\":\"ListItem\",\"position\":3,\"name\":\"Handel uprawnieniami do emisji \u2013 przygotowywanie wniosk\u00f3w o pozwolenie i przydzia\u0142\"}]},{\"@type\":\"WebSite\",\"@id\":\"https:\\\/\\\/www.weyer-gruppe.com\\\/pl\\\/#website\",\"url\":\"https:\\\/\\\/www.weyer-gruppe.com\\\/pl\\\/\",\"name\":\"weyer gruppe\",\"description\":\"komplett. durchdacht.\",\"publisher\":{\"@id\":\"https:\\\/\\\/www.weyer-gruppe.com\\\/pl\\\/#organization\"},\"potentialAction\":[{\"@type\":\"SearchAction\",\"target\":{\"@type\":\"EntryPoint\",\"urlTemplate\":\"https:\\\/\\\/www.weyer-gruppe.com\\\/pl\\\/?s={search_term_string}\"},\"query-input\":{\"@type\":\"PropertyValueSpecification\",\"valueRequired\":true,\"valueName\":\"search_term_string\"}}],\"inLanguage\":\"pl-PL\"},{\"@type\":\"Organization\",\"@id\":\"https:\\\/\\\/www.weyer-gruppe.com\\\/pl\\\/#organization\",\"name\":\"weyer gruppe\",\"url\":\"https:\\\/\\\/www.weyer-gruppe.com\\\/pl\\\/\",\"logo\":{\"@type\":\"ImageObject\",\"inLanguage\":\"pl-PL\",\"@id\":\"https:\\\/\\\/www.weyer-gruppe.com\\\/pl\\\/#\\\/schema\\\/logo\\\/image\\\/\",\"url\":\"https:\\\/\\\/www.weyer-gruppe.com\\\/wp-content\\\/uploads\\\/2019\\\/07\\\/logo-weyer-gruppe-de.png\",\"contentUrl\":\"https:\\\/\\\/www.weyer-gruppe.com\\\/wp-content\\\/uploads\\\/2019\\\/07\\\/logo-weyer-gruppe-de.png\",\"width\":532,\"height\":513,\"caption\":\"weyer gruppe\"},\"image\":{\"@id\":\"https:\\\/\\\/www.weyer-gruppe.com\\\/pl\\\/#\\\/schema\\\/logo\\\/image\\\/\"},\"sameAs\":[\"https:\\\/\\\/www.facebook.com\\\/weyergruppe\",\"https:\\\/\\\/de.linkedin.com\\\/company\\\/weyer-gruppe\",\"https:\\\/\\\/www.youtube.com\\\/channel\\\/UCmZItECuW56Ih_p501_Bq8A\"],\"description\":\"Die weyer gruppe ist seit 1976 Ihr Partner f\u00fcr verfahrenstechnische Anlagenplanung und Anlagensicherheit. Mit einem erfahrenen Team von \u00fcber 190 Mitarbeitern in Deutschland, \u00d6sterreich, Polen und der Schweiz realisieren wir j\u00e4hrlich \u00fcber 1.000 Kundenprojekte. Unsere Expertise erstreckt sich \u00fcber verschiedene Branchen wie Chemie, Pharma, Mineral\u00f6l sowie Ver- und Entsorgung. Vertrauen Sie auf die weyer Gruppe f\u00fcr ma\u00dfgeschneiderte Engineering- und Consulting-L\u00f6sungen, die Ihre Anforderungen in puncto Sicherheit und Effizienz erf\u00fcllen.\",\"email\":\"info@weyer-gruppe.com\",\"telephone\":\"+49 (0) 24 21 \u2013 69 09 1 \u2013 0\",\"numberOfEmployees\":{\"@type\":\"QuantitativeValue\",\"minValue\":\"51\",\"maxValue\":\"200\"}}]}<\/script>\n<!-- \/ Yoast SEO Premium plugin. -->","yoast_head_json":{"title":"Handel uprawnieniami do emisji \u2013 przygotowywanie wniosk\u00f3w o pozwolenie i przydzia\u0142","description":"Handel uprawnieniami do emisji \u2013 grupa weyer wspiera Pa\u0144stwa w przygotowaniu wniosk\u00f3w o pozwolenia i przydzia\u0142y oraz zmianie na 4. okres handlowy.","robots":{"index":"index","follow":"nofollow","max-snippet":"max-snippet:-1","max-image-preview":"max-image-preview:large","max-video-preview":"max-video-preview:-1"},"canonical":"https:\/\/www.weyer-gruppe.com\/pl\/operatorzy-instalacji-i-inwestorzy\/handel-uprawnieniami-do-emisji-przygotowywanie-wnioskow-o-pozwolenie-i-przydzial\/","og_locale":"pl_PL","og_type":"article","og_title":"Handel uprawnieniami do emisji \u2013 przygotowywanie wniosk\u00f3w o pozwolenie i przydzia\u0142","og_description":"Handel uprawnieniami do emisji \u2013 grupa weyer wspiera Pa\u0144stwa w przygotowaniu wniosk\u00f3w o pozwolenia i przydzia\u0142y oraz zmianie na 4. okres handlowy.","og_url":"https:\/\/www.weyer-gruppe.com\/pl\/operatorzy-instalacji-i-inwestorzy\/handel-uprawnieniami-do-emisji-przygotowywanie-wnioskow-o-pozwolenie-i-przydzial\/","og_site_name":"weyer gruppe","article_publisher":"https:\/\/www.facebook.com\/weyergruppe","article_modified_time":"2021-07-16T08:39:55+00:00","twitter_card":"summary_large_image","twitter_misc":{"Szacowany czas czytania":"4 minuty"},"schema":{"@context":"https:\/\/schema.org","@graph":[{"@type":"WebPage","@id":"https:\/\/www.weyer-gruppe.com\/pl\/operatorzy-instalacji-i-inwestorzy\/handel-uprawnieniami-do-emisji-przygotowywanie-wnioskow-o-pozwolenie-i-przydzial\/","url":"https:\/\/www.weyer-gruppe.com\/pl\/operatorzy-instalacji-i-inwestorzy\/handel-uprawnieniami-do-emisji-przygotowywanie-wnioskow-o-pozwolenie-i-przydzial\/","name":"Handel uprawnieniami do emisji \u2013 przygotowywanie wniosk\u00f3w o pozwolenie i przydzia\u0142","isPartOf":{"@id":"https:\/\/www.weyer-gruppe.com\/pl\/#website"},"datePublished":"2019-07-29T14:09:13+00:00","dateModified":"2021-07-16T08:39:55+00:00","description":"Handel uprawnieniami do emisji \u2013 grupa weyer wspiera Pa\u0144stwa w przygotowaniu wniosk\u00f3w o pozwolenia i przydzia\u0142y oraz zmianie na 4. okres handlowy.","breadcrumb":{"@id":"https:\/\/www.weyer-gruppe.com\/pl\/operatorzy-instalacji-i-inwestorzy\/handel-uprawnieniami-do-emisji-przygotowywanie-wnioskow-o-pozwolenie-i-przydzial\/#breadcrumb"},"inLanguage":"pl-PL","potentialAction":[{"@type":"ReadAction","target":["https:\/\/www.weyer-gruppe.com\/pl\/operatorzy-instalacji-i-inwestorzy\/handel-uprawnieniami-do-emisji-przygotowywanie-wnioskow-o-pozwolenie-i-przydzial\/"]}]},{"@type":"BreadcrumbList","@id":"https:\/\/www.weyer-gruppe.com\/pl\/operatorzy-instalacji-i-inwestorzy\/handel-uprawnieniami-do-emisji-przygotowywanie-wnioskow-o-pozwolenie-i-przydzial\/#breadcrumb","itemListElement":[{"@type":"ListItem","position":1,"name":"HOME","item":"https:\/\/www.weyer-gruppe.com\/pl\/"},{"@type":"ListItem","position":2,"name":"Operatorzy instalacji i inwestorzy","item":"https:\/\/www.weyer-gruppe.com\/pl\/operatorzy-instalacji-i-inwestorzy\/"},{"@type":"ListItem","position":3,"name":"Handel uprawnieniami do emisji \u2013 przygotowywanie wniosk\u00f3w o pozwolenie i przydzia\u0142"}]},{"@type":"WebSite","@id":"https:\/\/www.weyer-gruppe.com\/pl\/#website","url":"https:\/\/www.weyer-gruppe.com\/pl\/","name":"weyer gruppe","description":"komplett. durchdacht.","publisher":{"@id":"https:\/\/www.weyer-gruppe.com\/pl\/#organization"},"potentialAction":[{"@type":"SearchAction","target":{"@type":"EntryPoint","urlTemplate":"https:\/\/www.weyer-gruppe.com\/pl\/?s={search_term_string}"},"query-input":{"@type":"PropertyValueSpecification","valueRequired":true,"valueName":"search_term_string"}}],"inLanguage":"pl-PL"},{"@type":"Organization","@id":"https:\/\/www.weyer-gruppe.com\/pl\/#organization","name":"weyer gruppe","url":"https:\/\/www.weyer-gruppe.com\/pl\/","logo":{"@type":"ImageObject","inLanguage":"pl-PL","@id":"https:\/\/www.weyer-gruppe.com\/pl\/#\/schema\/logo\/image\/","url":"https:\/\/www.weyer-gruppe.com\/wp-content\/uploads\/2019\/07\/logo-weyer-gruppe-de.png","contentUrl":"https:\/\/www.weyer-gruppe.com\/wp-content\/uploads\/2019\/07\/logo-weyer-gruppe-de.png","width":532,"height":513,"caption":"weyer gruppe"},"image":{"@id":"https:\/\/www.weyer-gruppe.com\/pl\/#\/schema\/logo\/image\/"},"sameAs":["https:\/\/www.facebook.com\/weyergruppe","https:\/\/de.linkedin.com\/company\/weyer-gruppe","https:\/\/www.youtube.com\/channel\/UCmZItECuW56Ih_p501_Bq8A"],"description":"Die weyer gruppe ist seit 1976 Ihr Partner f\u00fcr verfahrenstechnische Anlagenplanung und Anlagensicherheit. Mit einem erfahrenen Team von \u00fcber 190 Mitarbeitern in Deutschland, \u00d6sterreich, Polen und der Schweiz realisieren wir j\u00e4hrlich \u00fcber 1.000 Kundenprojekte. Unsere Expertise erstreckt sich \u00fcber verschiedene Branchen wie Chemie, Pharma, Mineral\u00f6l sowie Ver- und Entsorgung. Vertrauen Sie auf die weyer Gruppe f\u00fcr ma\u00dfgeschneiderte Engineering- und Consulting-L\u00f6sungen, die Ihre Anforderungen in puncto Sicherheit und Effizienz erf\u00fcllen.","email":"info@weyer-gruppe.com","telephone":"+49 (0) 24 21 \u2013 69 09 1 \u2013 0","numberOfEmployees":{"@type":"QuantitativeValue","minValue":"51","maxValue":"200"}}]}},"_links":{"self":[{"href":"https:\/\/www.weyer-gruppe.com\/pl\/wp-json\/wp\/v2\/pages\/23600","targetHints":{"allow":["GET"]}}],"collection":[{"href":"https:\/\/www.weyer-gruppe.com\/pl\/wp-json\/wp\/v2\/pages"}],"about":[{"href":"https:\/\/www.weyer-gruppe.com\/pl\/wp-json\/wp\/v2\/types\/page"}],"author":[{"embeddable":true,"href":"https:\/\/www.weyer-gruppe.com\/pl\/wp-json\/wp\/v2\/users\/5"}],"replies":[{"embeddable":true,"href":"https:\/\/www.weyer-gruppe.com\/pl\/wp-json\/wp\/v2\/comments?post=23600"}],"version-history":[{"count":0,"href":"https:\/\/www.weyer-gruppe.com\/pl\/wp-json\/wp\/v2\/pages\/23600\/revisions"}],"up":[{"embeddable":true,"href":"https:\/\/www.weyer-gruppe.com\/pl\/wp-json\/wp\/v2\/pages\/23842"}],"wp:attachment":[{"href":"https:\/\/www.weyer-gruppe.com\/pl\/wp-json\/wp\/v2\/media?parent=23600"}],"curies":[{"name":"wp","href":"https:\/\/api.w.org\/{rel}","templated":true}]}}