{"id":23561,"date":"2019-08-05T09:09:01","date_gmt":"2019-08-05T07:09:01","guid":{"rendered":"https:\/\/www.weyer-gruppe.com\/badanie-wg-niemieckiej-ustawy-o-energiach-odnawialnych-i-kogeneracji\/"},"modified":"2026-03-23T07:56:05","modified_gmt":"2026-03-23T06:56:05","slug":"badanie-wg-niemieckiej-ustawy-o-energiach-odnawialnych-i-kogeneracji","status":"publish","type":"page","link":"https:\/\/www.weyer-gruppe.com\/pl\/operatorzy-instalacji-i-inwestorzy\/badanie-wg-niemieckiej-ustawy-o-energiach-odnawialnych-i-kogeneracji\/","title":{"rendered":"Badanie wg niemieckiej ustawy o energiach odnawialnych i kogeneracji"},"content":{"rendered":"<div class=\"wpb-content-wrapper\">[vc_row][vc_column][vc_column_text]\n<h4>Nasza oferta us\u0142ug w skr\u00f3cie:<\/h4>\n<ul class=\"arrow-gray\">\n<li>Kontrole wed\u0142ug <a href=\"https:\/\/www.gesetze-im-internet.de\/eeg_2014\/\" target=\"_blank\" rel=\"noopener noreferrer\">ustawy o odnawialnych \u017ar\u00f3d\u0142ach energii (EEG)<\/a> z dnia 21 lipca 2004 r.<\/li>\n<li>Kontrole wed\u0142ug <a href=\"https:\/\/www.gesetze-im-internet.de\/kwkg_2016\/\" target=\"_blank\" rel=\"noopener noreferrer\">ustawy o kogeneracji (KWK-G)<\/a>z dnia 19 marca 2002 r.<\/li>\n<\/ul>\n<p>Dla naszych klient\u00f3w z sektora energetycznego i gospodarki odpadami przeprowadzamy audyty techniczne w zakresie przepis\u00f3w ustawy o odnawialnych \u017ar\u00f3d\u0142ach energii (EEG) i ustawy o kogeneracji (KWKG).<\/p>\n<h4>Tre\u015bci merytoryczne kontroli wed\u0142ug ustawy o odnawialnych \u017ar\u00f3d\u0142ach energii (EEG) z dnia 21 lipca 2004 r.:<\/h4>\n<ul class=\"arrow-gray\">\n<li>Zarejestrowana ilo\u015b\u0107 energii w sieci (&gt;prawo producenta do wynagrodzenia)<\/li>\n<li>Dostawy energii elektrycznej do odbiorc\u00f3w ko\u0144cowych na obszarze w\u0142asnej sieci<\/li>\n<li>Dostawy energii elektrycznej do odbiorc\u00f3w ko\u0144cowych w sieciach zewn\u0119trznych<\/li>\n<li>Dostawy energii elektrycznej od zewn\u0119trznych operator\u00f3w sieci do odbiorc\u00f3w ko\u0144cowych w sieci klienta<\/li>\n<li>Za\u0142o\u017cenia do obliczenia koszt\u00f3w r\u00f3\u017cnicowych<\/li>\n<\/ul>\n<h4>Tre\u015bci merytoryczne kontroli wed\u0142ug ustawy o kogeneracji (KWK-G) z dnia 19 marca 2002 r.:<\/h4>\n<ul class=\"arrow-gray\">\n<li>Weryfikacja prawid\u0142owego stosowania podstaw oblicze\u0144 na podstawie ekspertyzy bieg\u0142ego<\/li>\n<li>Badanie wyrywkowe przekazywania zapis\u00f3w, innych zapis\u00f3w operacyjnych i danych rejestracyjnych do matryc obliczeniowych<\/li>\n<li>Por\u00f3wnanie wynik\u00f3w oblicze\u0144 z dokumentami ksi\u0119gowymi<\/li>\n<li>Wiarygodno\u015b\u0107 zestawie\u0144 ilo\u015bci ca\u0142kowitych<\/li>\n<li>Por\u00f3wnanie struktur ilo\u015bciowych z audytu KWK-G z podstawowymi danymi zawartymi w raporcie z rocznego audytu WP<\/li>\n<\/ul>\n<h4>Pa\u0144stwa korzy\u015bci:<\/h4>\n<ul class=\"arrow-gray\">\n<li>Zoptymalizowane czasowo kontrole wniosk\u00f3w o wynagrodzenie i rozlicze\u0144 zgodnie z ustaw\u0105 o kogeneracji (KWK-G) i ustaw\u0105 o odnawialnych \u017ar\u00f3d\u0142ach energii (EEG) przez audytor\u00f3w i in\u017cynier\u00f3w<\/li>\n<li>Techniczna i ekonomiczna ocena zadania<\/li>\n<li>Unikanie strat w interfejsie i lepsza kontrola jako\u015bci<\/li>\n<\/ul>\n[\/vc_column_text][\/vc_column][\/vc_row][vc_row bg_type=&#8221;color&#8221; bg_color=&#8221;#0b3c80&#8243; font_color=&#8221;#ffffff&#8221;][vc_column css=&#8221;.vc_custom_1563974199119{padding-top: 25px !important;padding-bottom: 25px !important;padding-left: 25px !important;}&#8221;]<div class=\"grve-element grve-hr grve-space-divider\" style=\"\"><\/div><div class=\"grve-element grve-image-text\" style=\"\">  <div class=\"grve-content grve-align-right\">    <h6>weyer specjalny: Energia, CHP, EEG<\/h6>  <p>W zwi\u0105zku z ustaw\u0105 o kogeneracji (KWKG) i ustaw\u0105 o odnawialnych \u017ar\u00f3d\u0142ach energii (EEG) powstaj\u0105 z\u0142o\u017cone pytania i obowi\u0105zki dla operator\u00f3w instalacji i sieci, jak r\u00f3wnie\u017c dla odbiorc\u00f3w ko\u0144cowych. Ten zakres zada\u0144 jest jedn\u0105 z podstawowych kompetencji grupy weyer. W przypadku szczeg\u00f3lnych wymaga\u0144, takich jak niezb\u0119dne certyfikaty audytora lub ocena aspekt\u00f3w prawnych, wsp\u00f3\u0142pracujemy z firm\u0105 audytorsk\u0105 BDO AG&#8230;<\/p>    <a href=\"https:\/\/www.weyer-gruppe.com\/wp-content\/uploads\/2019\/07\/weyer-spezial-energie-kwkg-eeg-0515.pdf\" target=\"_blank\" class=\"grve-read-more \">Pobierz weyer spezial tutaj<\/a>  <\/div><div class=\"grve-image\"><img decoding=\"async\" width=\"250\" height=\"354\" src=\"https:\/\/www.weyer-gruppe.com\/wp-content\/uploads\/2019\/07\/weyer-spezial-weyer-gruppe-energie-kwkg-eeg.jpg\" class=\"attachment-full size-full\" alt=\"weyer spezial zum\" srcset=\"\" \/><\/div><\/div><div class=\"grve-element grve-hr grve-space-divider\" style=\"\"><\/div>[\/vc_column][\/vc_row][vc_row][vc_column]<div class=\"grve-element grve-hr grve-space-divider\" style=\"\"><\/div><h3 class=\"grve-element grve-align-left grve-title-no-line grve-h3\" style=\"\"><span>Nasz zesp\u00f3\u0142<\/span><\/h3>[\/vc_column][\/vc_row][vc_row][vc_column width=&#8221;1\/4&#8243; tablet_sm_width=&#8221;1-2&#8243;]\r\n\t\t<div class=\"grve-team grve-element\" style=\"\">\r\n\t\t\t<figure class=\"grve-image-hover grve-style-1 grve-zoom-in\">\r\n\t\t\t\t<div class=\"grve-team-person grve-media grve-dark-overlay grve-opacity-60\">\r\n\t\t\t\t\t<img decoding=\"async\" width=\"300\" height=\"300\" src=\"https:\/\/www.weyer-gruppe.com\/wp-content\/uploads\/2019\/07\/pr-kai-steffens.jpg\" class=\"attachment-grve-image-small-square size-grve-image-small-square\" alt=\"Zdj\u0119cie pracownika Dr. Kai Steffens z BDO TUC GmbH und PROBIOTEC GmbH\" \/>\t\t\t\t<\/div>\r\n\t\t\t\t<figcaption>\r\n\t\t\t\t\t<div class=\"grve-team-description\">\r\n\t\t\t\t\t\t\t\t\t\t\t\t<h4 class=\"grve-team-name grve-dark grve-h4\">Dr.-Ing. Kai Steffens<\/h4>\r\n\t\t\t\t\t\t\t\t\t\t\t\t<small class=\"grve-team-identity grve-dark\">BDO Technik- und Umweltconsulting<\/small>\r\n\t\t\t\t\t<\/div>\r\n\t\t\t\t\t\t\t\t\t<\/figcaption>\r\n\t\t\t<\/figure>\r\n\t\t<\/div>\r\n\r\n\t\t[\/vc_column][vc_column width=&#8221;1\/4&#8243; tablet_sm_width=&#8221;1-2&#8243;]\r\n\t\t<div class=\"grve-team grve-element\" style=\"\">\r\n\t\t\t<figure class=\"grve-image-hover grve-style-1 grve-zoom-in\">\r\n\t\t\t\t<div class=\"grve-team-person grve-media grve-dark-overlay grve-opacity-60\">\r\n\t\t\t\t\t<img decoding=\"async\" width=\"300\" height=\"299\" src=\"https:\/\/www.weyer-gruppe.com\/wp-content\/uploads\/2023\/03\/Plenz_2021.jpg\" class=\"attachment-grve-image-small-square size-grve-image-small-square\" alt=\"Michael_Plenz\" srcset=\"https:\/\/www.weyer-gruppe.com\/wp-content\/uploads\/2023\/03\/Plenz_2021.jpg 300w, https:\/\/www.weyer-gruppe.com\/wp-content\/uploads\/2023\/03\/Plenz_2021-150x150.jpg 150w, https:\/\/www.weyer-gruppe.com\/wp-content\/uploads\/2023\/03\/Plenz_2021-80x80.jpg 80w\" sizes=\"(max-width: 300px) 100vw, 300px\" \/>\t\t\t\t<\/div>\r\n\t\t\t\t<figcaption>\r\n\t\t\t\t\t<div class=\"grve-team-description\">\r\n\t\t\t\t\t\t\t\t\t\t\t\t<h4 class=\"grve-team-name grve-dark grve-h4\">Michael Plenz<\/h4>\r\n\t\t\t\t\t\t\t\t\t\t\t\t<small class=\"grve-team-identity grve-dark\">PROBIOTEC<\/small>\r\n\t\t\t\t\t<\/div>\r\n\t\t\t\t\t\t\t\t\t<\/figcaption>\r\n\t\t\t<\/figure>\r\n\t\t<\/div>\r\n\r\n\t\t[\/vc_column][vc_column width=&#8221;1\/4&#8243; tablet_sm_width=&#8221;1-2&#8243;]\r\n\t\t<div class=\"grve-team grve-element\" style=\"\">\r\n\t\t\t<figure class=\"grve-image-hover grve-style-1 grve-zoom-in\">\r\n\t\t\t\t<div class=\"grve-team-person grve-media grve-dark-overlay grve-opacity-60\">\r\n\t\t\t\t\t<img decoding=\"async\" width=\"300\" height=\"300\" src=\"https:\/\/www.weyer-gruppe.com\/wp-content\/uploads\/2023\/03\/Schwartz_2021.jpg\" class=\"attachment-grve-image-small-square size-grve-image-small-square\" alt=\"Stephan_Schwartz\" srcset=\"https:\/\/www.weyer-gruppe.com\/wp-content\/uploads\/2023\/03\/Schwartz_2021.jpg 300w, https:\/\/www.weyer-gruppe.com\/wp-content\/uploads\/2023\/03\/Schwartz_2021-150x150.jpg 150w, https:\/\/www.weyer-gruppe.com\/wp-content\/uploads\/2023\/03\/Schwartz_2021-80x80.jpg 80w\" sizes=\"(max-width: 300px) 100vw, 300px\" \/>\t\t\t\t<\/div>\r\n\t\t\t\t<figcaption>\r\n\t\t\t\t\t<div class=\"grve-team-description\">\r\n\t\t\t\t\t\t\t\t\t\t\t\t<h4 class=\"grve-team-name grve-dark grve-h4\">Stephan Schwartz<\/h4>\r\n\t\t\t\t\t\t\t\t\t\t\t\t<small class=\"grve-team-identity grve-dark\">PROBIOTEC<\/small>\r\n\t\t\t\t\t<\/div>\r\n\t\t\t\t\t\t\t\t\t<\/figcaption>\r\n\t\t\t<\/figure>\r\n\t\t<\/div>\r\n\r\n\t\t[\/vc_column][vc_column width=&#8221;1\/4&#8243; tablet_sm_width=&#8221;1-2&#8243;][\/vc_column][\/vc_row][vc_row][vc_column]<div class=\"grve-element grve-hr grve-space-divider\" style=\"\"><\/div>[\/vc_column][\/vc_row]\n<\/div>","protected":false},"excerpt":{"rendered":"<p>[vc_row][vc_column][vc_column_text] Nasza oferta us\u0142ug w skr\u00f3cie: Kontrole wed\u0142ug ustawy o odnawialnych \u017ar\u00f3d\u0142ach energii (EEG) z dnia 21 lipca 2004 r. Kontrole wed\u0142ug ustawy o kogeneracji (KWK-G)z dnia 19 marca 2002 r. Dla naszych klient\u00f3w z sektora energetycznego i gospodarki odpadami przeprowadzamy audyty techniczne w zakresie przepis\u00f3w ustawy o odnawialnych \u017ar\u00f3d\u0142ach energii (EEG) i ustawy o [&hellip;]<\/p>\n","protected":false},"author":5,"featured_media":0,"parent":23842,"menu_order":0,"comment_status":"closed","ping_status":"closed","template":"","meta":{"footnotes":""},"class_list":["post-23561","page","type-page","status-publish","hentry"],"yoast_head":"<!-- This site is optimized with the Yoast SEO Premium plugin v27.4 (Yoast SEO v27.4) - https:\/\/yoast.com\/product\/yoast-seo-premium-wordpress\/ -->\n<title>Badanie wg niemieckiej ustawy o energiach odnawialnych i kogeneracji &#8211; weyer gruppe<\/title>\n<meta name=\"robots\" content=\"noindex, follow\" \/>\n<meta property=\"og:locale\" content=\"pl_PL\" \/>\n<meta property=\"og:type\" content=\"article\" \/>\n<meta property=\"og:title\" content=\"Badanie wg niemieckiej ustawy o energiach odnawialnych i kogeneracji\" \/>\n<meta property=\"og:description\" content=\"[vc_row][vc_column][vc_column_text] Nasza oferta us\u0142ug w skr\u00f3cie: Kontrole wed\u0142ug ustawy o odnawialnych \u017ar\u00f3d\u0142ach energii (EEG) z dnia 21 lipca 2004 r. Kontrole wed\u0142ug ustawy o kogeneracji (KWK-G)z dnia 19 marca 2002 r. Dla naszych klient\u00f3w z sektora energetycznego i gospodarki odpadami przeprowadzamy audyty techniczne w zakresie przepis\u00f3w ustawy o odnawialnych \u017ar\u00f3d\u0142ach energii (EEG) i ustawy o [&hellip;]\" \/>\n<meta property=\"og:url\" content=\"https:\/\/www.weyer-gruppe.com\/pl\/operatorzy-instalacji-i-inwestorzy\/badanie-wg-niemieckiej-ustawy-o-energiach-odnawialnych-i-kogeneracji\/\" \/>\n<meta property=\"og:site_name\" content=\"weyer gruppe\" \/>\n<meta property=\"article:publisher\" content=\"https:\/\/www.facebook.com\/weyergruppe\" \/>\n<meta property=\"article:modified_time\" content=\"2026-03-23T06:56:05+00:00\" \/>\n<meta name=\"twitter:card\" content=\"summary_large_image\" \/>\n<meta name=\"twitter:label1\" content=\"Szacowany czas czytania\" \/>\n\t<meta name=\"twitter:data1\" content=\"3 minuty\" \/>\n<script type=\"application\/ld+json\" class=\"yoast-schema-graph\">{\"@context\":\"https:\\\/\\\/schema.org\",\"@graph\":[{\"@type\":\"WebPage\",\"@id\":\"https:\\\/\\\/www.weyer-gruppe.com\\\/pl\\\/operatorzy-instalacji-i-inwestorzy\\\/badanie-wg-niemieckiej-ustawy-o-energiach-odnawialnych-i-kogeneracji\\\/\",\"url\":\"https:\\\/\\\/www.weyer-gruppe.com\\\/pl\\\/operatorzy-instalacji-i-inwestorzy\\\/badanie-wg-niemieckiej-ustawy-o-energiach-odnawialnych-i-kogeneracji\\\/\",\"name\":\"Badanie wg niemieckiej ustawy o energiach odnawialnych i kogeneracji &#8211; weyer gruppe\",\"isPartOf\":{\"@id\":\"https:\\\/\\\/www.weyer-gruppe.com\\\/pl\\\/#website\"},\"datePublished\":\"2019-08-05T07:09:01+00:00\",\"dateModified\":\"2026-03-23T06:56:05+00:00\",\"breadcrumb\":{\"@id\":\"https:\\\/\\\/www.weyer-gruppe.com\\\/pl\\\/operatorzy-instalacji-i-inwestorzy\\\/badanie-wg-niemieckiej-ustawy-o-energiach-odnawialnych-i-kogeneracji\\\/#breadcrumb\"},\"inLanguage\":\"pl-PL\",\"potentialAction\":[{\"@type\":\"ReadAction\",\"target\":[\"https:\\\/\\\/www.weyer-gruppe.com\\\/pl\\\/operatorzy-instalacji-i-inwestorzy\\\/badanie-wg-niemieckiej-ustawy-o-energiach-odnawialnych-i-kogeneracji\\\/\"]}]},{\"@type\":\"BreadcrumbList\",\"@id\":\"https:\\\/\\\/www.weyer-gruppe.com\\\/pl\\\/operatorzy-instalacji-i-inwestorzy\\\/badanie-wg-niemieckiej-ustawy-o-energiach-odnawialnych-i-kogeneracji\\\/#breadcrumb\",\"itemListElement\":[{\"@type\":\"ListItem\",\"position\":1,\"name\":\"HOME\",\"item\":\"https:\\\/\\\/www.weyer-gruppe.com\\\/pl\\\/\"},{\"@type\":\"ListItem\",\"position\":2,\"name\":\"Operatorzy instalacji i inwestorzy\",\"item\":\"https:\\\/\\\/www.weyer-gruppe.com\\\/pl\\\/operatorzy-instalacji-i-inwestorzy\\\/\"},{\"@type\":\"ListItem\",\"position\":3,\"name\":\"Badanie wg niemieckiej ustawy o energiach odnawialnych i kogeneracji\"}]},{\"@type\":\"WebSite\",\"@id\":\"https:\\\/\\\/www.weyer-gruppe.com\\\/pl\\\/#website\",\"url\":\"https:\\\/\\\/www.weyer-gruppe.com\\\/pl\\\/\",\"name\":\"weyer gruppe\",\"description\":\"komplett. durchdacht.\",\"publisher\":{\"@id\":\"https:\\\/\\\/www.weyer-gruppe.com\\\/pl\\\/#organization\"},\"potentialAction\":[{\"@type\":\"SearchAction\",\"target\":{\"@type\":\"EntryPoint\",\"urlTemplate\":\"https:\\\/\\\/www.weyer-gruppe.com\\\/pl\\\/?s={search_term_string}\"},\"query-input\":{\"@type\":\"PropertyValueSpecification\",\"valueRequired\":true,\"valueName\":\"search_term_string\"}}],\"inLanguage\":\"pl-PL\"},{\"@type\":\"Organization\",\"@id\":\"https:\\\/\\\/www.weyer-gruppe.com\\\/pl\\\/#organization\",\"name\":\"weyer gruppe\",\"url\":\"https:\\\/\\\/www.weyer-gruppe.com\\\/pl\\\/\",\"logo\":{\"@type\":\"ImageObject\",\"inLanguage\":\"pl-PL\",\"@id\":\"https:\\\/\\\/www.weyer-gruppe.com\\\/pl\\\/#\\\/schema\\\/logo\\\/image\\\/\",\"url\":\"https:\\\/\\\/www.weyer-gruppe.com\\\/wp-content\\\/uploads\\\/2019\\\/07\\\/logo-weyer-gruppe-de.png\",\"contentUrl\":\"https:\\\/\\\/www.weyer-gruppe.com\\\/wp-content\\\/uploads\\\/2019\\\/07\\\/logo-weyer-gruppe-de.png\",\"width\":532,\"height\":513,\"caption\":\"weyer gruppe\"},\"image\":{\"@id\":\"https:\\\/\\\/www.weyer-gruppe.com\\\/pl\\\/#\\\/schema\\\/logo\\\/image\\\/\"},\"sameAs\":[\"https:\\\/\\\/www.facebook.com\\\/weyergruppe\",\"https:\\\/\\\/de.linkedin.com\\\/company\\\/weyer-gruppe\",\"https:\\\/\\\/www.youtube.com\\\/channel\\\/UCmZItECuW56Ih_p501_Bq8A\"],\"description\":\"Die weyer gruppe ist seit 1976 Ihr Partner f\u00fcr verfahrenstechnische Anlagenplanung und Anlagensicherheit. Mit einem erfahrenen Team von \u00fcber 190 Mitarbeitern in Deutschland, \u00d6sterreich, Polen und der Schweiz realisieren wir j\u00e4hrlich \u00fcber 1.000 Kundenprojekte. Unsere Expertise erstreckt sich \u00fcber verschiedene Branchen wie Chemie, Pharma, Mineral\u00f6l sowie Ver- und Entsorgung. Vertrauen Sie auf die weyer Gruppe f\u00fcr ma\u00dfgeschneiderte Engineering- und Consulting-L\u00f6sungen, die Ihre Anforderungen in puncto Sicherheit und Effizienz erf\u00fcllen.\",\"email\":\"info@weyer-gruppe.com\",\"telephone\":\"+49 (0) 24 21 \u2013 69 09 1 \u2013 0\",\"numberOfEmployees\":{\"@type\":\"QuantitativeValue\",\"minValue\":\"51\",\"maxValue\":\"200\"}}]}<\/script>\n<!-- \/ Yoast SEO Premium plugin. -->","yoast_head_json":{"title":"Badanie wg niemieckiej ustawy o energiach odnawialnych i kogeneracji &#8211; weyer gruppe","robots":{"index":"noindex","follow":"follow"},"og_locale":"pl_PL","og_type":"article","og_title":"Badanie wg niemieckiej ustawy o energiach odnawialnych i kogeneracji","og_description":"[vc_row][vc_column][vc_column_text] Nasza oferta us\u0142ug w skr\u00f3cie: Kontrole wed\u0142ug ustawy o odnawialnych \u017ar\u00f3d\u0142ach energii (EEG) z dnia 21 lipca 2004 r. Kontrole wed\u0142ug ustawy o kogeneracji (KWK-G)z dnia 19 marca 2002 r. Dla naszych klient\u00f3w z sektora energetycznego i gospodarki odpadami przeprowadzamy audyty techniczne w zakresie przepis\u00f3w ustawy o odnawialnych \u017ar\u00f3d\u0142ach energii (EEG) i ustawy o [&hellip;]","og_url":"https:\/\/www.weyer-gruppe.com\/pl\/operatorzy-instalacji-i-inwestorzy\/badanie-wg-niemieckiej-ustawy-o-energiach-odnawialnych-i-kogeneracji\/","og_site_name":"weyer gruppe","article_publisher":"https:\/\/www.facebook.com\/weyergruppe","article_modified_time":"2026-03-23T06:56:05+00:00","twitter_card":"summary_large_image","twitter_misc":{"Szacowany czas czytania":"3 minuty"},"schema":{"@context":"https:\/\/schema.org","@graph":[{"@type":"WebPage","@id":"https:\/\/www.weyer-gruppe.com\/pl\/operatorzy-instalacji-i-inwestorzy\/badanie-wg-niemieckiej-ustawy-o-energiach-odnawialnych-i-kogeneracji\/","url":"https:\/\/www.weyer-gruppe.com\/pl\/operatorzy-instalacji-i-inwestorzy\/badanie-wg-niemieckiej-ustawy-o-energiach-odnawialnych-i-kogeneracji\/","name":"Badanie wg niemieckiej ustawy o energiach odnawialnych i kogeneracji &#8211; weyer gruppe","isPartOf":{"@id":"https:\/\/www.weyer-gruppe.com\/pl\/#website"},"datePublished":"2019-08-05T07:09:01+00:00","dateModified":"2026-03-23T06:56:05+00:00","breadcrumb":{"@id":"https:\/\/www.weyer-gruppe.com\/pl\/operatorzy-instalacji-i-inwestorzy\/badanie-wg-niemieckiej-ustawy-o-energiach-odnawialnych-i-kogeneracji\/#breadcrumb"},"inLanguage":"pl-PL","potentialAction":[{"@type":"ReadAction","target":["https:\/\/www.weyer-gruppe.com\/pl\/operatorzy-instalacji-i-inwestorzy\/badanie-wg-niemieckiej-ustawy-o-energiach-odnawialnych-i-kogeneracji\/"]}]},{"@type":"BreadcrumbList","@id":"https:\/\/www.weyer-gruppe.com\/pl\/operatorzy-instalacji-i-inwestorzy\/badanie-wg-niemieckiej-ustawy-o-energiach-odnawialnych-i-kogeneracji\/#breadcrumb","itemListElement":[{"@type":"ListItem","position":1,"name":"HOME","item":"https:\/\/www.weyer-gruppe.com\/pl\/"},{"@type":"ListItem","position":2,"name":"Operatorzy instalacji i inwestorzy","item":"https:\/\/www.weyer-gruppe.com\/pl\/operatorzy-instalacji-i-inwestorzy\/"},{"@type":"ListItem","position":3,"name":"Badanie wg niemieckiej ustawy o energiach odnawialnych i kogeneracji"}]},{"@type":"WebSite","@id":"https:\/\/www.weyer-gruppe.com\/pl\/#website","url":"https:\/\/www.weyer-gruppe.com\/pl\/","name":"weyer gruppe","description":"komplett. durchdacht.","publisher":{"@id":"https:\/\/www.weyer-gruppe.com\/pl\/#organization"},"potentialAction":[{"@type":"SearchAction","target":{"@type":"EntryPoint","urlTemplate":"https:\/\/www.weyer-gruppe.com\/pl\/?s={search_term_string}"},"query-input":{"@type":"PropertyValueSpecification","valueRequired":true,"valueName":"search_term_string"}}],"inLanguage":"pl-PL"},{"@type":"Organization","@id":"https:\/\/www.weyer-gruppe.com\/pl\/#organization","name":"weyer gruppe","url":"https:\/\/www.weyer-gruppe.com\/pl\/","logo":{"@type":"ImageObject","inLanguage":"pl-PL","@id":"https:\/\/www.weyer-gruppe.com\/pl\/#\/schema\/logo\/image\/","url":"https:\/\/www.weyer-gruppe.com\/wp-content\/uploads\/2019\/07\/logo-weyer-gruppe-de.png","contentUrl":"https:\/\/www.weyer-gruppe.com\/wp-content\/uploads\/2019\/07\/logo-weyer-gruppe-de.png","width":532,"height":513,"caption":"weyer gruppe"},"image":{"@id":"https:\/\/www.weyer-gruppe.com\/pl\/#\/schema\/logo\/image\/"},"sameAs":["https:\/\/www.facebook.com\/weyergruppe","https:\/\/de.linkedin.com\/company\/weyer-gruppe","https:\/\/www.youtube.com\/channel\/UCmZItECuW56Ih_p501_Bq8A"],"description":"Die weyer gruppe ist seit 1976 Ihr Partner f\u00fcr verfahrenstechnische Anlagenplanung und Anlagensicherheit. Mit einem erfahrenen Team von \u00fcber 190 Mitarbeitern in Deutschland, \u00d6sterreich, Polen und der Schweiz realisieren wir j\u00e4hrlich \u00fcber 1.000 Kundenprojekte. Unsere Expertise erstreckt sich \u00fcber verschiedene Branchen wie Chemie, Pharma, Mineral\u00f6l sowie Ver- und Entsorgung. Vertrauen Sie auf die weyer Gruppe f\u00fcr ma\u00dfgeschneiderte Engineering- und Consulting-L\u00f6sungen, die Ihre Anforderungen in puncto Sicherheit und Effizienz erf\u00fcllen.","email":"info@weyer-gruppe.com","telephone":"+49 (0) 24 21 \u2013 69 09 1 \u2013 0","numberOfEmployees":{"@type":"QuantitativeValue","minValue":"51","maxValue":"200"}}]}},"_links":{"self":[{"href":"https:\/\/www.weyer-gruppe.com\/pl\/wp-json\/wp\/v2\/pages\/23561","targetHints":{"allow":["GET"]}}],"collection":[{"href":"https:\/\/www.weyer-gruppe.com\/pl\/wp-json\/wp\/v2\/pages"}],"about":[{"href":"https:\/\/www.weyer-gruppe.com\/pl\/wp-json\/wp\/v2\/types\/page"}],"author":[{"embeddable":true,"href":"https:\/\/www.weyer-gruppe.com\/pl\/wp-json\/wp\/v2\/users\/5"}],"replies":[{"embeddable":true,"href":"https:\/\/www.weyer-gruppe.com\/pl\/wp-json\/wp\/v2\/comments?post=23561"}],"version-history":[{"count":1,"href":"https:\/\/www.weyer-gruppe.com\/pl\/wp-json\/wp\/v2\/pages\/23561\/revisions"}],"predecessor-version":[{"id":238059,"href":"https:\/\/www.weyer-gruppe.com\/pl\/wp-json\/wp\/v2\/pages\/23561\/revisions\/238059"}],"up":[{"embeddable":true,"href":"https:\/\/www.weyer-gruppe.com\/pl\/wp-json\/wp\/v2\/pages\/23842"}],"wp:attachment":[{"href":"https:\/\/www.weyer-gruppe.com\/pl\/wp-json\/wp\/v2\/media?parent=23561"}],"curies":[{"name":"wp","href":"https:\/\/api.w.org\/{rel}","templated":true}]}}