{"id":23541,"date":"2020-02-12T09:35:53","date_gmt":"2020-02-12T08:35:53","guid":{"rendered":"https:\/\/www.weyer-gruppe.com\/zintegrowane-doradztwo-w-zakresie-finansowania\/"},"modified":"2026-03-23T07:48:57","modified_gmt":"2026-03-23T06:48:57","slug":"zintegrowane-doradztwo-w-zakresie-finansowania","status":"publish","type":"page","link":"https:\/\/www.weyer-gruppe.com\/pl\/operatorzy-instalacji-i-inwestorzy\/zintegrowane-doradztwo-w-zakresie-finansowania\/","title":{"rendered":"Zintegrowane doradztwo w zakresie finansowania"},"content":{"rendered":"<div class=\"wpb-content-wrapper\">[vc_row][vc_column][vc_column_text]Roczny dodatek w wysoko\u015bci do 1.000.000 euro na dzia\u0142alno\u015b\u0107 badawczo-rozwojow\u0105 &#8211; <a href=\"https:\/\/www.bundesfinanzministerium.de\/Content\/DE\/Gesetzestexte\/Gesetze_Gesetzesvorhaben\/Abteilungen\/Abteilung_IV\/19_Legislaturperiode\/Gesetze_Verordnungen\/2019-12-20-Forschungszulagengesetz-FZulG\/0-Gesetz.html\" target=\"_blank\" rel=\"noopener noreferrer\">ustawa o dodatku<\/a> na badania oferuje znacz\u0105ce zach\u0119ty finansowe dla wszystkich przedsi\u0119biorstw. Pomagamy w realizacji niezb\u0119dnych dzia\u0142a\u0144, uzupe\u0142niamy je dodatkowymi \u015brodkami pa\u0144stwowymi i skutecznie dostosowujemy Pa\u0144stwa dzia\u0142alno\u015b\u0107 badawcz\u0105 w skali mi\u0119dzynarodowej. Nasza dzia\u0142alno\u015b\u0107 nie ogranicza si\u0119 tylko do aspekt\u00f3w finansowych. In\u017cynierowie odpowiadaj\u0105 na pytania techniczne dotycz\u0105ce Pa\u0144stwa projekt\u00f3w, wskazuj\u0105 mo\u017cliwo\u015bci optymalizacji i przyczyniaj\u0105 si\u0119 do tego, \u017ce w\u0142adze decyzyjne traktuj\u0105 Pa\u0144stwa projekt w taki spos\u00f3b, jak Pa\u0144stwo go postrzegaj\u0105: jako kwalifikuj\u0105cy si\u0119 do finansowania![\/vc_column_text][\/vc_column][\/vc_row][vc_row][vc_column]<h2 class=\"grve-element grve-align-left grve-title-no-line grve-h2\" style=\"\"><span>Us\u0142ugi<\/span><\/h2>[vc_empty_space][vc_tta_accordion c_icon=&#8221;&#8221; active_section=&#8221;0&#8243; collapsible_all=&#8221;true&#8221;][vc_tta_section i_icon_fontawesome=&#8221;fa fa-tasks&#8221; add_icon=&#8221;true&#8221; title=&#8221;Opracowywanie projekt\u00f3w wsparcia&#8221; tab_id=&#8221;1581498627771-62322590-8b7a&#8221;][vc_column_text]\n<ul class=\"arrow-gray\">\n<li>Analiza potencja\u0142u wsparcia<\/li>\n<li>Okre\u015blenie i ocena odpowiednich program\u00f3w wsparcia<\/li>\n<li>Opracowywanie pomys\u0142\u00f3w \/ szkic\u00f3w projekt\u00f3w<\/li>\n<li>Badanie kwestii z dziedziny prawa podatkowego<\/li>\n<li>(Kierowanie i) rozw\u00f3j zintegrowanych koncepcji wdro\u017ceniowych<\/li>\n<li>Tworzenie konsorcj\u00f3w i partnerstw projektowych<\/li>\n<\/ul>\n[\/vc_column_text][\/vc_tta_section][vc_tta_section i_icon_fontawesome=&#8221;fa fa-file-text-o&#8221; add_icon=&#8221;true&#8221; title=&#8221;Wnioski o dotacje&#8221; tab_id=&#8221;1581498627790-a1f7d6e8-0eae&#8221;][vc_column_text]\n<ul class=\"arrow-gray\">\n<li>Pomoc i doradztwo w zakresie prawa zam\u00f3wie\u0144 publicznych<\/li>\n<li>Przygotowywanie wniosk\u00f3w o dotacje<\/li>\n<li>Komunikacja z podmiotami udzielaj\u0105cymi dotacji<\/li>\n<li>Badanie obowi\u0105zk\u00f3w i warunk\u00f3w zawartych w informacjach o zezwoleniach<\/li>\n<li>Ustanowienie struktur organizacyjnych \/ zarz\u0105dczych zgodnie z finansowaniem<\/li>\n<\/ul>\n[\/vc_column_text][\/vc_tta_section][vc_tta_section i_icon_fontawesome=&#8221;fa fa-pencil&#8221; add_icon=&#8221;true&#8221; title=&#8221;Zarz\u0105dzanie projektem&#8221; tab_id=&#8221;1581498735398-8bc79ccf-d10d&#8221;][vc_column_text]\n<ul class=\"arrow-gray\">\n<li>Tworzenie system\u00f3w monitorowania i kontroli<\/li>\n<li>Monitorowanie i wsparcie wdra\u017cania<\/li>\n<li>Przej\u0119cie koordynacji projektu<\/li>\n<li>Zarz\u0105dzanie ryzykiem i zmianami<\/li>\n<li>Kontrolowanie dotacji<\/li>\n<\/ul>\n[\/vc_column_text][\/vc_tta_section][vc_tta_section i_icon_fontawesome=&#8221;fa fa-money&#8221; add_icon=&#8221;true&#8221; title=&#8221;Wyp\u0142ata \u015brodk\u00f3w \/ dokumentacja wykorzystania \u015brodk\u00f3w&#8221; tab_id=&#8221;1581498778635-84ef5b71-a547&#8243;][vc_column_text]\n<ul class=\"arrow-gray\">\n<li>Tworzenie dokumentacji audytowej<\/li>\n<li>Pomoc w prowadzeniu dokumentacji wykorzystania \u015brodk\u00f3w<\/li>\n<li>Wsparcie w zakresie wyp\u0142aty \u015brodk\u00f3w \/ dokumentacji wykorzystania \u015brodk\u00f3w<\/li>\n<li>Wdra\u017canie kontroli pierwszego stopnia<\/li>\n<\/ul>\n[\/vc_column_text][\/vc_tta_section][vc_tta_section i_icon_fontawesome=&#8221;fa fa-check-square-o&#8221; add_icon=&#8221;true&#8221; title=&#8221;Zako\u0144czenie projektu&#8221; tab_id=&#8221;1581498804604-96943275-568a&#8221;][vc_column_text]\n<ul class=\"arrow-gray\">\n<li>Towarzyszenie kontroli przeprowadzanej przez organy kontrolne<\/li>\n<li>Wsparcie w zakresie obrony przed wnioskami o zwrot nale\u017cno\u015bci przez organy udzielaj\u0105ce dotacji<\/li>\n<li>Doradztwo prawne w zakresie wykorzystania wynik\u00f3w projektu<\/li>\n<li>Audyt poprawno\u015bci system\u00f3w IT s\u0142u\u017c\u0105cych do archiwizacji zgodnie z wymogami finansowania<\/li>\n<\/ul>\n[\/vc_column_text][\/vc_tta_section][\/vc_tta_accordion][\/vc_column][\/vc_row][vc_row bg_type=&#8221;color&#8221; bg_color=&#8221;#0b3c80&#8243; font_color=&#8221;#ffffff&#8221;][vc_column css=&#8221;.vc_custom_1563974199119{padding-top: 25px !important;padding-bottom: 25px !important;padding-left: 25px !important;}&#8221;]<div class=\"grve-element grve-hr grve-space-divider\" style=\"\"><\/div><div class=\"grve-element grve-image-text\" style=\"\">  <div class=\"grve-content grve-align-right\">    <h6>Broszura BDO: BADANIA I ROZW\u00d3J<\/h6>  <p>Roczny dodatek w wysoko\u015bci do 500.000 euro na dzia\u0142alno\u015b\u0107 badawczo-rozwojow\u0105 &#8211; ustawa o dodatku na badania oferuje znacz\u0105ce zach\u0119ty finansowe dla wszystkich przedsi\u0119biorstw.<\/p>\n<p>O BDO<br \/>\nZatrudniaj\u0105c ponad 1.900 pracownik\u00f3w w 27 lokalizacjach, BDO jest jednym z wiod\u0105cych przedsi\u0119biorstw w Niemczech w zakresie us\u0142ug audytorskich, doradztwa podatkowego i prawa gospodarczego, jak r\u00f3wnie\u017c us\u0142ug doradczych.<\/p>    <a href=\"https:\/\/www.weyer-gruppe.com\/wp-content\/uploads\/2020\/02\/bdo-broschuere-integrierte-foerderberatung.pdf\" target=\"_blank\" class=\"grve-read-more \">Ulotka do pobrania tutaj<\/a>  <\/div><div class=\"grve-image\"><img decoding=\"async\" width=\"250\" height=\"354\" src=\"https:\/\/www.weyer-gruppe.com\/wp-content\/uploads\/2020\/02\/flyer-bdo-integrierte-foerderberatung.jpg\" class=\"attachment-full size-full\" alt=\"Ulotka dotycz\u0105ca doradztwa w zakresie zintegrowanego finansowania\" srcset=\"https:\/\/www.weyer-gruppe.com\/wp-content\/uploads\/2020\/02\/flyer-bdo-integrierte-foerderberatung.jpg 250w, https:\/\/www.weyer-gruppe.com\/wp-content\/uploads\/2020\/02\/flyer-bdo-integrierte-foerderberatung-212x300.jpg 212w\" sizes=\"(max-width: 250px) 100vw, 250px\" \/><\/div><\/div><div class=\"grve-element grve-hr grve-space-divider\" style=\"\"><\/div>[\/vc_column][\/vc_row][vc_row][vc_column]<div class=\"grve-element grve-hr grve-space-divider\" style=\"\"><\/div>[\/vc_column][\/vc_row][vc_row][vc_column width=&#8221;1\/2&#8243;]<div class=\"grve-element grve-hr grve-space-divider\" style=\"\"><\/div><div class=\"grve-element grve-box-icon grve-align-center\" style=\"\">  <div class=\"grve-icon grve-large grve-simple grve-no-shape grve-color-black fa fa-calendar\"><\/div><\/div><h3 class=\"grve-element grve-align-left grve-title-no-line grve-h3\" style=\"\"><span>Bezp\u0142atne konsultacje online na temat ustawy o grantach badawczych<\/span><\/h3><div class=\"grve-element grve-hr grve-space-divider\" style=\"\"><\/div><div class=\"grve-element grve-box-icon grve-align-left\" style=\"\">  <div class=\"grve-icon grve-medium grve-simple grve-no-shape grve-color-red fa fa-times\"><\/div>  <div class=\"grve-box-content\"><h5 class=\"grve-box-title\"><span>Ustawa o dotacjach na badania nad j\u0119zykami technicznymi<\/span><\/h5>    <p class=\"\">Bez uci\u0105\u017cliwych sformu\u0142owa\u0144, bez cytowania paragraf\u00f3w<\/p>  <\/div><\/div><div class=\"grve-element grve-box-icon grve-align-left\" style=\"\">  <div class=\"grve-icon grve-medium grve-simple grve-no-shape grve-color-green fa fa-check\"><\/div>  <div class=\"grve-box-content\"><h5 class=\"grve-box-title\"><span>Czytelny tekst dla u\u017cytkownik\u00f3w<\/span><\/h5>    <p class=\"\">Zrozumia\u0142e obja\u015bnienia, bezpo\u015brednie odpowiedzi na Twoje pytania<\/p>  <\/div><\/div><div class=\"grve-element grve-hr grve-space-divider\" style=\"\"><\/div><div class=\"grve-element grve-align-center\"><a class=\"grve-btn grve-btn-medium grve-square grve-bg-primary-3\" href=\"https:\/\/www.weyer-gruppe.com\/2021\/09\/27\/online-sprechstunde-forschungszulagengesetz\/\" target=\"_self\" style=\"\"><span>Wi\u0119cej informacji mo\u017cna znale\u017a\u0107 tutaj<\/span><\/a><\/div>[\/vc_column][vc_column width=&#8221;1\/2&#8243;]\n<div class=\"wpcf7 no-js\" id=\"wpcf7-f28066-o1\" lang=\"de-DE\" dir=\"ltr\" data-wpcf7-id=\"28066\">\n<div class=\"screen-reader-response\"><p role=\"status\" aria-live=\"polite\" aria-atomic=\"true\"><\/p> <ul><\/ul><\/div>\n<form action=\"\/pl\/wp-json\/wp\/v2\/pages\/23541#wpcf7-f28066-o1\" method=\"post\" class=\"wpcf7-form init\" aria-label=\"Kontaktformular\" novalidate=\"novalidate\" data-status=\"init\">\n<fieldset class=\"hidden-fields-container\"><input type=\"hidden\" name=\"_wpcf7\" value=\"28066\" \/><input type=\"hidden\" name=\"_wpcf7_version\" value=\"6.1.5\" \/><input type=\"hidden\" name=\"_wpcf7_locale\" value=\"de_DE\" \/><input type=\"hidden\" name=\"_wpcf7_unit_tag\" value=\"wpcf7-f28066-o1\" \/><input type=\"hidden\" name=\"_wpcf7_container_post\" value=\"0\" \/><input type=\"hidden\" name=\"_wpcf7_posted_data_hash\" value=\"\" \/><input type=\"hidden\" name=\"_wpcf7_recaptcha_response\" value=\"\" \/>\n<\/fieldset>\n<p><label>Datum (Pflichtfeld)<br \/>\n<span class=\"wpcf7-form-control-wrap\" data-name=\"Datum\"><input class=\"wpcf7-form-control wpcf7-date wpcf7-validates-as-date\" min=\"2022-01-01\" max=\"2025-12-31\" aria-invalid=\"false\" placeholder=\"Termin ausw\u00e4hlen\" value=\"\" type=\"date\" name=\"Datum\" \/><\/span><\/label><br \/>\n<label> Uhrzeit (Pflichtfeld)<br \/>\n<span class=\"wpcf7-form-control-wrap\" data-name=\"uhrzeit\"><select class=\"wpcf7-form-control wpcf7-select wpcf7-validates-as-required\" aria-required=\"true\" aria-invalid=\"false\" name=\"uhrzeit\"><option value=\"10:00 Uhr\">10:00 Uhr<\/option><option value=\"10:30 Uhr\">10:30 Uhr<\/option><option value=\"11:00 Uhr\">11:00 Uhr<\/option><option value=\"11:30 Uhr\">11:30 Uhr<\/option><option value=\"12:00 Uhr\">12:00 Uhr<\/option><option value=\"12:30 Uhr\">12:30 Uhr<\/option><option value=\"13:00 Uhr\">13:00 Uhr<\/option><option value=\"13:30 Uhr\">13:30 Uhr<\/option><option value=\"14:00 Uhr\">14:00 Uhr<\/option><option value=\"14:30 Uhr\">14:30 Uhr<\/option><option value=\"15:00 Uhr\">15:00 Uhr<\/option><option value=\"15:30 Uhr\">15:30 Uhr<\/option><\/select><\/span> <\/label><br \/>\n<label> Unternehmen<br \/>\n<span class=\"wpcf7-form-control-wrap\" data-name=\"unternehmen\"><input size=\"40\" maxlength=\"400\" class=\"wpcf7-form-control wpcf7-text\" aria-invalid=\"false\" value=\"\" type=\"text\" name=\"unternehmen\" \/><\/span> <\/label><br \/>\n<label> Anrede (Pflichtfeld)<br \/>\n<span class=\"wpcf7-form-control-wrap\" data-name=\"anrede\"><select class=\"wpcf7-form-control wpcf7-select wpcf7-validates-as-required\" aria-required=\"true\" aria-invalid=\"false\" name=\"anrede\"><option value=\"\">&#8211; Bitte ausw\u00e4hlen &#8211;<\/option><option value=\"Herr\">Herr<\/option><option value=\"Frau\">Frau<\/option><option value=\"divers\">divers<\/option><\/select><\/span> <\/label><br \/>\n<label> Vor- und Nachname (Pflichtfeld)<br \/>\n<span class=\"wpcf7-form-control-wrap\" data-name=\"your-name\"><input size=\"40\" maxlength=\"400\" class=\"wpcf7-form-control wpcf7-text wpcf7-validates-as-required\" aria-required=\"true\" aria-invalid=\"false\" value=\"\" type=\"text\" name=\"your-name\" \/><\/span> <\/label><br \/>\n<label> E-Mail-Adresse (Pflichtfeld)<br \/>\n<span class=\"wpcf7-form-control-wrap\" data-name=\"your-email\"><input size=\"40\" maxlength=\"400\" class=\"wpcf7-form-control wpcf7-email wpcf7-validates-as-required wpcf7-text wpcf7-validates-as-email\" aria-required=\"true\" aria-invalid=\"false\" value=\"\" type=\"email\" name=\"your-email\" \/><\/span> <\/label><br \/>\n<label> Telefonnummer (Pflichtfeld)<br \/>\n<span class=\"wpcf7-form-control-wrap\" data-name=\"Telefon\"><input size=\"40\" maxlength=\"400\" class=\"wpcf7-form-control wpcf7-tel wpcf7-validates-as-required wpcf7-text wpcf7-validates-as-tel\" aria-required=\"true\" aria-invalid=\"false\" value=\"\" type=\"tel\" name=\"Telefon\" \/><\/span> <\/label>\n<\/p>\n<p><label> Ihre Nachricht<br \/>\n<span class=\"wpcf7-form-control-wrap\" data-name=\"Nachricht\"><input size=\"40\" maxlength=\"400\" class=\"wpcf7-form-control wpcf7-text\" aria-invalid=\"false\" placeholder=\"Haben Sie bereits Fragen, die Sie im Termin besprechen m\u00f6chten?\" value=\"\" type=\"text\" name=\"Nachricht\" \/><\/span><\/label><br \/>\n<label> Wie sind Sie auf uns aufmerksam geworden (Pflichtfeld) <span class=\"wpcf7-form-control-wrap\" data-name=\"WiesindSieaufunsaufmerksamgeworden\"><select class=\"wpcf7-form-control wpcf7-select wpcf7-validates-as-required\" aria-required=\"true\" aria-invalid=\"false\" name=\"WiesindSieaufunsaufmerksamgeworden\"><option value=\"\"><\/option><option value=\"Bestandskunde\">Bestandskunde<\/option><option value=\"Suchmaschinensuche (Google, Bing)\">Suchmaschinensuche (Google, Bing)<\/option><option value=\"Suchmaschinenwerbung\">Suchmaschinenwerbung<\/option><option value=\"Social Media\">Social Media<\/option><option value=\"Weiterempfehlung\">Weiterempfehlung<\/option><option value=\"Printmedien\">Printmedien<\/option><option value=\"Pressebericht\">Pressebericht<\/option><option value=\"Veranstaltung\">Veranstaltung<\/option><option value=\"sonstiges\">sonstiges<\/option><\/select><\/span> <\/label>\n<\/p>\n<p><span class=\"wpcf7-form-control-wrap\" data-name=\"Datenschutzerklaerung\"><span class=\"wpcf7-form-control wpcf7-checkbox wpcf7-validates-as-required\"><span class=\"wpcf7-list-item first last\"><input type=\"checkbox\" name=\"Datenschutzerklaerung[]\" value=\"Ich habe die Datenschutzerkl\u00e4rung gelesen und erkl\u00e4re mich damit einverstanden.\" \/><span class=\"wpcf7-list-item-label\">Ich habe die Datenschutzerkl\u00e4rung gelesen und erkl\u00e4re mich damit einverstanden.<\/span><\/span><\/span><\/span><br \/>\n<span class=\"wpcf7-form-control-wrap\" data-name=\"Newsletter\"><span class=\"wpcf7-form-control wpcf7-checkbox\"><span class=\"wpcf7-list-item first last\"><input type=\"checkbox\" name=\"Newsletter[]\" value=\"Ich m\u00f6chte Informationen zu kommenden Veranstaltungen und Neuigkeiten in der Branche erhalten.\" \/><span class=\"wpcf7-list-item-label\">Ich m\u00f6chte Informationen zu kommenden Veranstaltungen und Neuigkeiten in der Branche erhalten.<\/span><\/span><\/span><\/span><br \/>\n<br \/>\n<input class=\"wpcf7-form-control wpcf7-submit has-spinner\" type=\"submit\" value=\"Senden\" \/>\n<\/p><div class=\"wpcf7-response-output\" aria-hidden=\"true\"><\/div>\n<\/form>\n<\/div>\n[vc_column_text][borlabs-cookie id=&#8221;recaptcha&#8221; type=&#8221;content-blocker&#8221;]&#8230;zablokuj to&#8230;[\/borlabs-cookie][\/vc_column_text][\/vc_column][\/vc_row][vc_row][vc_column]<div class=\"grve-element grve-hr grve-space-divider\" style=\"\"><\/div><h3 class=\"grve-element grve-align-left grve-title-no-line grve-h3\" style=\"\"><span>Nasz zesp\u00f3\u0142<\/span><\/h3>[\/vc_column][\/vc_row][vc_row][vc_column width=&#8221;1\/4&#8243; tablet_sm_width=&#8221;1-2&#8243;]\r\n\t\t<div class=\"grve-team grve-element\" style=\"\">\r\n\t\t\t<figure class=\"grve-image-hover grve-style-1 grve-zoom-in\">\r\n\t\t\t\t<div class=\"grve-team-person grve-media grve-dark-overlay grve-opacity-60\">\r\n\t\t\t\t\t<img decoding=\"async\" width=\"300\" height=\"300\" src=\"https:\/\/www.weyer-gruppe.com\/wp-content\/uploads\/2019\/07\/pr-kai-steffens.jpg\" class=\"attachment-grve-image-small-square size-grve-image-small-square\" alt=\"Zdj\u0119cie pracownika Dr. Kai Steffens z BDO TUC GmbH und PROBIOTEC GmbH\" \/>\t\t\t\t<\/div>\r\n\t\t\t\t<figcaption>\r\n\t\t\t\t\t<div class=\"grve-team-description\">\r\n\t\t\t\t\t\t\t\t\t\t\t\t<h4 class=\"grve-team-name grve-dark grve-h4\">Dr.-Ing. Kai Steffens<\/h4>\r\n\t\t\t\t\t\t\t\t\t\t\t\t<small class=\"grve-team-identity grve-dark\">BDO Technik und Umweltconsulting<\/small>\r\n\t\t\t\t\t<\/div>\r\n\t\t\t\t\t\t\t\t\t<\/figcaption>\r\n\t\t\t<\/figure>\r\n\t\t<\/div>\r\n\r\n\t\t[\/vc_column][vc_column width=&#8221;1\/4&#8243; tablet_sm_width=&#8221;1-2&#8243;]\r\n\t\t<div class=\"grve-team grve-element\" style=\"\">\r\n\t\t\t<figure class=\"grve-image-hover grve-style-1 grve-zoom-in\">\r\n\t\t\t\t<div class=\"grve-team-person grve-media grve-dark-overlay grve-opacity-60\">\r\n\t\t\t\t\t<img decoding=\"async\" width=\"300\" height=\"300\" src=\"https:\/\/www.weyer-gruppe.com\/wp-content\/uploads\/2020\/02\/bdo-lars-guenther.jpg\" class=\"attachment-grve-image-small-square size-grve-image-small-square\" alt=\"Mitarbeiterfoto von Lars G\u00fcnther von der BDO AG\" srcset=\"https:\/\/www.weyer-gruppe.com\/wp-content\/uploads\/2020\/02\/bdo-lars-guenther.jpg 300w, https:\/\/www.weyer-gruppe.com\/wp-content\/uploads\/2020\/02\/bdo-lars-guenther-150x150.jpg 150w, https:\/\/www.weyer-gruppe.com\/wp-content\/uploads\/2020\/02\/bdo-lars-guenther-80x80.jpg 80w\" sizes=\"(max-width: 300px) 100vw, 300px\" \/>\t\t\t\t<\/div>\r\n\t\t\t\t<figcaption>\r\n\t\t\t\t\t<div class=\"grve-team-description\">\r\n\t\t\t\t\t\t\t\t\t\t\t\t<h4 class=\"grve-team-name grve-dark grve-h4\">Lars G\u00fcnther<\/h4>\r\n\t\t\t\t\t\t\t\t\t\t\t\t<small class=\"grve-team-identity grve-dark\">BDO Technik und Umweltconsulting<\/small>\r\n\t\t\t\t\t<\/div>\r\n\t\t\t\t\t\t\t\t\t<\/figcaption>\r\n\t\t\t<\/figure>\r\n\t\t<\/div>\r\n\r\n\t\t[\/vc_column][vc_column width=&#8221;1\/4&#8243; tablet_sm_width=&#8221;1-2&#8243;]\r\n\t\t<div class=\"grve-team grve-element\" style=\"\">\r\n\t\t\t<figure class=\"grve-image-hover grve-style-1 grve-zoom-in\">\r\n\t\t\t\t<div class=\"grve-team-person grve-media grve-dark-overlay grve-opacity-60\">\r\n\t\t\t\t\t<img decoding=\"async\" width=\"300\" height=\"300\" src=\"https:\/\/www.weyer-gruppe.com\/wp-content\/uploads\/2020\/02\/weyer-gruppe-platzhalter-mitarbeiterfotos.jpg\" class=\"attachment-grve-image-small-square size-grve-image-small-square\" alt=\"Platzhalte Mitarbeiterfotos\" srcset=\"https:\/\/www.weyer-gruppe.com\/wp-content\/uploads\/2020\/02\/weyer-gruppe-platzhalter-mitarbeiterfotos.jpg 300w, https:\/\/www.weyer-gruppe.com\/wp-content\/uploads\/2020\/02\/weyer-gruppe-platzhalter-mitarbeiterfotos-150x150.jpg 150w, https:\/\/www.weyer-gruppe.com\/wp-content\/uploads\/2020\/02\/weyer-gruppe-platzhalter-mitarbeiterfotos-80x80.jpg 80w\" sizes=\"(max-width: 300px) 100vw, 300px\" \/>\t\t\t\t<\/div>\r\n\t\t\t\t<figcaption>\r\n\t\t\t\t\t<div class=\"grve-team-description\">\r\n\t\t\t\t\t\t\t\t\t\t\t\t<h4 class=\"grve-team-name grve-dark grve-h4\">Daniel James Wiggins<\/h4>\r\n\t\t\t\t\t\t\t\t\t\t\t\t<small class=\"grve-team-identity grve-dark\">BDO Technik und Umweltconsulting<\/small>\r\n\t\t\t\t\t<\/div>\r\n\t\t\t\t\t\t\t\t\t<\/figcaption>\r\n\t\t\t<\/figure>\r\n\t\t<\/div>\r\n\r\n\t\t[\/vc_column][vc_column width=&#8221;1\/4&#8243; tablet_sm_width=&#8221;1-2&#8243;][\/vc_column][\/vc_row][vc_row][vc_column]<div class=\"grve-element grve-hr grve-space-divider\" style=\"\"><\/div>[\/vc_column][\/vc_row]\n<\/div>","protected":false},"excerpt":{"rendered":"<p>[vc_row][vc_column][vc_column_text]Roczny dodatek w wysoko\u015bci do 1.000.000 euro na dzia\u0142alno\u015b\u0107 badawczo-rozwojow\u0105 &#8211; ustawa o dodatku na badania oferuje znacz\u0105ce zach\u0119ty finansowe dla wszystkich przedsi\u0119biorstw. Pomagamy w realizacji niezb\u0119dnych dzia\u0142a\u0144, uzupe\u0142niamy je dodatkowymi \u015brodkami pa\u0144stwowymi i skutecznie dostosowujemy Pa\u0144stwa dzia\u0142alno\u015b\u0107 badawcz\u0105 w skali mi\u0119dzynarodowej. Nasza dzia\u0142alno\u015b\u0107 nie ogranicza si\u0119 tylko do aspekt\u00f3w finansowych. In\u017cynierowie odpowiadaj\u0105 na pytania [&hellip;]<\/p>\n","protected":false},"author":5,"featured_media":0,"parent":23842,"menu_order":0,"comment_status":"closed","ping_status":"closed","template":"","meta":{"footnotes":""},"class_list":["post-23541","page","type-page","status-publish","hentry"],"yoast_head":"<!-- This site is optimized with the Yoast SEO Premium plugin v27.4 (Yoast SEO v27.4) - https:\/\/yoast.com\/product\/yoast-seo-premium-wordpress\/ -->\n<title>Audyt budowlany i kontrola budowy dla du\u017cych projekt\u00f3w \u2013 grupa weyer<\/title>\n<meta name=\"description\" content=\"Wspieramy inwestor\u00f3w w audycie budowlanym i kontroli budowy podczas \u015bledzenia koszt\u00f3w, finansowania, jako\u015bci i post\u0119pu harmonogramu.\" \/>\n<meta name=\"robots\" content=\"index, follow, max-snippet:-1, max-image-preview:large, max-video-preview:-1\" \/>\n<link rel=\"canonical\" href=\"https:\/\/www.weyer-gruppe.com\/pl\/operatorzy-instalacji-i-inwestorzy\/zintegrowane-doradztwo-w-zakresie-finansowania\/\" \/>\n<meta property=\"og:locale\" content=\"pl_PL\" \/>\n<meta property=\"og:type\" content=\"article\" \/>\n<meta property=\"og:title\" content=\"Zintegrowane doradztwo w zakresie finansowania\" \/>\n<meta property=\"og:description\" content=\"Wspieramy inwestor\u00f3w w audycie budowlanym i kontroli budowy podczas \u015bledzenia koszt\u00f3w, finansowania, jako\u015bci i post\u0119pu harmonogramu.\" \/>\n<meta property=\"og:url\" content=\"https:\/\/www.weyer-gruppe.com\/pl\/operatorzy-instalacji-i-inwestorzy\/zintegrowane-doradztwo-w-zakresie-finansowania\/\" \/>\n<meta property=\"og:site_name\" content=\"weyer gruppe\" \/>\n<meta property=\"article:publisher\" content=\"https:\/\/www.facebook.com\/weyergruppe\" \/>\n<meta property=\"article:modified_time\" content=\"2026-03-23T06:48:57+00:00\" \/>\n<meta name=\"twitter:card\" content=\"summary_large_image\" \/>\n<meta name=\"twitter:label1\" content=\"Szacowany czas czytania\" \/>\n\t<meta name=\"twitter:data1\" content=\"4 minuty\" \/>\n<script type=\"application\/ld+json\" class=\"yoast-schema-graph\">{\"@context\":\"https:\\\/\\\/schema.org\",\"@graph\":[{\"@type\":\"WebPage\",\"@id\":\"https:\\\/\\\/www.weyer-gruppe.com\\\/pl\\\/operatorzy-instalacji-i-inwestorzy\\\/zintegrowane-doradztwo-w-zakresie-finansowania\\\/\",\"url\":\"https:\\\/\\\/www.weyer-gruppe.com\\\/pl\\\/operatorzy-instalacji-i-inwestorzy\\\/zintegrowane-doradztwo-w-zakresie-finansowania\\\/\",\"name\":\"Audyt budowlany i kontrola budowy dla du\u017cych projekt\u00f3w \u2013 grupa weyer\",\"isPartOf\":{\"@id\":\"https:\\\/\\\/www.weyer-gruppe.com\\\/pl\\\/#website\"},\"datePublished\":\"2020-02-12T08:35:53+00:00\",\"dateModified\":\"2026-03-23T06:48:57+00:00\",\"description\":\"Wspieramy inwestor\u00f3w w audycie budowlanym i kontroli budowy podczas \u015bledzenia koszt\u00f3w, finansowania, jako\u015bci i post\u0119pu harmonogramu.\",\"breadcrumb\":{\"@id\":\"https:\\\/\\\/www.weyer-gruppe.com\\\/pl\\\/operatorzy-instalacji-i-inwestorzy\\\/zintegrowane-doradztwo-w-zakresie-finansowania\\\/#breadcrumb\"},\"inLanguage\":\"pl-PL\",\"potentialAction\":[{\"@type\":\"ReadAction\",\"target\":[\"https:\\\/\\\/www.weyer-gruppe.com\\\/pl\\\/operatorzy-instalacji-i-inwestorzy\\\/zintegrowane-doradztwo-w-zakresie-finansowania\\\/\"]}]},{\"@type\":\"BreadcrumbList\",\"@id\":\"https:\\\/\\\/www.weyer-gruppe.com\\\/pl\\\/operatorzy-instalacji-i-inwestorzy\\\/zintegrowane-doradztwo-w-zakresie-finansowania\\\/#breadcrumb\",\"itemListElement\":[{\"@type\":\"ListItem\",\"position\":1,\"name\":\"HOME\",\"item\":\"https:\\\/\\\/www.weyer-gruppe.com\\\/pl\\\/\"},{\"@type\":\"ListItem\",\"position\":2,\"name\":\"Operatorzy instalacji i inwestorzy\",\"item\":\"https:\\\/\\\/www.weyer-gruppe.com\\\/pl\\\/operatorzy-instalacji-i-inwestorzy\\\/\"},{\"@type\":\"ListItem\",\"position\":3,\"name\":\"Zintegrowane doradztwo w zakresie finansowania\"}]},{\"@type\":\"WebSite\",\"@id\":\"https:\\\/\\\/www.weyer-gruppe.com\\\/pl\\\/#website\",\"url\":\"https:\\\/\\\/www.weyer-gruppe.com\\\/pl\\\/\",\"name\":\"weyer gruppe\",\"description\":\"komplett. durchdacht.\",\"publisher\":{\"@id\":\"https:\\\/\\\/www.weyer-gruppe.com\\\/pl\\\/#organization\"},\"potentialAction\":[{\"@type\":\"SearchAction\",\"target\":{\"@type\":\"EntryPoint\",\"urlTemplate\":\"https:\\\/\\\/www.weyer-gruppe.com\\\/pl\\\/?s={search_term_string}\"},\"query-input\":{\"@type\":\"PropertyValueSpecification\",\"valueRequired\":true,\"valueName\":\"search_term_string\"}}],\"inLanguage\":\"pl-PL\"},{\"@type\":\"Organization\",\"@id\":\"https:\\\/\\\/www.weyer-gruppe.com\\\/pl\\\/#organization\",\"name\":\"weyer gruppe\",\"url\":\"https:\\\/\\\/www.weyer-gruppe.com\\\/pl\\\/\",\"logo\":{\"@type\":\"ImageObject\",\"inLanguage\":\"pl-PL\",\"@id\":\"https:\\\/\\\/www.weyer-gruppe.com\\\/pl\\\/#\\\/schema\\\/logo\\\/image\\\/\",\"url\":\"https:\\\/\\\/www.weyer-gruppe.com\\\/wp-content\\\/uploads\\\/2019\\\/07\\\/logo-weyer-gruppe-de.png\",\"contentUrl\":\"https:\\\/\\\/www.weyer-gruppe.com\\\/wp-content\\\/uploads\\\/2019\\\/07\\\/logo-weyer-gruppe-de.png\",\"width\":532,\"height\":513,\"caption\":\"weyer gruppe\"},\"image\":{\"@id\":\"https:\\\/\\\/www.weyer-gruppe.com\\\/pl\\\/#\\\/schema\\\/logo\\\/image\\\/\"},\"sameAs\":[\"https:\\\/\\\/www.facebook.com\\\/weyergruppe\",\"https:\\\/\\\/de.linkedin.com\\\/company\\\/weyer-gruppe\",\"https:\\\/\\\/www.youtube.com\\\/channel\\\/UCmZItECuW56Ih_p501_Bq8A\"],\"description\":\"Die weyer gruppe ist seit 1976 Ihr Partner f\u00fcr verfahrenstechnische Anlagenplanung und Anlagensicherheit. Mit einem erfahrenen Team von \u00fcber 190 Mitarbeitern in Deutschland, \u00d6sterreich, Polen und der Schweiz realisieren wir j\u00e4hrlich \u00fcber 1.000 Kundenprojekte. Unsere Expertise erstreckt sich \u00fcber verschiedene Branchen wie Chemie, Pharma, Mineral\u00f6l sowie Ver- und Entsorgung. Vertrauen Sie auf die weyer Gruppe f\u00fcr ma\u00dfgeschneiderte Engineering- und Consulting-L\u00f6sungen, die Ihre Anforderungen in puncto Sicherheit und Effizienz erf\u00fcllen.\",\"email\":\"info@weyer-gruppe.com\",\"telephone\":\"+49 (0) 24 21 \u2013 69 09 1 \u2013 0\",\"numberOfEmployees\":{\"@type\":\"QuantitativeValue\",\"minValue\":\"51\",\"maxValue\":\"200\"}}]}<\/script>\n<!-- \/ Yoast SEO Premium plugin. -->","yoast_head_json":{"title":"Audyt budowlany i kontrola budowy dla du\u017cych projekt\u00f3w \u2013 grupa weyer","description":"Wspieramy inwestor\u00f3w w audycie budowlanym i kontroli budowy podczas \u015bledzenia koszt\u00f3w, finansowania, jako\u015bci i post\u0119pu harmonogramu.","robots":{"index":"index","follow":"follow","max-snippet":"max-snippet:-1","max-image-preview":"max-image-preview:large","max-video-preview":"max-video-preview:-1"},"canonical":"https:\/\/www.weyer-gruppe.com\/pl\/operatorzy-instalacji-i-inwestorzy\/zintegrowane-doradztwo-w-zakresie-finansowania\/","og_locale":"pl_PL","og_type":"article","og_title":"Zintegrowane doradztwo w zakresie finansowania","og_description":"Wspieramy inwestor\u00f3w w audycie budowlanym i kontroli budowy podczas \u015bledzenia koszt\u00f3w, finansowania, jako\u015bci i post\u0119pu harmonogramu.","og_url":"https:\/\/www.weyer-gruppe.com\/pl\/operatorzy-instalacji-i-inwestorzy\/zintegrowane-doradztwo-w-zakresie-finansowania\/","og_site_name":"weyer gruppe","article_publisher":"https:\/\/www.facebook.com\/weyergruppe","article_modified_time":"2026-03-23T06:48:57+00:00","twitter_card":"summary_large_image","twitter_misc":{"Szacowany czas czytania":"4 minuty"},"schema":{"@context":"https:\/\/schema.org","@graph":[{"@type":"WebPage","@id":"https:\/\/www.weyer-gruppe.com\/pl\/operatorzy-instalacji-i-inwestorzy\/zintegrowane-doradztwo-w-zakresie-finansowania\/","url":"https:\/\/www.weyer-gruppe.com\/pl\/operatorzy-instalacji-i-inwestorzy\/zintegrowane-doradztwo-w-zakresie-finansowania\/","name":"Audyt budowlany i kontrola budowy dla du\u017cych projekt\u00f3w \u2013 grupa weyer","isPartOf":{"@id":"https:\/\/www.weyer-gruppe.com\/pl\/#website"},"datePublished":"2020-02-12T08:35:53+00:00","dateModified":"2026-03-23T06:48:57+00:00","description":"Wspieramy inwestor\u00f3w w audycie budowlanym i kontroli budowy podczas \u015bledzenia koszt\u00f3w, finansowania, jako\u015bci i post\u0119pu harmonogramu.","breadcrumb":{"@id":"https:\/\/www.weyer-gruppe.com\/pl\/operatorzy-instalacji-i-inwestorzy\/zintegrowane-doradztwo-w-zakresie-finansowania\/#breadcrumb"},"inLanguage":"pl-PL","potentialAction":[{"@type":"ReadAction","target":["https:\/\/www.weyer-gruppe.com\/pl\/operatorzy-instalacji-i-inwestorzy\/zintegrowane-doradztwo-w-zakresie-finansowania\/"]}]},{"@type":"BreadcrumbList","@id":"https:\/\/www.weyer-gruppe.com\/pl\/operatorzy-instalacji-i-inwestorzy\/zintegrowane-doradztwo-w-zakresie-finansowania\/#breadcrumb","itemListElement":[{"@type":"ListItem","position":1,"name":"HOME","item":"https:\/\/www.weyer-gruppe.com\/pl\/"},{"@type":"ListItem","position":2,"name":"Operatorzy instalacji i inwestorzy","item":"https:\/\/www.weyer-gruppe.com\/pl\/operatorzy-instalacji-i-inwestorzy\/"},{"@type":"ListItem","position":3,"name":"Zintegrowane doradztwo w zakresie finansowania"}]},{"@type":"WebSite","@id":"https:\/\/www.weyer-gruppe.com\/pl\/#website","url":"https:\/\/www.weyer-gruppe.com\/pl\/","name":"weyer gruppe","description":"komplett. durchdacht.","publisher":{"@id":"https:\/\/www.weyer-gruppe.com\/pl\/#organization"},"potentialAction":[{"@type":"SearchAction","target":{"@type":"EntryPoint","urlTemplate":"https:\/\/www.weyer-gruppe.com\/pl\/?s={search_term_string}"},"query-input":{"@type":"PropertyValueSpecification","valueRequired":true,"valueName":"search_term_string"}}],"inLanguage":"pl-PL"},{"@type":"Organization","@id":"https:\/\/www.weyer-gruppe.com\/pl\/#organization","name":"weyer gruppe","url":"https:\/\/www.weyer-gruppe.com\/pl\/","logo":{"@type":"ImageObject","inLanguage":"pl-PL","@id":"https:\/\/www.weyer-gruppe.com\/pl\/#\/schema\/logo\/image\/","url":"https:\/\/www.weyer-gruppe.com\/wp-content\/uploads\/2019\/07\/logo-weyer-gruppe-de.png","contentUrl":"https:\/\/www.weyer-gruppe.com\/wp-content\/uploads\/2019\/07\/logo-weyer-gruppe-de.png","width":532,"height":513,"caption":"weyer gruppe"},"image":{"@id":"https:\/\/www.weyer-gruppe.com\/pl\/#\/schema\/logo\/image\/"},"sameAs":["https:\/\/www.facebook.com\/weyergruppe","https:\/\/de.linkedin.com\/company\/weyer-gruppe","https:\/\/www.youtube.com\/channel\/UCmZItECuW56Ih_p501_Bq8A"],"description":"Die weyer gruppe ist seit 1976 Ihr Partner f\u00fcr verfahrenstechnische Anlagenplanung und Anlagensicherheit. Mit einem erfahrenen Team von \u00fcber 190 Mitarbeitern in Deutschland, \u00d6sterreich, Polen und der Schweiz realisieren wir j\u00e4hrlich \u00fcber 1.000 Kundenprojekte. Unsere Expertise erstreckt sich \u00fcber verschiedene Branchen wie Chemie, Pharma, Mineral\u00f6l sowie Ver- und Entsorgung. Vertrauen Sie auf die weyer Gruppe f\u00fcr ma\u00dfgeschneiderte Engineering- und Consulting-L\u00f6sungen, die Ihre Anforderungen in puncto Sicherheit und Effizienz erf\u00fcllen.","email":"info@weyer-gruppe.com","telephone":"+49 (0) 24 21 \u2013 69 09 1 \u2013 0","numberOfEmployees":{"@type":"QuantitativeValue","minValue":"51","maxValue":"200"}}]}},"_links":{"self":[{"href":"https:\/\/www.weyer-gruppe.com\/pl\/wp-json\/wp\/v2\/pages\/23541","targetHints":{"allow":["GET"]}}],"collection":[{"href":"https:\/\/www.weyer-gruppe.com\/pl\/wp-json\/wp\/v2\/pages"}],"about":[{"href":"https:\/\/www.weyer-gruppe.com\/pl\/wp-json\/wp\/v2\/types\/page"}],"author":[{"embeddable":true,"href":"https:\/\/www.weyer-gruppe.com\/pl\/wp-json\/wp\/v2\/users\/5"}],"replies":[{"embeddable":true,"href":"https:\/\/www.weyer-gruppe.com\/pl\/wp-json\/wp\/v2\/comments?post=23541"}],"version-history":[{"count":2,"href":"https:\/\/www.weyer-gruppe.com\/pl\/wp-json\/wp\/v2\/pages\/23541\/revisions"}],"predecessor-version":[{"id":238058,"href":"https:\/\/www.weyer-gruppe.com\/pl\/wp-json\/wp\/v2\/pages\/23541\/revisions\/238058"}],"up":[{"embeddable":true,"href":"https:\/\/www.weyer-gruppe.com\/pl\/wp-json\/wp\/v2\/pages\/23842"}],"wp:attachment":[{"href":"https:\/\/www.weyer-gruppe.com\/pl\/wp-json\/wp\/v2\/media?parent=23541"}],"curies":[{"name":"wp","href":"https:\/\/api.w.org\/{rel}","templated":true}]}}