{"id":23527,"date":"2019-12-17T11:59:55","date_gmt":"2019-12-17T10:59:55","guid":{"rendered":"https:\/\/www.weyer-gruppe.com\/zarzadzanie-energia-iso-50001\/"},"modified":"2026-03-23T07:41:28","modified_gmt":"2026-03-23T06:41:28","slug":"zarzadzanie-energia-iso-50001","status":"publish","type":"page","link":"https:\/\/www.weyer-gruppe.com\/pl\/operatorzy-instalacji-i-inwestorzy\/zarzadzanie-energia-iso-50001\/","title":{"rendered":"Zarz\u0105dzanie energi\u0105 (ISO 50001)"},"content":{"rendered":"<div class=\"wpb-content-wrapper\">[vc_row][vc_column][vc_column_text]W ostatnich latach stale ros\u0142y zar\u00f3wno ceny energii, jak i wymagania prawne stawiane przedsi\u0119biorstwom w obszarze energetyki, dotycz\u0105ce realizacji krajowych i mi\u0119dzynarodowych cel\u00f3w klimatycznych. Dlatego te\u017c coraz wi\u0119cej firm koncentruje si\u0119 na temacie zarz\u0105dzania energi\u0105. Z jednej strony, oszcz\u0119dne i wydajne wykorzystanie energii jest niezb\u0119dne do spe\u0142nienia wymog\u00f3w prawnych, ale z drugiej strony, stwarza r\u00f3wnie\u017c mo\u017cliwo\u015bci dla firm do zmniejszenia koszt\u00f3w energii i skorzystania z innych bod\u017ac\u00f3w ekonomicznych. Systemy zarz\u0105dzania energi\u0105 zgodne z norm\u0105 DIN EN ISO 50001 oferuj\u0105 kompleksowe podej\u015bcie.[\/vc_column_text][vc_tta_accordion c_icon=&#8221;chevron&#8221; active_section=&#8221;-1&#8243; collapsible_all=&#8221;true&#8221;][vc_tta_section title=&#8221;Co oznacza zarz\u0105dzanie energi\u0105?&#8221; tab_id=&#8221;bedeutung-energiemanagement&#8221;][vc_column_text]Norma DIN EN ISO 50001 okre\u015bla wytyczne i wymagania dotycz\u0105ce systemu zarz\u0105dzania energi\u0105 (EnMS) dla organizacji i firm. Celem takiego systemu jest ci\u0105g\u0142a poprawa wynik\u00f3w zwi\u0105zanych z energi\u0105, kt\u00f3re odnosz\u0105 si\u0119 do wykorzystania energii, zu\u017cycia energii i efektywno\u015bci energetycznej. W tym kontek\u015bcie, zarz\u0105dzanie energi\u0105 obejmuje wszystkie poziomy i obszary przedsi\u0119biorstwa.[\/vc_column_text][\/vc_tta_section][vc_tta_section title=&#8221;Z jakich element\u00f3w sk\u0142ada si\u0119 system zarz\u0105dzania energi\u0105 (EnMS)?&#8221; tab_id=&#8221;elemente-enms&#8221;][vc_column_text]Systematyczne zarz\u0105dzanie energi\u0105 definiuje polityk\u0119 energetyczn\u0105, wyznacza cele i ustanawia procesy s\u0142u\u017c\u0105ce ich osi\u0105gni\u0119ciu. W oparciu o badanie przep\u0142ywu energii w przedsi\u0119biorstwie, identyfikuje si\u0119 te nak\u0142ady energii, kt\u00f3re w znacz\u0105cy spos\u00f3b przyczyniaj\u0105 si\u0119 do zu\u017cycia energii i\/lub oferuj\u0105 znacz\u0105cy potencja\u0142 poprawy. Z oceny energetycznej wynikaj\u0105 \u015brodki techniczne i procesy, kt\u00f3re umo\u017cliwiaj\u0105 popraw\u0119 wydajno\u015bci zwi\u0105zanej z energi\u0105.[\/vc_column_text][\/vc_tta_section][vc_tta_section title=&#8221;Czy istniej\u0105 obszary pokrywaj\u0105ce si\u0119 z innymi systemami zarz\u0105dzania?&#8221; tab_id=&#8221;ueberschneidung-managementsysteme&#8221;][vc_column_text]Po wprowadzeniu standardu w 2011 roku, w 2018 roku zosta\u0142a opublikowana jego znowelizowana wersja, kt\u00f3ra stanowi podstaw\u0119 do przeprowadzania corocznych audyt\u00f3w. Wraz z nowelizacj\u0105, norma zosta\u0142a dostosowana do tzw. &#8222;Struktury Wysokiego Poziomu&#8221;, dzi\u0119ki czemu normy dotycz\u0105ce system\u00f3w zarz\u0105dzania jako\u015bci\u0105 (ISO 9001), \u015brodowiskiem (ISO 14001) i energi\u0105 (EnMS) maj\u0105 teraz t\u0119 sam\u0105 struktur\u0119 i wykorzystuj\u0105 to samo s\u0142ownictwo. U\u0142atwia to po\u0142\u0105czenie system\u00f3w w jeden zintegrowany system zarz\u0105dzania. Liczne centralne dokumenty i procesy, kt\u00f3re zosta\u0142y ju\u017c ustanowione w zarz\u0105dzaniu jako\u015bci\u0105 i\/lub \u015brodowiskiem, mog\u0105 by\u0107 r\u00f3wnie\u017c przeniesione lub rozszerzone na aspekt zarz\u0105dzania energi\u0105 przy niewielkim dodatkowym wysi\u0142ku.[\/vc_column_text][\/vc_tta_section][vc_tta_section title=&#8221;Jak dzia\u0142a certyfikacja?&#8221; tab_id=&#8221;zertifizierung&#8221;][vc_column_text]Certyfikacja musi by\u0107 przeprowadzona przez niezale\u017cny, akredytowany organ. Jednostki zatwierdzone w Niemczech s\u0105 akredytowane przez <a href=\"http:\/\/www.dakks.de\" target=\"_blank\" rel=\"noopener\">Niemieck\u0105 Jednostk\u0119 Akredytacyjn\u0105 (DAkkS)<\/a>.<\/p>\n<p>Jednostka certyfikuj\u0105ca w trakcie regularnych audyt\u00f3w sprawdza realizacj\u0119 wymaga\u0144 normy w zakresie zarz\u0105dzania energi\u0105 oraz rozw\u00f3j wydajno\u015bci energetycznej. Po pozytywnym przej\u015bciu audytu certyfikacyjnego wydawany jest certyfikat. Zwykle jest ono wa\u017cne przez trzy lata, ale podlega przegl\u0105dowi w ramach corocznych audyt\u00f3w nadzoru.[\/vc_column_text][\/vc_tta_section][vc_tta_section title=&#8221;Jakie s\u0105 zalety systemu zarz\u0105dzania energi\u0105?&#8221; tab_id=&#8221;vorteile-enms&#8221;][vc_column_text]Zwi\u0119kszanie efektywno\u015bci energetycznej poprzez efektywny system EnMS pozwala oszcz\u0119dza\u0107 energi\u0119, a tym samym koszty, chroni\u0107 \u015brodowisko i klimat poprzez ni\u017csz\u0105 emisj\u0119 CO<sub>2<\/sub>, a tym samym przyczynia si\u0119 do zabezpieczenia przysz\u0142o\u015bci firmy. Informacje na temat dopuszczalnych emisji CO<sub>2<\/sub> oraz <a href=\"https:\/\/www.weyer-gruppe.com\/pl\/?page_id=27269\" target=\"_blank\" rel=\"noopener\">krajowego<\/a>i <a href=\"https:\/\/www.weyer-gruppe.com\/pl\/operatorzy-instalacji-i-inwestorzy\/handel-uprawnieniami-do-emisji-przygotowywanie-wnioskow-o-pozwolenie-i-przydzial\/\" target=\"_blank\" rel=\"noopener\">europejskiego handlu emisjami<\/a> mo\u017cna znale\u017a\u0107 tutaj.<\/p>\n<p>Certyfikacja zgodnie z DIN EN ISO 50001:2018 jest zasadniczo dobrowolna dla przedsi\u0119biorstw, nie ma obowi\u0105zku certyfikacji. Certyfikowany system zarz\u0105dzania energi\u0105 jest jednak warunkiem wst\u0119pnym dla ulg dla przedsi\u0119biorstw energoch\u0142onnych w odniesieniu do podzia\u0142u EEG w ramach specjalnego systemu rekompensat (BesAR), jak r\u00f3wnie\u017c dla zwrotu podatk\u00f3w od energii elektrycznej i energii w ramach rozporz\u0105dzenia w sprawie systemu efektywno\u015bci rekompensat szczytowych (SpaEfV). Ponadto, system zarz\u0105dzania energi\u0105 zwalnia przedsi\u0119biorstwa nie b\u0119d\u0105ce M\u015aP z obowi\u0105zku regularnego przeprowadzania audyt\u00f3w energetycznych zgodnie z norm\u0105 DIN EN 16247-1.[\/vc_column_text][\/vc_tta_section][\/vc_tta_accordion][vc_column_text]\n<h2>Us\u0142ugi<\/h2>\n<ul class=\"arrow-gray\">\n<li>Przegl\u0105d poprzedniej dokumentacji pod k\u0105tem zgodno\u015bci z DIN EN ISO 50001<\/li>\n<li>Przygotowanie wymaganych dokument\u00f3w i zapis\u00f3w<\/li>\n<li>Analiza i przygotowanie danych dotycz\u0105cych energii<\/li>\n<li>Ocena energetyczna i wska\u017aniki energetyczne<\/li>\n<li>Wsparcie w zakresie identyfikacji, wdra\u017cania i oceny \u015brodk\u00f3w<\/li>\n<li>Przeprowadzanie audyt\u00f3w wewn\u0119trznych i przygotowywanie audyt\u00f3w zewn\u0119trznych<\/li>\n<li>Kompleksowe wsparcie systemu zarz\u0105dzania energi\u0105 jako zewn\u0119trzny przedstawiciel ds. zarz\u0105dzania energi\u0105 (EnMB)<\/li>\n<\/ul>\n<p>Wsp\u00f3lnie z Pa\u0144stwem ch\u0119tnie opracujemy indywidualn\u0105 ofert\u0119 dotycz\u0105c\u0105 tego, w jaki spos\u00f3b i w jakim zakresie mo\u017cemy Pa\u0144stwa wesprze\u0107 we wprowadzeniu i utrzymaniu systemu zarz\u0105dzania energi\u0105.[\/vc_column_text][\/vc_column][\/vc_row][vc_row bg_type=&#8221;color&#8221; bg_color=&#8221;#0b3c80&#8243; font_color=&#8221;#ffffff&#8221;][vc_column css=&#8221;.vc_custom_1563974199119{padding-top: 25px !important;padding-bottom: 25px !important;padding-left: 25px !important;}&#8221;]<div class=\"grve-element grve-hr grve-space-divider\" style=\"\"><\/div><div class=\"grve-element grve-image-text\" style=\"\">  <div class=\"grve-content grve-align-right\">    <h6>weyer special: System zarz\u0105dzania energi\u0105 \/ audyt energetyczny<\/h6>  <p>Rosn\u0105ce koszty energii i ograniczone zasoby stanowi\u0105 dla wielu firm decyduj\u0105cy czynnik konkurencyjny. Systemy zarz\u0105dzania energi\u0105 (EnMS) zgodnie z norm\u0105 ISO 50001 i audyty energetyczne zgodnie z norm\u0105 DIN 16247-1 s\u0105 w\u0142a\u015bciwym podej\u015bciem do identyfikacji potencjalnych oszcz\u0119dno\u015bci i podejmowania dzia\u0142a\u0144 maj\u0105cych na celu zapewnienie bardziej efektywnego wykorzystania energii. &#8230;<\/p>    <a href=\"https:\/\/www.weyer-gruppe.com\/wp-content\/uploads\/2019\/07\/weyer-spezial-energiemanagementsystem-0515.pdf\" target=\"_blank\" class=\"grve-read-more \">Pobierz weyer spezial tutaj<\/a>  <\/div><div class=\"grve-image\"><img decoding=\"async\" width=\"250\" height=\"354\" src=\"https:\/\/www.weyer-gruppe.com\/wp-content\/uploads\/2019\/07\/weyer-spezial-weyer-gruppe-energiemanagementsystem-energieaudit.jpg\" class=\"attachment-full size-full\" alt=\"weyer spezial zum Thema Energiemanagementsystem und Energieaudit\" srcset=\"\" \/><\/div><\/div><div class=\"grve-element grve-hr grve-space-divider\" style=\"\"><\/div>[\/vc_column][\/vc_row][vc_row][vc_column]<div class=\"grve-element grve-hr grve-space-divider\" style=\"\"><\/div><h3 class=\"grve-element grve-align-left grve-title-no-line grve-h3\" style=\"\"><span>Nasz zesp\u00f3\u0142<\/span><\/h3>[\/vc_column][\/vc_row][vc_row][vc_column width=&#8221;1\/4&#8243; tablet_sm_width=&#8221;1-2&#8243;]\r\n\t\t<div class=\"grve-team grve-element\" style=\"\">\r\n\t\t\t<figure class=\"grve-image-hover grve-style-1 grve-zoom-in\">\r\n\t\t\t\t<div class=\"grve-team-person grve-media grve-dark-overlay grve-opacity-60\">\r\n\t\t\t\t\t<img decoding=\"async\" width=\"300\" height=\"300\" src=\"https:\/\/www.weyer-gruppe.com\/wp-content\/uploads\/2019\/07\/pr-kai-steffens.jpg\" class=\"attachment-grve-image-small-square size-grve-image-small-square\" alt=\"Zdj\u0119cie pracownika Dr. Kai Steffens z BDO TUC GmbH und PROBIOTEC GmbH\" \/>\t\t\t\t<\/div>\r\n\t\t\t\t<figcaption>\r\n\t\t\t\t\t<div class=\"grve-team-description\">\r\n\t\t\t\t\t\t\t\t\t\t\t\t<h4 class=\"grve-team-name grve-dark grve-h4\">Dr. Kai Steffens<\/h4>\r\n\t\t\t\t\t\t\t\t\t\t\t\t<small class=\"grve-team-identity grve-dark\">BDO Technik- und Umweltconsulting<\/small>\r\n\t\t\t\t\t<\/div>\r\n\t\t\t\t\t\t\t\t\t<\/figcaption>\r\n\t\t\t<\/figure>\r\n\t\t<\/div>\r\n\r\n\t\t[\/vc_column][vc_column width=&#8221;1\/4&#8243; tablet_sm_width=&#8221;1-2&#8243;]\r\n\t\t<div class=\"grve-team grve-element\" style=\"\">\r\n\t\t\t<figure class=\"grve-image-hover grve-style-1 grve-zoom-in\">\r\n\t\t\t\t<div class=\"grve-team-person grve-media grve-dark-overlay grve-opacity-60\">\r\n\t\t\t\t\t<img decoding=\"async\" width=\"300\" height=\"299\" src=\"https:\/\/www.weyer-gruppe.com\/wp-content\/uploads\/2023\/03\/Plenz_2021.jpg\" class=\"attachment-grve-image-small-square size-grve-image-small-square\" alt=\"Michael_Plenz\" srcset=\"https:\/\/www.weyer-gruppe.com\/wp-content\/uploads\/2023\/03\/Plenz_2021.jpg 300w, https:\/\/www.weyer-gruppe.com\/wp-content\/uploads\/2023\/03\/Plenz_2021-150x150.jpg 150w, https:\/\/www.weyer-gruppe.com\/wp-content\/uploads\/2023\/03\/Plenz_2021-80x80.jpg 80w\" sizes=\"(max-width: 300px) 100vw, 300px\" \/>\t\t\t\t<\/div>\r\n\t\t\t\t<figcaption>\r\n\t\t\t\t\t<div class=\"grve-team-description\">\r\n\t\t\t\t\t\t\t\t\t\t\t\t<h4 class=\"grve-team-name grve-dark grve-h4\">Michael Plenz<\/h4>\r\n\t\t\t\t\t\t\t\t\t\t\t\t<small class=\"grve-team-identity grve-dark\">PROBIOTEC<\/small>\r\n\t\t\t\t\t<\/div>\r\n\t\t\t\t\t\t\t\t\t<\/figcaption>\r\n\t\t\t<\/figure>\r\n\t\t<\/div>\r\n\r\n\t\t[\/vc_column][vc_column width=&#8221;1\/4&#8243; tablet_sm_width=&#8221;1-2&#8243;]\r\n\t\t<div class=\"grve-team grve-element\" style=\"\">\r\n\t\t\t<figure class=\"grve-image-hover grve-style-1 grve-zoom-in\">\r\n\t\t\t\t<div class=\"grve-team-person grve-media grve-dark-overlay grve-opacity-60\">\r\n\t\t\t\t\t<img decoding=\"async\" width=\"300\" height=\"300\" src=\"https:\/\/www.weyer-gruppe.com\/wp-content\/uploads\/2019\/07\/konstantin-pientka-probiotec.jpg\" class=\"attachment-grve-image-small-square size-grve-image-small-square\" alt=\"Foto von Konstantin Pientka der Probiotec\" srcset=\"https:\/\/www.weyer-gruppe.com\/wp-content\/uploads\/2019\/07\/konstantin-pientka-probiotec.jpg 300w, https:\/\/www.weyer-gruppe.com\/wp-content\/uploads\/2019\/07\/konstantin-pientka-probiotec-150x150.jpg 150w, https:\/\/www.weyer-gruppe.com\/wp-content\/uploads\/2019\/07\/konstantin-pientka-probiotec-80x80.jpg 80w\" sizes=\"(max-width: 300px) 100vw, 300px\" \/>\t\t\t\t<\/div>\r\n\t\t\t\t<figcaption>\r\n\t\t\t\t\t<div class=\"grve-team-description\">\r\n\t\t\t\t\t\t\t\t\t\t\t\t<h4 class=\"grve-team-name grve-dark grve-h4\">Konstantin Pientka<\/h4>\r\n\t\t\t\t\t\t\t\t\t\t\t\t<small class=\"grve-team-identity grve-dark\">PROBIOTEC<\/small>\r\n\t\t\t\t\t<\/div>\r\n\t\t\t\t\t\t\t\t\t<\/figcaption>\r\n\t\t\t<\/figure>\r\n\t\t<\/div>\r\n\r\n\t\t[\/vc_column][vc_column width=&#8221;1\/4&#8243; tablet_sm_width=&#8221;1-2&#8243;][\/vc_column][\/vc_row][vc_row][vc_column]<div class=\"grve-element grve-hr grve-space-divider\" style=\"\"><\/div>[\/vc_column][\/vc_row]\n<\/div>","protected":false},"excerpt":{"rendered":"<p>[vc_row][vc_column][vc_column_text]W ostatnich latach stale ros\u0142y zar\u00f3wno ceny energii, jak i wymagania prawne stawiane przedsi\u0119biorstwom w obszarze energetyki, dotycz\u0105ce realizacji krajowych i mi\u0119dzynarodowych cel\u00f3w klimatycznych. Dlatego te\u017c coraz wi\u0119cej firm koncentruje si\u0119 na temacie zarz\u0105dzania energi\u0105. Z jednej strony, oszcz\u0119dne i wydajne wykorzystanie energii jest niezb\u0119dne do spe\u0142nienia wymog\u00f3w prawnych, ale z drugiej strony, stwarza r\u00f3wnie\u017c [&hellip;]<\/p>\n","protected":false},"author":5,"featured_media":0,"parent":23842,"menu_order":0,"comment_status":"closed","ping_status":"closed","template":"","meta":{"footnotes":""},"class_list":["post-23527","page","type-page","status-publish","hentry"],"yoast_head":"<!-- This site is optimized with the Yoast SEO Premium plugin v27.4 (Yoast SEO v27.4) - https:\/\/yoast.com\/product\/yoast-seo-premium-wordpress\/ -->\n<title>Zarz\u0105dzanie energi\u0105 (ISO 50001) Doradztwo w zakresie zarz\u0105dzania &#8211; weyer gruppe<\/title>\n<meta name=\"description\" content=\"Dzi\u0119ki zarz\u0105dzaniu energi\u0105 mo\u017cna jednocze\u015bnie spe\u0142ni\u0107 ustawowe cele klimatyczne i znacznie obni\u017cy\u0107 koszty eksploatacji. - Pozw\u00f3l, \u017ce Ci doradzimy.\" \/>\n<meta name=\"robots\" content=\"index, follow, max-snippet:-1, max-image-preview:large, max-video-preview:-1\" \/>\n<link rel=\"canonical\" href=\"https:\/\/www.weyer-gruppe.com\/pl\/operatorzy-instalacji-i-inwestorzy\/zarzadzanie-energia-iso-50001\/\" \/>\n<meta property=\"og:locale\" content=\"pl_PL\" \/>\n<meta property=\"og:type\" content=\"article\" \/>\n<meta property=\"og:title\" content=\"Zarz\u0105dzanie energi\u0105 (ISO 50001)\" \/>\n<meta property=\"og:description\" content=\"Dzi\u0119ki zarz\u0105dzaniu energi\u0105 mo\u017cna jednocze\u015bnie spe\u0142ni\u0107 ustawowe cele klimatyczne i znacznie obni\u017cy\u0107 koszty eksploatacji. - Pozw\u00f3l, \u017ce Ci doradzimy.\" \/>\n<meta property=\"og:url\" content=\"https:\/\/www.weyer-gruppe.com\/pl\/operatorzy-instalacji-i-inwestorzy\/zarzadzanie-energia-iso-50001\/\" \/>\n<meta property=\"og:site_name\" content=\"weyer gruppe\" \/>\n<meta property=\"article:publisher\" content=\"https:\/\/www.facebook.com\/weyergruppe\" \/>\n<meta property=\"article:modified_time\" content=\"2026-03-23T06:41:28+00:00\" \/>\n<meta name=\"twitter:card\" content=\"summary_large_image\" \/>\n<meta name=\"twitter:label1\" content=\"Szacowany czas czytania\" \/>\n\t<meta name=\"twitter:data1\" content=\"5 minut\" \/>\n<script type=\"application\/ld+json\" class=\"yoast-schema-graph\">{\"@context\":\"https:\\\/\\\/schema.org\",\"@graph\":[{\"@type\":\"WebPage\",\"@id\":\"https:\\\/\\\/www.weyer-gruppe.com\\\/pl\\\/operatorzy-instalacji-i-inwestorzy\\\/zarzadzanie-energia-iso-50001\\\/\",\"url\":\"https:\\\/\\\/www.weyer-gruppe.com\\\/pl\\\/operatorzy-instalacji-i-inwestorzy\\\/zarzadzanie-energia-iso-50001\\\/\",\"name\":\"Zarz\u0105dzanie energi\u0105 (ISO 50001) Doradztwo w zakresie zarz\u0105dzania &#8211; weyer gruppe\",\"isPartOf\":{\"@id\":\"https:\\\/\\\/www.weyer-gruppe.com\\\/pl\\\/#website\"},\"datePublished\":\"2019-12-17T10:59:55+00:00\",\"dateModified\":\"2026-03-23T06:41:28+00:00\",\"description\":\"Dzi\u0119ki zarz\u0105dzaniu energi\u0105 mo\u017cna jednocze\u015bnie spe\u0142ni\u0107 ustawowe cele klimatyczne i znacznie obni\u017cy\u0107 koszty eksploatacji. - Pozw\u00f3l, \u017ce Ci doradzimy.\",\"breadcrumb\":{\"@id\":\"https:\\\/\\\/www.weyer-gruppe.com\\\/pl\\\/operatorzy-instalacji-i-inwestorzy\\\/zarzadzanie-energia-iso-50001\\\/#breadcrumb\"},\"inLanguage\":\"pl-PL\",\"potentialAction\":[{\"@type\":\"ReadAction\",\"target\":[\"https:\\\/\\\/www.weyer-gruppe.com\\\/pl\\\/operatorzy-instalacji-i-inwestorzy\\\/zarzadzanie-energia-iso-50001\\\/\"]}]},{\"@type\":\"BreadcrumbList\",\"@id\":\"https:\\\/\\\/www.weyer-gruppe.com\\\/pl\\\/operatorzy-instalacji-i-inwestorzy\\\/zarzadzanie-energia-iso-50001\\\/#breadcrumb\",\"itemListElement\":[{\"@type\":\"ListItem\",\"position\":1,\"name\":\"HOME\",\"item\":\"https:\\\/\\\/www.weyer-gruppe.com\\\/pl\\\/\"},{\"@type\":\"ListItem\",\"position\":2,\"name\":\"Operatorzy instalacji i inwestorzy\",\"item\":\"https:\\\/\\\/www.weyer-gruppe.com\\\/pl\\\/operatorzy-instalacji-i-inwestorzy\\\/\"},{\"@type\":\"ListItem\",\"position\":3,\"name\":\"Zarz\u0105dzanie energi\u0105 (ISO 50001)\"}]},{\"@type\":\"WebSite\",\"@id\":\"https:\\\/\\\/www.weyer-gruppe.com\\\/pl\\\/#website\",\"url\":\"https:\\\/\\\/www.weyer-gruppe.com\\\/pl\\\/\",\"name\":\"weyer gruppe\",\"description\":\"komplett. durchdacht.\",\"publisher\":{\"@id\":\"https:\\\/\\\/www.weyer-gruppe.com\\\/pl\\\/#organization\"},\"potentialAction\":[{\"@type\":\"SearchAction\",\"target\":{\"@type\":\"EntryPoint\",\"urlTemplate\":\"https:\\\/\\\/www.weyer-gruppe.com\\\/pl\\\/?s={search_term_string}\"},\"query-input\":{\"@type\":\"PropertyValueSpecification\",\"valueRequired\":true,\"valueName\":\"search_term_string\"}}],\"inLanguage\":\"pl-PL\"},{\"@type\":\"Organization\",\"@id\":\"https:\\\/\\\/www.weyer-gruppe.com\\\/pl\\\/#organization\",\"name\":\"weyer gruppe\",\"url\":\"https:\\\/\\\/www.weyer-gruppe.com\\\/pl\\\/\",\"logo\":{\"@type\":\"ImageObject\",\"inLanguage\":\"pl-PL\",\"@id\":\"https:\\\/\\\/www.weyer-gruppe.com\\\/pl\\\/#\\\/schema\\\/logo\\\/image\\\/\",\"url\":\"https:\\\/\\\/www.weyer-gruppe.com\\\/wp-content\\\/uploads\\\/2019\\\/07\\\/logo-weyer-gruppe-de.png\",\"contentUrl\":\"https:\\\/\\\/www.weyer-gruppe.com\\\/wp-content\\\/uploads\\\/2019\\\/07\\\/logo-weyer-gruppe-de.png\",\"width\":532,\"height\":513,\"caption\":\"weyer gruppe\"},\"image\":{\"@id\":\"https:\\\/\\\/www.weyer-gruppe.com\\\/pl\\\/#\\\/schema\\\/logo\\\/image\\\/\"},\"sameAs\":[\"https:\\\/\\\/www.facebook.com\\\/weyergruppe\",\"https:\\\/\\\/de.linkedin.com\\\/company\\\/weyer-gruppe\",\"https:\\\/\\\/www.youtube.com\\\/channel\\\/UCmZItECuW56Ih_p501_Bq8A\"],\"description\":\"Die weyer gruppe ist seit 1976 Ihr Partner f\u00fcr verfahrenstechnische Anlagenplanung und Anlagensicherheit. Mit einem erfahrenen Team von \u00fcber 190 Mitarbeitern in Deutschland, \u00d6sterreich, Polen und der Schweiz realisieren wir j\u00e4hrlich \u00fcber 1.000 Kundenprojekte. Unsere Expertise erstreckt sich \u00fcber verschiedene Branchen wie Chemie, Pharma, Mineral\u00f6l sowie Ver- und Entsorgung. Vertrauen Sie auf die weyer Gruppe f\u00fcr ma\u00dfgeschneiderte Engineering- und Consulting-L\u00f6sungen, die Ihre Anforderungen in puncto Sicherheit und Effizienz erf\u00fcllen.\",\"email\":\"info@weyer-gruppe.com\",\"telephone\":\"+49 (0) 24 21 \u2013 69 09 1 \u2013 0\",\"numberOfEmployees\":{\"@type\":\"QuantitativeValue\",\"minValue\":\"51\",\"maxValue\":\"200\"}}]}<\/script>\n<!-- \/ Yoast SEO Premium plugin. -->","yoast_head_json":{"title":"Zarz\u0105dzanie energi\u0105 (ISO 50001) Doradztwo w zakresie zarz\u0105dzania &#8211; weyer gruppe","description":"Dzi\u0119ki zarz\u0105dzaniu energi\u0105 mo\u017cna jednocze\u015bnie spe\u0142ni\u0107 ustawowe cele klimatyczne i znacznie obni\u017cy\u0107 koszty eksploatacji. - Pozw\u00f3l, \u017ce Ci doradzimy.","robots":{"index":"index","follow":"follow","max-snippet":"max-snippet:-1","max-image-preview":"max-image-preview:large","max-video-preview":"max-video-preview:-1"},"canonical":"https:\/\/www.weyer-gruppe.com\/pl\/operatorzy-instalacji-i-inwestorzy\/zarzadzanie-energia-iso-50001\/","og_locale":"pl_PL","og_type":"article","og_title":"Zarz\u0105dzanie energi\u0105 (ISO 50001)","og_description":"Dzi\u0119ki zarz\u0105dzaniu energi\u0105 mo\u017cna jednocze\u015bnie spe\u0142ni\u0107 ustawowe cele klimatyczne i znacznie obni\u017cy\u0107 koszty eksploatacji. - Pozw\u00f3l, \u017ce Ci doradzimy.","og_url":"https:\/\/www.weyer-gruppe.com\/pl\/operatorzy-instalacji-i-inwestorzy\/zarzadzanie-energia-iso-50001\/","og_site_name":"weyer gruppe","article_publisher":"https:\/\/www.facebook.com\/weyergruppe","article_modified_time":"2026-03-23T06:41:28+00:00","twitter_card":"summary_large_image","twitter_misc":{"Szacowany czas czytania":"5 minut"},"schema":{"@context":"https:\/\/schema.org","@graph":[{"@type":"WebPage","@id":"https:\/\/www.weyer-gruppe.com\/pl\/operatorzy-instalacji-i-inwestorzy\/zarzadzanie-energia-iso-50001\/","url":"https:\/\/www.weyer-gruppe.com\/pl\/operatorzy-instalacji-i-inwestorzy\/zarzadzanie-energia-iso-50001\/","name":"Zarz\u0105dzanie energi\u0105 (ISO 50001) Doradztwo w zakresie zarz\u0105dzania &#8211; weyer gruppe","isPartOf":{"@id":"https:\/\/www.weyer-gruppe.com\/pl\/#website"},"datePublished":"2019-12-17T10:59:55+00:00","dateModified":"2026-03-23T06:41:28+00:00","description":"Dzi\u0119ki zarz\u0105dzaniu energi\u0105 mo\u017cna jednocze\u015bnie spe\u0142ni\u0107 ustawowe cele klimatyczne i znacznie obni\u017cy\u0107 koszty eksploatacji. - Pozw\u00f3l, \u017ce Ci doradzimy.","breadcrumb":{"@id":"https:\/\/www.weyer-gruppe.com\/pl\/operatorzy-instalacji-i-inwestorzy\/zarzadzanie-energia-iso-50001\/#breadcrumb"},"inLanguage":"pl-PL","potentialAction":[{"@type":"ReadAction","target":["https:\/\/www.weyer-gruppe.com\/pl\/operatorzy-instalacji-i-inwestorzy\/zarzadzanie-energia-iso-50001\/"]}]},{"@type":"BreadcrumbList","@id":"https:\/\/www.weyer-gruppe.com\/pl\/operatorzy-instalacji-i-inwestorzy\/zarzadzanie-energia-iso-50001\/#breadcrumb","itemListElement":[{"@type":"ListItem","position":1,"name":"HOME","item":"https:\/\/www.weyer-gruppe.com\/pl\/"},{"@type":"ListItem","position":2,"name":"Operatorzy instalacji i inwestorzy","item":"https:\/\/www.weyer-gruppe.com\/pl\/operatorzy-instalacji-i-inwestorzy\/"},{"@type":"ListItem","position":3,"name":"Zarz\u0105dzanie energi\u0105 (ISO 50001)"}]},{"@type":"WebSite","@id":"https:\/\/www.weyer-gruppe.com\/pl\/#website","url":"https:\/\/www.weyer-gruppe.com\/pl\/","name":"weyer gruppe","description":"komplett. durchdacht.","publisher":{"@id":"https:\/\/www.weyer-gruppe.com\/pl\/#organization"},"potentialAction":[{"@type":"SearchAction","target":{"@type":"EntryPoint","urlTemplate":"https:\/\/www.weyer-gruppe.com\/pl\/?s={search_term_string}"},"query-input":{"@type":"PropertyValueSpecification","valueRequired":true,"valueName":"search_term_string"}}],"inLanguage":"pl-PL"},{"@type":"Organization","@id":"https:\/\/www.weyer-gruppe.com\/pl\/#organization","name":"weyer gruppe","url":"https:\/\/www.weyer-gruppe.com\/pl\/","logo":{"@type":"ImageObject","inLanguage":"pl-PL","@id":"https:\/\/www.weyer-gruppe.com\/pl\/#\/schema\/logo\/image\/","url":"https:\/\/www.weyer-gruppe.com\/wp-content\/uploads\/2019\/07\/logo-weyer-gruppe-de.png","contentUrl":"https:\/\/www.weyer-gruppe.com\/wp-content\/uploads\/2019\/07\/logo-weyer-gruppe-de.png","width":532,"height":513,"caption":"weyer gruppe"},"image":{"@id":"https:\/\/www.weyer-gruppe.com\/pl\/#\/schema\/logo\/image\/"},"sameAs":["https:\/\/www.facebook.com\/weyergruppe","https:\/\/de.linkedin.com\/company\/weyer-gruppe","https:\/\/www.youtube.com\/channel\/UCmZItECuW56Ih_p501_Bq8A"],"description":"Die weyer gruppe ist seit 1976 Ihr Partner f\u00fcr verfahrenstechnische Anlagenplanung und Anlagensicherheit. Mit einem erfahrenen Team von \u00fcber 190 Mitarbeitern in Deutschland, \u00d6sterreich, Polen und der Schweiz realisieren wir j\u00e4hrlich \u00fcber 1.000 Kundenprojekte. Unsere Expertise erstreckt sich \u00fcber verschiedene Branchen wie Chemie, Pharma, Mineral\u00f6l sowie Ver- und Entsorgung. Vertrauen Sie auf die weyer Gruppe f\u00fcr ma\u00dfgeschneiderte Engineering- und Consulting-L\u00f6sungen, die Ihre Anforderungen in puncto Sicherheit und Effizienz erf\u00fcllen.","email":"info@weyer-gruppe.com","telephone":"+49 (0) 24 21 \u2013 69 09 1 \u2013 0","numberOfEmployees":{"@type":"QuantitativeValue","minValue":"51","maxValue":"200"}}]}},"_links":{"self":[{"href":"https:\/\/www.weyer-gruppe.com\/pl\/wp-json\/wp\/v2\/pages\/23527","targetHints":{"allow":["GET"]}}],"collection":[{"href":"https:\/\/www.weyer-gruppe.com\/pl\/wp-json\/wp\/v2\/pages"}],"about":[{"href":"https:\/\/www.weyer-gruppe.com\/pl\/wp-json\/wp\/v2\/types\/page"}],"author":[{"embeddable":true,"href":"https:\/\/www.weyer-gruppe.com\/pl\/wp-json\/wp\/v2\/users\/5"}],"replies":[{"embeddable":true,"href":"https:\/\/www.weyer-gruppe.com\/pl\/wp-json\/wp\/v2\/comments?post=23527"}],"version-history":[{"count":1,"href":"https:\/\/www.weyer-gruppe.com\/pl\/wp-json\/wp\/v2\/pages\/23527\/revisions"}],"predecessor-version":[{"id":238056,"href":"https:\/\/www.weyer-gruppe.com\/pl\/wp-json\/wp\/v2\/pages\/23527\/revisions\/238056"}],"up":[{"embeddable":true,"href":"https:\/\/www.weyer-gruppe.com\/pl\/wp-json\/wp\/v2\/pages\/23842"}],"wp:attachment":[{"href":"https:\/\/www.weyer-gruppe.com\/pl\/wp-json\/wp\/v2\/media?parent=23527"}],"curies":[{"name":"wp","href":"https:\/\/api.w.org\/{rel}","templated":true}]}}