{"id":23306,"date":"2019-12-17T09:19:04","date_gmt":"2019-12-17T08:19:04","guid":{"rendered":"https:\/\/www.weyer-gruppe.com\/rozporzadzenie-w-sprawie-ochrony-przed-awariami-dyrektywa-seveso-iii-2\/"},"modified":"2026-03-23T08:16:30","modified_gmt":"2026-03-23T07:16:30","slug":"rozporzadzenie-w-sprawie-ochrony-przed-awariami-dyrektywa-seveso-iii-2","status":"publish","type":"page","link":"https:\/\/www.weyer-gruppe.com\/pl\/projektanci-i-producenci-instalacji\/rozporzadzenie-w-sprawie-ochrony-przed-awariami-dyrektywa-seveso-iii-2\/","title":{"rendered":"Rozporz\u0105dzenie w sprawie ochrony przed awariami (dyrektywa Seveso III)"},"content":{"rendered":"<div class=\"wpb-content-wrapper\">[vc_row][vc_column]<h2 class=\"grve-element grve-align-left grve-title-no-line grve-h2\" style=\"\"><span>Odpowiednia bezpieczna odleg\u0142o\u015b\u0107, raporty bezpiecze\u0144stwa, koncepcje zapobiegania awariom<\/span><\/h2>[vc_column_text]Wypadki z udzia\u0142em substancji niebezpiecznych mog\u0105 mie\u0107 r\u00f3\u017cne skutki. Opr\u00f3cz kosztownych przerw w bie\u017c\u0105cej dzia\u0142alno\u015bci mog\u0105 powsta\u0107 znaczne szkody materialne, osobowe i \u015brodowiskowe. Jednym z licznych przepis\u00f3w dotycz\u0105cych bezpiecznego obchodzenia si\u0119 z substancjami niebezpiecznymi jest <a href=\"https:\/\/eur-lex.europa.eu\/LexUriServ\/LexUriServ.do?uri=OJ:L:2012:197:0001:0037:DE:PDF\" target=\"_blank\" rel=\"noopener noreferrer\">dyrektywa Seveso III (2012\/18\/UE)<\/a>zasadniczo przeniesiona do prawa krajowego przez znowelizowane <a href=\"https:\/\/www.gesetze-im-internet.de\/bimschv_12_2000\/12._BImSchV.pdf\" target=\"_blank\" rel=\"noopener noreferrer\">rozporz\u0105dzenie w sprawie ochrony przed awariami.<\/a> Tutaj mo\u017cna znale\u017a\u0107 <a href=\"https:\/\/www.gesetze-im-internet.de\/bimschv_12_2000\/\">aktualn\u0105 wersj\u0119 12. BImSchV<\/a>.<\/p>\n<p>Rozporz\u0105dzenie w sprawie ochrony przed awariami (St\u00f6rfallverordnung) okre\u015bla zakres jego stosowania oraz zakres wynikaj\u0105cych z niego obowi\u0105zk\u00f3w dla operator\u00f3w instalacji poprzez progi ilo\u015bciowe dla okre\u015blonych substancji niebezpiecznych. Wa\u017cne s\u0105 tu tak\u017ce wymogi <a href=\"https:\/\/www.gesetze-im-internet.de\/gefstoffv_2010\/\" target=\"_blank\" rel=\"noopener noreferrer\">prawa o substancjach niebezpiecznych<\/a> i <a href=\"https:\/\/www.umweltbundesamt.de\/themen\/chemikalien\/einstufung-kennzeichnung-von-chemikalien\/clp-verordnung\" target=\"_blank\" rel=\"noopener noreferrer\">rozporz\u0105dzenia CLP.<\/a><\/p>\n<p>Wspieramy i doradzamy w zakresie realizacji obowi\u0105zk\u00f3w operatora.<\/p>\n<h2>Us\u0142ugi<\/h2>\n<ul class=\"arrow-gray\">\n<li>Kontrola mo\u017cliwo\u015bci zastosowania rozporz\u0105dzenia w sprawie ochrony przed awariami<\/li>\n<li>Tworzenie koncepcji zapobiegania awariom<\/li>\n<li>Przygotowywanie raport\u00f3w bezpiecze\u0144stwa<\/li>\n<li>Tworzenie plan\u00f3w alarmowania i zapobiegania zagro\u017ceniom<\/li>\n<li>Przygotowanie analizy \u017ar\u00f3de\u0142 zagro\u017ce\u0144, zak\u0142adowych i \u015brodowiskowych, np. zgodnie z metod\u0105 HAZOP<\/li>\n<li>Uwzgl\u0119dnienie ewentualnej ingerencji os\u00f3b nieupowa\u017cnionych<\/li>\n<li>Tworzenie i przegl\u0105d system\u00f3w zarz\u0105dzania bezpiecze\u0144stwem<\/li>\n<li>Porady dotycz\u0105ce \u015brodk\u00f3w zapobiegania awariom lub ograniczania ich skutk\u00f3w<\/li>\n<li>Ustalenie odpowiedniej bezpiecznej odleg\u0142o\u015bci<\/li>\n<li>Wdro\u017cenie <a href=\"https:\/\/www.gesetze-im-internet.de\/bimschg\/__50.html\" target=\"_blank\" rel=\"noopener noreferrer\">\u00a7 50 BImSchG<\/a> \u2013 ustalenie odpowiednich odleg\u0142o\u015bci wg <a href=\"https:\/\/www.kas-bmu.de\/kas-leitfaeden-arbeits-und-vollzugshilfen.html\" target=\"_blank\" rel=\"noopener noreferrer\">KAS-18<\/a> zgodnie z danym zakresem zastosowania<\/li>\n<li>Przygotowanie ekspertyz wg <a href=\"https:\/\/www.gesetze-im-internet.de\/bimschg\/__29a.html\" target=\"_blank\" rel=\"noopener noreferrer\">\u00a7 29a lub \u00a7 29b BImSchG<\/a><\/li>\n<li>Wykonywanie analiz skutk\u00f3w awarii (po\u017car, wybuch, rozprzestrzenianie si\u0119 substancji szkodliwych itp.) za pomoc\u0105 r\u00f3\u017cnych program\u00f3w (<a href=\"https:\/\/www.tno.nl\/en\/\" target=\"_blank\" rel=\"noopener noreferrer\">EFFECTS<\/a>, <a href=\"https:\/\/www.pronuss.de\/\" target=\"_blank\" rel=\"noopener noreferrer\">ProNuSs<\/a>, <a href=\"https:\/\/www.vdi.de\/\" target=\"_blank\" rel=\"noopener noreferrer\">modele VDI<\/a> itp.)<\/li>\n<li>Tworzenie broszur informacyjnych wg <a href=\"https:\/\/www.gesetze-im-internet.de\/bimschv_12_2000\/__11.html\" target=\"_blank\" rel=\"noopener noreferrer\">\u00a7 11 rozporz\u0105dzenia w sprawie ochrony przed awariami<\/a> (informacje publiczne)<\/li>\n<li>Wyznaczenie zewn\u0119trznych inspektor\u00f3w ds. awarii<\/li>\n<li><a href=\"https:\/\/www.weyer-gruppe.com\/pl\/wydarzenia-i-seminaria-weyer-grouppe\/\">Realizacja seminari\u00f3w i szkole\u0144 wewn\u0119trznych<\/a><\/li>\n<\/ul>\n[\/vc_column_text][\/vc_column][\/vc_row][vc_row][vc_column]<h3 class=\"grve-element grve-align-left grve-title-no-line grve-h3\" style=\"\"><span>Nasz zesp\u00f3\u0142<\/span><\/h3>[\/vc_column][\/vc_row][vc_row][vc_column width=&#8221;1\/4&#8243; tablet_sm_width=&#8221;1-2&#8243;]\r\n\t\t<div class=\"grve-team grve-element\" style=\"\">\r\n\t\t\t<figure class=\"grve-image-hover grve-style-1 grve-zoom-in\">\r\n\t\t\t\t<div class=\"grve-team-person grve-media grve-dark-overlay grve-opacity-60\">\r\n\t\t\t\t\t<img decoding=\"async\" width=\"300\" height=\"300\" src=\"https:\/\/www.weyer-gruppe.com\/wp-content\/uploads\/2019\/07\/wch-f.sutter.png\" class=\"attachment-grve-image-small-square size-grve-image-small-square\" alt=\"Zdj\u0119cie pracownika Frank Sutter z Weyer und Partner (Schweiz) AG\" srcset=\"https:\/\/www.weyer-gruppe.com\/wp-content\/uploads\/2019\/07\/wch-f.sutter.png 300w, https:\/\/www.weyer-gruppe.com\/wp-content\/uploads\/2019\/07\/wch-f.sutter-150x150.png 150w, https:\/\/www.weyer-gruppe.com\/wp-content\/uploads\/2019\/07\/wch-f.sutter-80x80.png 80w\" sizes=\"(max-width: 300px) 100vw, 300px\" \/>\t\t\t\t<\/div>\r\n\t\t\t\t<figcaption>\r\n\t\t\t\t\t<div class=\"grve-team-description\">\r\n\t\t\t\t\t\t\t\t\t\t\t\t<h4 class=\"grve-team-name grve-dark grve-h4\">Frank Sutter<\/h4>\r\n\t\t\t\t\t\t\t\t\t\t\t\t<small class=\"grve-team-identity grve-dark\">Weyer und Partner (Schweiz)<\/small>\r\n\t\t\t\t\t<\/div>\r\n\t\t\t\t\t\t\t\t\t<\/figcaption>\r\n\t\t\t<\/figure>\r\n\t\t<\/div>\r\n\r\n\t\t[\/vc_column][vc_column width=&#8221;1\/4&#8243; tablet_sm_width=&#8221;1-2&#8243;]\r\n\t\t<div class=\"grve-team grve-element\" style=\"\">\r\n\t\t\t<figure class=\"grve-image-hover grve-style-1 grve-zoom-in\">\r\n\t\t\t\t<div class=\"grve-team-person grve-media grve-dark-overlay grve-opacity-60\">\r\n\t\t\t\t\t<img decoding=\"async\" width=\"300\" height=\"300\" src=\"https:\/\/www.weyer-gruppe.com\/wp-content\/uploads\/2019\/09\/as-u-gamerith-weyer-gernot-gamerith.jpg\" class=\"attachment-grve-image-small-square size-grve-image-small-square\" alt=\"Zdj\u0119cie autorstwa Dr. Gernoth Gamerith z As-U Gamerith-Weyer GmbH\" srcset=\"https:\/\/www.weyer-gruppe.com\/wp-content\/uploads\/2019\/09\/as-u-gamerith-weyer-gernot-gamerith.jpg 300w, https:\/\/www.weyer-gruppe.com\/wp-content\/uploads\/2019\/09\/as-u-gamerith-weyer-gernot-gamerith-150x150.jpg 150w, https:\/\/www.weyer-gruppe.com\/wp-content\/uploads\/2019\/09\/as-u-gamerith-weyer-gernot-gamerith-80x80.jpg 80w\" sizes=\"(max-width: 300px) 100vw, 300px\" \/>\t\t\t\t<\/div>\r\n\t\t\t\t<figcaption>\r\n\t\t\t\t\t<div class=\"grve-team-description\">\r\n\t\t\t\t\t\t\t\t\t\t\t\t<h4 class=\"grve-team-name grve-dark grve-h4\">Dr. Gernot Gamerith<\/h4>\r\n\t\t\t\t\t\t\t\t\t\t\t\t<small class=\"grve-team-identity grve-dark\">As-U Gamerith Weyer<\/small>\r\n\t\t\t\t\t<\/div>\r\n\t\t\t\t\t\t\t\t\t<\/figcaption>\r\n\t\t\t<\/figure>\r\n\t\t<\/div>\r\n\r\n\t\t[\/vc_column][vc_column width=&#8221;1\/4&#8243; tablet_sm_width=&#8221;1-2&#8243;]\r\n\t\t<div class=\"grve-team grve-element\" style=\"\">\r\n\t\t\t<figure class=\"grve-image-hover grve-style-1 grve-zoom-in\">\r\n\t\t\t\t<div class=\"grve-team-person grve-media grve-dark-overlay grve-opacity-60\">\r\n\t\t\t\t\t<img decoding=\"async\" width=\"300\" height=\"300\" src=\"https:\/\/www.weyer-gruppe.com\/wp-content\/uploads\/2019\/07\/klaus-woersdoerfer-horst-weyer-und-partner.jpg\" class=\"attachment-grve-image-small-square size-grve-image-small-square\" alt=\"Foto von Klaus Woersdoerfer der Horst Weyer und Partner gmbh\" srcset=\"https:\/\/www.weyer-gruppe.com\/wp-content\/uploads\/2019\/07\/klaus-woersdoerfer-horst-weyer-und-partner.jpg 300w, https:\/\/www.weyer-gruppe.com\/wp-content\/uploads\/2019\/07\/klaus-woersdoerfer-horst-weyer-und-partner-150x150.jpg 150w, https:\/\/www.weyer-gruppe.com\/wp-content\/uploads\/2019\/07\/klaus-woersdoerfer-horst-weyer-und-partner-80x80.jpg 80w\" sizes=\"(max-width: 300px) 100vw, 300px\" \/>\t\t\t\t<\/div>\r\n\t\t\t\t<figcaption>\r\n\t\t\t\t\t<div class=\"grve-team-description\">\r\n\t\t\t\t\t\t\t\t\t\t\t\t<h4 class=\"grve-team-name grve-dark grve-h4\">Dr. Klaus W\u00f6rsd\u00f6rfer<\/h4>\r\n\t\t\t\t\t\t\t\t\t\t\t\t<small class=\"grve-team-identity grve-dark\">horst weyer und partner<\/small>\r\n\t\t\t\t\t<\/div>\r\n\t\t\t\t\t\t\t\t\t<\/figcaption>\r\n\t\t\t<\/figure>\r\n\t\t<\/div>\r\n\r\n\t\t[\/vc_column][vc_column width=&#8221;1\/4&#8243; tablet_sm_width=&#8221;1-2&#8243;][\/vc_column][\/vc_row][vc_row][vc_column][\/vc_column][\/vc_row]\n<\/div>","protected":false},"excerpt":{"rendered":"<p>[vc_row][vc_column][vc_column_text]Wypadki z udzia\u0142em substancji niebezpiecznych mog\u0105 mie\u0107 r\u00f3\u017cne skutki. Opr\u00f3cz kosztownych przerw w bie\u017c\u0105cej dzia\u0142alno\u015bci mog\u0105 powsta\u0107 znaczne szkody materialne, osobowe i \u015brodowiskowe. Jednym z licznych przepis\u00f3w dotycz\u0105cych bezpiecznego obchodzenia si\u0119 z substancjami niebezpiecznymi jest dyrektywa Seveso III (2012\/18\/UE)zasadniczo przeniesiona do prawa krajowego przez znowelizowane rozporz\u0105dzenie w sprawie ochrony przed awariami. Tutaj mo\u017cna znale\u017a\u0107 aktualn\u0105 [&hellip;]<\/p>\n","protected":false},"author":5,"featured_media":0,"parent":23877,"menu_order":0,"comment_status":"closed","ping_status":"closed","template":"","meta":{"footnotes":""},"class_list":["post-23306","page","type-page","status-publish","hentry"],"yoast_head":"<!-- This site is optimized with the Yoast SEO Premium plugin v27.4 (Yoast SEO v27.4) - https:\/\/yoast.com\/product\/yoast-seo-premium-wordpress\/ -->\n<title>Rozporz\u0105dzenie w sprawie ochrony przed awariami (dyrektywa Seveso III) &#8211; weyer gruppe<\/title>\n<meta name=\"robots\" content=\"noindex, follow\" \/>\n<meta property=\"og:locale\" content=\"pl_PL\" \/>\n<meta property=\"og:type\" content=\"article\" \/>\n<meta property=\"og:title\" content=\"Rozporz\u0105dzenie w sprawie ochrony przed awariami (dyrektywa Seveso III)\" \/>\n<meta property=\"og:description\" content=\"[vc_row][vc_column][vc_column_text]Wypadki z udzia\u0142em substancji niebezpiecznych mog\u0105 mie\u0107 r\u00f3\u017cne skutki. Opr\u00f3cz kosztownych przerw w bie\u017c\u0105cej dzia\u0142alno\u015bci mog\u0105 powsta\u0107 znaczne szkody materialne, osobowe i \u015brodowiskowe. Jednym z licznych przepis\u00f3w dotycz\u0105cych bezpiecznego obchodzenia si\u0119 z substancjami niebezpiecznymi jest dyrektywa Seveso III (2012\/18\/UE)zasadniczo przeniesiona do prawa krajowego przez znowelizowane rozporz\u0105dzenie w sprawie ochrony przed awariami. Tutaj mo\u017cna znale\u017a\u0107 aktualn\u0105 [&hellip;]\" \/>\n<meta property=\"og:url\" content=\"https:\/\/www.weyer-gruppe.com\/pl\/projektanci-i-producenci-instalacji\/rozporzadzenie-w-sprawie-ochrony-przed-awariami-dyrektywa-seveso-iii-2\/\" \/>\n<meta property=\"og:site_name\" content=\"weyer gruppe\" \/>\n<meta property=\"article:publisher\" content=\"https:\/\/www.facebook.com\/weyergruppe\" \/>\n<meta property=\"article:modified_time\" content=\"2026-03-23T07:16:30+00:00\" \/>\n<meta name=\"twitter:card\" content=\"summary_large_image\" \/>\n<meta name=\"twitter:label1\" content=\"Szacowany czas czytania\" \/>\n\t<meta name=\"twitter:data1\" content=\"3 minuty\" \/>\n<script type=\"application\/ld+json\" class=\"yoast-schema-graph\">{\"@context\":\"https:\\\/\\\/schema.org\",\"@graph\":[{\"@type\":\"WebPage\",\"@id\":\"https:\\\/\\\/www.weyer-gruppe.com\\\/pl\\\/projektanci-i-producenci-instalacji\\\/rozporzadzenie-w-sprawie-ochrony-przed-awariami-dyrektywa-seveso-iii-2\\\/\",\"url\":\"https:\\\/\\\/www.weyer-gruppe.com\\\/pl\\\/projektanci-i-producenci-instalacji\\\/rozporzadzenie-w-sprawie-ochrony-przed-awariami-dyrektywa-seveso-iii-2\\\/\",\"name\":\"Rozporz\u0105dzenie w sprawie ochrony przed awariami (dyrektywa Seveso III) &#8211; weyer gruppe\",\"isPartOf\":{\"@id\":\"https:\\\/\\\/www.weyer-gruppe.com\\\/pl\\\/#website\"},\"datePublished\":\"2019-12-17T08:19:04+00:00\",\"dateModified\":\"2026-03-23T07:16:30+00:00\",\"breadcrumb\":{\"@id\":\"https:\\\/\\\/www.weyer-gruppe.com\\\/pl\\\/projektanci-i-producenci-instalacji\\\/rozporzadzenie-w-sprawie-ochrony-przed-awariami-dyrektywa-seveso-iii-2\\\/#breadcrumb\"},\"inLanguage\":\"pl-PL\",\"potentialAction\":[{\"@type\":\"ReadAction\",\"target\":[\"https:\\\/\\\/www.weyer-gruppe.com\\\/pl\\\/projektanci-i-producenci-instalacji\\\/rozporzadzenie-w-sprawie-ochrony-przed-awariami-dyrektywa-seveso-iii-2\\\/\"]}]},{\"@type\":\"BreadcrumbList\",\"@id\":\"https:\\\/\\\/www.weyer-gruppe.com\\\/pl\\\/projektanci-i-producenci-instalacji\\\/rozporzadzenie-w-sprawie-ochrony-przed-awariami-dyrektywa-seveso-iii-2\\\/#breadcrumb\",\"itemListElement\":[{\"@type\":\"ListItem\",\"position\":1,\"name\":\"HOME\",\"item\":\"https:\\\/\\\/www.weyer-gruppe.com\\\/pl\\\/\"},{\"@type\":\"ListItem\",\"position\":2,\"name\":\"Projektanci i producenci instalacji\",\"item\":\"https:\\\/\\\/www.weyer-gruppe.com\\\/pl\\\/projektanci-i-producenci-instalacji\\\/\"},{\"@type\":\"ListItem\",\"position\":3,\"name\":\"Rozporz\u0105dzenie w sprawie ochrony przed awariami (dyrektywa Seveso III)\"}]},{\"@type\":\"WebSite\",\"@id\":\"https:\\\/\\\/www.weyer-gruppe.com\\\/pl\\\/#website\",\"url\":\"https:\\\/\\\/www.weyer-gruppe.com\\\/pl\\\/\",\"name\":\"weyer gruppe\",\"description\":\"komplett. durchdacht.\",\"publisher\":{\"@id\":\"https:\\\/\\\/www.weyer-gruppe.com\\\/pl\\\/#organization\"},\"potentialAction\":[{\"@type\":\"SearchAction\",\"target\":{\"@type\":\"EntryPoint\",\"urlTemplate\":\"https:\\\/\\\/www.weyer-gruppe.com\\\/pl\\\/?s={search_term_string}\"},\"query-input\":{\"@type\":\"PropertyValueSpecification\",\"valueRequired\":true,\"valueName\":\"search_term_string\"}}],\"inLanguage\":\"pl-PL\"},{\"@type\":\"Organization\",\"@id\":\"https:\\\/\\\/www.weyer-gruppe.com\\\/pl\\\/#organization\",\"name\":\"weyer gruppe\",\"url\":\"https:\\\/\\\/www.weyer-gruppe.com\\\/pl\\\/\",\"logo\":{\"@type\":\"ImageObject\",\"inLanguage\":\"pl-PL\",\"@id\":\"https:\\\/\\\/www.weyer-gruppe.com\\\/pl\\\/#\\\/schema\\\/logo\\\/image\\\/\",\"url\":\"https:\\\/\\\/www.weyer-gruppe.com\\\/wp-content\\\/uploads\\\/2019\\\/07\\\/logo-weyer-gruppe-de.png\",\"contentUrl\":\"https:\\\/\\\/www.weyer-gruppe.com\\\/wp-content\\\/uploads\\\/2019\\\/07\\\/logo-weyer-gruppe-de.png\",\"width\":532,\"height\":513,\"caption\":\"weyer gruppe\"},\"image\":{\"@id\":\"https:\\\/\\\/www.weyer-gruppe.com\\\/pl\\\/#\\\/schema\\\/logo\\\/image\\\/\"},\"sameAs\":[\"https:\\\/\\\/www.facebook.com\\\/weyergruppe\",\"https:\\\/\\\/de.linkedin.com\\\/company\\\/weyer-gruppe\",\"https:\\\/\\\/www.youtube.com\\\/channel\\\/UCmZItECuW56Ih_p501_Bq8A\"],\"description\":\"Die weyer gruppe ist seit 1976 Ihr Partner f\u00fcr verfahrenstechnische Anlagenplanung und Anlagensicherheit. Mit einem erfahrenen Team von \u00fcber 190 Mitarbeitern in Deutschland, \u00d6sterreich, Polen und der Schweiz realisieren wir j\u00e4hrlich \u00fcber 1.000 Kundenprojekte. Unsere Expertise erstreckt sich \u00fcber verschiedene Branchen wie Chemie, Pharma, Mineral\u00f6l sowie Ver- und Entsorgung. Vertrauen Sie auf die weyer Gruppe f\u00fcr ma\u00dfgeschneiderte Engineering- und Consulting-L\u00f6sungen, die Ihre Anforderungen in puncto Sicherheit und Effizienz erf\u00fcllen.\",\"email\":\"info@weyer-gruppe.com\",\"telephone\":\"+49 (0) 24 21 \u2013 69 09 1 \u2013 0\",\"numberOfEmployees\":{\"@type\":\"QuantitativeValue\",\"minValue\":\"51\",\"maxValue\":\"200\"}}]}<\/script>\n<!-- \/ Yoast SEO Premium plugin. -->","yoast_head_json":{"title":"Rozporz\u0105dzenie w sprawie ochrony przed awariami (dyrektywa Seveso III) &#8211; weyer gruppe","robots":{"index":"noindex","follow":"follow"},"og_locale":"pl_PL","og_type":"article","og_title":"Rozporz\u0105dzenie w sprawie ochrony przed awariami (dyrektywa Seveso III)","og_description":"[vc_row][vc_column][vc_column_text]Wypadki z udzia\u0142em substancji niebezpiecznych mog\u0105 mie\u0107 r\u00f3\u017cne skutki. Opr\u00f3cz kosztownych przerw w bie\u017c\u0105cej dzia\u0142alno\u015bci mog\u0105 powsta\u0107 znaczne szkody materialne, osobowe i \u015brodowiskowe. Jednym z licznych przepis\u00f3w dotycz\u0105cych bezpiecznego obchodzenia si\u0119 z substancjami niebezpiecznymi jest dyrektywa Seveso III (2012\/18\/UE)zasadniczo przeniesiona do prawa krajowego przez znowelizowane rozporz\u0105dzenie w sprawie ochrony przed awariami. Tutaj mo\u017cna znale\u017a\u0107 aktualn\u0105 [&hellip;]","og_url":"https:\/\/www.weyer-gruppe.com\/pl\/projektanci-i-producenci-instalacji\/rozporzadzenie-w-sprawie-ochrony-przed-awariami-dyrektywa-seveso-iii-2\/","og_site_name":"weyer gruppe","article_publisher":"https:\/\/www.facebook.com\/weyergruppe","article_modified_time":"2026-03-23T07:16:30+00:00","twitter_card":"summary_large_image","twitter_misc":{"Szacowany czas czytania":"3 minuty"},"schema":{"@context":"https:\/\/schema.org","@graph":[{"@type":"WebPage","@id":"https:\/\/www.weyer-gruppe.com\/pl\/projektanci-i-producenci-instalacji\/rozporzadzenie-w-sprawie-ochrony-przed-awariami-dyrektywa-seveso-iii-2\/","url":"https:\/\/www.weyer-gruppe.com\/pl\/projektanci-i-producenci-instalacji\/rozporzadzenie-w-sprawie-ochrony-przed-awariami-dyrektywa-seveso-iii-2\/","name":"Rozporz\u0105dzenie w sprawie ochrony przed awariami (dyrektywa Seveso III) &#8211; weyer gruppe","isPartOf":{"@id":"https:\/\/www.weyer-gruppe.com\/pl\/#website"},"datePublished":"2019-12-17T08:19:04+00:00","dateModified":"2026-03-23T07:16:30+00:00","breadcrumb":{"@id":"https:\/\/www.weyer-gruppe.com\/pl\/projektanci-i-producenci-instalacji\/rozporzadzenie-w-sprawie-ochrony-przed-awariami-dyrektywa-seveso-iii-2\/#breadcrumb"},"inLanguage":"pl-PL","potentialAction":[{"@type":"ReadAction","target":["https:\/\/www.weyer-gruppe.com\/pl\/projektanci-i-producenci-instalacji\/rozporzadzenie-w-sprawie-ochrony-przed-awariami-dyrektywa-seveso-iii-2\/"]}]},{"@type":"BreadcrumbList","@id":"https:\/\/www.weyer-gruppe.com\/pl\/projektanci-i-producenci-instalacji\/rozporzadzenie-w-sprawie-ochrony-przed-awariami-dyrektywa-seveso-iii-2\/#breadcrumb","itemListElement":[{"@type":"ListItem","position":1,"name":"HOME","item":"https:\/\/www.weyer-gruppe.com\/pl\/"},{"@type":"ListItem","position":2,"name":"Projektanci i producenci instalacji","item":"https:\/\/www.weyer-gruppe.com\/pl\/projektanci-i-producenci-instalacji\/"},{"@type":"ListItem","position":3,"name":"Rozporz\u0105dzenie w sprawie ochrony przed awariami (dyrektywa Seveso III)"}]},{"@type":"WebSite","@id":"https:\/\/www.weyer-gruppe.com\/pl\/#website","url":"https:\/\/www.weyer-gruppe.com\/pl\/","name":"weyer gruppe","description":"komplett. durchdacht.","publisher":{"@id":"https:\/\/www.weyer-gruppe.com\/pl\/#organization"},"potentialAction":[{"@type":"SearchAction","target":{"@type":"EntryPoint","urlTemplate":"https:\/\/www.weyer-gruppe.com\/pl\/?s={search_term_string}"},"query-input":{"@type":"PropertyValueSpecification","valueRequired":true,"valueName":"search_term_string"}}],"inLanguage":"pl-PL"},{"@type":"Organization","@id":"https:\/\/www.weyer-gruppe.com\/pl\/#organization","name":"weyer gruppe","url":"https:\/\/www.weyer-gruppe.com\/pl\/","logo":{"@type":"ImageObject","inLanguage":"pl-PL","@id":"https:\/\/www.weyer-gruppe.com\/pl\/#\/schema\/logo\/image\/","url":"https:\/\/www.weyer-gruppe.com\/wp-content\/uploads\/2019\/07\/logo-weyer-gruppe-de.png","contentUrl":"https:\/\/www.weyer-gruppe.com\/wp-content\/uploads\/2019\/07\/logo-weyer-gruppe-de.png","width":532,"height":513,"caption":"weyer gruppe"},"image":{"@id":"https:\/\/www.weyer-gruppe.com\/pl\/#\/schema\/logo\/image\/"},"sameAs":["https:\/\/www.facebook.com\/weyergruppe","https:\/\/de.linkedin.com\/company\/weyer-gruppe","https:\/\/www.youtube.com\/channel\/UCmZItECuW56Ih_p501_Bq8A"],"description":"Die weyer gruppe ist seit 1976 Ihr Partner f\u00fcr verfahrenstechnische Anlagenplanung und Anlagensicherheit. Mit einem erfahrenen Team von \u00fcber 190 Mitarbeitern in Deutschland, \u00d6sterreich, Polen und der Schweiz realisieren wir j\u00e4hrlich \u00fcber 1.000 Kundenprojekte. Unsere Expertise erstreckt sich \u00fcber verschiedene Branchen wie Chemie, Pharma, Mineral\u00f6l sowie Ver- und Entsorgung. Vertrauen Sie auf die weyer Gruppe f\u00fcr ma\u00dfgeschneiderte Engineering- und Consulting-L\u00f6sungen, die Ihre Anforderungen in puncto Sicherheit und Effizienz erf\u00fcllen.","email":"info@weyer-gruppe.com","telephone":"+49 (0) 24 21 \u2013 69 09 1 \u2013 0","numberOfEmployees":{"@type":"QuantitativeValue","minValue":"51","maxValue":"200"}}]}},"_links":{"self":[{"href":"https:\/\/www.weyer-gruppe.com\/pl\/wp-json\/wp\/v2\/pages\/23306","targetHints":{"allow":["GET"]}}],"collection":[{"href":"https:\/\/www.weyer-gruppe.com\/pl\/wp-json\/wp\/v2\/pages"}],"about":[{"href":"https:\/\/www.weyer-gruppe.com\/pl\/wp-json\/wp\/v2\/types\/page"}],"author":[{"embeddable":true,"href":"https:\/\/www.weyer-gruppe.com\/pl\/wp-json\/wp\/v2\/users\/5"}],"replies":[{"embeddable":true,"href":"https:\/\/www.weyer-gruppe.com\/pl\/wp-json\/wp\/v2\/comments?post=23306"}],"version-history":[{"count":1,"href":"https:\/\/www.weyer-gruppe.com\/pl\/wp-json\/wp\/v2\/pages\/23306\/revisions"}],"predecessor-version":[{"id":238087,"href":"https:\/\/www.weyer-gruppe.com\/pl\/wp-json\/wp\/v2\/pages\/23306\/revisions\/238087"}],"up":[{"embeddable":true,"href":"https:\/\/www.weyer-gruppe.com\/pl\/wp-json\/wp\/v2\/pages\/23877"}],"wp:attachment":[{"href":"https:\/\/www.weyer-gruppe.com\/pl\/wp-json\/wp\/v2\/media?parent=23306"}],"curies":[{"name":"wp","href":"https:\/\/api.w.org\/{rel}","templated":true}]}}