{"id":23243,"date":"2019-12-17T09:19:02","date_gmt":"2019-12-17T08:19:02","guid":{"rendered":"https:\/\/www.weyer-gruppe.com\/oznakowanie-ce-zgodnie-z-dyrektywa-maszynowa-2\/"},"modified":"2026-03-23T08:06:48","modified_gmt":"2026-03-23T07:06:48","slug":"oznakowanie-ce-zgodnie-z-dyrektywa-maszynowa-2","status":"publish","type":"page","link":"https:\/\/www.weyer-gruppe.com\/pl\/projektanci-i-producenci-instalacji\/oznakowanie-ce-zgodnie-z-dyrektywa-maszynowa-2\/","title":{"rendered":"Oznakowanie CE zgodnie z dyrektyw\u0105 maszynow\u0105"},"content":{"rendered":"<div class=\"wpb-content-wrapper\">[vc_row][vc_column][vc_column_text]<a href=\"https:\/\/www.bmas.de\/SharedDocs\/Downloads\/DE\/Thema-Arbeitsschutz\/richtlinie-2006-42-eg.pdf?__blob=publicationFile&amp;v=1\" target=\"_blank\" rel=\"noopener noreferrer\">Dyrektywa maszynowa 2006\/42\/WE (MD)<\/a> okre\u015bla warunki, na jakich maszyny i maszyny nieuko\u0144czone mog\u0105 by\u0107 udost\u0119pniane na rynku lub wprowadzane do eksploatacji po raz pierwszy w Europejskim Obszarze Gospodarczym (EOG). MD jest zasadniczo adresowana do producent\u00f3w. Ze wzgl\u0119du na po\u0142\u0105czenie (nieuko\u0144czonych) maszyn z nadrz\u0119dnym uk\u0142adem sterowania w celu utworzenia instalacji lub na skutek modyfikacji maszyn lub instalacji po ich uruchomieniu, operatorzy cz\u0119sto staj\u0105 si\u0119 w praktyce tak zwanymi \u201eproducentami do w\u0142asnego u\u017cytku\u201d. W zale\u017cno\u015bci od przypadku musz\u0105 oni umie\u015bci\u0107 oznakowanie CE na maszynach nieuko\u0144czonych lub na maszynach przed ich udost\u0119pnieniem na rynku lub uruchomieniem, zgodnie z dyrektyw\u0105 maszynow\u0105 (MD), i przygotowa\u0107 dokumentacj\u0119 techniczn\u0105, w szczeg\u00f3lno\u015bci nast\u0119puj\u0105ce dokumenty:<\/p>\n<ul class=\"arrow-gray\">\n<li>ocena ryzyka<\/li>\n<li>instrukcja monta\u017cu lub eksploatacji<\/li>\n<li>deklaracja w\u0142\u0105czenia lub deklaracja zgodno\u015bci UE \/ WE<\/li>\n<\/ul>\n<p>Dyrektywa maszynowa (MD) ma r\u00f3wnie\u017c zastosowanie do du\u017cych instalacji przemys\u0142owych (np. instalacji przemys\u0142u chemicznego). Instalacje te mo\u017cna zazwyczaj podzieli\u0107 na poszczeg\u00f3lne jednostki funkcjonalne, kt\u00f3re s\u0105 zwi\u0105zane z produkcj\u0105 i bezpiecze\u0144stwem.<\/p>\n<h2>Us\u0142ugi<\/h2>\n<h4><\/h4>\n<h4>Koordynacja CE<\/h4>\n<ul class=\"arrow-gray\">\n<li>sporz\u0105dzanie um\u00f3w w procesie zaopatrzenia<\/li>\n<li>sprawdzanie informacji w dyrektywach i normach<\/li>\n<li>ocena dokumentacji dostawc\u00f3w<\/li>\n<\/ul>\n<h4>Dokumentacja<\/h4>\n<ul class=\"arrow-gray\">\n<li>klasyfikacja produktu<\/li>\n<li>przeprowadzanie \/ moderacja ocen ryzyka<\/li>\n<li>przyk\u0142adowe szablony instrukcji monta\u017cu i eksploatacji<\/li>\n<li>przygotowanie deklaracji zgodno\u015bci UE \/ WE \/ deklaracji w\u0142\u0105czenia<\/li>\n<li>opinie w sprawie sprz\u0119\u017cenia maszyn<\/li>\n<li>ocena modyfikacji w odniesieniu do \u201eznacz\u0105cej zmiany\u201d<\/li>\n<li>weryfikacja funkcji bezpiecze\u0144stwa i potwierdzenie obliczeniowe Performance Level (PL)<\/li>\n<\/ul>\n<h4>Szkolenia<\/h4>\n<ul class=\"arrow-gray\">\n<li>podstawy dyrektywy maszynowej<\/li>\n<li>podstawy oceny ryzyka (m.in. za pomoc\u0105 MBT-RAT)<\/li>\n<li>potwierdzenie obliczeniowe Performance Level (PL) za pomoc\u0105 oprogramowania <a href=\"https:\/\/www.dguv.de\/ifa\/praxishilfen\/practical-solutions-machine-safety\/software-sistema\/index.jsp\" target=\"_blank\" rel=\"noopener noreferrer\">SISTEMA<\/a><\/li>\n<\/ul>\n<p>Grupa weyer doradza i wspiera klient\u00f3w podczas wdra\u017cania dyrektywy maszynowej i uzyskiwaniu znaku CE dla urz\u0105dzenia.[\/vc_column_text][\/vc_column][\/vc_row][vc_row bg_type=&#8221;color&#8221; bg_color=&#8221;#0b3c80&#8243; font_color=&#8221;#ffffff&#8221;][vc_column css=&#8221;.vc_custom_1563974199119{padding-top: 25px !important;padding-bottom: 25px !important;padding-left: 25px !important;}&#8221;]<div class=\"grve-element grve-hr grve-space-divider\" style=\"\"><\/div><div class=\"grve-element grve-image-text\" style=\"\">  <div class=\"grve-content grve-align-right\">    <h6>weyer spezial: Dyrektywa maszynowa<\/h6>  <p>Dyrektywa maszynowa (NDP) opisuje jednolite wymagania prawne w zakresie ochrony zdrowia i bezpiecze\u0144stwa dla Europejskiego Obszaru Gospodarczego (EOG), kt\u00f3re musz\u0105 by\u0107 przestrzegane przy projektowaniu i budowie maszyn, maszyn cz\u0119\u015bciowo kompletnych i produkt\u00f3w r\u00f3wnowa\u017cnych z maszynami&#8230;.<\/p>    <a href=\"https:\/\/www.weyer-gruppe.com\/wp-content\/uploads\/2019\/07\/2022_weyer-spezial_Maschinenrichtlinie.pdf\" target=\"_blank\" class=\"grve-read-more \">Pobierz weyer spezial tutaj<\/a>  <\/div><div class=\"grve-image\"><img decoding=\"async\" width=\"250\" height=\"354\" src=\"https:\/\/www.weyer-gruppe.com\/wp-content\/uploads\/2019\/07\/weyer-spezial-weyer-gruppe-maschinenrichtlinie.jpg\" class=\"attachment-full size-full\" alt=\"w\" srcset=\"\" \/><\/div><\/div><div class=\"grve-element grve-hr grve-space-divider\" style=\"\"><\/div>[\/vc_column][\/vc_row][vc_row][vc_column]<div class=\"grve-element grve-hr grve-space-divider\" style=\"\"><\/div><h3 class=\"grve-element grve-align-left grve-title-no-line grve-h3\" style=\"\"><span>Nasz zesp\u00f3\u0142<\/span><\/h3>[\/vc_column][\/vc_row][vc_row][vc_column width=&#8221;1\/4&#8243; tablet_width=&#8221;1-4&#8243; tablet_sm_width=&#8221;1-2&#8243;]\r\n\t\t<div class=\"grve-team grve-element\" style=\"\">\r\n\t\t\t<figure class=\"grve-image-hover grve-style-1 grve-zoom-in\">\r\n\t\t\t\t<div class=\"grve-team-person grve-media grve-dark-overlay grve-opacity-60\">\r\n\t\t\t\t\t<img decoding=\"async\" width=\"300\" height=\"300\" src=\"https:\/\/www.weyer-gruppe.com\/wp-content\/uploads\/2019\/07\/manfred-schulte-horst-weyer-und-partner.jpg\" class=\"attachment-grve-image-small-square size-grve-image-small-square\" alt=\"Zdj\u0119cie pracownika Manfred Schulte z horst weyer und partner gmbh\" srcset=\"https:\/\/www.weyer-gruppe.com\/wp-content\/uploads\/2019\/07\/manfred-schulte-horst-weyer-und-partner.jpg 300w, https:\/\/www.weyer-gruppe.com\/wp-content\/uploads\/2019\/07\/manfred-schulte-horst-weyer-und-partner-150x150.jpg 150w, https:\/\/www.weyer-gruppe.com\/wp-content\/uploads\/2019\/07\/manfred-schulte-horst-weyer-und-partner-80x80.jpg 80w\" sizes=\"(max-width: 300px) 100vw, 300px\" \/>\t\t\t\t<\/div>\r\n\t\t\t\t<figcaption>\r\n\t\t\t\t\t<div class=\"grve-team-description\">\r\n\t\t\t\t\t\t\t\t\t\t\t\t<h4 class=\"grve-team-name grve-dark grve-h4\">Manfred Schulte<\/h4>\r\n\t\t\t\t\t\t\t\t\t\t\t\t<small class=\"grve-team-identity grve-dark\">horst weyer und partner<\/small>\r\n\t\t\t\t\t<\/div>\r\n\t\t\t\t\t\t\t\t\t<\/figcaption>\r\n\t\t\t<\/figure>\r\n\t\t<\/div>\r\n\r\n\t\t[\/vc_column][vc_column width=&#8221;1\/4&#8243; tablet_width=&#8221;1-4&#8243; tablet_sm_width=&#8221;1-2&#8243;]\r\n\t\t<div class=\"grve-team grve-element\" style=\"\">\r\n\t\t\t<figure class=\"grve-image-hover grve-style-1 grve-zoom-in\">\r\n\t\t\t\t<div class=\"grve-team-person grve-media grve-dark-overlay grve-opacity-60\">\r\n\t\t\t\t\t<img decoding=\"async\" width=\"300\" height=\"300\" src=\"https:\/\/www.weyer-gruppe.com\/wp-content\/uploads\/2020\/02\/weyer-gruppe-platzhalter-mitarbeiterfotos.jpg\" class=\"attachment-grve-image-small-square size-grve-image-small-square\" alt=\"Platzhalte Mitarbeiterfotos\" srcset=\"https:\/\/www.weyer-gruppe.com\/wp-content\/uploads\/2020\/02\/weyer-gruppe-platzhalter-mitarbeiterfotos.jpg 300w, https:\/\/www.weyer-gruppe.com\/wp-content\/uploads\/2020\/02\/weyer-gruppe-platzhalter-mitarbeiterfotos-150x150.jpg 150w, https:\/\/www.weyer-gruppe.com\/wp-content\/uploads\/2020\/02\/weyer-gruppe-platzhalter-mitarbeiterfotos-80x80.jpg 80w\" sizes=\"(max-width: 300px) 100vw, 300px\" \/>\t\t\t\t<\/div>\r\n\t\t\t\t<figcaption>\r\n\t\t\t\t\t<div class=\"grve-team-description\">\r\n\t\t\t\t\t\t\t\t\t\t\t\t<h4 class=\"grve-team-name grve-dark grve-h4\">Frank Kalz<\/h4>\r\n\t\t\t\t\t\t\t\t\t\t\t\t<small class=\"grve-team-identity grve-dark\">horst weyer und partner<\/small>\r\n\t\t\t\t\t<\/div>\r\n\t\t\t\t\t\t\t\t\t<\/figcaption>\r\n\t\t\t<\/figure>\r\n\t\t<\/div>\r\n\r\n\t\t[\/vc_column][vc_column width=&#8221;1\/4&#8243; tablet_width=&#8221;1-4&#8243; tablet_sm_width=&#8221;1-2&#8243;][\/vc_column][vc_column width=&#8221;1\/4&#8243; tablet_width=&#8221;1-4&#8243; tablet_sm_width=&#8221;1-2&#8243;][\/vc_column][\/vc_row][vc_row][vc_column]<div class=\"grve-element grve-hr grve-space-divider\" style=\"\"><\/div>[\/vc_column][\/vc_row]\n<\/div>","protected":false},"excerpt":{"rendered":"<p>[vc_row][vc_column][vc_column_text]Dyrektywa maszynowa 2006\/42\/WE (MD) okre\u015bla warunki, na jakich maszyny i maszyny nieuko\u0144czone mog\u0105 by\u0107 udost\u0119pniane na rynku lub wprowadzane do eksploatacji po raz pierwszy w Europejskim Obszarze Gospodarczym (EOG). MD jest zasadniczo adresowana do producent\u00f3w. Ze wzgl\u0119du na po\u0142\u0105czenie (nieuko\u0144czonych) maszyn z nadrz\u0119dnym uk\u0142adem sterowania w celu utworzenia instalacji lub na skutek modyfikacji maszyn lub [&hellip;]<\/p>\n","protected":false},"author":5,"featured_media":0,"parent":23877,"menu_order":0,"comment_status":"closed","ping_status":"closed","template":"","meta":{"footnotes":""},"class_list":["post-23243","page","type-page","status-publish","hentry"],"yoast_head":"<!-- This site is optimized with the Yoast SEO Premium plugin v27.4 (Yoast SEO v27.4) - https:\/\/yoast.com\/product\/yoast-seo-premium-wordpress\/ -->\n<title>Oznakowanie CE zgodnie z dyrektyw\u0105 maszynow\u0105 &#8211; weyer gruppe<\/title>\n<meta name=\"description\" content=\"Weyer grouppe b\u0119dzie wspiera\u0107 Pa\u0144stwa w oznakowaniu CE zgodnie z dyrektyw\u0105 maszynow\u0105 przy uruchamianiu nowych lub modyfikowanych system\u00f3w.\" \/>\n<meta name=\"robots\" content=\"index, follow, max-snippet:-1, max-image-preview:large, max-video-preview:-1\" \/>\n<link rel=\"canonical\" href=\"https:\/\/www.weyer-gruppe.com\/pl\/projektanci-i-producenci-instalacji\/oznakowanie-ce-zgodnie-z-dyrektywa-maszynowa-2\/\" \/>\n<meta property=\"og:locale\" content=\"pl_PL\" \/>\n<meta property=\"og:type\" content=\"article\" \/>\n<meta property=\"og:title\" content=\"Oznakowanie CE zgodnie z dyrektyw\u0105 maszynow\u0105\" \/>\n<meta property=\"og:description\" content=\"Weyer grouppe b\u0119dzie wspiera\u0107 Pa\u0144stwa w oznakowaniu CE zgodnie z dyrektyw\u0105 maszynow\u0105 przy uruchamianiu nowych lub modyfikowanych system\u00f3w.\" \/>\n<meta property=\"og:url\" content=\"https:\/\/www.weyer-gruppe.com\/pl\/projektanci-i-producenci-instalacji\/oznakowanie-ce-zgodnie-z-dyrektywa-maszynowa-2\/\" \/>\n<meta property=\"og:site_name\" content=\"weyer gruppe\" \/>\n<meta property=\"article:publisher\" content=\"https:\/\/www.facebook.com\/weyergruppe\" \/>\n<meta property=\"article:modified_time\" content=\"2026-03-23T07:06:48+00:00\" \/>\n<meta name=\"twitter:card\" content=\"summary_large_image\" \/>\n<meta name=\"twitter:label1\" content=\"Szacowany czas czytania\" \/>\n\t<meta name=\"twitter:data1\" content=\"3 minuty\" \/>\n<script type=\"application\/ld+json\" class=\"yoast-schema-graph\">{\"@context\":\"https:\\\/\\\/schema.org\",\"@graph\":[{\"@type\":\"WebPage\",\"@id\":\"https:\\\/\\\/www.weyer-gruppe.com\\\/pl\\\/projektanci-i-producenci-instalacji\\\/oznakowanie-ce-zgodnie-z-dyrektywa-maszynowa-2\\\/\",\"url\":\"https:\\\/\\\/www.weyer-gruppe.com\\\/pl\\\/projektanci-i-producenci-instalacji\\\/oznakowanie-ce-zgodnie-z-dyrektywa-maszynowa-2\\\/\",\"name\":\"Oznakowanie CE zgodnie z dyrektyw\u0105 maszynow\u0105 &#8211; weyer gruppe\",\"isPartOf\":{\"@id\":\"https:\\\/\\\/www.weyer-gruppe.com\\\/pl\\\/#website\"},\"datePublished\":\"2019-12-17T08:19:02+00:00\",\"dateModified\":\"2026-03-23T07:06:48+00:00\",\"description\":\"Weyer grouppe b\u0119dzie wspiera\u0107 Pa\u0144stwa w oznakowaniu CE zgodnie z dyrektyw\u0105 maszynow\u0105 przy uruchamianiu nowych lub modyfikowanych system\u00f3w.\",\"breadcrumb\":{\"@id\":\"https:\\\/\\\/www.weyer-gruppe.com\\\/pl\\\/projektanci-i-producenci-instalacji\\\/oznakowanie-ce-zgodnie-z-dyrektywa-maszynowa-2\\\/#breadcrumb\"},\"inLanguage\":\"pl-PL\",\"potentialAction\":[{\"@type\":\"ReadAction\",\"target\":[\"https:\\\/\\\/www.weyer-gruppe.com\\\/pl\\\/projektanci-i-producenci-instalacji\\\/oznakowanie-ce-zgodnie-z-dyrektywa-maszynowa-2\\\/\"]}]},{\"@type\":\"BreadcrumbList\",\"@id\":\"https:\\\/\\\/www.weyer-gruppe.com\\\/pl\\\/projektanci-i-producenci-instalacji\\\/oznakowanie-ce-zgodnie-z-dyrektywa-maszynowa-2\\\/#breadcrumb\",\"itemListElement\":[{\"@type\":\"ListItem\",\"position\":1,\"name\":\"HOME\",\"item\":\"https:\\\/\\\/www.weyer-gruppe.com\\\/pl\\\/\"},{\"@type\":\"ListItem\",\"position\":2,\"name\":\"Projektanci i producenci instalacji\",\"item\":\"https:\\\/\\\/www.weyer-gruppe.com\\\/pl\\\/projektanci-i-producenci-instalacji\\\/\"},{\"@type\":\"ListItem\",\"position\":3,\"name\":\"Oznakowanie CE zgodnie z dyrektyw\u0105 maszynow\u0105\"}]},{\"@type\":\"WebSite\",\"@id\":\"https:\\\/\\\/www.weyer-gruppe.com\\\/pl\\\/#website\",\"url\":\"https:\\\/\\\/www.weyer-gruppe.com\\\/pl\\\/\",\"name\":\"weyer gruppe\",\"description\":\"komplett. durchdacht.\",\"publisher\":{\"@id\":\"https:\\\/\\\/www.weyer-gruppe.com\\\/pl\\\/#organization\"},\"potentialAction\":[{\"@type\":\"SearchAction\",\"target\":{\"@type\":\"EntryPoint\",\"urlTemplate\":\"https:\\\/\\\/www.weyer-gruppe.com\\\/pl\\\/?s={search_term_string}\"},\"query-input\":{\"@type\":\"PropertyValueSpecification\",\"valueRequired\":true,\"valueName\":\"search_term_string\"}}],\"inLanguage\":\"pl-PL\"},{\"@type\":\"Organization\",\"@id\":\"https:\\\/\\\/www.weyer-gruppe.com\\\/pl\\\/#organization\",\"name\":\"weyer gruppe\",\"url\":\"https:\\\/\\\/www.weyer-gruppe.com\\\/pl\\\/\",\"logo\":{\"@type\":\"ImageObject\",\"inLanguage\":\"pl-PL\",\"@id\":\"https:\\\/\\\/www.weyer-gruppe.com\\\/pl\\\/#\\\/schema\\\/logo\\\/image\\\/\",\"url\":\"https:\\\/\\\/www.weyer-gruppe.com\\\/wp-content\\\/uploads\\\/2019\\\/07\\\/logo-weyer-gruppe-de.png\",\"contentUrl\":\"https:\\\/\\\/www.weyer-gruppe.com\\\/wp-content\\\/uploads\\\/2019\\\/07\\\/logo-weyer-gruppe-de.png\",\"width\":532,\"height\":513,\"caption\":\"weyer gruppe\"},\"image\":{\"@id\":\"https:\\\/\\\/www.weyer-gruppe.com\\\/pl\\\/#\\\/schema\\\/logo\\\/image\\\/\"},\"sameAs\":[\"https:\\\/\\\/www.facebook.com\\\/weyergruppe\",\"https:\\\/\\\/de.linkedin.com\\\/company\\\/weyer-gruppe\",\"https:\\\/\\\/www.youtube.com\\\/channel\\\/UCmZItECuW56Ih_p501_Bq8A\"],\"description\":\"Die weyer gruppe ist seit 1976 Ihr Partner f\u00fcr verfahrenstechnische Anlagenplanung und Anlagensicherheit. Mit einem erfahrenen Team von \u00fcber 190 Mitarbeitern in Deutschland, \u00d6sterreich, Polen und der Schweiz realisieren wir j\u00e4hrlich \u00fcber 1.000 Kundenprojekte. Unsere Expertise erstreckt sich \u00fcber verschiedene Branchen wie Chemie, Pharma, Mineral\u00f6l sowie Ver- und Entsorgung. Vertrauen Sie auf die weyer Gruppe f\u00fcr ma\u00dfgeschneiderte Engineering- und Consulting-L\u00f6sungen, die Ihre Anforderungen in puncto Sicherheit und Effizienz erf\u00fcllen.\",\"email\":\"info@weyer-gruppe.com\",\"telephone\":\"+49 (0) 24 21 \u2013 69 09 1 \u2013 0\",\"numberOfEmployees\":{\"@type\":\"QuantitativeValue\",\"minValue\":\"51\",\"maxValue\":\"200\"}}]}<\/script>\n<!-- \/ Yoast SEO Premium plugin. -->","yoast_head_json":{"title":"Oznakowanie CE zgodnie z dyrektyw\u0105 maszynow\u0105 &#8211; weyer gruppe","description":"Weyer grouppe b\u0119dzie wspiera\u0107 Pa\u0144stwa w oznakowaniu CE zgodnie z dyrektyw\u0105 maszynow\u0105 przy uruchamianiu nowych lub modyfikowanych system\u00f3w.","robots":{"index":"index","follow":"follow","max-snippet":"max-snippet:-1","max-image-preview":"max-image-preview:large","max-video-preview":"max-video-preview:-1"},"canonical":"https:\/\/www.weyer-gruppe.com\/pl\/projektanci-i-producenci-instalacji\/oznakowanie-ce-zgodnie-z-dyrektywa-maszynowa-2\/","og_locale":"pl_PL","og_type":"article","og_title":"Oznakowanie CE zgodnie z dyrektyw\u0105 maszynow\u0105","og_description":"Weyer grouppe b\u0119dzie wspiera\u0107 Pa\u0144stwa w oznakowaniu CE zgodnie z dyrektyw\u0105 maszynow\u0105 przy uruchamianiu nowych lub modyfikowanych system\u00f3w.","og_url":"https:\/\/www.weyer-gruppe.com\/pl\/projektanci-i-producenci-instalacji\/oznakowanie-ce-zgodnie-z-dyrektywa-maszynowa-2\/","og_site_name":"weyer gruppe","article_publisher":"https:\/\/www.facebook.com\/weyergruppe","article_modified_time":"2026-03-23T07:06:48+00:00","twitter_card":"summary_large_image","twitter_misc":{"Szacowany czas czytania":"3 minuty"},"schema":{"@context":"https:\/\/schema.org","@graph":[{"@type":"WebPage","@id":"https:\/\/www.weyer-gruppe.com\/pl\/projektanci-i-producenci-instalacji\/oznakowanie-ce-zgodnie-z-dyrektywa-maszynowa-2\/","url":"https:\/\/www.weyer-gruppe.com\/pl\/projektanci-i-producenci-instalacji\/oznakowanie-ce-zgodnie-z-dyrektywa-maszynowa-2\/","name":"Oznakowanie CE zgodnie z dyrektyw\u0105 maszynow\u0105 &#8211; weyer gruppe","isPartOf":{"@id":"https:\/\/www.weyer-gruppe.com\/pl\/#website"},"datePublished":"2019-12-17T08:19:02+00:00","dateModified":"2026-03-23T07:06:48+00:00","description":"Weyer grouppe b\u0119dzie wspiera\u0107 Pa\u0144stwa w oznakowaniu CE zgodnie z dyrektyw\u0105 maszynow\u0105 przy uruchamianiu nowych lub modyfikowanych system\u00f3w.","breadcrumb":{"@id":"https:\/\/www.weyer-gruppe.com\/pl\/projektanci-i-producenci-instalacji\/oznakowanie-ce-zgodnie-z-dyrektywa-maszynowa-2\/#breadcrumb"},"inLanguage":"pl-PL","potentialAction":[{"@type":"ReadAction","target":["https:\/\/www.weyer-gruppe.com\/pl\/projektanci-i-producenci-instalacji\/oznakowanie-ce-zgodnie-z-dyrektywa-maszynowa-2\/"]}]},{"@type":"BreadcrumbList","@id":"https:\/\/www.weyer-gruppe.com\/pl\/projektanci-i-producenci-instalacji\/oznakowanie-ce-zgodnie-z-dyrektywa-maszynowa-2\/#breadcrumb","itemListElement":[{"@type":"ListItem","position":1,"name":"HOME","item":"https:\/\/www.weyer-gruppe.com\/pl\/"},{"@type":"ListItem","position":2,"name":"Projektanci i producenci instalacji","item":"https:\/\/www.weyer-gruppe.com\/pl\/projektanci-i-producenci-instalacji\/"},{"@type":"ListItem","position":3,"name":"Oznakowanie CE zgodnie z dyrektyw\u0105 maszynow\u0105"}]},{"@type":"WebSite","@id":"https:\/\/www.weyer-gruppe.com\/pl\/#website","url":"https:\/\/www.weyer-gruppe.com\/pl\/","name":"weyer gruppe","description":"komplett. durchdacht.","publisher":{"@id":"https:\/\/www.weyer-gruppe.com\/pl\/#organization"},"potentialAction":[{"@type":"SearchAction","target":{"@type":"EntryPoint","urlTemplate":"https:\/\/www.weyer-gruppe.com\/pl\/?s={search_term_string}"},"query-input":{"@type":"PropertyValueSpecification","valueRequired":true,"valueName":"search_term_string"}}],"inLanguage":"pl-PL"},{"@type":"Organization","@id":"https:\/\/www.weyer-gruppe.com\/pl\/#organization","name":"weyer gruppe","url":"https:\/\/www.weyer-gruppe.com\/pl\/","logo":{"@type":"ImageObject","inLanguage":"pl-PL","@id":"https:\/\/www.weyer-gruppe.com\/pl\/#\/schema\/logo\/image\/","url":"https:\/\/www.weyer-gruppe.com\/wp-content\/uploads\/2019\/07\/logo-weyer-gruppe-de.png","contentUrl":"https:\/\/www.weyer-gruppe.com\/wp-content\/uploads\/2019\/07\/logo-weyer-gruppe-de.png","width":532,"height":513,"caption":"weyer gruppe"},"image":{"@id":"https:\/\/www.weyer-gruppe.com\/pl\/#\/schema\/logo\/image\/"},"sameAs":["https:\/\/www.facebook.com\/weyergruppe","https:\/\/de.linkedin.com\/company\/weyer-gruppe","https:\/\/www.youtube.com\/channel\/UCmZItECuW56Ih_p501_Bq8A"],"description":"Die weyer gruppe ist seit 1976 Ihr Partner f\u00fcr verfahrenstechnische Anlagenplanung und Anlagensicherheit. Mit einem erfahrenen Team von \u00fcber 190 Mitarbeitern in Deutschland, \u00d6sterreich, Polen und der Schweiz realisieren wir j\u00e4hrlich \u00fcber 1.000 Kundenprojekte. Unsere Expertise erstreckt sich \u00fcber verschiedene Branchen wie Chemie, Pharma, Mineral\u00f6l sowie Ver- und Entsorgung. Vertrauen Sie auf die weyer Gruppe f\u00fcr ma\u00dfgeschneiderte Engineering- und Consulting-L\u00f6sungen, die Ihre Anforderungen in puncto Sicherheit und Effizienz erf\u00fcllen.","email":"info@weyer-gruppe.com","telephone":"+49 (0) 24 21 \u2013 69 09 1 \u2013 0","numberOfEmployees":{"@type":"QuantitativeValue","minValue":"51","maxValue":"200"}}]}},"_links":{"self":[{"href":"https:\/\/www.weyer-gruppe.com\/pl\/wp-json\/wp\/v2\/pages\/23243","targetHints":{"allow":["GET"]}}],"collection":[{"href":"https:\/\/www.weyer-gruppe.com\/pl\/wp-json\/wp\/v2\/pages"}],"about":[{"href":"https:\/\/www.weyer-gruppe.com\/pl\/wp-json\/wp\/v2\/types\/page"}],"author":[{"embeddable":true,"href":"https:\/\/www.weyer-gruppe.com\/pl\/wp-json\/wp\/v2\/users\/5"}],"replies":[{"embeddable":true,"href":"https:\/\/www.weyer-gruppe.com\/pl\/wp-json\/wp\/v2\/comments?post=23243"}],"version-history":[{"count":2,"href":"https:\/\/www.weyer-gruppe.com\/pl\/wp-json\/wp\/v2\/pages\/23243\/revisions"}],"predecessor-version":[{"id":238077,"href":"https:\/\/www.weyer-gruppe.com\/pl\/wp-json\/wp\/v2\/pages\/23243\/revisions\/238077"}],"up":[{"embeddable":true,"href":"https:\/\/www.weyer-gruppe.com\/pl\/wp-json\/wp\/v2\/pages\/23877"}],"wp:attachment":[{"href":"https:\/\/www.weyer-gruppe.com\/pl\/wp-json\/wp\/v2\/media?parent=23243"}],"curies":[{"name":"wp","href":"https:\/\/api.w.org\/{rel}","templated":true}]}}