{"id":23236,"date":"2019-12-17T09:17:28","date_gmt":"2019-12-17T08:17:28","guid":{"rendered":"https:\/\/www.weyer-gruppe.com\/ochrona-przeciwpozarowa-2\/"},"modified":"2026-03-23T08:05:50","modified_gmt":"2026-03-23T07:05:50","slug":"ochrona-przeciwpozarowa-2","status":"publish","type":"page","link":"https:\/\/www.weyer-gruppe.com\/pl\/projektanci-i-producenci-instalacji\/ochrona-przeciwpozarowa-2\/","title":{"rendered":"Ochrona przeciwpo\u017carowa"},"content":{"rendered":"<div class=\"wpb-content-wrapper\">[vc_row][vc_column][vc_column_text]Ka\u017cdego roku po\u017cary w zak\u0142adach przemys\u0142owych i handlowych powoduj\u0105 miliardowe szkody. Je\u015bli poszkodowani s\u0105 ludzie, zawsze ustala si\u0119, czy kierownictwo firmy zorganizowa\u0142o z wyprzedzeniem wszystkie niezb\u0119dne \u015brodki ochrony przeciwpo\u017carowej. Chocia\u017c sp\u00f3jne i ca\u0142o\u015bciowe planowanie ochrony przeciwpo\u017carowej nie pozwala na ca\u0142kowite wykluczenie pojawienia si\u0119 i rozprzestrzeniania si\u0119 po\u017car\u00f3w, mo\u017cna znacznie ograniczy\u0107 ryzyko i zwi\u0119kszy\u0107 bezpiecze\u0144stwo instalacji. Eksperci grupy weyer z przyjemno\u015bci\u0105 zajm\u0105 si\u0119 opracowaniem tych plan\u00f3w w Pa\u0144stwa firmie.<\/p>\n<p>Dzi\u0119ki naszemu know-how \u015bwiadczymy us\u0142ugi doradcze w zakresie ochrony przeciwpo\u017carowej dla bezpiecze\u0144stwa instalacji i ochrony budynk\u00f3w. Dzi\u0119ki temu otrzymuj\u0105 Pa\u0144stwo indywidualnie dopasowane, praktyczne propozycje rozwi\u0105za\u0144 dla Pa\u0144stwa pyta\u0144 dotycz\u0105cych bezpiecze\u0144stwa instalacji w zakresie ochrony przeciwpo\u017carowej. Nasze wsparcie w zakresie powi\u0105za\u0144 mi\u0119dzy operatorami, specjalistami ds. planowania, urz\u0119dami i ubezpieczycielami zapewnia kompleksowe wsparcie w zakresie ochrony przeciwpo\u017carowej.<\/p>\n<h2>Us\u0142ugi<\/h2>\n<ul class=\"arrow-gray\">\n<li>Badania i opinie dotycz\u0105ce ochrony przeciwpo\u017carowej (w razie potrzeby wraz z opracowaniem koncepcji lub zarz\u0105dzaniem specjalistycznymi konstrukcjami przeciwpo\u017carowymi)<\/li>\n<li>Koncepcje ochrony przeciwpo\u017carowej w ramach procedur zatwierdzania (w Niemczech na podstawie <a href=\"https:\/\/www.gesetze-im-internet.de\/bimschg\/\" target=\"_blank\" rel=\"noopener noreferrer\">BImSchG<\/a> lub <a href=\"https:\/\/recht.nrw.de\/lmi\/owa\/br_text_anzeigen?v_id=74820170630142752068\" target=\"_blank\" rel=\"noopener noreferrer\">BauO<\/a> w Austrii na podstawie <a href=\"https:\/\/www.oib.or.at\/de\/oib-richtlinien\" target=\"_blank\" rel=\"noopener noreferrer\">OIB-RL<\/a> oraz <a href=\"https:\/\/www.bundesfeuerwehrverband.at\/produkt\/trvb-107-04-brandschutzkonzepte\/\" target=\"_blank\" rel=\"noopener noreferrer\">TRVB 107<\/a>)<\/li>\n<li>Ekspertyzy z zakresu ochrony przeciwpo\u017carowej dla istniej\u0105cych budynk\u00f3w (ochrona przeciwpo\u017carowa w istniej\u0105cych budynkach)<\/li>\n<li>Redukcja koszt\u00f3w poprzez alternatywne rozwi\u0105zania ochrony przeciwpo\u017carowej dla istniej\u0105cych budynk\u00f3w<\/li>\n<li>Porady dotycz\u0105ce inwestycji w zakresie ochrony przeciwpo\u017carowej dla firmy<\/li>\n<li>Wsparcie w zakresie kontroli przez organy ochrony przeciwpo\u017carowej i ubezpieczycieli maj\u0105tkowych<\/li>\n<li>Badania obci\u0105\u017cenia ogniowego przyjmowanego do oblicze\u0144, np. wed\u0142ug <a href=\"https:\/\/www.din.de\/de\/meta\/suche\/62730!search?query=DIN+18230-1+\" target=\"_blank\" rel=\"noopener noreferrer\">DIN 18230<\/a><\/li>\n<li>Projektowanie system\u00f3w odprowadzania dymu i ciep\u0142a np. zgodnie z <a href=\"https:\/\/www.din.de\/de\/meta\/suche\/62730!search?query=DIN+18232&amp;submit-btn=Submit\" target=\"_blank\" rel=\"noopener noreferrer\">DIN 18232<\/a> \/ <a href=\"https:\/\/www.din.de\/de\/meta\/suche\/62730!search?query=EN+12101&amp;submit-btn=Submit\" target=\"_blank\" rel=\"noopener noreferrer\">EN 12101<\/a><\/li>\n<li>Badania przyczyn po\u017car\u00f3w i analizy ryzyka po\u017carowego<\/li>\n<li>Tworzenie regulamin\u00f3w dotycz\u0105cych ochrony przeciwpo\u017carowej zgodnie z <a href=\"https:\/\/www.din.de\/de\/meta\/suche\/62730!search?query=EN+14096&amp;submit-btn=Submit\" target=\"_blank\" rel=\"noopener noreferrer\">EN 14096<\/a><\/li>\n<li>Przeprowadzanie \u0107wicze\u0144 przeciwpo\u017carowych i ewakuacyjnych<\/li>\n<li>Tworzenie plan\u00f3w ewakuacji i ratownictwa wed\u0142ug <a href=\"https:\/\/www.din.de\/de\/meta\/suche\/62730!search?query=DIN+ISO+23601&amp;submit-btn=Submit\" target=\"_blank\" rel=\"noopener noreferrer\">DIN ISO 23601<\/a><\/li>\n<li>Tworzenie plan\u00f3w dla stra\u017cy po\u017carnej zgodnie z <a href=\"https:\/\/www.din.de\/de\/meta\/suche\/62730!search?query=DIN+14095&amp;submit-btn=Submit\" target=\"_blank\" rel=\"noopener noreferrer\">DIN 14095<\/a><\/li>\n<li>Plany alarmowe i plany zapobiegania zagro\u017ceniom zgodnie z <a href=\"https:\/\/www.gesetze-im-internet.de\/bimschv_12_2000\/\" target=\"_blank\" rel=\"noopener noreferrer\">12. BImSchV<\/a> lub <a href=\"https:\/\/www.ris.bka.gv.at\/GeltendeFassung.wxe?Abfrage=Bundesnormen&amp;Gesetzesnummer=20009254\" target=\"_blank\" rel=\"noopener noreferrer\">austriackimi przepisami IUV<\/a><\/li>\n<li>Wykonywanie symulacji po\u017caru, np. za pomoc\u0105 FDS (in\u017cynieryjnych metod ochrony przeciwpo\u017carowej)<\/li>\n<li>Wyznaczenie zewn\u0119trznych inspektor\u00f3w ochrony przeciwpo\u017carowej<\/li>\n<li>Realizacja seminari\u00f3w i szkole\u0144 wewn\u0119trznych<\/li>\n<\/ul>\n[\/vc_column_text][\/vc_column][\/vc_row][vc_row bg_type=&#8221;color&#8221; bg_color=&#8221;#0b3c80&#8243; font_color=&#8221;#ffffff&#8221;][vc_column css=&#8221;.vc_custom_1563974199119{padding-top: 25px !important;padding-bottom: 25px !important;padding-left: 25px !important;}&#8221;]<div class=\"grve-element grve-hr grve-space-divider\" style=\"\"><\/div><div class=\"grve-element grve-image-text\" style=\"\">  <div class=\"grve-content grve-align-right\">    <h6>weyer spezial: Ochrona przeciwpo\u017carowa<\/h6>  <p>Ka\u017cdego roku po\u017cary w zak\u0142adach przemys\u0142owych i handlowych powoduj\u0105 miliardowe szkody. Je\u015bli poszkodowani s\u0105 ludzie, zawsze ustala si\u0119, czy kierownictwo firmy zorganizowa\u0142o z wyprzedzeniem wszystkie niezb\u0119dne \u015brodki ochrony przeciwpo\u017carowej&#8230;<\/p>    <a href=\"https:\/\/www.weyer-gruppe.com\/wp-content\/uploads\/2019\/07\/weyer-spezial-brandschutz-0612.pdf\" target=\"_blank\" class=\"grve-read-more \">Pobierz weyer spezial tutaj<\/a>  <\/div><div class=\"grve-image\"><img decoding=\"async\" width=\"250\" height=\"354\" src=\"https:\/\/www.weyer-gruppe.com\/wp-content\/uploads\/2023\/04\/brandschutz_weyer-spezial-scaled.png\" class=\"attachment-full size-full\" alt=\"weyer news zum Thema Brandschutz\" srcset=\"\" \/><\/div><\/div><div class=\"grve-element grve-hr grve-space-divider\" style=\"\"><\/div>[\/vc_column][\/vc_row][vc_row][vc_column]<div class=\"grve-element grve-hr grve-space-divider\" style=\"\"><\/div><h3 class=\"grve-element grve-align-left grve-title-no-line grve-h3\" style=\"\"><span>Nasz zesp\u00f3\u0142<\/span><\/h3>[\/vc_column][\/vc_row][vc_row][vc_column width=&#8221;1\/4&#8243; tablet_width=&#8221;1-2&#8243;]\r\n\t\t<div class=\"grve-team grve-element\" style=\"\">\r\n\t\t\t<figure class=\"grve-image-hover grve-style-1 grve-zoom-in\">\r\n\t\t\t\t<div class=\"grve-team-person grve-media grve-dark-overlay grve-opacity-60\">\r\n\t\t\t\t\t<img decoding=\"async\" width=\"300\" height=\"300\" src=\"https:\/\/www.weyer-gruppe.com\/wp-content\/uploads\/2019\/07\/robert-schuetz-horst-weyer-und-partner.jpg\" class=\"attachment-grve-image-small-square size-grve-image-small-square\" alt=\"Zdj\u0119cie pracownika Robert Sch\u00fctz z horst weyer und partner gmbh\" srcset=\"https:\/\/www.weyer-gruppe.com\/wp-content\/uploads\/2019\/07\/robert-schuetz-horst-weyer-und-partner.jpg 300w, https:\/\/www.weyer-gruppe.com\/wp-content\/uploads\/2019\/07\/robert-schuetz-horst-weyer-und-partner-150x150.jpg 150w, https:\/\/www.weyer-gruppe.com\/wp-content\/uploads\/2019\/07\/robert-schuetz-horst-weyer-und-partner-80x80.jpg 80w\" sizes=\"(max-width: 300px) 100vw, 300px\" \/>\t\t\t\t<\/div>\r\n\t\t\t\t<figcaption>\r\n\t\t\t\t\t<div class=\"grve-team-description\">\r\n\t\t\t\t\t\t\t\t\t\t\t\t<h4 class=\"grve-team-name grve-dark grve-h4\">Robert Sch\u00fctz<\/h4>\r\n\t\t\t\t\t\t\t\t\t\t\t\t<small class=\"grve-team-identity grve-dark\">horst weyer und partner<\/small>\r\n\t\t\t\t\t<\/div>\r\n\t\t\t\t\t\t\t\t\t<\/figcaption>\r\n\t\t\t<\/figure>\r\n\t\t<\/div>\r\n\r\n\t\t[\/vc_column][vc_column width=&#8221;1\/4&#8243; tablet_width=&#8221;1-2&#8243;]\r\n\t\t<div class=\"grve-team grve-element\" style=\"\">\r\n\t\t\t<figure class=\"grve-image-hover grve-style-1 grve-zoom-in\">\r\n\t\t\t\t<div class=\"grve-team-person grve-media grve-dark-overlay grve-opacity-60\">\r\n\t\t\t\t\t<img decoding=\"async\" width=\"300\" height=\"300\" src=\"https:\/\/www.weyer-gruppe.com\/wp-content\/uploads\/2019\/07\/wip-t.brandes.png\" class=\"attachment-grve-image-small-square size-grve-image-small-square\" alt=\"Zdj\u0119cie pracownika Tobias Brandes z weyer IngenieurPartner GmbH\" srcset=\"https:\/\/www.weyer-gruppe.com\/wp-content\/uploads\/2019\/07\/wip-t.brandes.png 300w, https:\/\/www.weyer-gruppe.com\/wp-content\/uploads\/2019\/07\/wip-t.brandes-150x150.png 150w, https:\/\/www.weyer-gruppe.com\/wp-content\/uploads\/2019\/07\/wip-t.brandes-80x80.png 80w\" sizes=\"(max-width: 300px) 100vw, 300px\" \/>\t\t\t\t<\/div>\r\n\t\t\t\t<figcaption>\r\n\t\t\t\t\t<div class=\"grve-team-description\">\r\n\t\t\t\t\t\t\t\t\t\t\t\t<h4 class=\"grve-team-name grve-dark grve-h4\">Tobias Brandes<\/h4>\r\n\t\t\t\t\t\t\t\t\t\t\t\t<small class=\"grve-team-identity grve-dark\">weyer IngenieurPartner<\/small>\r\n\t\t\t\t\t<\/div>\r\n\t\t\t\t\t\t\t\t\t<\/figcaption>\r\n\t\t\t<\/figure>\r\n\t\t<\/div>\r\n\r\n\t\t[\/vc_column][vc_column width=&#8221;1\/4&#8243; tablet_width=&#8221;1-2&#8243;]\r\n\t\t<div class=\"grve-team grve-element\" style=\"\">\r\n\t\t\t<figure class=\"grve-image-hover grve-style-1 grve-zoom-in\">\r\n\t\t\t\t<div class=\"grve-team-person grve-media grve-dark-overlay grve-opacity-60\">\r\n\t\t\t\t\t<img decoding=\"async\" width=\"300\" height=\"300\" src=\"https:\/\/www.weyer-gruppe.com\/wp-content\/uploads\/2019\/09\/as-u-gamerith-weyer-reinhard-felleitner.jpg\" class=\"attachment-grve-image-small-square size-grve-image-small-square\" alt=\"Zdj\u0119cie Reinhardt Felleitner z As-U Gamerith-Weyer GmbH\" srcset=\"https:\/\/www.weyer-gruppe.com\/wp-content\/uploads\/2019\/09\/as-u-gamerith-weyer-reinhard-felleitner.jpg 300w, https:\/\/www.weyer-gruppe.com\/wp-content\/uploads\/2019\/09\/as-u-gamerith-weyer-reinhard-felleitner-150x150.jpg 150w, https:\/\/www.weyer-gruppe.com\/wp-content\/uploads\/2019\/09\/as-u-gamerith-weyer-reinhard-felleitner-80x80.jpg 80w\" sizes=\"(max-width: 300px) 100vw, 300px\" \/>\t\t\t\t<\/div>\r\n\t\t\t\t<figcaption>\r\n\t\t\t\t\t<div class=\"grve-team-description\">\r\n\t\t\t\t\t\t\t\t\t\t\t\t<h4 class=\"grve-team-name grve-dark grve-h4\">Reinhard Felleitner<\/h4>\r\n\t\t\t\t\t\t\t\t\t\t\t\t<small class=\"grve-team-identity grve-dark\">As-U Gamerith Weyer<\/small>\r\n\t\t\t\t\t<\/div>\r\n\t\t\t\t\t\t\t\t\t<\/figcaption>\r\n\t\t\t<\/figure>\r\n\t\t<\/div>\r\n\r\n\t\t[\/vc_column][vc_column width=&#8221;1\/4&#8243; tablet_width=&#8221;1-2&#8243;][\/vc_column][\/vc_row][vc_row][vc_column]<div class=\"grve-element grve-hr grve-space-divider\" style=\"\"><\/div>[\/vc_column][\/vc_row]\n<\/div>","protected":false},"excerpt":{"rendered":"<p>[vc_row][vc_column][vc_column_text]Ka\u017cdego roku po\u017cary w zak\u0142adach przemys\u0142owych i handlowych powoduj\u0105 miliardowe szkody. Je\u015bli poszkodowani s\u0105 ludzie, zawsze ustala si\u0119, czy kierownictwo firmy zorganizowa\u0142o z wyprzedzeniem wszystkie niezb\u0119dne \u015brodki ochrony przeciwpo\u017carowej. Chocia\u017c sp\u00f3jne i ca\u0142o\u015bciowe planowanie ochrony przeciwpo\u017carowej nie pozwala na ca\u0142kowite wykluczenie pojawienia si\u0119 i rozprzestrzeniania si\u0119 po\u017car\u00f3w, mo\u017cna znacznie ograniczy\u0107 ryzyko i zwi\u0119kszy\u0107 bezpiecze\u0144stwo instalacji. [&hellip;]<\/p>\n","protected":false},"author":5,"featured_media":0,"parent":23877,"menu_order":0,"comment_status":"closed","ping_status":"closed","template":"","meta":{"footnotes":""},"class_list":["post-23236","page","type-page","status-publish","hentry"],"yoast_head":"<!-- This site is optimized with the Yoast SEO Premium plugin v27.4 (Yoast SEO v27.4) - https:\/\/yoast.com\/product\/yoast-seo-premium-wordpress\/ -->\n<title>Planowanie w Ochrona przeciwpo\u017carowa - Bezpiecze\u0144stwo ro\u015blin - weyer gruppe<\/title>\n<meta name=\"description\" content=\"Grupa weyer wspiera Pa\u0144stwa w kompleksowym planowaniu ochrony przeciwpo\u017carowej w celu spe\u0142nienia wymog\u00f3w prawnych w zakresie bezpiecze\u0144stwa instalacji.\" \/>\n<meta name=\"robots\" content=\"index, follow, max-snippet:-1, max-image-preview:large, max-video-preview:-1\" \/>\n<link rel=\"canonical\" href=\"https:\/\/www.weyer-gruppe.com\/pl\/projektanci-i-producenci-instalacji\/ochrona-przeciwpozarowa-2\/\" \/>\n<meta property=\"og:locale\" content=\"pl_PL\" \/>\n<meta property=\"og:type\" content=\"article\" \/>\n<meta property=\"og:title\" content=\"Ochrona przeciwpo\u017carowa\" \/>\n<meta property=\"og:description\" content=\"Grupa weyer wspiera Pa\u0144stwa w kompleksowym planowaniu ochrony przeciwpo\u017carowej w celu spe\u0142nienia wymog\u00f3w prawnych w zakresie bezpiecze\u0144stwa instalacji.\" \/>\n<meta property=\"og:url\" content=\"https:\/\/www.weyer-gruppe.com\/pl\/projektanci-i-producenci-instalacji\/ochrona-przeciwpozarowa-2\/\" \/>\n<meta property=\"og:site_name\" content=\"weyer gruppe\" \/>\n<meta property=\"article:publisher\" content=\"https:\/\/www.facebook.com\/weyergruppe\" \/>\n<meta property=\"article:modified_time\" content=\"2026-03-23T07:05:50+00:00\" \/>\n<meta name=\"twitter:card\" content=\"summary_large_image\" \/>\n<meta name=\"twitter:label1\" content=\"Szacowany czas czytania\" \/>\n\t<meta name=\"twitter:data1\" content=\"3 minuty\" \/>\n<script type=\"application\/ld+json\" class=\"yoast-schema-graph\">{\"@context\":\"https:\\\/\\\/schema.org\",\"@graph\":[{\"@type\":\"WebPage\",\"@id\":\"https:\\\/\\\/www.weyer-gruppe.com\\\/pl\\\/projektanci-i-producenci-instalacji\\\/ochrona-przeciwpozarowa-2\\\/\",\"url\":\"https:\\\/\\\/www.weyer-gruppe.com\\\/pl\\\/projektanci-i-producenci-instalacji\\\/ochrona-przeciwpozarowa-2\\\/\",\"name\":\"Planowanie w Ochrona przeciwpo\u017carowa - Bezpiecze\u0144stwo ro\u015blin - weyer gruppe\",\"isPartOf\":{\"@id\":\"https:\\\/\\\/www.weyer-gruppe.com\\\/pl\\\/#website\"},\"datePublished\":\"2019-12-17T08:17:28+00:00\",\"dateModified\":\"2026-03-23T07:05:50+00:00\",\"description\":\"Grupa weyer wspiera Pa\u0144stwa w kompleksowym planowaniu ochrony przeciwpo\u017carowej w celu spe\u0142nienia wymog\u00f3w prawnych w zakresie bezpiecze\u0144stwa instalacji.\",\"breadcrumb\":{\"@id\":\"https:\\\/\\\/www.weyer-gruppe.com\\\/pl\\\/projektanci-i-producenci-instalacji\\\/ochrona-przeciwpozarowa-2\\\/#breadcrumb\"},\"inLanguage\":\"pl-PL\",\"potentialAction\":[{\"@type\":\"ReadAction\",\"target\":[\"https:\\\/\\\/www.weyer-gruppe.com\\\/pl\\\/projektanci-i-producenci-instalacji\\\/ochrona-przeciwpozarowa-2\\\/\"]}]},{\"@type\":\"BreadcrumbList\",\"@id\":\"https:\\\/\\\/www.weyer-gruppe.com\\\/pl\\\/projektanci-i-producenci-instalacji\\\/ochrona-przeciwpozarowa-2\\\/#breadcrumb\",\"itemListElement\":[{\"@type\":\"ListItem\",\"position\":1,\"name\":\"HOME\",\"item\":\"https:\\\/\\\/www.weyer-gruppe.com\\\/pl\\\/\"},{\"@type\":\"ListItem\",\"position\":2,\"name\":\"Projektanci i producenci instalacji\",\"item\":\"https:\\\/\\\/www.weyer-gruppe.com\\\/pl\\\/projektanci-i-producenci-instalacji\\\/\"},{\"@type\":\"ListItem\",\"position\":3,\"name\":\"Ochrona przeciwpo\u017carowa\"}]},{\"@type\":\"WebSite\",\"@id\":\"https:\\\/\\\/www.weyer-gruppe.com\\\/pl\\\/#website\",\"url\":\"https:\\\/\\\/www.weyer-gruppe.com\\\/pl\\\/\",\"name\":\"weyer gruppe\",\"description\":\"komplett. durchdacht.\",\"publisher\":{\"@id\":\"https:\\\/\\\/www.weyer-gruppe.com\\\/pl\\\/#organization\"},\"potentialAction\":[{\"@type\":\"SearchAction\",\"target\":{\"@type\":\"EntryPoint\",\"urlTemplate\":\"https:\\\/\\\/www.weyer-gruppe.com\\\/pl\\\/?s={search_term_string}\"},\"query-input\":{\"@type\":\"PropertyValueSpecification\",\"valueRequired\":true,\"valueName\":\"search_term_string\"}}],\"inLanguage\":\"pl-PL\"},{\"@type\":\"Organization\",\"@id\":\"https:\\\/\\\/www.weyer-gruppe.com\\\/pl\\\/#organization\",\"name\":\"weyer gruppe\",\"url\":\"https:\\\/\\\/www.weyer-gruppe.com\\\/pl\\\/\",\"logo\":{\"@type\":\"ImageObject\",\"inLanguage\":\"pl-PL\",\"@id\":\"https:\\\/\\\/www.weyer-gruppe.com\\\/pl\\\/#\\\/schema\\\/logo\\\/image\\\/\",\"url\":\"https:\\\/\\\/www.weyer-gruppe.com\\\/wp-content\\\/uploads\\\/2019\\\/07\\\/logo-weyer-gruppe-de.png\",\"contentUrl\":\"https:\\\/\\\/www.weyer-gruppe.com\\\/wp-content\\\/uploads\\\/2019\\\/07\\\/logo-weyer-gruppe-de.png\",\"width\":532,\"height\":513,\"caption\":\"weyer gruppe\"},\"image\":{\"@id\":\"https:\\\/\\\/www.weyer-gruppe.com\\\/pl\\\/#\\\/schema\\\/logo\\\/image\\\/\"},\"sameAs\":[\"https:\\\/\\\/www.facebook.com\\\/weyergruppe\",\"https:\\\/\\\/de.linkedin.com\\\/company\\\/weyer-gruppe\",\"https:\\\/\\\/www.youtube.com\\\/channel\\\/UCmZItECuW56Ih_p501_Bq8A\"],\"description\":\"Die weyer gruppe ist seit 1976 Ihr Partner f\u00fcr verfahrenstechnische Anlagenplanung und Anlagensicherheit. Mit einem erfahrenen Team von \u00fcber 190 Mitarbeitern in Deutschland, \u00d6sterreich, Polen und der Schweiz realisieren wir j\u00e4hrlich \u00fcber 1.000 Kundenprojekte. Unsere Expertise erstreckt sich \u00fcber verschiedene Branchen wie Chemie, Pharma, Mineral\u00f6l sowie Ver- und Entsorgung. Vertrauen Sie auf die weyer Gruppe f\u00fcr ma\u00dfgeschneiderte Engineering- und Consulting-L\u00f6sungen, die Ihre Anforderungen in puncto Sicherheit und Effizienz erf\u00fcllen.\",\"email\":\"info@weyer-gruppe.com\",\"telephone\":\"+49 (0) 24 21 \u2013 69 09 1 \u2013 0\",\"numberOfEmployees\":{\"@type\":\"QuantitativeValue\",\"minValue\":\"51\",\"maxValue\":\"200\"}}]}<\/script>\n<!-- \/ Yoast SEO Premium plugin. -->","yoast_head_json":{"title":"Planowanie w Ochrona przeciwpo\u017carowa - Bezpiecze\u0144stwo ro\u015blin - weyer gruppe","description":"Grupa weyer wspiera Pa\u0144stwa w kompleksowym planowaniu ochrony przeciwpo\u017carowej w celu spe\u0142nienia wymog\u00f3w prawnych w zakresie bezpiecze\u0144stwa instalacji.","robots":{"index":"index","follow":"follow","max-snippet":"max-snippet:-1","max-image-preview":"max-image-preview:large","max-video-preview":"max-video-preview:-1"},"canonical":"https:\/\/www.weyer-gruppe.com\/pl\/projektanci-i-producenci-instalacji\/ochrona-przeciwpozarowa-2\/","og_locale":"pl_PL","og_type":"article","og_title":"Ochrona przeciwpo\u017carowa","og_description":"Grupa weyer wspiera Pa\u0144stwa w kompleksowym planowaniu ochrony przeciwpo\u017carowej w celu spe\u0142nienia wymog\u00f3w prawnych w zakresie bezpiecze\u0144stwa instalacji.","og_url":"https:\/\/www.weyer-gruppe.com\/pl\/projektanci-i-producenci-instalacji\/ochrona-przeciwpozarowa-2\/","og_site_name":"weyer gruppe","article_publisher":"https:\/\/www.facebook.com\/weyergruppe","article_modified_time":"2026-03-23T07:05:50+00:00","twitter_card":"summary_large_image","twitter_misc":{"Szacowany czas czytania":"3 minuty"},"schema":{"@context":"https:\/\/schema.org","@graph":[{"@type":"WebPage","@id":"https:\/\/www.weyer-gruppe.com\/pl\/projektanci-i-producenci-instalacji\/ochrona-przeciwpozarowa-2\/","url":"https:\/\/www.weyer-gruppe.com\/pl\/projektanci-i-producenci-instalacji\/ochrona-przeciwpozarowa-2\/","name":"Planowanie w Ochrona przeciwpo\u017carowa - Bezpiecze\u0144stwo ro\u015blin - weyer gruppe","isPartOf":{"@id":"https:\/\/www.weyer-gruppe.com\/pl\/#website"},"datePublished":"2019-12-17T08:17:28+00:00","dateModified":"2026-03-23T07:05:50+00:00","description":"Grupa weyer wspiera Pa\u0144stwa w kompleksowym planowaniu ochrony przeciwpo\u017carowej w celu spe\u0142nienia wymog\u00f3w prawnych w zakresie bezpiecze\u0144stwa instalacji.","breadcrumb":{"@id":"https:\/\/www.weyer-gruppe.com\/pl\/projektanci-i-producenci-instalacji\/ochrona-przeciwpozarowa-2\/#breadcrumb"},"inLanguage":"pl-PL","potentialAction":[{"@type":"ReadAction","target":["https:\/\/www.weyer-gruppe.com\/pl\/projektanci-i-producenci-instalacji\/ochrona-przeciwpozarowa-2\/"]}]},{"@type":"BreadcrumbList","@id":"https:\/\/www.weyer-gruppe.com\/pl\/projektanci-i-producenci-instalacji\/ochrona-przeciwpozarowa-2\/#breadcrumb","itemListElement":[{"@type":"ListItem","position":1,"name":"HOME","item":"https:\/\/www.weyer-gruppe.com\/pl\/"},{"@type":"ListItem","position":2,"name":"Projektanci i producenci instalacji","item":"https:\/\/www.weyer-gruppe.com\/pl\/projektanci-i-producenci-instalacji\/"},{"@type":"ListItem","position":3,"name":"Ochrona przeciwpo\u017carowa"}]},{"@type":"WebSite","@id":"https:\/\/www.weyer-gruppe.com\/pl\/#website","url":"https:\/\/www.weyer-gruppe.com\/pl\/","name":"weyer gruppe","description":"komplett. durchdacht.","publisher":{"@id":"https:\/\/www.weyer-gruppe.com\/pl\/#organization"},"potentialAction":[{"@type":"SearchAction","target":{"@type":"EntryPoint","urlTemplate":"https:\/\/www.weyer-gruppe.com\/pl\/?s={search_term_string}"},"query-input":{"@type":"PropertyValueSpecification","valueRequired":true,"valueName":"search_term_string"}}],"inLanguage":"pl-PL"},{"@type":"Organization","@id":"https:\/\/www.weyer-gruppe.com\/pl\/#organization","name":"weyer gruppe","url":"https:\/\/www.weyer-gruppe.com\/pl\/","logo":{"@type":"ImageObject","inLanguage":"pl-PL","@id":"https:\/\/www.weyer-gruppe.com\/pl\/#\/schema\/logo\/image\/","url":"https:\/\/www.weyer-gruppe.com\/wp-content\/uploads\/2019\/07\/logo-weyer-gruppe-de.png","contentUrl":"https:\/\/www.weyer-gruppe.com\/wp-content\/uploads\/2019\/07\/logo-weyer-gruppe-de.png","width":532,"height":513,"caption":"weyer gruppe"},"image":{"@id":"https:\/\/www.weyer-gruppe.com\/pl\/#\/schema\/logo\/image\/"},"sameAs":["https:\/\/www.facebook.com\/weyergruppe","https:\/\/de.linkedin.com\/company\/weyer-gruppe","https:\/\/www.youtube.com\/channel\/UCmZItECuW56Ih_p501_Bq8A"],"description":"Die weyer gruppe ist seit 1976 Ihr Partner f\u00fcr verfahrenstechnische Anlagenplanung und Anlagensicherheit. Mit einem erfahrenen Team von \u00fcber 190 Mitarbeitern in Deutschland, \u00d6sterreich, Polen und der Schweiz realisieren wir j\u00e4hrlich \u00fcber 1.000 Kundenprojekte. Unsere Expertise erstreckt sich \u00fcber verschiedene Branchen wie Chemie, Pharma, Mineral\u00f6l sowie Ver- und Entsorgung. Vertrauen Sie auf die weyer Gruppe f\u00fcr ma\u00dfgeschneiderte Engineering- und Consulting-L\u00f6sungen, die Ihre Anforderungen in puncto Sicherheit und Effizienz erf\u00fcllen.","email":"info@weyer-gruppe.com","telephone":"+49 (0) 24 21 \u2013 69 09 1 \u2013 0","numberOfEmployees":{"@type":"QuantitativeValue","minValue":"51","maxValue":"200"}}]}},"_links":{"self":[{"href":"https:\/\/www.weyer-gruppe.com\/pl\/wp-json\/wp\/v2\/pages\/23236","targetHints":{"allow":["GET"]}}],"collection":[{"href":"https:\/\/www.weyer-gruppe.com\/pl\/wp-json\/wp\/v2\/pages"}],"about":[{"href":"https:\/\/www.weyer-gruppe.com\/pl\/wp-json\/wp\/v2\/types\/page"}],"author":[{"embeddable":true,"href":"https:\/\/www.weyer-gruppe.com\/pl\/wp-json\/wp\/v2\/users\/5"}],"replies":[{"embeddable":true,"href":"https:\/\/www.weyer-gruppe.com\/pl\/wp-json\/wp\/v2\/comments?post=23236"}],"version-history":[{"count":1,"href":"https:\/\/www.weyer-gruppe.com\/pl\/wp-json\/wp\/v2\/pages\/23236\/revisions"}],"predecessor-version":[{"id":238076,"href":"https:\/\/www.weyer-gruppe.com\/pl\/wp-json\/wp\/v2\/pages\/23236\/revisions\/238076"}],"up":[{"embeddable":true,"href":"https:\/\/www.weyer-gruppe.com\/pl\/wp-json\/wp\/v2\/pages\/23877"}],"wp:attachment":[{"href":"https:\/\/www.weyer-gruppe.com\/pl\/wp-json\/wp\/v2\/media?parent=23236"}],"curies":[{"name":"wp","href":"https:\/\/api.w.org\/{rel}","templated":true}]}}