{"id":23217,"date":"2019-12-16T16:54:53","date_gmt":"2019-12-16T15:54:53","guid":{"rendered":"https:\/\/www.weyer-gruppe.com\/bezpieczenstwo-pracownikow-i-ochrona-zdrowia-2\/"},"modified":"2026-03-23T08:04:51","modified_gmt":"2026-03-23T07:04:51","slug":"bezpieczenstwo-pracownikow-i-ochrona-zdrowia-2","status":"publish","type":"page","link":"https:\/\/www.weyer-gruppe.com\/pl\/projektanci-i-producenci-instalacji\/bezpieczenstwo-pracownikow-i-ochrona-zdrowia-2\/","title":{"rendered":"Bezpiecze\u0144stwo pracownik\u00f3w i ochrona zdrowia"},"content":{"rendered":"<div class=\"wpb-content-wrapper\">[vc_row][vc_column][vc_column_text]Pomimo ca\u0142ego post\u0119pu technicznego zdrowi i zmotywowani pracownicy s\u0105 decyduj\u0105cym czynnikiem dla skutecznego i zr\u00f3wnowa\u017conego zarz\u0105dzania przedsi\u0119biorstwem. Istotn\u0105 cz\u0119\u015bci\u0105 tego jest bezpiecze\u0144stwo pracownik\u00f3w i ochrona zdrowia. Pracodawcy, operatorzy i inwestorzy s\u0105 zobowi\u0105zani na podstawie przepis\u00f3w dotycz\u0105cych bezpiecze\u0144stwa pracy <a href=\"https:\/\/www.gesetze-im-internet.de\/arbschg\/__5.html\" target=\"_blank\" rel=\"noopener noreferrer\">(\u00a7 5 niemieckiej ustawyo bezpiecze\u0144stwie i higienie pracy (ArbSchG)<\/a> lub <a href=\"https:\/\/www.ris.bka.gv.at\/GeltendeFassung.wxe?Abfrage=Bundesnormen&amp;Gesetzesnummer=10008910\" target=\"_blank\" rel=\"noopener noreferrer\">\u00a7 4 austriackiej ustawy o ochronie pracownik\u00f3w (ASchG)<\/a>) do tego, aby za pomoc\u0105 <a href=\"https:\/\/www.weyer-gruppe.com\/pl\/operatorzy-instalacji-i-inwestorzy\/ocena-ryzyka-gbu-zgodnie-z-betrsichv-am-vo\/\">oceny ryzyka<\/a> rejestrowa\u0107 i ocenia\u0107 wszystkie zagro\u017cenia w miejscu pracy spowodowane przez sprz\u0119t roboczy i czynno\u015bci oraz w razie potrzeby sporz\u0105dza\u0107 na ich podstawie instrukcje zak\u0142adowe. Nale\u017cy okre\u015bli\u0107 \u015brodki ochronne i regularnie sprawdza\u0107 ich skuteczno\u015b\u0107: je\u017celi cele w zakresie ochrony nie b\u0119d\u0105 jeszcze osi\u0105gni\u0119te, \u015brodki ochronne nale\u017cy dostosowa\u0107 do bezpiecze\u0144stwa pracownik\u00f3w i ochrony zdrowia, a nast\u0119pnie ponownie przeanalizowa\u0107.<\/p>\n<p>Efektem tego jest wymagany proces ci\u0105g\u0142ego doskonalenia w zakresie bezpiecze\u0144stwa pracy. W firmie nale\u017cy wdro\u017cy\u0107 i dalej rozwija\u0107 niezb\u0119dne procesy, takie jak cykl kontroli PDCA (Plan-Do-Check-Act).<\/p>\n<p>W ocenie ryzyka uwzgl\u0119dniany jest tak\u017ce sprz\u0119t roboczy (patrz ocena ryzyka). W zale\u017cno\u015bci od wymaga\u0144 i obowi\u0105zk\u00f3w prawnych wynikaj\u0105cych z niemieckiego rozporz\u0105dzenia w sprawie bezpiecze\u0144stwa pracy (<a href=\"https:\/\/www.gesetze-im-internet.de\/betrsichv_2015\/\" target=\"_blank\" rel=\"noopener noreferrer\">BetrSichV<\/a>) lub <a href=\"https:\/\/www.ris.bka.gv.at\/GeltendeFassung.wxe?Abfrage=Bundesnormen&amp;Gesetzesnummer=20000727\" target=\"_blank\" rel=\"noopener noreferrer\">austriackiego rozporz\u0105dzenia w sprawie sprz\u0119tu roboczego (AM-VO)<\/a> kontrole musz\u0105 by\u0107 przeprowadzane w regularnych odst\u0119pach czasu. W szczeg\u00f3lno\u015bci instalacje w Niemczech, kt\u00f3re wymagaj\u0105 monitorowania, podlegaj\u0105 szczeg\u00f3lnym regulacjom zgodnie z <a href=\"https:\/\/www.gesetze-im-internet.de\/betrsichv_2015\/\" target=\"_blank\" rel=\"noopener noreferrer\">BetrSichV<\/a> dotycz\u0105cym kontroli przeprowadzanych przez w\u0142a\u015bciwe osoby lub <span class=\"ILfuVd\"><span class=\"e24Kjd\">zatwierdzone organy kontroli<\/span><\/span> (Z\u00dcS).<\/p>\n<h2>Us\u0142ugi<\/h2>\n<ul class=\"arrow-gray\">\n<li>Wsparcie zwi\u0105zane z bezpiecze\u0144stwem technicznym zgodnie z<a href=\"https:\/\/www.gesetze-im-internet.de\/asig\/__6.html\" target=\"_blank\" rel=\"noopener noreferrer\">\u00a7 6 ASiG (DE)<\/a> lub przez pe\u0142nomocnika ds. bezpiecze\u0144stwa (AT)<\/li>\n<li>Wyznaczenie koordynatora ds. bezpiecze\u0144stwa pracownik\u00f3w i ochrony zdrowia wed\u0142ug <a href=\"https:\/\/www.gesetze-im-internet.de\/baustellv\/\" target=\"_blank\" rel=\"noopener noreferrer\">rozporz\u0105dzenia w sprawie plac\u00f3w budowy (Baustellenverordnung)<\/a><\/li>\n<li>Przeprowadzanie oceny ryzyka zgodnie z <a href=\"https:\/\/www.gesetze-im-internet.de\/arbschg\/\" target=\"_blank\" rel=\"noopener noreferrer\">ArbSchG<\/a> lub <a href=\"https:\/\/www.ris.bka.gv.at\/GeltendeFassung.wxe?Abfrage=Bundesnormen&amp;Gesetzesnummer=10008910\" target=\"_blank\" rel=\"noopener noreferrer\">ASChG<\/a>, <a href=\"https:\/\/www.gesetze-im-internet.de\/betrsichv_2015\/\" target=\"_blank\" rel=\"noopener noreferrer\">BetrSichV<\/a> lub <a href=\"https:\/\/www.ris.bka.gv.at\/GeltendeFassung.wxe?Abfrage=Bundesnormen&amp;Gesetzesnummer=20000727\" target=\"_blank\" rel=\"noopener noreferrer\">AM-VO<\/a>, <a href=\"https:\/\/www.gesetze-im-internet.de\/gefstoffv_2010\/\" target=\"_blank\" rel=\"noopener noreferrer\">GefStoffV<\/a><\/li>\n<li>Wprowadzenie systemu zarz\u0105dzania bezpiecze\u0144stwem i higien\u0105 pracy (np. <a href=\"https:\/\/www.iso.org\/standard\/63787.html\" target=\"_blank\" rel=\"noopener noreferrer\">ISO 45001<\/a>, OHSAS 18001, SCC)<\/li>\n<li>Doradztwo w zakresie zarz\u0105dzania ryzykiem zgodnie z <a href=\"https:\/\/www.iso.org\/standard\/65694.html\" target=\"_blank\" rel=\"noopener noreferrer\">ISO 31000<\/a><\/li>\n<li>Sprawdzanie zgodno\u015bci z wymogami prawnymi w zakresie bezpiecze\u0144stwa pracownik\u00f3w i ochrony zdrowia (Legal Compliance Assessment)<\/li>\n<li>Tworzenie koncepcji bezpiecze\u0144stwa, oceny ryzyka i instrukcji zak\u0142adowych lub instrukcji monta\u017cu<\/li>\n<\/ul>\n[\/vc_column_text][\/vc_column][\/vc_row][vc_row bg_type=&#8221;color&#8221; bg_color=&#8221;#0b3c80&#8243; font_color=&#8221;#ffffff&#8221;][vc_column css=&#8221;.vc_custom_1563974199119{padding-top: 25px !important;padding-bottom: 25px !important;padding-left: 25px !important;}&#8221;]<div class=\"grve-element grve-hr grve-space-divider\" style=\"\"><\/div><div class=\"grve-element grve-image-text\" style=\"\">  <div class=\"grve-content grve-align-right\">    <h6>weyer spezial: Bezpiecze\u0144stwo przemys\u0142owe<\/h6>  <p>Kompleksowa ochrona bezpiecze\u0144stwa i higieny pracy ma kluczowe znaczenie dla utrzymania i promowania si\u0142y roboczej. Pomimo ca\u0142ego post\u0119pu technicznego zdrowi i zmotywowani pracownicy s\u0105 decyduj\u0105cym czynnikiem dla skutecznego i zr\u00f3wnowa\u017conego zarz\u0105dzania przedsi\u0119biorstwem. Tu r\u00f3wnie\u017c znajduj\u0105 si\u0119 podstawy do kompleksowego zarz\u0105dzania ryzykiem&#8230;<\/p>    <a href=\"https:\/\/www.weyer-gruppe.com\/wp-content\/uploads\/2019\/07\/2022_weyer-spezial_Arbeitsschutz.pdf\" target=\"_blank\" class=\"grve-read-more \">Pobierz weyer spezial tutaj<\/a>  <\/div><div class=\"grve-image\"><img decoding=\"async\" width=\"250\" height=\"354\" src=\"https:\/\/www.weyer-gruppe.com\/wp-content\/uploads\/2019\/07\/weyer-spezial-weyer-gruppe-arbeitsschutz.jpg\" class=\"attachment-full size-full\" alt=\"weyer spezial zum Thema Arbeitsschutz\" srcset=\"\" \/><\/div><\/div><div class=\"grve-element grve-hr grve-space-divider\" style=\"\"><\/div>[\/vc_column][\/vc_row][vc_row][vc_column]<div class=\"grve-element grve-hr grve-space-divider\" style=\"\"><\/div><h3 class=\"grve-element grve-align-left grve-title-no-line grve-h3\" style=\"\"><span>Nasz zesp\u00f3\u0142<\/span><\/h3>[\/vc_column][\/vc_row][vc_row][vc_column width=&#8221;1\/4&#8243; tablet_width=&#8221;1-2&#8243;]\r\n\t\t<div class=\"grve-team grve-element\" style=\"\">\r\n\t\t\t<figure class=\"grve-image-hover grve-style-1 grve-zoom-in\">\r\n\t\t\t\t<div class=\"grve-team-person grve-media grve-dark-overlay grve-opacity-60\">\r\n\t\t\t\t\t<img decoding=\"async\" width=\"300\" height=\"300\" src=\"https:\/\/www.weyer-gruppe.com\/wp-content\/uploads\/2019\/09\/as-u-gamerith-weyer-gernot-gamerith.jpg\" class=\"attachment-grve-image-small-square size-grve-image-small-square\" alt=\"Zdj\u0119cie autorstwa Dr. Gernoth Gamerith z As-U Gamerith-Weyer GmbH\" srcset=\"https:\/\/www.weyer-gruppe.com\/wp-content\/uploads\/2019\/09\/as-u-gamerith-weyer-gernot-gamerith.jpg 300w, https:\/\/www.weyer-gruppe.com\/wp-content\/uploads\/2019\/09\/as-u-gamerith-weyer-gernot-gamerith-150x150.jpg 150w, https:\/\/www.weyer-gruppe.com\/wp-content\/uploads\/2019\/09\/as-u-gamerith-weyer-gernot-gamerith-80x80.jpg 80w\" sizes=\"(max-width: 300px) 100vw, 300px\" \/>\t\t\t\t<\/div>\r\n\t\t\t\t<figcaption>\r\n\t\t\t\t\t<div class=\"grve-team-description\">\r\n\t\t\t\t\t\t\t\t\t\t\t\t<h4 class=\"grve-team-name grve-dark grve-h4\">Dr. Gernot Gamerith<\/h4>\r\n\t\t\t\t\t\t\t\t\t\t\t\t<small class=\"grve-team-identity grve-dark\">As-U Gamerith Weyer<\/small>\r\n\t\t\t\t\t<\/div>\r\n\t\t\t\t\t\t\t\t\t<\/figcaption>\r\n\t\t\t<\/figure>\r\n\t\t<\/div>\r\n\r\n\t\t[\/vc_column][vc_column width=&#8221;1\/4&#8243; tablet_width=&#8221;1-2&#8243;]\r\n\t\t<div class=\"grve-team grve-element\" style=\"\">\r\n\t\t\t<figure class=\"grve-image-hover grve-style-1 grve-zoom-in\">\r\n\t\t\t\t<div class=\"grve-team-person grve-media grve-dark-overlay grve-opacity-60\">\r\n\t\t\t\t\t<img decoding=\"async\" width=\"300\" height=\"300\" src=\"https:\/\/www.weyer-gruppe.com\/wp-content\/uploads\/2019\/07\/wch-f.sutter.png\" class=\"attachment-grve-image-small-square size-grve-image-small-square\" alt=\"Zdj\u0119cie pracownika Frank Sutter z Weyer und Partner (Schweiz) AG\" srcset=\"https:\/\/www.weyer-gruppe.com\/wp-content\/uploads\/2019\/07\/wch-f.sutter.png 300w, https:\/\/www.weyer-gruppe.com\/wp-content\/uploads\/2019\/07\/wch-f.sutter-150x150.png 150w, https:\/\/www.weyer-gruppe.com\/wp-content\/uploads\/2019\/07\/wch-f.sutter-80x80.png 80w\" sizes=\"(max-width: 300px) 100vw, 300px\" \/>\t\t\t\t<\/div>\r\n\t\t\t\t<figcaption>\r\n\t\t\t\t\t<div class=\"grve-team-description\">\r\n\t\t\t\t\t\t\t\t\t\t\t\t<h4 class=\"grve-team-name grve-dark grve-h4\">Frank Sutter<\/h4>\r\n\t\t\t\t\t\t\t\t\t\t\t\t<small class=\"grve-team-identity grve-dark\">Weyer und Partner (Schweiz)<\/small>\r\n\t\t\t\t\t<\/div>\r\n\t\t\t\t\t\t\t\t\t<\/figcaption>\r\n\t\t\t<\/figure>\r\n\t\t<\/div>\r\n\r\n\t\t[\/vc_column][vc_column width=&#8221;1\/4&#8243; tablet_width=&#8221;1-2&#8243;]\r\n\t\t<div class=\"grve-team grve-element\" style=\"\">\r\n\t\t\t<figure class=\"grve-image-hover grve-style-1 grve-zoom-in\">\r\n\t\t\t\t<div class=\"grve-team-person grve-media grve-dark-overlay grve-opacity-60\">\r\n\t\t\t\t\t<img decoding=\"async\" width=\"300\" height=\"300\" src=\"https:\/\/www.weyer-gruppe.com\/wp-content\/uploads\/2019\/07\/felix-kalienke-horst-weyer-und-partner.png\" class=\"attachment-grve-image-small-square size-grve-image-small-square\" alt=\"Zdj\u0119cie Felix Kalienke z horst weyer und partner gmbh\" srcset=\"https:\/\/www.weyer-gruppe.com\/wp-content\/uploads\/2019\/07\/felix-kalienke-horst-weyer-und-partner.png 300w, https:\/\/www.weyer-gruppe.com\/wp-content\/uploads\/2019\/07\/felix-kalienke-horst-weyer-und-partner-150x150.png 150w, https:\/\/www.weyer-gruppe.com\/wp-content\/uploads\/2019\/07\/felix-kalienke-horst-weyer-und-partner-80x80.png 80w\" sizes=\"(max-width: 300px) 100vw, 300px\" \/>\t\t\t\t<\/div>\r\n\t\t\t\t<figcaption>\r\n\t\t\t\t\t<div class=\"grve-team-description\">\r\n\t\t\t\t\t\t\t\t\t\t\t\t<h4 class=\"grve-team-name grve-dark grve-h4\">Felix Kalienke<\/h4>\r\n\t\t\t\t\t\t\t\t\t\t\t\t<small class=\"grve-team-identity grve-dark\">horst weyer und partner<\/small>\r\n\t\t\t\t\t<\/div>\r\n\t\t\t\t\t\t\t\t\t<\/figcaption>\r\n\t\t\t<\/figure>\r\n\t\t<\/div>\r\n\r\n\t\t[\/vc_column][vc_column width=&#8221;1\/4&#8243;][\/vc_column][\/vc_row][vc_row][vc_column]<div class=\"grve-element grve-hr grve-space-divider\" style=\"\"><\/div>[\/vc_column][\/vc_row]\n<\/div>","protected":false},"excerpt":{"rendered":"<p>[vc_row][vc_column][vc_column_text]Pomimo ca\u0142ego post\u0119pu technicznego zdrowi i zmotywowani pracownicy s\u0105 decyduj\u0105cym czynnikiem dla skutecznego i zr\u00f3wnowa\u017conego zarz\u0105dzania przedsi\u0119biorstwem. Istotn\u0105 cz\u0119\u015bci\u0105 tego jest bezpiecze\u0144stwo pracownik\u00f3w i ochrona zdrowia. Pracodawcy, operatorzy i inwestorzy s\u0105 zobowi\u0105zani na podstawie przepis\u00f3w dotycz\u0105cych bezpiecze\u0144stwa pracy (\u00a7 5 niemieckiej ustawyo bezpiecze\u0144stwie i higienie pracy (ArbSchG) lub \u00a7 4 austriackiej ustawy o ochronie pracownik\u00f3w [&hellip;]<\/p>\n","protected":false},"author":5,"featured_media":0,"parent":23877,"menu_order":0,"comment_status":"closed","ping_status":"closed","template":"","meta":{"footnotes":""},"class_list":["post-23217","page","type-page","status-publish","hentry"],"yoast_head":"<!-- This site is optimized with the Yoast SEO Premium plugin v27.4 (Yoast SEO v27.4) - https:\/\/yoast.com\/product\/yoast-seo-premium-wordpress\/ -->\n<title>Bezpiecze\u0144stwo pracownik\u00f3w i ochrona zdrowia &#8211; weyer gruppe - Engineering Consulting<\/title>\n<meta name=\"description\" content=\"Wspieramy Pa\u0144stwa w zakresie bezpiecze\u0144stwa i higieny pracy, przygotowania oceny ryzyka i instrukcji obs\u0142ugi, stanowiska specjalisty ds. bezpiecze\u0144stwa pracy\" \/>\n<meta name=\"robots\" content=\"noindex, follow\" \/>\n<meta property=\"og:locale\" content=\"pl_PL\" \/>\n<meta property=\"og:type\" content=\"article\" \/>\n<meta property=\"og:title\" content=\"Bezpiecze\u0144stwo pracownik\u00f3w i ochrona zdrowia\" \/>\n<meta property=\"og:description\" content=\"Wspieramy Pa\u0144stwa w zakresie bezpiecze\u0144stwa i higieny pracy, przygotowania oceny ryzyka i instrukcji obs\u0142ugi, stanowiska specjalisty ds. bezpiecze\u0144stwa pracy\" \/>\n<meta property=\"og:url\" content=\"https:\/\/www.weyer-gruppe.com\/pl\/projektanci-i-producenci-instalacji\/bezpieczenstwo-pracownikow-i-ochrona-zdrowia-2\/\" \/>\n<meta property=\"og:site_name\" content=\"weyer gruppe\" \/>\n<meta property=\"article:publisher\" content=\"https:\/\/www.facebook.com\/weyergruppe\" \/>\n<meta property=\"article:modified_time\" content=\"2026-03-23T07:04:51+00:00\" \/>\n<meta name=\"twitter:card\" content=\"summary_large_image\" \/>\n<meta name=\"twitter:label1\" content=\"Szacowany czas czytania\" \/>\n\t<meta name=\"twitter:data1\" content=\"4 minuty\" \/>\n<script type=\"application\/ld+json\" class=\"yoast-schema-graph\">{\"@context\":\"https:\\\/\\\/schema.org\",\"@graph\":[{\"@type\":\"WebPage\",\"@id\":\"https:\\\/\\\/www.weyer-gruppe.com\\\/pl\\\/projektanci-i-producenci-instalacji\\\/bezpieczenstwo-pracownikow-i-ochrona-zdrowia-2\\\/\",\"url\":\"https:\\\/\\\/www.weyer-gruppe.com\\\/pl\\\/projektanci-i-producenci-instalacji\\\/bezpieczenstwo-pracownikow-i-ochrona-zdrowia-2\\\/\",\"name\":\"Bezpiecze\u0144stwo pracownik\u00f3w i ochrona zdrowia &#8211; weyer gruppe - Engineering Consulting\",\"isPartOf\":{\"@id\":\"https:\\\/\\\/www.weyer-gruppe.com\\\/pl\\\/#website\"},\"datePublished\":\"2019-12-16T15:54:53+00:00\",\"dateModified\":\"2026-03-23T07:04:51+00:00\",\"description\":\"Wspieramy Pa\u0144stwa w zakresie bezpiecze\u0144stwa i higieny pracy, przygotowania oceny ryzyka i instrukcji obs\u0142ugi, stanowiska specjalisty ds. bezpiecze\u0144stwa pracy\",\"breadcrumb\":{\"@id\":\"https:\\\/\\\/www.weyer-gruppe.com\\\/pl\\\/projektanci-i-producenci-instalacji\\\/bezpieczenstwo-pracownikow-i-ochrona-zdrowia-2\\\/#breadcrumb\"},\"inLanguage\":\"pl-PL\",\"potentialAction\":[{\"@type\":\"ReadAction\",\"target\":[\"https:\\\/\\\/www.weyer-gruppe.com\\\/pl\\\/projektanci-i-producenci-instalacji\\\/bezpieczenstwo-pracownikow-i-ochrona-zdrowia-2\\\/\"]}]},{\"@type\":\"BreadcrumbList\",\"@id\":\"https:\\\/\\\/www.weyer-gruppe.com\\\/pl\\\/projektanci-i-producenci-instalacji\\\/bezpieczenstwo-pracownikow-i-ochrona-zdrowia-2\\\/#breadcrumb\",\"itemListElement\":[{\"@type\":\"ListItem\",\"position\":1,\"name\":\"HOME\",\"item\":\"https:\\\/\\\/www.weyer-gruppe.com\\\/pl\\\/\"},{\"@type\":\"ListItem\",\"position\":2,\"name\":\"Projektanci i producenci instalacji\",\"item\":\"https:\\\/\\\/www.weyer-gruppe.com\\\/pl\\\/projektanci-i-producenci-instalacji\\\/\"},{\"@type\":\"ListItem\",\"position\":3,\"name\":\"Bezpiecze\u0144stwo pracownik\u00f3w i ochrona zdrowia\"}]},{\"@type\":\"WebSite\",\"@id\":\"https:\\\/\\\/www.weyer-gruppe.com\\\/pl\\\/#website\",\"url\":\"https:\\\/\\\/www.weyer-gruppe.com\\\/pl\\\/\",\"name\":\"weyer gruppe\",\"description\":\"komplett. durchdacht.\",\"publisher\":{\"@id\":\"https:\\\/\\\/www.weyer-gruppe.com\\\/pl\\\/#organization\"},\"potentialAction\":[{\"@type\":\"SearchAction\",\"target\":{\"@type\":\"EntryPoint\",\"urlTemplate\":\"https:\\\/\\\/www.weyer-gruppe.com\\\/pl\\\/?s={search_term_string}\"},\"query-input\":{\"@type\":\"PropertyValueSpecification\",\"valueRequired\":true,\"valueName\":\"search_term_string\"}}],\"inLanguage\":\"pl-PL\"},{\"@type\":\"Organization\",\"@id\":\"https:\\\/\\\/www.weyer-gruppe.com\\\/pl\\\/#organization\",\"name\":\"weyer gruppe\",\"url\":\"https:\\\/\\\/www.weyer-gruppe.com\\\/pl\\\/\",\"logo\":{\"@type\":\"ImageObject\",\"inLanguage\":\"pl-PL\",\"@id\":\"https:\\\/\\\/www.weyer-gruppe.com\\\/pl\\\/#\\\/schema\\\/logo\\\/image\\\/\",\"url\":\"https:\\\/\\\/www.weyer-gruppe.com\\\/wp-content\\\/uploads\\\/2019\\\/07\\\/logo-weyer-gruppe-de.png\",\"contentUrl\":\"https:\\\/\\\/www.weyer-gruppe.com\\\/wp-content\\\/uploads\\\/2019\\\/07\\\/logo-weyer-gruppe-de.png\",\"width\":532,\"height\":513,\"caption\":\"weyer gruppe\"},\"image\":{\"@id\":\"https:\\\/\\\/www.weyer-gruppe.com\\\/pl\\\/#\\\/schema\\\/logo\\\/image\\\/\"},\"sameAs\":[\"https:\\\/\\\/www.facebook.com\\\/weyergruppe\",\"https:\\\/\\\/de.linkedin.com\\\/company\\\/weyer-gruppe\",\"https:\\\/\\\/www.youtube.com\\\/channel\\\/UCmZItECuW56Ih_p501_Bq8A\"],\"description\":\"Die weyer gruppe ist seit 1976 Ihr Partner f\u00fcr verfahrenstechnische Anlagenplanung und Anlagensicherheit. Mit einem erfahrenen Team von \u00fcber 190 Mitarbeitern in Deutschland, \u00d6sterreich, Polen und der Schweiz realisieren wir j\u00e4hrlich \u00fcber 1.000 Kundenprojekte. Unsere Expertise erstreckt sich \u00fcber verschiedene Branchen wie Chemie, Pharma, Mineral\u00f6l sowie Ver- und Entsorgung. Vertrauen Sie auf die weyer Gruppe f\u00fcr ma\u00dfgeschneiderte Engineering- und Consulting-L\u00f6sungen, die Ihre Anforderungen in puncto Sicherheit und Effizienz erf\u00fcllen.\",\"email\":\"info@weyer-gruppe.com\",\"telephone\":\"+49 (0) 24 21 \u2013 69 09 1 \u2013 0\",\"numberOfEmployees\":{\"@type\":\"QuantitativeValue\",\"minValue\":\"51\",\"maxValue\":\"200\"}}]}<\/script>\n<!-- \/ Yoast SEO Premium plugin. -->","yoast_head_json":{"title":"Bezpiecze\u0144stwo pracownik\u00f3w i ochrona zdrowia &#8211; weyer gruppe - Engineering Consulting","description":"Wspieramy Pa\u0144stwa w zakresie bezpiecze\u0144stwa i higieny pracy, przygotowania oceny ryzyka i instrukcji obs\u0142ugi, stanowiska specjalisty ds. bezpiecze\u0144stwa pracy","robots":{"index":"noindex","follow":"follow"},"og_locale":"pl_PL","og_type":"article","og_title":"Bezpiecze\u0144stwo pracownik\u00f3w i ochrona zdrowia","og_description":"Wspieramy Pa\u0144stwa w zakresie bezpiecze\u0144stwa i higieny pracy, przygotowania oceny ryzyka i instrukcji obs\u0142ugi, stanowiska specjalisty ds. bezpiecze\u0144stwa pracy","og_url":"https:\/\/www.weyer-gruppe.com\/pl\/projektanci-i-producenci-instalacji\/bezpieczenstwo-pracownikow-i-ochrona-zdrowia-2\/","og_site_name":"weyer gruppe","article_publisher":"https:\/\/www.facebook.com\/weyergruppe","article_modified_time":"2026-03-23T07:04:51+00:00","twitter_card":"summary_large_image","twitter_misc":{"Szacowany czas czytania":"4 minuty"},"schema":{"@context":"https:\/\/schema.org","@graph":[{"@type":"WebPage","@id":"https:\/\/www.weyer-gruppe.com\/pl\/projektanci-i-producenci-instalacji\/bezpieczenstwo-pracownikow-i-ochrona-zdrowia-2\/","url":"https:\/\/www.weyer-gruppe.com\/pl\/projektanci-i-producenci-instalacji\/bezpieczenstwo-pracownikow-i-ochrona-zdrowia-2\/","name":"Bezpiecze\u0144stwo pracownik\u00f3w i ochrona zdrowia &#8211; weyer gruppe - Engineering Consulting","isPartOf":{"@id":"https:\/\/www.weyer-gruppe.com\/pl\/#website"},"datePublished":"2019-12-16T15:54:53+00:00","dateModified":"2026-03-23T07:04:51+00:00","description":"Wspieramy Pa\u0144stwa w zakresie bezpiecze\u0144stwa i higieny pracy, przygotowania oceny ryzyka i instrukcji obs\u0142ugi, stanowiska specjalisty ds. bezpiecze\u0144stwa pracy","breadcrumb":{"@id":"https:\/\/www.weyer-gruppe.com\/pl\/projektanci-i-producenci-instalacji\/bezpieczenstwo-pracownikow-i-ochrona-zdrowia-2\/#breadcrumb"},"inLanguage":"pl-PL","potentialAction":[{"@type":"ReadAction","target":["https:\/\/www.weyer-gruppe.com\/pl\/projektanci-i-producenci-instalacji\/bezpieczenstwo-pracownikow-i-ochrona-zdrowia-2\/"]}]},{"@type":"BreadcrumbList","@id":"https:\/\/www.weyer-gruppe.com\/pl\/projektanci-i-producenci-instalacji\/bezpieczenstwo-pracownikow-i-ochrona-zdrowia-2\/#breadcrumb","itemListElement":[{"@type":"ListItem","position":1,"name":"HOME","item":"https:\/\/www.weyer-gruppe.com\/pl\/"},{"@type":"ListItem","position":2,"name":"Projektanci i producenci instalacji","item":"https:\/\/www.weyer-gruppe.com\/pl\/projektanci-i-producenci-instalacji\/"},{"@type":"ListItem","position":3,"name":"Bezpiecze\u0144stwo pracownik\u00f3w i ochrona zdrowia"}]},{"@type":"WebSite","@id":"https:\/\/www.weyer-gruppe.com\/pl\/#website","url":"https:\/\/www.weyer-gruppe.com\/pl\/","name":"weyer gruppe","description":"komplett. durchdacht.","publisher":{"@id":"https:\/\/www.weyer-gruppe.com\/pl\/#organization"},"potentialAction":[{"@type":"SearchAction","target":{"@type":"EntryPoint","urlTemplate":"https:\/\/www.weyer-gruppe.com\/pl\/?s={search_term_string}"},"query-input":{"@type":"PropertyValueSpecification","valueRequired":true,"valueName":"search_term_string"}}],"inLanguage":"pl-PL"},{"@type":"Organization","@id":"https:\/\/www.weyer-gruppe.com\/pl\/#organization","name":"weyer gruppe","url":"https:\/\/www.weyer-gruppe.com\/pl\/","logo":{"@type":"ImageObject","inLanguage":"pl-PL","@id":"https:\/\/www.weyer-gruppe.com\/pl\/#\/schema\/logo\/image\/","url":"https:\/\/www.weyer-gruppe.com\/wp-content\/uploads\/2019\/07\/logo-weyer-gruppe-de.png","contentUrl":"https:\/\/www.weyer-gruppe.com\/wp-content\/uploads\/2019\/07\/logo-weyer-gruppe-de.png","width":532,"height":513,"caption":"weyer gruppe"},"image":{"@id":"https:\/\/www.weyer-gruppe.com\/pl\/#\/schema\/logo\/image\/"},"sameAs":["https:\/\/www.facebook.com\/weyergruppe","https:\/\/de.linkedin.com\/company\/weyer-gruppe","https:\/\/www.youtube.com\/channel\/UCmZItECuW56Ih_p501_Bq8A"],"description":"Die weyer gruppe ist seit 1976 Ihr Partner f\u00fcr verfahrenstechnische Anlagenplanung und Anlagensicherheit. Mit einem erfahrenen Team von \u00fcber 190 Mitarbeitern in Deutschland, \u00d6sterreich, Polen und der Schweiz realisieren wir j\u00e4hrlich \u00fcber 1.000 Kundenprojekte. Unsere Expertise erstreckt sich \u00fcber verschiedene Branchen wie Chemie, Pharma, Mineral\u00f6l sowie Ver- und Entsorgung. Vertrauen Sie auf die weyer Gruppe f\u00fcr ma\u00dfgeschneiderte Engineering- und Consulting-L\u00f6sungen, die Ihre Anforderungen in puncto Sicherheit und Effizienz erf\u00fcllen.","email":"info@weyer-gruppe.com","telephone":"+49 (0) 24 21 \u2013 69 09 1 \u2013 0","numberOfEmployees":{"@type":"QuantitativeValue","minValue":"51","maxValue":"200"}}]}},"_links":{"self":[{"href":"https:\/\/www.weyer-gruppe.com\/pl\/wp-json\/wp\/v2\/pages\/23217","targetHints":{"allow":["GET"]}}],"collection":[{"href":"https:\/\/www.weyer-gruppe.com\/pl\/wp-json\/wp\/v2\/pages"}],"about":[{"href":"https:\/\/www.weyer-gruppe.com\/pl\/wp-json\/wp\/v2\/types\/page"}],"author":[{"embeddable":true,"href":"https:\/\/www.weyer-gruppe.com\/pl\/wp-json\/wp\/v2\/users\/5"}],"replies":[{"embeddable":true,"href":"https:\/\/www.weyer-gruppe.com\/pl\/wp-json\/wp\/v2\/comments?post=23217"}],"version-history":[{"count":1,"href":"https:\/\/www.weyer-gruppe.com\/pl\/wp-json\/wp\/v2\/pages\/23217\/revisions"}],"predecessor-version":[{"id":238075,"href":"https:\/\/www.weyer-gruppe.com\/pl\/wp-json\/wp\/v2\/pages\/23217\/revisions\/238075"}],"up":[{"embeddable":true,"href":"https:\/\/www.weyer-gruppe.com\/pl\/wp-json\/wp\/v2\/pages\/23877"}],"wp:attachment":[{"href":"https:\/\/www.weyer-gruppe.com\/pl\/wp-json\/wp\/v2\/media?parent=23217"}],"curies":[{"name":"wp","href":"https:\/\/api.w.org\/{rel}","templated":true}]}}