{"id":23109,"date":"2019-07-29T16:02:31","date_gmt":"2019-07-29T14:02:31","guid":{"rendered":"https:\/\/www.weyer-gruppe.com\/nadzor-nad-montazem\/"},"modified":"2020-04-21T14:18:12","modified_gmt":"2020-04-21T12:18:12","slug":"nadzor-nad-montazem","status":"publish","type":"page","link":"https:\/\/www.weyer-gruppe.com\/pl\/operatorzy-instalacji-i-inwestorzy\/nadzor-nad-montazem\/","title":{"rendered":"Nadz\u00f3r nad monta\u017cem"},"content":{"rendered":"<div class=\"wpb-content-wrapper\">[vc_row][vc_column][vc_column_text]Warunki panuj\u0105ce na budowie cz\u0119sto sprawiaj\u0105, \u017ce trzeba by\u0107 elastycznym. W trakcie realizacji projektu, poza typow\u0105 kontrol\u0105 termin\u00f3w i post\u0119p\u00f3w, nale\u017cy co jaki\u015b czas wprowadza\u0107 korekty lub zmiany w planowaniu. Zazwyczaj przeprowadza si\u0119 je bezpo\u015brednio na miejscu, aby zapewni\u0107 szybkie decyzje i bezpo\u015bredni\u0105 koordynacj\u0119. Grupa weyer oferuje p\u0142ynne przej\u015bcie od fazy planowania do nadzoru i wsparcia realizacji projektu na placu budowy.<\/p>\n<p>Tutaj funkcja koordynatora ds. BHP (<a href=\"https:\/\/www.weyer-gruppe.com\/pl\/operatorzy-instalacji-i-inwestorzy\/bezpieczenstwo-pracownikow-i-ochrona-zdrowia\/\">SiGeKo<\/a>) mo\u017ce by\u0107 pe\u0142niona przez odpowiednio wykwalifikowanych wsp\u00f3\u0142pracownik\u00f3w.<\/p>\n<h2>Us\u0142ugi<\/h2>\n<ul class=\"arrow-gray\">\n<li class=\"first-child\">Planowanie przebiegu monta\u017cu<\/li>\n<li>Koordynacja wszystkich zaanga\u017cowanych bran\u017c i dostawc\u00f3w<\/li>\n<li>Monitorowanie harmonogramu i kontrola post\u0119p\u00f3w<\/li>\n<li>Og\u00f3lny nadz\u00f3r nad monta\u017cem<\/li>\n<li>Monitorowanie koszt\u00f3w<\/li>\n<li class=\"last-child\">Osoby do kontaktu dla wszystkich uczestnik\u00f3w projektu<\/li>\n<\/ul>\n[\/vc_column_text][\/vc_column][\/vc_row][vc_row bg_type=&#8221;color&#8221; bg_color=&#8221;#0b3c80&#8243; font_color=&#8221;#ffffff&#8221;][vc_column css=&#8221;.vc_custom_1563974199119{padding-top: 25px !important;padding-bottom: 25px !important;padding-left: 25px !important;}&#8221;]<div class=\"grve-element grve-hr grve-space-divider\" style=\"\"><\/div><div class=\"grve-element grve-image-text\" style=\"\">  <div class=\"grve-content grve-align-right\">    <h6>weyer spezial: In\u017cynieria<\/h6>  <p>Dla naszych klient\u00f3w, us\u0142ugi in\u017cynierskie weyer group oznaczaj\u0105 zintegrowane wsparcie podczas ca\u0142ego czasu realizacji projektu, od opracowania procesu zgodnie z wymaganiami, poprzez zaprojektowanie maszyn i urz\u0105dze\u0144, a\u017c do zabezpieczenia wymaga\u0144 prawnych dotycz\u0105cych budowy i eksploatacji instalacji. Zw\u0142aszcza zarz\u0105dzanie urz\u0119dami oferowanymi przez weyer group daje naszym klientom niezb\u0119dne bezpiecze\u0144stwo planowania, poniewa\u017c mo\u017cliwe pozycje kosztowe, np. w zakresie bezpiecze\u0144stwa instalacji, mog\u0105 by\u0107 zidentyfikowane ju\u017c na wczesnym etapie&#8230;<\/p>    <a href=\"https:\/\/www.weyer-gruppe.com\/wp-content\/uploads\/2026\/01\/2025_weyer-spezial_Engineering.pdf\" target=\"_self\" class=\"grve-read-more \">Pobierz weyer spezial tutaj<\/a>  <\/div><div class=\"grve-image\"><img decoding=\"async\" width=\"625\" height=\"625\" src=\"https:\/\/www.weyer-gruppe.com\/wp-content\/uploads\/2019\/07\/weyer-spezial-weyer-gruppe-engineering.jpg\" class=\"attachment-full size-full\" alt=\"weyer spezial zum Thema Engineering\" srcset=\"https:\/\/www.weyer-gruppe.com\/wp-content\/uploads\/2019\/07\/weyer-spezial-weyer-gruppe-engineering.jpg 625w, https:\/\/www.weyer-gruppe.com\/wp-content\/uploads\/2019\/07\/weyer-spezial-weyer-gruppe-engineering-300x300.jpg 300w, https:\/\/www.weyer-gruppe.com\/wp-content\/uploads\/2019\/07\/weyer-spezial-weyer-gruppe-engineering-150x150.jpg 150w, https:\/\/www.weyer-gruppe.com\/wp-content\/uploads\/2019\/07\/weyer-spezial-weyer-gruppe-engineering-80x80.jpg 80w, https:\/\/www.weyer-gruppe.com\/wp-content\/uploads\/2019\/07\/weyer-spezial-weyer-gruppe-engineering-560x560.jpg 560w\" sizes=\"(max-width: 625px) 100vw, 625px\" \/><\/div><\/div><div class=\"grve-element grve-hr grve-space-divider\" style=\"\"><\/div>[\/vc_column][\/vc_row][vc_row][vc_column]<div class=\"grve-element grve-hr grve-space-divider\" style=\"\"><\/div><h3 class=\"grve-element grve-align-left grve-title-no-line grve-h3\" style=\"\"><span>Nasz zesp\u00f3\u0142<\/span><\/h3>[\/vc_column][\/vc_row][vc_row][vc_column width=&#8221;1\/4&#8243; tablet_sm_width=&#8221;1-2&#8243;]\r\n\t\t<div class=\"grve-team grve-element\" style=\"\">\r\n\t\t\t<figure class=\"grve-image-hover grve-style-1 grve-zoom-in\">\r\n\t\t\t\t<div class=\"grve-team-person grve-media grve-dark-overlay grve-opacity-60\">\r\n\t\t\t\t\t<img decoding=\"async\" width=\"300\" height=\"300\" src=\"https:\/\/www.weyer-gruppe.com\/wp-content\/uploads\/2019\/07\/daniel-seifert-weyer-ingenieurpartner.png\" class=\"attachment-grve-image-small-square size-grve-image-small-square\" alt=\"Foto von Daniel Seifert der weyer IngenieurPartner GmbH\" \/>\t\t\t\t<\/div>\r\n\t\t\t\t<figcaption>\r\n\t\t\t\t\t<div class=\"grve-team-description\">\r\n\t\t\t\t\t\t\t\t\t\t\t\t<h4 class=\"grve-team-name grve-dark grve-h4\">Daniel Seifert<\/h4>\r\n\t\t\t\t\t\t\t\t\t\t\t\t<small class=\"grve-team-identity grve-dark\">weyer IngenieurPartner<\/small>\r\n\t\t\t\t\t<\/div>\r\n\t\t\t\t\t\t\t\t\t\t<div class=\"grve-team-social grve-team-social-text grve-dark\">\r\n\t\t\t\t\t\t<ul>\r\n\t\t\t\t\t\t\t<li><a href=\"mailto:&#100;.&#115;&#101;&#105;f&#101;rt&#64;&#119;&#101;yer-g&#114;u&#112;p&#101;&#46;com\">E-mail<\/a><\/li>\t\t\t\t\t\t<\/ul>\r\n\t\t\t\t\t<\/div>\r\n\t\t\t\t\t\t\t\t\t<\/figcaption>\r\n\t\t\t<\/figure>\r\n\t\t<\/div>\r\n\r\n\t\t[\/vc_column][vc_column width=&#8221;1\/4&#8243; tablet_sm_width=&#8221;1-2&#8243;]\r\n\t\t<div class=\"grve-team grve-element\" style=\"\">\r\n\t\t\t<figure class=\"grve-image-hover grve-style-1 grve-zoom-in\">\r\n\t\t\t\t<div class=\"grve-team-person grve-media grve-dark-overlay grve-opacity-60\">\r\n\t\t\t\t\t<img decoding=\"async\" width=\"300\" height=\"300\" src=\"https:\/\/www.weyer-gruppe.com\/wp-content\/uploads\/2019\/07\/thomas-knoblauch-horst-weyer-und-partner.jpg\" class=\"attachment-grve-image-small-square size-grve-image-small-square\" alt=\"Foto von Thomas Knoblauch der horst weyer und partner gmbh\" srcset=\"https:\/\/www.weyer-gruppe.com\/wp-content\/uploads\/2019\/07\/thomas-knoblauch-horst-weyer-und-partner.jpg 300w, https:\/\/www.weyer-gruppe.com\/wp-content\/uploads\/2019\/07\/thomas-knoblauch-horst-weyer-und-partner-150x150.jpg 150w, https:\/\/www.weyer-gruppe.com\/wp-content\/uploads\/2019\/07\/thomas-knoblauch-horst-weyer-und-partner-80x80.jpg 80w\" sizes=\"(max-width: 300px) 100vw, 300px\" \/>\t\t\t\t<\/div>\r\n\t\t\t\t<figcaption>\r\n\t\t\t\t\t<div class=\"grve-team-description\">\r\n\t\t\t\t\t\t\t\t\t\t\t\t<h4 class=\"grve-team-name grve-dark grve-h4\">Thomas Knoblauch<\/h4>\r\n\t\t\t\t\t\t\t\t\t\t\t\t<small class=\"grve-team-identity grve-dark\">horst weyer und partner<\/small>\r\n\t\t\t\t\t<\/div>\r\n\t\t\t\t\t\t\t\t\t\t<div class=\"grve-team-social grve-team-social-text grve-dark\">\r\n\t\t\t\t\t\t<ul>\r\n\t\t\t\t\t\t\t<li><a href=\"mailto:&#116;&#46;&#107;n&#111;&#98;&#108;au&#99;h&#64;w&#101;yer-&#103;r&#117;ppe&#46;com\">E-mail<\/a><\/li>\t\t\t\t\t\t<\/ul>\r\n\t\t\t\t\t<\/div>\r\n\t\t\t\t\t\t\t\t\t<\/figcaption>\r\n\t\t\t<\/figure>\r\n\t\t<\/div>\r\n\r\n\t\t[\/vc_column][vc_column width=&#8221;1\/4&#8243; tablet_sm_width=&#8221;1-2&#8243;]\r\n\t\t<div class=\"grve-team grve-element\" style=\"\">\r\n\t\t\t<figure class=\"grve-image-hover grve-style-1 grve-zoom-in\">\r\n\t\t\t\t<div class=\"grve-team-person grve-media grve-dark-overlay grve-opacity-60\">\r\n\t\t\t\t\t<img decoding=\"async\" width=\"300\" height=\"300\" src=\"https:\/\/www.weyer-gruppe.com\/wp-content\/uploads\/2020\/02\/weyer-gruppe-platzhalter-mitarbeiterfotos.jpg\" class=\"attachment-grve-image-small-square size-grve-image-small-square\" alt=\"Platzhalter Mitarbeiterfotos\" srcset=\"https:\/\/www.weyer-gruppe.com\/wp-content\/uploads\/2020\/02\/weyer-gruppe-platzhalter-mitarbeiterfotos.jpg 300w, https:\/\/www.weyer-gruppe.com\/wp-content\/uploads\/2020\/02\/weyer-gruppe-platzhalter-mitarbeiterfotos-150x150.jpg 150w, https:\/\/www.weyer-gruppe.com\/wp-content\/uploads\/2020\/02\/weyer-gruppe-platzhalter-mitarbeiterfotos-80x80.jpg 80w\" sizes=\"(max-width: 300px) 100vw, 300px\" \/>\t\t\t\t<\/div>\r\n\t\t\t\t<figcaption>\r\n\t\t\t\t\t<div class=\"grve-team-description\">\r\n\t\t\t\t\t\t\t\t\t\t\t\t<h4 class=\"grve-team-name grve-dark grve-h4\">Dr. Florian Merkel<\/h4>\r\n\t\t\t\t\t\t\t\t\t\t\t\t<small class=\"grve-team-identity grve-dark\">horst weyer und partner<\/small>\r\n\t\t\t\t\t<\/div>\r\n\t\t\t\t\t\t\t\t\t\t<div class=\"grve-team-social grve-team-social-text grve-dark\">\r\n\t\t\t\t\t\t<ul>\r\n\t\t\t\t\t\t\t<li><a href=\"mailto:f.me&#114;&#107;e&#108;&#64;&#119;e&#121;e&#114;-gr&#117;&#112;&#112;&#101;&#46;com\">E-mail<\/a><\/li>\t\t\t\t\t\t<\/ul>\r\n\t\t\t\t\t<\/div>\r\n\t\t\t\t\t\t\t\t\t<\/figcaption>\r\n\t\t\t<\/figure>\r\n\t\t<\/div>\r\n\r\n\t\t[\/vc_column][vc_column width=&#8221;1\/4&#8243; tablet_sm_width=&#8221;1-2&#8243;]\r\n\t\t<div class=\"grve-team grve-element\" style=\"\">\r\n\t\t\t<figure class=\"grve-image-hover grve-style-1 grve-zoom-in\">\r\n\t\t\t\t<div class=\"grve-team-person grve-media grve-dark-overlay grve-opacity-60\">\r\n\t\t\t\t\t<img decoding=\"async\" width=\"300\" height=\"300\" src=\"https:\/\/www.weyer-gruppe.com\/wp-content\/uploads\/2019\/07\/weyer-polska-andrzej-kedziora-1.jpg\" class=\"attachment-grve-image-small-square size-grve-image-small-square\" alt=\"Foto von Andrzej Kedziora der Weyer Polska Sp. z.o.o.\" srcset=\"https:\/\/www.weyer-gruppe.com\/wp-content\/uploads\/2019\/07\/weyer-polska-andrzej-kedziora-1.jpg 300w, https:\/\/www.weyer-gruppe.com\/wp-content\/uploads\/2019\/07\/weyer-polska-andrzej-kedziora-1-150x150.jpg 150w, https:\/\/www.weyer-gruppe.com\/wp-content\/uploads\/2019\/07\/weyer-polska-andrzej-kedziora-1-80x80.jpg 80w\" sizes=\"(max-width: 300px) 100vw, 300px\" \/>\t\t\t\t<\/div>\r\n\t\t\t\t<figcaption>\r\n\t\t\t\t\t<div class=\"grve-team-description\">\r\n\t\t\t\t\t\t\t\t\t\t\t\t<h4 class=\"grve-team-name grve-dark grve-h4\">Andrzej K\u0119dziora<\/h4>\r\n\t\t\t\t\t\t\t\t\t\t\t\t<small class=\"grve-team-identity grve-dark\">Weyer Polska Sp. z o. o.<\/small>\r\n\t\t\t\t\t<\/div>\r\n\t\t\t\t\t\t\t\t\t\t<div class=\"grve-team-social grve-team-social-text grve-dark\">\r\n\t\t\t\t\t\t<ul>\r\n\t\t\t\t\t\t\t<li><a href=\"mailto:a&#46;ke&#100;&#122;&#105;or&#97;&#64;weye&#114;-g&#114;oup.co&#109;\">E-mail<\/a><\/li>\t\t\t\t\t\t<\/ul>\r\n\t\t\t\t\t<\/div>\r\n\t\t\t\t\t\t\t\t\t<\/figcaption>\r\n\t\t\t<\/figure>\r\n\t\t<\/div>\r\n\r\n\t\t[\/vc_column][\/vc_row][vc_row][vc_column width=&#8221;1\/4&#8243; tablet_sm_width=&#8221;1-2&#8243;]\r\n\t\t<div class=\"grve-team grve-element\" style=\"\">\r\n\t\t\t<figure class=\"grve-image-hover grve-style-1 grve-zoom-in\">\r\n\t\t\t\t<div class=\"grve-team-person grve-media grve-dark-overlay grve-opacity-60\">\r\n\t\t\t\t\t<img decoding=\"async\" width=\"300\" height=\"300\" src=\"https:\/\/www.weyer-gruppe.com\/wp-content\/uploads\/2019\/07\/wch-f.sutter.png\" class=\"attachment-grve-image-small-square size-grve-image-small-square\" alt=\"Foto von Frank Sutter der Weyer und Partner (Schweiz) AG\" srcset=\"https:\/\/www.weyer-gruppe.com\/wp-content\/uploads\/2019\/07\/wch-f.sutter.png 300w, https:\/\/www.weyer-gruppe.com\/wp-content\/uploads\/2019\/07\/wch-f.sutter-150x150.png 150w, https:\/\/www.weyer-gruppe.com\/wp-content\/uploads\/2019\/07\/wch-f.sutter-80x80.png 80w\" sizes=\"(max-width: 300px) 100vw, 300px\" \/>\t\t\t\t<\/div>\r\n\t\t\t\t<figcaption>\r\n\t\t\t\t\t<div class=\"grve-team-description\">\r\n\t\t\t\t\t\t\t\t\t\t\t\t<h4 class=\"grve-team-name grve-dark grve-h4\">Frank Sutter<\/h4>\r\n\t\t\t\t\t\t\t\t\t\t\t\t<small class=\"grve-team-identity grve-dark\">Weyer und Partner (Schweiz)<\/small>\r\n\t\t\t\t\t<\/div>\r\n\t\t\t\t\t\t\t\t\t\t<div class=\"grve-team-social grve-team-social-text grve-dark\">\r\n\t\t\t\t\t\t<ul>\r\n\t\t\t\t\t\t\t<li><a href=\"mailto:&#102;&#46;s&#117;t&#116;&#101;r&#64;&#119;&#101;ye&#114;-&#103;&#114;&#117;&#112;pe&#46;&#99;&#111;m\">E-mail<\/a><\/li>\t\t\t\t\t\t<\/ul>\r\n\t\t\t\t\t<\/div>\r\n\t\t\t\t\t\t\t\t\t<\/figcaption>\r\n\t\t\t<\/figure>\r\n\t\t<\/div>\r\n\r\n\t\t[\/vc_column][vc_column width=&#8221;1\/4&#8243; tablet_sm_width=&#8221;1-2&#8243;]\r\n\t\t<div class=\"grve-team grve-element\" style=\"\">\r\n\t\t\t<figure class=\"grve-image-hover grve-style-1 grve-zoom-in\">\r\n\t\t\t\t<div class=\"grve-team-person grve-media grve-dark-overlay grve-opacity-60\">\r\n\t\t\t\t\t<img decoding=\"async\" width=\"300\" height=\"300\" src=\"https:\/\/www.weyer-gruppe.com\/wp-content\/uploads\/2020\/02\/weyer-gruppe-platzhalter-mitarbeiterfotos.jpg\" class=\"attachment-grve-image-small-square size-grve-image-small-square\" alt=\"Platzhalter Mitarbeiterfotos\" srcset=\"https:\/\/www.weyer-gruppe.com\/wp-content\/uploads\/2020\/02\/weyer-gruppe-platzhalter-mitarbeiterfotos.jpg 300w, https:\/\/www.weyer-gruppe.com\/wp-content\/uploads\/2020\/02\/weyer-gruppe-platzhalter-mitarbeiterfotos-150x150.jpg 150w, https:\/\/www.weyer-gruppe.com\/wp-content\/uploads\/2020\/02\/weyer-gruppe-platzhalter-mitarbeiterfotos-80x80.jpg 80w\" sizes=\"(max-width: 300px) 100vw, 300px\" \/>\t\t\t\t<\/div>\r\n\t\t\t\t<figcaption>\r\n\t\t\t\t\t<div class=\"grve-team-description\">\r\n\t\t\t\t\t\t\t\t\t\t\t\t<h4 class=\"grve-team-name grve-dark grve-h4\">Britta Engelhardt<\/h4>\r\n\t\t\t\t\t\t\t\t\t\t\t\t<small class=\"grve-team-identity grve-dark\">CTE Chemietechnik-Engineering<\/small>\r\n\t\t\t\t\t<\/div>\r\n\t\t\t\t\t\t\t\t\t\t<div class=\"grve-team-social grve-team-social-text grve-dark\">\r\n\t\t\t\t\t\t<ul>\r\n\t\t\t\t\t\t\t<li><a href=\"mailto:&#98;.engelh&#97;&#114;&#100;t&#64;w&#101;y&#101;&#114;&#45;&#103;&#114;&#117;&#112;pe&#46;c&#111;&#109;\">E-mail<\/a><\/li>\t\t\t\t\t\t<\/ul>\r\n\t\t\t\t\t<\/div>\r\n\t\t\t\t\t\t\t\t\t<\/figcaption>\r\n\t\t\t<\/figure>\r\n\t\t<\/div>\r\n\r\n\t\t[\/vc_column][vc_column width=&#8221;1\/4&#8243; tablet_sm_width=&#8221;1-2&#8243;][\/vc_column][vc_column width=&#8221;1\/4&#8243; tablet_sm_width=&#8221;1-2&#8243;][\/vc_column][\/vc_row][vc_row][vc_column]<div class=\"grve-element grve-hr grve-space-divider\" style=\"\"><\/div>[\/vc_column][\/vc_row]\n<\/div>","protected":false},"excerpt":{"rendered":"<p>[vc_row][vc_column][vc_column_text]Warunki panuj\u0105ce na budowie cz\u0119sto sprawiaj\u0105, \u017ce trzeba by\u0107 elastycznym. W trakcie realizacji projektu, poza typow\u0105 kontrol\u0105 termin\u00f3w i post\u0119p\u00f3w, nale\u017cy co jaki\u015b czas wprowadza\u0107 korekty lub zmiany w planowaniu. Zazwyczaj przeprowadza si\u0119 je bezpo\u015brednio na miejscu, aby zapewni\u0107 szybkie decyzje i bezpo\u015bredni\u0105 koordynacj\u0119. Grupa weyer oferuje p\u0142ynne przej\u015bcie od fazy planowania do nadzoru i [&hellip;]<\/p>\n","protected":false},"author":5,"featured_media":0,"parent":23842,"menu_order":0,"comment_status":"closed","ping_status":"closed","template":"","meta":{"footnotes":""},"class_list":["post-23109","page","type-page","status-publish","hentry"],"yoast_head":"<!-- This site is optimized with the Yoast SEO Premium plugin v27.4 (Yoast SEO v27.4) - https:\/\/yoast.com\/product\/yoast-seo-premium-wordpress\/ -->\n<title>Nadz\u00f3r nad monta\u017cem &#8211; us\u0142ugi in\u017cynieryjne weyer gruppe<\/title>\n<meta name=\"description\" content=\"Grupa weyer wspiera Pa\u0144stwa we wszystkich obszarach planowania instalacji. Przejmujemy wszystkie zadania zwi\u0105zane z nadzorem nad monta\u017cem. Prze\u015blij zapytanie!\" \/>\n<meta name=\"robots\" content=\"index, follow, max-snippet:-1, max-image-preview:large, max-video-preview:-1\" \/>\n<link rel=\"canonical\" href=\"https:\/\/www.weyer-gruppe.com\/pl\/operatorzy-instalacji-i-inwestorzy\/nadzor-nad-montazem\/\" \/>\n<meta property=\"og:locale\" content=\"pl_PL\" \/>\n<meta property=\"og:type\" content=\"article\" \/>\n<meta property=\"og:title\" content=\"Nadz\u00f3r nad monta\u017cem\" \/>\n<meta property=\"og:description\" content=\"Grupa weyer wspiera Pa\u0144stwa we wszystkich obszarach planowania instalacji. Przejmujemy wszystkie zadania zwi\u0105zane z nadzorem nad monta\u017cem. Prze\u015blij zapytanie!\" \/>\n<meta property=\"og:url\" content=\"https:\/\/www.weyer-gruppe.com\/pl\/operatorzy-instalacji-i-inwestorzy\/nadzor-nad-montazem\/\" \/>\n<meta property=\"og:site_name\" content=\"weyer gruppe\" \/>\n<meta property=\"article:publisher\" content=\"https:\/\/www.facebook.com\/weyergruppe\" \/>\n<meta property=\"article:modified_time\" content=\"2020-04-21T12:18:12+00:00\" \/>\n<meta name=\"twitter:card\" content=\"summary_large_image\" \/>\n<meta name=\"twitter:label1\" content=\"Szacowany czas czytania\" \/>\n\t<meta name=\"twitter:data1\" content=\"3 minuty\" \/>\n<script type=\"application\/ld+json\" class=\"yoast-schema-graph\">{\"@context\":\"https:\\\/\\\/schema.org\",\"@graph\":[{\"@type\":\"WebPage\",\"@id\":\"https:\\\/\\\/www.weyer-gruppe.com\\\/pl\\\/operatorzy-instalacji-i-inwestorzy\\\/nadzor-nad-montazem\\\/\",\"url\":\"https:\\\/\\\/www.weyer-gruppe.com\\\/pl\\\/operatorzy-instalacji-i-inwestorzy\\\/nadzor-nad-montazem\\\/\",\"name\":\"Nadz\u00f3r nad monta\u017cem &#8211; us\u0142ugi in\u017cynieryjne weyer gruppe\",\"isPartOf\":{\"@id\":\"https:\\\/\\\/www.weyer-gruppe.com\\\/pl\\\/#website\"},\"datePublished\":\"2019-07-29T14:02:31+00:00\",\"dateModified\":\"2020-04-21T12:18:12+00:00\",\"description\":\"Grupa weyer wspiera Pa\u0144stwa we wszystkich obszarach planowania instalacji. Przejmujemy wszystkie zadania zwi\u0105zane z nadzorem nad monta\u017cem. Prze\u015blij zapytanie!\",\"breadcrumb\":{\"@id\":\"https:\\\/\\\/www.weyer-gruppe.com\\\/pl\\\/operatorzy-instalacji-i-inwestorzy\\\/nadzor-nad-montazem\\\/#breadcrumb\"},\"inLanguage\":\"pl-PL\",\"potentialAction\":[{\"@type\":\"ReadAction\",\"target\":[\"https:\\\/\\\/www.weyer-gruppe.com\\\/pl\\\/operatorzy-instalacji-i-inwestorzy\\\/nadzor-nad-montazem\\\/\"]}]},{\"@type\":\"BreadcrumbList\",\"@id\":\"https:\\\/\\\/www.weyer-gruppe.com\\\/pl\\\/operatorzy-instalacji-i-inwestorzy\\\/nadzor-nad-montazem\\\/#breadcrumb\",\"itemListElement\":[{\"@type\":\"ListItem\",\"position\":1,\"name\":\"HOME\",\"item\":\"https:\\\/\\\/www.weyer-gruppe.com\\\/pl\\\/\"},{\"@type\":\"ListItem\",\"position\":2,\"name\":\"Operatorzy instalacji i inwestorzy\",\"item\":\"https:\\\/\\\/www.weyer-gruppe.com\\\/pl\\\/operatorzy-instalacji-i-inwestorzy\\\/\"},{\"@type\":\"ListItem\",\"position\":3,\"name\":\"Nadz\u00f3r nad monta\u017cem\"}]},{\"@type\":\"WebSite\",\"@id\":\"https:\\\/\\\/www.weyer-gruppe.com\\\/pl\\\/#website\",\"url\":\"https:\\\/\\\/www.weyer-gruppe.com\\\/pl\\\/\",\"name\":\"weyer gruppe\",\"description\":\"komplett. durchdacht.\",\"publisher\":{\"@id\":\"https:\\\/\\\/www.weyer-gruppe.com\\\/pl\\\/#organization\"},\"potentialAction\":[{\"@type\":\"SearchAction\",\"target\":{\"@type\":\"EntryPoint\",\"urlTemplate\":\"https:\\\/\\\/www.weyer-gruppe.com\\\/pl\\\/?s={search_term_string}\"},\"query-input\":{\"@type\":\"PropertyValueSpecification\",\"valueRequired\":true,\"valueName\":\"search_term_string\"}}],\"inLanguage\":\"pl-PL\"},{\"@type\":\"Organization\",\"@id\":\"https:\\\/\\\/www.weyer-gruppe.com\\\/pl\\\/#organization\",\"name\":\"weyer gruppe\",\"url\":\"https:\\\/\\\/www.weyer-gruppe.com\\\/pl\\\/\",\"logo\":{\"@type\":\"ImageObject\",\"inLanguage\":\"pl-PL\",\"@id\":\"https:\\\/\\\/www.weyer-gruppe.com\\\/pl\\\/#\\\/schema\\\/logo\\\/image\\\/\",\"url\":\"https:\\\/\\\/www.weyer-gruppe.com\\\/wp-content\\\/uploads\\\/2019\\\/07\\\/logo-weyer-gruppe-de.png\",\"contentUrl\":\"https:\\\/\\\/www.weyer-gruppe.com\\\/wp-content\\\/uploads\\\/2019\\\/07\\\/logo-weyer-gruppe-de.png\",\"width\":532,\"height\":513,\"caption\":\"weyer gruppe\"},\"image\":{\"@id\":\"https:\\\/\\\/www.weyer-gruppe.com\\\/pl\\\/#\\\/schema\\\/logo\\\/image\\\/\"},\"sameAs\":[\"https:\\\/\\\/www.facebook.com\\\/weyergruppe\",\"https:\\\/\\\/de.linkedin.com\\\/company\\\/weyer-gruppe\",\"https:\\\/\\\/www.youtube.com\\\/channel\\\/UCmZItECuW56Ih_p501_Bq8A\"],\"description\":\"Die weyer gruppe ist seit 1976 Ihr Partner f\u00fcr verfahrenstechnische Anlagenplanung und Anlagensicherheit. Mit einem erfahrenen Team von \u00fcber 190 Mitarbeitern in Deutschland, \u00d6sterreich, Polen und der Schweiz realisieren wir j\u00e4hrlich \u00fcber 1.000 Kundenprojekte. Unsere Expertise erstreckt sich \u00fcber verschiedene Branchen wie Chemie, Pharma, Mineral\u00f6l sowie Ver- und Entsorgung. Vertrauen Sie auf die weyer Gruppe f\u00fcr ma\u00dfgeschneiderte Engineering- und Consulting-L\u00f6sungen, die Ihre Anforderungen in puncto Sicherheit und Effizienz erf\u00fcllen.\",\"email\":\"info@weyer-gruppe.com\",\"telephone\":\"+49 (0) 24 21 \u2013 69 09 1 \u2013 0\",\"numberOfEmployees\":{\"@type\":\"QuantitativeValue\",\"minValue\":\"51\",\"maxValue\":\"200\"}}]}<\/script>\n<!-- \/ Yoast SEO Premium plugin. -->","yoast_head_json":{"title":"Nadz\u00f3r nad monta\u017cem &#8211; us\u0142ugi in\u017cynieryjne weyer gruppe","description":"Grupa weyer wspiera Pa\u0144stwa we wszystkich obszarach planowania instalacji. Przejmujemy wszystkie zadania zwi\u0105zane z nadzorem nad monta\u017cem. Prze\u015blij zapytanie!","robots":{"index":"index","follow":"follow","max-snippet":"max-snippet:-1","max-image-preview":"max-image-preview:large","max-video-preview":"max-video-preview:-1"},"canonical":"https:\/\/www.weyer-gruppe.com\/pl\/operatorzy-instalacji-i-inwestorzy\/nadzor-nad-montazem\/","og_locale":"pl_PL","og_type":"article","og_title":"Nadz\u00f3r nad monta\u017cem","og_description":"Grupa weyer wspiera Pa\u0144stwa we wszystkich obszarach planowania instalacji. Przejmujemy wszystkie zadania zwi\u0105zane z nadzorem nad monta\u017cem. Prze\u015blij zapytanie!","og_url":"https:\/\/www.weyer-gruppe.com\/pl\/operatorzy-instalacji-i-inwestorzy\/nadzor-nad-montazem\/","og_site_name":"weyer gruppe","article_publisher":"https:\/\/www.facebook.com\/weyergruppe","article_modified_time":"2020-04-21T12:18:12+00:00","twitter_card":"summary_large_image","twitter_misc":{"Szacowany czas czytania":"3 minuty"},"schema":{"@context":"https:\/\/schema.org","@graph":[{"@type":"WebPage","@id":"https:\/\/www.weyer-gruppe.com\/pl\/operatorzy-instalacji-i-inwestorzy\/nadzor-nad-montazem\/","url":"https:\/\/www.weyer-gruppe.com\/pl\/operatorzy-instalacji-i-inwestorzy\/nadzor-nad-montazem\/","name":"Nadz\u00f3r nad monta\u017cem &#8211; us\u0142ugi in\u017cynieryjne weyer gruppe","isPartOf":{"@id":"https:\/\/www.weyer-gruppe.com\/pl\/#website"},"datePublished":"2019-07-29T14:02:31+00:00","dateModified":"2020-04-21T12:18:12+00:00","description":"Grupa weyer wspiera Pa\u0144stwa we wszystkich obszarach planowania instalacji. Przejmujemy wszystkie zadania zwi\u0105zane z nadzorem nad monta\u017cem. Prze\u015blij zapytanie!","breadcrumb":{"@id":"https:\/\/www.weyer-gruppe.com\/pl\/operatorzy-instalacji-i-inwestorzy\/nadzor-nad-montazem\/#breadcrumb"},"inLanguage":"pl-PL","potentialAction":[{"@type":"ReadAction","target":["https:\/\/www.weyer-gruppe.com\/pl\/operatorzy-instalacji-i-inwestorzy\/nadzor-nad-montazem\/"]}]},{"@type":"BreadcrumbList","@id":"https:\/\/www.weyer-gruppe.com\/pl\/operatorzy-instalacji-i-inwestorzy\/nadzor-nad-montazem\/#breadcrumb","itemListElement":[{"@type":"ListItem","position":1,"name":"HOME","item":"https:\/\/www.weyer-gruppe.com\/pl\/"},{"@type":"ListItem","position":2,"name":"Operatorzy instalacji i inwestorzy","item":"https:\/\/www.weyer-gruppe.com\/pl\/operatorzy-instalacji-i-inwestorzy\/"},{"@type":"ListItem","position":3,"name":"Nadz\u00f3r nad monta\u017cem"}]},{"@type":"WebSite","@id":"https:\/\/www.weyer-gruppe.com\/pl\/#website","url":"https:\/\/www.weyer-gruppe.com\/pl\/","name":"weyer gruppe","description":"komplett. durchdacht.","publisher":{"@id":"https:\/\/www.weyer-gruppe.com\/pl\/#organization"},"potentialAction":[{"@type":"SearchAction","target":{"@type":"EntryPoint","urlTemplate":"https:\/\/www.weyer-gruppe.com\/pl\/?s={search_term_string}"},"query-input":{"@type":"PropertyValueSpecification","valueRequired":true,"valueName":"search_term_string"}}],"inLanguage":"pl-PL"},{"@type":"Organization","@id":"https:\/\/www.weyer-gruppe.com\/pl\/#organization","name":"weyer gruppe","url":"https:\/\/www.weyer-gruppe.com\/pl\/","logo":{"@type":"ImageObject","inLanguage":"pl-PL","@id":"https:\/\/www.weyer-gruppe.com\/pl\/#\/schema\/logo\/image\/","url":"https:\/\/www.weyer-gruppe.com\/wp-content\/uploads\/2019\/07\/logo-weyer-gruppe-de.png","contentUrl":"https:\/\/www.weyer-gruppe.com\/wp-content\/uploads\/2019\/07\/logo-weyer-gruppe-de.png","width":532,"height":513,"caption":"weyer gruppe"},"image":{"@id":"https:\/\/www.weyer-gruppe.com\/pl\/#\/schema\/logo\/image\/"},"sameAs":["https:\/\/www.facebook.com\/weyergruppe","https:\/\/de.linkedin.com\/company\/weyer-gruppe","https:\/\/www.youtube.com\/channel\/UCmZItECuW56Ih_p501_Bq8A"],"description":"Die weyer gruppe ist seit 1976 Ihr Partner f\u00fcr verfahrenstechnische Anlagenplanung und Anlagensicherheit. Mit einem erfahrenen Team von \u00fcber 190 Mitarbeitern in Deutschland, \u00d6sterreich, Polen und der Schweiz realisieren wir j\u00e4hrlich \u00fcber 1.000 Kundenprojekte. Unsere Expertise erstreckt sich \u00fcber verschiedene Branchen wie Chemie, Pharma, Mineral\u00f6l sowie Ver- und Entsorgung. Vertrauen Sie auf die weyer Gruppe f\u00fcr ma\u00dfgeschneiderte Engineering- und Consulting-L\u00f6sungen, die Ihre Anforderungen in puncto Sicherheit und Effizienz erf\u00fcllen.","email":"info@weyer-gruppe.com","telephone":"+49 (0) 24 21 \u2013 69 09 1 \u2013 0","numberOfEmployees":{"@type":"QuantitativeValue","minValue":"51","maxValue":"200"}}]}},"_links":{"self":[{"href":"https:\/\/www.weyer-gruppe.com\/pl\/wp-json\/wp\/v2\/pages\/23109","targetHints":{"allow":["GET"]}}],"collection":[{"href":"https:\/\/www.weyer-gruppe.com\/pl\/wp-json\/wp\/v2\/pages"}],"about":[{"href":"https:\/\/www.weyer-gruppe.com\/pl\/wp-json\/wp\/v2\/types\/page"}],"author":[{"embeddable":true,"href":"https:\/\/www.weyer-gruppe.com\/pl\/wp-json\/wp\/v2\/users\/5"}],"replies":[{"embeddable":true,"href":"https:\/\/www.weyer-gruppe.com\/pl\/wp-json\/wp\/v2\/comments?post=23109"}],"version-history":[{"count":0,"href":"https:\/\/www.weyer-gruppe.com\/pl\/wp-json\/wp\/v2\/pages\/23109\/revisions"}],"up":[{"embeddable":true,"href":"https:\/\/www.weyer-gruppe.com\/pl\/wp-json\/wp\/v2\/pages\/23842"}],"wp:attachment":[{"href":"https:\/\/www.weyer-gruppe.com\/pl\/wp-json\/wp\/v2\/media?parent=23109"}],"curies":[{"name":"wp","href":"https:\/\/api.w.org\/{rel}","templated":true}]}}