{"id":24309,"date":"2019-07-17T16:32:20","date_gmt":"2019-07-17T14:32:20","guid":{"rendered":"https:\/\/www.weyer-gruppe.com\/about-us\/specialists-and-experts\/"},"modified":"2026-03-20T10:50:47","modified_gmt":"2026-03-20T09:50:47","slug":"specialists-and-experts","status":"publish","type":"page","link":"https:\/\/www.weyer-gruppe.com\/en\/about-us\/specialists-and-experts\/","title":{"rendered":"Specialists and experts"},"content":{"rendered":"<div class=\"wpb-content-wrapper\">[vc_row][vc_column][vc_column_text css=&#8221;&#8221;]The weyer gruppe has been supporting <a href=\"https:\/\/www.weyer-gruppe.com\/en\/plant-planners-and-manufacturers\/\" target=\"_blank\" rel=\"noopener\">plant planners, manufacturers,<\/a> <a href=\"https:\/\/www.weyer-gruppe.com\/en\/plant-operators-and-investors\/\" target=\"_blank\" rel=\"noopener\">operators, and investors<\/a> since 1976 with a wide range of consulting and engineering services. The group serves clients in the chemical, <a href=\"https:\/\/www.weyer-gruppe.com\/en\/plant-planners-and-manufacturers\/planning-pharmaceutical-plants-2\/\" target=\"_blank\" rel=\"noopener\">pharmaceutical<\/a>, petroleum, supply and disposal industries, as well as associations and public authorities. We support you in all phases of your projects, from plant planning to commissioning support, and prepare the necessary expert reports and applications for authorities.<\/p>\n<p>Our certified experts, qualified persons, and specialists are available to assist you with any questions.[\/vc_column_text]<div class=\"grve-element grve-hr grve-space-divider\" style=\"\"><\/div>[\/vc_column][\/vc_row][vc_row][vc_column]<h2 class=\"grve-element grve-align-left grve-title-no-line grve-h2\" style=\"\"><span>Certified Experts, Qualified Persons, and Specialists:<\/span><\/h2><div class=\"grve-element grve-hr grve-space-divider\" style=\"\"><\/div>[\/vc_column][vc_column width=&#8221;1\/4&#8243; tablet_sm_width=&#8221;1-2&#8243;]<div class=\"grve-element grve-counter grve-align-center grve-style-2\" style=\"\">  <div class=\"grve-counter-content\">    <div class=\"grve-counter-item grve-color-primary-1\">      <span data-thousands-separator-vis=\"\" data-thousands-separator=\",\" data-prefix=\"\" data-suffix=\"\" data-start-val=\"0\" data-end-val=\"3\" data-decimal-points=\"0\" data-decimal-separator=\".\">0<\/span>    <\/div><h4 class=\"grve-counter-title\"><span>Qualified Persons according to \u00a72(7) BetrSichV<\/span><\/h4>  <\/div><\/div>[\/vc_column][vc_column width=&#8221;1\/4&#8243; tablet_sm_width=&#8221;1-2&#8243;]<div class=\"grve-element grve-counter grve-align-center grve-style-2\" style=\"\">  <div class=\"grve-counter-content\">    <div class=\"grve-counter-item grve-color-primary-1\">      <span data-thousands-separator-vis=\"\" data-thousands-separator=\",\" data-prefix=\"\" data-suffix=\"\" data-start-val=\"0\" data-end-val=\"7\" data-decimal-points=\"0\" data-decimal-separator=\".\">0<\/span>    <\/div><h4 class=\"grve-counter-title\"><span>Fire Protection Officers<\/span><\/h4>  <\/div><\/div>[\/vc_column][vc_column width=&#8221;1\/4&#8243; tablet_sm_width=&#8221;1-2&#8243;]<div class=\"grve-element grve-counter grve-align-center grve-style-2\" style=\"\">  <div class=\"grve-counter-content\">    <div class=\"grve-counter-item grve-color-primary-1\">      <span data-thousands-separator-vis=\"\" data-thousands-separator=\",\" data-prefix=\"\" data-suffix=\"\" data-start-val=\"0\" data-end-val=\"10\" data-decimal-points=\"0\" data-decimal-separator=\".\">0<\/span>    <\/div><h5 class=\"grve-counter-title\"><span>Experts according to \u00a729b BImSchG<\/span><\/h5>  <\/div><\/div>[\/vc_column][vc_column width=&#8221;1\/4&#8243;]<div class=\"grve-element grve-counter grve-align-center grve-style-2\" style=\"\">  <div class=\"grve-counter-content\">    <div class=\"grve-counter-item grve-color-primary-1\">      <span data-thousands-separator-vis=\"\" data-thousands-separator=\",\" data-prefix=\"\" data-suffix=\"\" data-start-val=\"0\" data-end-val=\"10\" data-decimal-points=\"0\" data-decimal-separator=\".\">0<\/span>    <\/div><h5 class=\"grve-counter-title\"><span>Qualified Persons for Explosion Protection Documents according to \u00a72 Paragraph 16 GefStoffV<\/span><\/h5>  <\/div><\/div>[\/vc_column][\/vc_row][vc_row][vc_column width=&#8221;1\/4&#8243; tablet_sm_width=&#8221;1-2&#8243;]<div class=\"grve-element grve-align-center\"><a class=\"grve-btn grve-btn-small grve-square grve-bg-primary-1 grve-btn-line\" href=\"#befaehigte-person-nach-2-7-betrsichv\" target=\"_self\" style=\"\"><span>Contact Person<\/span><\/a><\/div>[\/vc_column][vc_column width=&#8221;1\/4&#8243; tablet_sm_width=&#8221;1-2&#8243;]<div class=\"grve-element grve-align-center\"><a class=\"grve-btn grve-btn-small grve-square grve-bg-primary-1 grve-btn-line\" href=\"#brandschutzbeauftragte\" target=\"_self\" style=\"\"><span>Contact Person<\/span><\/a><\/div>[\/vc_column][vc_column width=&#8221;1\/4&#8243; tablet_sm_width=&#8221;1-2&#8243;]<div class=\"grve-element grve-align-center\"><a class=\"grve-btn grve-btn-small grve-square grve-bg-primary-1 grve-btn-line\" href=\"https:\/\/www.weyer-gruppe.com\/ueber-uns\/sachverstaendige-experten\/#sachverstaendige-29b-bimschg\" target=\"_self\" style=\"\"><span>Contact Person<\/span><\/a><\/div>[\/vc_column][vc_column width=&#8221;1\/4&#8243;]<div class=\"grve-element grve-align-center\"><a class=\"grve-btn grve-btn-small grve-square grve-bg-primary-1 grve-btn-line\" href=\"https:\/\/www.weyer-gruppe.com\/ueber-uns\/sachverstaendige-experten\/#fachkundige-person-gefstoffv\" target=\"_self\" style=\"\"><span>Contact Person<\/span><\/a><\/div>[\/vc_column][\/vc_row][vc_row][vc_column]<div class=\"grve-element grve-hr grve-space-divider\" style=\"\"><\/div>[\/vc_column][\/vc_row][vc_row][vc_column width=&#8221;1\/4&#8243; tablet_width=&#8221;1-2&#8243; tablet_sm_width=&#8221;1-2&#8243;]<div class=\"grve-element grve-counter grve-align-center grve-style-2\" style=\"\">  <div class=\"grve-counter-content\">    <div class=\"grve-counter-item grve-color-primary-1\">      <span data-thousands-separator-vis=\"\" data-thousands-separator=\",\" data-prefix=\"\" data-suffix=\"\" data-start-val=\"0\" data-end-val=\"9\" data-decimal-points=\"0\" data-decimal-separator=\".\">0<\/span>    <\/div><h4 class=\"grve-counter-title\"><span>Experts according to AwSV<\/span><\/h4>  <\/div><\/div>[\/vc_column][vc_column width=&#8221;1\/4&#8243; tablet_width=&#8221;1-2&#8243; tablet_sm_width=&#8221;1-2&#8243;]<div class=\"grve-element grve-counter grve-align-center grve-style-2\" style=\"\">  <div class=\"grve-counter-content\">    <div class=\"grve-counter-item grve-color-primary-1\">      <span data-thousands-separator-vis=\"\" data-thousands-separator=\",\" data-prefix=\"\" data-suffix=\"\" data-start-val=\"0\" data-end-val=\"6\" data-decimal-points=\"0\" data-decimal-separator=\".\">0<\/span>    <\/div><h5 class=\"grve-counter-title\"><span>Qualified Persons for Explosion Protection Inspections according to BetrSichV Appendix 2, Section 3, No. 3.1 &amp; 3.3<\/span><\/h5>  <\/div><\/div>[\/vc_column][vc_column width=&#8221;1\/4&#8243; tablet_width=&#8221;1-2&#8243; tablet_sm_width=&#8221;1-2&#8243;]<div class=\"grve-element grve-counter grve-align-center grve-style-2\" style=\"\">  <div class=\"grve-counter-content\">    <div class=\"grve-counter-item grve-color-primary-1\">      <span data-thousands-separator-vis=\"\" data-thousands-separator=\",\" data-prefix=\"\" data-suffix=\"\" data-start-val=\"0\" data-end-val=\"3\" data-decimal-points=\"0\" data-decimal-separator=\".\">0<\/span>    <\/div><h4 class=\"grve-counter-title\"><span>Safety Specialists according to ASiG<\/span><\/h4>  <\/div><\/div>[\/vc_column][vc_column width=&#8221;1\/4&#8243;]<div class=\"grve-element grve-counter grve-align-center grve-style-2\" style=\"\">  <div class=\"grve-counter-content\">    <div class=\"grve-counter-item grve-color-primary-1\">      <span data-thousands-separator-vis=\"\" data-thousands-separator=\",\" data-prefix=\"\" data-suffix=\"\" data-start-val=\"0\" data-end-val=\"6\" data-decimal-points=\"0\" data-decimal-separator=\".\">0<\/span>    <\/div><h4 class=\"grve-counter-title\"><span>Additional Experts, Qualified Persons, and Officers<\/span><\/h4>  <\/div><\/div>[\/vc_column][\/vc_row][vc_row][vc_column width=&#8221;1\/4&#8243; tablet_width=&#8221;1-2&#8243; tablet_sm_width=&#8221;1-2&#8243;]<div class=\"grve-element grve-align-center\"><a class=\"grve-btn grve-btn-small grve-square grve-bg-primary-1 grve-btn-line\" href=\"#sachverstaendige-awsv\" target=\"_self\" style=\"\"><span>Contact Person<\/span><\/a><\/div>[\/vc_column][vc_column width=&#8221;1\/4&#8243; tablet_width=&#8221;1-2&#8243; tablet_sm_width=&#8221;1-2&#8243;]<div class=\"grve-element grve-align-center\"><a class=\"grve-btn grve-btn-small grve-square grve-bg-primary-1 grve-btn-line\" href=\"#befaehigte-person-betrsichv-2\" target=\"_self\" style=\"\"><span>Contact Person<\/span><\/a><\/div>[\/vc_column][vc_column width=&#8221;1\/4&#8243; tablet_width=&#8221;1-2&#8243; tablet_sm_width=&#8221;1-2&#8243;]<div class=\"grve-element grve-align-center\"><a class=\"grve-btn grve-btn-small grve-square grve-bg-primary-1 grve-btn-line\" href=\"https:\/\/www.weyer-gruppe.com\/ueber-uns\/sachverstaendige-experten\/#sicherheitsfachkraft-aschg\" target=\"_self\" style=\"\"><span>Contact Person<\/span><\/a><\/div>[\/vc_column][vc_column width=&#8221;1\/4&#8243;]<div class=\"grve-element grve-align-center\"><a class=\"grve-btn grve-btn-small grve-square grve-bg-primary-1 grve-btn-line\" href=\"#weitere-sachverstaendige\" target=\"_self\" style=\"\"><span>Contact Person<\/span><\/a><\/div>[\/vc_column][\/vc_row][vc_row][vc_column][vc_empty_space height=&#8221;2px&#8221; el_id=&#8221;befaehigte-person-nach-2-7-betrsichv&#8221;]<div class=\"grve-element grve-hr grve-space-divider\" style=\"\"><\/div><div class=\"grve-element grve-hr grve-space-divider\" style=\"\"><\/div>[\/vc_column][\/vc_row][vc_row][vc_column]<h2 class=\"grve-element grve-align-left grve-title-no-line grve-h2\" style=\"\"><span>Qualified Person according to \u00a72(7) BetrSichV<\/span><\/h2>[\/vc_column][\/vc_row][vc_row][vc_column width=&#8221;1\/4&#8243; tablet_sm_width=&#8221;1-2&#8243;]\r\n\t\t<div class=\"grve-team grve-element\" style=\"\">\r\n\t\t\t<figure class=\"grve-image-hover grve-style-1 grve-zoom-in\">\r\n\t\t\t\t<div class=\"grve-team-person grve-media grve-dark-overlay grve-opacity-60\">\r\n\t\t\t\t\t<img decoding=\"async\" width=\"300\" height=\"300\" src=\"https:\/\/www.weyer-gruppe.com\/wp-content\/uploads\/2020\/02\/weyer-gruppe-platzhalter-mitarbeiterfotos.jpg\" class=\"attachment-grve-image-small-square size-grve-image-small-square\" alt=\"Platzhalte Mitarbeiterfotos\" srcset=\"https:\/\/www.weyer-gruppe.com\/wp-content\/uploads\/2020\/02\/weyer-gruppe-platzhalter-mitarbeiterfotos.jpg 300w, https:\/\/www.weyer-gruppe.com\/wp-content\/uploads\/2020\/02\/weyer-gruppe-platzhalter-mitarbeiterfotos-150x150.jpg 150w, https:\/\/www.weyer-gruppe.com\/wp-content\/uploads\/2020\/02\/weyer-gruppe-platzhalter-mitarbeiterfotos-80x80.jpg 80w\" sizes=\"(max-width: 300px) 100vw, 300px\" \/>\t\t\t\t<\/div>\r\n\t\t\t\t<figcaption>\r\n\t\t\t\t\t<div class=\"grve-team-description\">\r\n\t\t\t\t\t\t\t\t\t\t\t\t<h4 class=\"grve-team-name grve-dark grve-h4\">Gereon Focks<\/h4>\r\n\t\t\t\t\t\t\t\t\t\t\t\t<small class=\"grve-team-identity grve-dark\">Chemical Engineering<\/small>\r\n\t\t\t\t\t<\/div>\r\n\t\t\t\t\t\t\t\t\t<\/figcaption>\r\n\t\t\t<\/figure>\r\n\t\t<\/div>\r\n\r\n\t\t[\/vc_column][vc_column width=&#8221;1\/4&#8243; tablet_sm_width=&#8221;1-2&#8243;]\r\n\t\t<div class=\"grve-team grve-element\" style=\"\">\r\n\t\t\t<figure class=\"grve-image-hover grve-style-1 grve-zoom-in\">\r\n\t\t\t\t<div class=\"grve-team-person grve-media grve-dark-overlay grve-opacity-60\">\r\n\t\t\t\t\t<img decoding=\"async\" width=\"300\" height=\"300\" src=\"https:\/\/www.weyer-gruppe.com\/wp-content\/uploads\/2020\/02\/weyer-gruppe-platzhalter-mitarbeiterfotos.jpg\" class=\"attachment-grve-image-small-square size-grve-image-small-square\" alt=\"Platzhalte Mitarbeiterfotos\" srcset=\"https:\/\/www.weyer-gruppe.com\/wp-content\/uploads\/2020\/02\/weyer-gruppe-platzhalter-mitarbeiterfotos.jpg 300w, https:\/\/www.weyer-gruppe.com\/wp-content\/uploads\/2020\/02\/weyer-gruppe-platzhalter-mitarbeiterfotos-150x150.jpg 150w, https:\/\/www.weyer-gruppe.com\/wp-content\/uploads\/2020\/02\/weyer-gruppe-platzhalter-mitarbeiterfotos-80x80.jpg 80w\" sizes=\"(max-width: 300px) 100vw, 300px\" \/>\t\t\t\t<\/div>\r\n\t\t\t\t<figcaption>\r\n\t\t\t\t\t<div class=\"grve-team-description\">\r\n\t\t\t\t\t\t\t\t\t\t\t\t<h4 class=\"grve-team-name grve-dark grve-h4\">Stefan Lukas<\/h4>\r\n\t\t\t\t\t\t\t\t\t\t\t\t<small class=\"grve-team-identity grve-dark\">Chemical Engineering<\/small>\r\n\t\t\t\t\t<\/div>\r\n\t\t\t\t\t\t\t\t\t<\/figcaption>\r\n\t\t\t<\/figure>\r\n\t\t<\/div>\r\n\r\n\t\t[\/vc_column][vc_column width=&#8221;1\/4&#8243; tablet_sm_width=&#8221;1-2&#8243;]\r\n\t\t<div class=\"grve-team grve-element\" style=\"\">\r\n\t\t\t<figure class=\"grve-image-hover grve-style-1 grve-zoom-in\">\r\n\t\t\t\t<div class=\"grve-team-person grve-media grve-dark-overlay grve-opacity-60\">\r\n\t\t\t\t\t<img decoding=\"async\" width=\"300\" height=\"300\" src=\"https:\/\/www.weyer-gruppe.com\/wp-content\/uploads\/2020\/02\/weyer-gruppe-platzhalter-mitarbeiterfotos.jpg\" class=\"attachment-grve-image-small-square size-grve-image-small-square\" alt=\"Platzhalte Mitarbeiterfotos\" srcset=\"https:\/\/www.weyer-gruppe.com\/wp-content\/uploads\/2020\/02\/weyer-gruppe-platzhalter-mitarbeiterfotos.jpg 300w, https:\/\/www.weyer-gruppe.com\/wp-content\/uploads\/2020\/02\/weyer-gruppe-platzhalter-mitarbeiterfotos-150x150.jpg 150w, https:\/\/www.weyer-gruppe.com\/wp-content\/uploads\/2020\/02\/weyer-gruppe-platzhalter-mitarbeiterfotos-80x80.jpg 80w\" sizes=\"(max-width: 300px) 100vw, 300px\" \/>\t\t\t\t<\/div>\r\n\t\t\t\t<figcaption>\r\n\t\t\t\t\t<div class=\"grve-team-description\">\r\n\t\t\t\t\t\t\t\t\t\t\t\t<h4 class=\"grve-team-name grve-dark grve-h4\">Martin Schmidt<\/h4>\r\n\t\t\t\t\t\t\t\t\t\t\t\t<small class=\"grve-team-identity grve-dark\">Chemical Engineering<\/small>\r\n\t\t\t\t\t<\/div>\r\n\t\t\t\t\t\t\t\t\t<\/figcaption>\r\n\t\t\t<\/figure>\r\n\t\t<\/div>\r\n\r\n\t\t[\/vc_column][vc_column width=&#8221;1\/4&#8243; tablet_sm_width=&#8221;1-2&#8243;][vc_empty_space height=&#8221;2px&#8221; el_id=&#8221;brandschutzbeauftragte&#8221;][\/vc_column][\/vc_row][vc_row][vc_column]<div class=\"grve-element grve-hr grve-space-divider\" style=\"\"><\/div>[\/vc_column][\/vc_row][vc_row][vc_column]<h2 class=\"grve-element grve-align-left grve-title-no-line grve-h2\" style=\"\"><span>Fire Protection Officers \/ Specialist Construction Supervisors for Fire Protection<\/span><\/h2>[vc_empty_space height=&#8221;2px&#8221;][\/vc_column][\/vc_row][vc_row][vc_column width=&#8221;1\/4&#8243; tablet_sm_width=&#8221;1-2&#8243;]\r\n\t\t<div class=\"grve-team grve-element\" style=\"\">\r\n\t\t\t<figure class=\"grve-image-hover grve-style-1 grve-zoom-in\">\r\n\t\t\t\t<div class=\"grve-team-person grve-media grve-dark-overlay grve-opacity-60\">\r\n\t\t\t\t\t<img decoding=\"async\" width=\"300\" height=\"300\" src=\"https:\/\/www.weyer-gruppe.com\/wp-content\/uploads\/2019\/07\/robert-schuetz-horst-weyer-und-partner.jpg\" class=\"attachment-grve-image-small-square size-grve-image-small-square\" alt=\"Employee photo of Robert Sch\u00fctz of horst weyer und partner gmbh\" srcset=\"https:\/\/www.weyer-gruppe.com\/wp-content\/uploads\/2019\/07\/robert-schuetz-horst-weyer-und-partner.jpg 300w, https:\/\/www.weyer-gruppe.com\/wp-content\/uploads\/2019\/07\/robert-schuetz-horst-weyer-und-partner-150x150.jpg 150w, https:\/\/www.weyer-gruppe.com\/wp-content\/uploads\/2019\/07\/robert-schuetz-horst-weyer-und-partner-80x80.jpg 80w\" sizes=\"(max-width: 300px) 100vw, 300px\" \/>\t\t\t\t<\/div>\r\n\t\t\t\t<figcaption>\r\n\t\t\t\t\t<div class=\"grve-team-description\">\r\n\t\t\t\t\t\t\t\t\t\t\t\t<h4 class=\"grve-team-name grve-dark grve-h4\">Robert Sch\u00fctz<\/h4>\r\n\t\t\t\t\t\t\t\t\t\t\t\t<small class=\"grve-team-identity grve-dark\">horst weyer und partner<\/small>\r\n\t\t\t\t\t<\/div>\r\n\t\t\t\t\t\t\t\t\t<\/figcaption>\r\n\t\t\t<\/figure>\r\n\t\t<\/div>\r\n\r\n\t\t[\/vc_column][vc_column width=&#8221;1\/4&#8243; tablet_sm_width=&#8221;1-2&#8243;]\r\n\t\t<div class=\"grve-team grve-element\" style=\"\">\r\n\t\t\t<figure class=\"grve-image-hover grve-style-1 grve-zoom-in\">\r\n\t\t\t\t<div class=\"grve-team-person grve-media grve-dark-overlay grve-opacity-60\">\r\n\t\t\t\t\t<img decoding=\"async\" width=\"300\" height=\"300\" src=\"https:\/\/www.weyer-gruppe.com\/wp-content\/uploads\/2019\/09\/as-u-gamerith-weyer-reinhard-felleitner.jpg\" class=\"attachment-grve-image-small-square size-grve-image-small-square\" alt=\"Employee photo of Reinhardt Felleitner of As-U Gamerith-Weyer GmbH\" srcset=\"https:\/\/www.weyer-gruppe.com\/wp-content\/uploads\/2019\/09\/as-u-gamerith-weyer-reinhard-felleitner.jpg 300w, https:\/\/www.weyer-gruppe.com\/wp-content\/uploads\/2019\/09\/as-u-gamerith-weyer-reinhard-felleitner-150x150.jpg 150w, https:\/\/www.weyer-gruppe.com\/wp-content\/uploads\/2019\/09\/as-u-gamerith-weyer-reinhard-felleitner-80x80.jpg 80w\" sizes=\"(max-width: 300px) 100vw, 300px\" \/>\t\t\t\t<\/div>\r\n\t\t\t\t<figcaption>\r\n\t\t\t\t\t<div class=\"grve-team-description\">\r\n\t\t\t\t\t\t\t\t\t\t\t\t<h4 class=\"grve-team-name grve-dark grve-h4\">Reinhard Felleitner<\/h4>\r\n\t\t\t\t\t\t\t\t\t\t\t\t<small class=\"grve-team-identity grve-dark\">As-U Gamerith-Weyer<\/small>\r\n\t\t\t\t\t<\/div>\r\n\t\t\t\t\t\t\t\t\t<\/figcaption>\r\n\t\t\t<\/figure>\r\n\t\t<\/div>\r\n\r\n\t\t[\/vc_column][vc_column width=&#8221;1\/4&#8243; tablet_sm_width=&#8221;1-2&#8243;]\r\n\t\t<div class=\"grve-team grve-element\" style=\"\">\r\n\t\t\t<figure class=\"grve-image-hover grve-style-1 grve-zoom-in\">\r\n\t\t\t\t<div class=\"grve-team-person grve-media grve-dark-overlay grve-opacity-60\">\r\n\t\t\t\t\t<img decoding=\"async\" width=\"300\" height=\"300\" src=\"https:\/\/www.weyer-gruppe.com\/wp-content\/uploads\/2019\/07\/manfred-schulte-horst-weyer-und-partner.jpg\" class=\"attachment-grve-image-small-square size-grve-image-small-square\" alt=\"Employee photo of Manfred Schulte of horst weyer und partner gmbh\" srcset=\"https:\/\/www.weyer-gruppe.com\/wp-content\/uploads\/2019\/07\/manfred-schulte-horst-weyer-und-partner.jpg 300w, https:\/\/www.weyer-gruppe.com\/wp-content\/uploads\/2019\/07\/manfred-schulte-horst-weyer-und-partner-150x150.jpg 150w, https:\/\/www.weyer-gruppe.com\/wp-content\/uploads\/2019\/07\/manfred-schulte-horst-weyer-und-partner-80x80.jpg 80w\" sizes=\"(max-width: 300px) 100vw, 300px\" \/>\t\t\t\t<\/div>\r\n\t\t\t\t<figcaption>\r\n\t\t\t\t\t<div class=\"grve-team-description\">\r\n\t\t\t\t\t\t\t\t\t\t\t\t<h4 class=\"grve-team-name grve-dark grve-h4\">Manfred Schulte<\/h4>\r\n\t\t\t\t\t\t\t\t\t\t\t\t<small class=\"grve-team-identity grve-dark\">horst weyer und partner<\/small>\r\n\t\t\t\t\t<\/div>\r\n\t\t\t\t\t\t\t\t\t<\/figcaption>\r\n\t\t\t<\/figure>\r\n\t\t<\/div>\r\n\r\n\t\t[\/vc_column][vc_column width=&#8221;1\/4&#8243; tablet_sm_width=&#8221;1-2&#8243;]\r\n\t\t<div class=\"grve-team grve-element\" style=\"\">\r\n\t\t\t<figure class=\"grve-image-hover grve-style-1 grve-zoom-in\">\r\n\t\t\t\t<div class=\"grve-team-person grve-media grve-dark-overlay grve-opacity-60\">\r\n\t\t\t\t\t<img decoding=\"async\" width=\"300\" height=\"300\" src=\"https:\/\/www.weyer-gruppe.com\/wp-content\/uploads\/2019\/07\/andreas-schaffors-horst-weyer-und-partner.jpg\" class=\"attachment-grve-image-small-square size-grve-image-small-square\" alt=\"\" srcset=\"https:\/\/www.weyer-gruppe.com\/wp-content\/uploads\/2019\/07\/andreas-schaffors-horst-weyer-und-partner.jpg 300w, https:\/\/www.weyer-gruppe.com\/wp-content\/uploads\/2019\/07\/andreas-schaffors-horst-weyer-und-partner-150x150.jpg 150w, https:\/\/www.weyer-gruppe.com\/wp-content\/uploads\/2019\/07\/andreas-schaffors-horst-weyer-und-partner-80x80.jpg 80w\" sizes=\"(max-width: 300px) 100vw, 300px\" \/>\t\t\t\t<\/div>\r\n\t\t\t\t<figcaption>\r\n\t\t\t\t\t<div class=\"grve-team-description\">\r\n\t\t\t\t\t\t\t\t\t\t\t\t<h4 class=\"grve-team-name grve-dark grve-h4\">Andreas Schaffors<\/h4>\r\n\t\t\t\t\t\t\t\t\t\t\t\t<small class=\"grve-team-identity grve-dark\">horst weyer und partner<\/small>\r\n\t\t\t\t\t<\/div>\r\n\t\t\t\t\t\t\t\t\t<\/figcaption>\r\n\t\t\t<\/figure>\r\n\t\t<\/div>\r\n\r\n\t\t[\/vc_column][\/vc_row][vc_row][vc_column width=&#8221;1\/4&#8243; tablet_sm_width=&#8221;1-2&#8243;]\r\n\t\t<div class=\"grve-team grve-element\" style=\"\">\r\n\t\t\t<figure class=\"grve-image-hover grve-style-1 grve-zoom-in\">\r\n\t\t\t\t<div class=\"grve-team-person grve-media grve-dark-overlay grve-opacity-60\">\r\n\t\t\t\t\t<img decoding=\"async\" width=\"560\" height=\"560\" src=\"https:\/\/www.weyer-gruppe.com\/wp-content\/uploads\/2025\/09\/m.karap_-560x560.jpg\" class=\"attachment-grve-image-small-square size-grve-image-small-square\" alt=\"Foto von Murat Karap der horst weyer und partner gmbh\" srcset=\"https:\/\/www.weyer-gruppe.com\/wp-content\/uploads\/2025\/09\/m.karap_-560x560.jpg 560w, https:\/\/www.weyer-gruppe.com\/wp-content\/uploads\/2025\/09\/m.karap_-150x150.jpg 150w, https:\/\/www.weyer-gruppe.com\/wp-content\/uploads\/2025\/09\/m.karap_-80x80.jpg 80w, https:\/\/www.weyer-gruppe.com\/wp-content\/uploads\/2025\/09\/m.karap_-1120x1120.jpg 1120w\" sizes=\"(max-width: 560px) 100vw, 560px\" \/>\t\t\t\t<\/div>\r\n\t\t\t\t<figcaption>\r\n\t\t\t\t\t<div class=\"grve-team-description\">\r\n\t\t\t\t\t\t\t\t\t\t\t\t<h6 class=\"grve-team-name grve-dark grve-h6\">Murat Karap<\/h6>\r\n\t\t\t\t\t\t\t\t\t\t\t\t<small class=\"grve-team-identity grve-dark\">horst weyer und partner gmbh<\/small>\r\n\t\t\t\t\t<\/div>\r\n\t\t\t\t\t\t\t\t\t<\/figcaption>\r\n\t\t\t<\/figure>\r\n\t\t<\/div>\r\n\r\n\t\t[\/vc_column][vc_column width=&#8221;1\/4&#8243; tablet_sm_width=&#8221;1-2&#8243;]\r\n\t\t<div class=\"grve-team grve-element\" style=\"\">\r\n\t\t\t<figure class=\"grve-image-hover grve-style-1 grve-zoom-in\">\r\n\t\t\t\t<div class=\"grve-team-person grve-media grve-dark-overlay grve-opacity-60\">\r\n\t\t\t\t\t<img decoding=\"async\" width=\"300\" height=\"300\" src=\"https:\/\/www.weyer-gruppe.com\/wp-content\/uploads\/2020\/02\/weyer-gruppe-platzhalter-mitarbeiterfotos.jpg\" class=\"attachment-grve-image-small-square size-grve-image-small-square\" alt=\"Platzhalte Mitarbeiterfotos\" srcset=\"https:\/\/www.weyer-gruppe.com\/wp-content\/uploads\/2020\/02\/weyer-gruppe-platzhalter-mitarbeiterfotos.jpg 300w, https:\/\/www.weyer-gruppe.com\/wp-content\/uploads\/2020\/02\/weyer-gruppe-platzhalter-mitarbeiterfotos-150x150.jpg 150w, https:\/\/www.weyer-gruppe.com\/wp-content\/uploads\/2020\/02\/weyer-gruppe-platzhalter-mitarbeiterfotos-80x80.jpg 80w\" sizes=\"(max-width: 300px) 100vw, 300px\" \/>\t\t\t\t<\/div>\r\n\t\t\t\t<figcaption>\r\n\t\t\t\t\t<div class=\"grve-team-description\">\r\n\t\t\t\t\t\t\t\t\t\t\t\t<h4 class=\"grve-team-name grve-dark grve-h4\">Emilia Reis<\/h4>\r\n\t\t\t\t\t\t\t\t\t\t\t\t<small class=\"grve-team-identity grve-dark\">horst weyer und partner<\/small>\r\n\t\t\t\t\t<\/div>\r\n\t\t\t\t\t\t\t\t\t<\/figcaption>\r\n\t\t\t<\/figure>\r\n\t\t<\/div>\r\n\r\n\t\t[\/vc_column][vc_column width=&#8221;1\/4&#8243;]\r\n\t\t<div class=\"grve-team grve-element\" style=\"\">\r\n\t\t\t<figure class=\"grve-image-hover grve-style-1 grve-zoom-in\">\r\n\t\t\t\t<div class=\"grve-team-person grve-media grve-dark-overlay grve-opacity-60\">\r\n\t\t\t\t\t<img decoding=\"async\" width=\"300\" height=\"300\" src=\"https:\/\/www.weyer-gruppe.com\/wp-content\/uploads\/2020\/02\/weyer-gruppe-platzhalter-mitarbeiterfotos.jpg\" class=\"attachment-grve-image-small-square size-grve-image-small-square\" alt=\"Platzhalte Mitarbeiterfotos\" srcset=\"https:\/\/www.weyer-gruppe.com\/wp-content\/uploads\/2020\/02\/weyer-gruppe-platzhalter-mitarbeiterfotos.jpg 300w, https:\/\/www.weyer-gruppe.com\/wp-content\/uploads\/2020\/02\/weyer-gruppe-platzhalter-mitarbeiterfotos-150x150.jpg 150w, https:\/\/www.weyer-gruppe.com\/wp-content\/uploads\/2020\/02\/weyer-gruppe-platzhalter-mitarbeiterfotos-80x80.jpg 80w\" sizes=\"(max-width: 300px) 100vw, 300px\" \/>\t\t\t\t<\/div>\r\n\t\t\t\t<figcaption>\r\n\t\t\t\t\t<div class=\"grve-team-description\">\r\n\t\t\t\t\t\t\t\t\t\t\t\t<h4 class=\"grve-team-name grve-dark grve-h4\">Patricia Amelung<\/h4>\r\n\t\t\t\t\t\t\t\t\t\t\t\t<small class=\"grve-team-identity grve-dark\">horst weyer und partner<\/small>\r\n\t\t\t\t\t<\/div>\r\n\t\t\t\t\t\t\t\t\t<\/figcaption>\r\n\t\t\t<\/figure>\r\n\t\t<\/div>\r\n\r\n\t\t[\/vc_column][\/vc_row][vc_row][vc_column]<div class=\"grve-element grve-hr grve-space-divider\" style=\"\"><\/div>[vc_empty_space height=&#8221;5px&#8221; el_id=&#8221;sachverstaendige-29b-bimschg&#8221;][\/vc_column][\/vc_row][vc_row][vc_column]<h2 class=\"grve-element grve-align-left grve-title-no-line grve-h2\" style=\"\"><span>Experts according to \u00a729b BImSchG<\/span><\/h2>[\/vc_column][\/vc_row][vc_row][vc_column width=&#8221;1\/4&#8243; tablet_sm_width=&#8221;1-2&#8243;]\r\n\t\t<div class=\"grve-team grve-element\" style=\"\">\r\n\t\t\t<figure class=\"grve-image-hover grve-style-1 grve-zoom-in\">\r\n\t\t\t\t<div class=\"grve-team-person grve-media grve-dark-overlay grve-opacity-60\">\r\n\t\t\t\t\t<img decoding=\"async\" width=\"300\" height=\"300\" src=\"https:\/\/www.weyer-gruppe.com\/wp-content\/uploads\/2019\/07\/klaus-woersdoerfer-horst-weyer-und-partner.jpg\" class=\"attachment-grve-image-small-square size-grve-image-small-square\" alt=\"Foto von Klaus Woersdoerfer der Horst Weyer und Partner gmbh\" srcset=\"https:\/\/www.weyer-gruppe.com\/wp-content\/uploads\/2019\/07\/klaus-woersdoerfer-horst-weyer-und-partner.jpg 300w, https:\/\/www.weyer-gruppe.com\/wp-content\/uploads\/2019\/07\/klaus-woersdoerfer-horst-weyer-und-partner-150x150.jpg 150w, https:\/\/www.weyer-gruppe.com\/wp-content\/uploads\/2019\/07\/klaus-woersdoerfer-horst-weyer-und-partner-80x80.jpg 80w\" sizes=\"(max-width: 300px) 100vw, 300px\" \/>\t\t\t\t<\/div>\r\n\t\t\t\t<figcaption>\r\n\t\t\t\t\t<div class=\"grve-team-description\">\r\n\t\t\t\t\t\t\t\t\t\t\t\t<h4 class=\"grve-team-name grve-dark grve-h4\">Dr. Klaus W\u00f6rsd\u00f6rfer<\/h4>\r\n\t\t\t\t\t\t\t\t\t\t\t\t<small class=\"grve-team-identity grve-dark\">horst weyer und partner<\/small>\r\n\t\t\t\t\t<\/div>\r\n\t\t\t\t\t\t\t\t\t<\/figcaption>\r\n\t\t\t<\/figure>\r\n\t\t<\/div>\r\n\r\n\t\t[\/vc_column][vc_column width=&#8221;1\/4&#8243; tablet_sm_width=&#8221;1-2&#8243;]\r\n\t\t<div class=\"grve-team grve-element\" style=\"\">\r\n\t\t\t<figure class=\"grve-image-hover grve-style-1 grve-zoom-in\">\r\n\t\t\t\t<div class=\"grve-team-person grve-media grve-dark-overlay grve-opacity-60\">\r\n\t\t\t\t\t<img decoding=\"async\" width=\"300\" height=\"300\" src=\"https:\/\/www.weyer-gruppe.com\/wp-content\/uploads\/2019\/07\/felix-kalienke-horst-weyer-und-partner.png\" class=\"attachment-grve-image-small-square size-grve-image-small-square\" alt=\"Photo of Felix Kalienke of horst weyer und partner gmbh\" srcset=\"https:\/\/www.weyer-gruppe.com\/wp-content\/uploads\/2019\/07\/felix-kalienke-horst-weyer-und-partner.png 300w, https:\/\/www.weyer-gruppe.com\/wp-content\/uploads\/2019\/07\/felix-kalienke-horst-weyer-und-partner-150x150.png 150w, https:\/\/www.weyer-gruppe.com\/wp-content\/uploads\/2019\/07\/felix-kalienke-horst-weyer-und-partner-80x80.png 80w\" sizes=\"(max-width: 300px) 100vw, 300px\" \/>\t\t\t\t<\/div>\r\n\t\t\t\t<figcaption>\r\n\t\t\t\t\t<div class=\"grve-team-description\">\r\n\t\t\t\t\t\t\t\t\t\t\t\t<h4 class=\"grve-team-name grve-dark grve-h4\">Felix Kalienke<\/h4>\r\n\t\t\t\t\t\t\t\t\t\t\t\t<small class=\"grve-team-identity grve-dark\">horst weyer und partner<\/small>\r\n\t\t\t\t\t<\/div>\r\n\t\t\t\t\t\t\t\t\t<\/figcaption>\r\n\t\t\t<\/figure>\r\n\t\t<\/div>\r\n\r\n\t\t[\/vc_column][vc_column width=&#8221;1\/4&#8243; tablet_sm_width=&#8221;1-2&#8243;]\r\n\t\t<div class=\"grve-team grve-element\" style=\"\">\r\n\t\t\t<figure class=\"grve-image-hover grve-style-1 grve-zoom-in\">\r\n\t\t\t\t<div class=\"grve-team-person grve-media grve-dark-overlay grve-opacity-60\">\r\n\t\t\t\t\t<img decoding=\"async\" width=\"300\" height=\"300\" src=\"https:\/\/www.weyer-gruppe.com\/wp-content\/uploads\/2019\/07\/ralf-schiffel-horst-weyer-und-partner.png\" class=\"attachment-grve-image-small-square size-grve-image-small-square\" alt=\"Photo of Ralf Schiffel of horst weyer und partner gmbh\" srcset=\"https:\/\/www.weyer-gruppe.com\/wp-content\/uploads\/2019\/07\/ralf-schiffel-horst-weyer-und-partner.png 300w, https:\/\/www.weyer-gruppe.com\/wp-content\/uploads\/2019\/07\/ralf-schiffel-horst-weyer-und-partner-150x150.png 150w, https:\/\/www.weyer-gruppe.com\/wp-content\/uploads\/2019\/07\/ralf-schiffel-horst-weyer-und-partner-80x80.png 80w\" sizes=\"(max-width: 300px) 100vw, 300px\" \/>\t\t\t\t<\/div>\r\n\t\t\t\t<figcaption>\r\n\t\t\t\t\t<div class=\"grve-team-description\">\r\n\t\t\t\t\t\t\t\t\t\t\t\t<h4 class=\"grve-team-name grve-dark grve-h4\">Ralf Schiffel<\/h4>\r\n\t\t\t\t\t\t\t\t\t\t\t\t<small class=\"grve-team-identity grve-dark\">horst weyer und partner<\/small>\r\n\t\t\t\t\t<\/div>\r\n\t\t\t\t\t\t\t\t\t<\/figcaption>\r\n\t\t\t<\/figure>\r\n\t\t<\/div>\r\n\r\n\t\t[\/vc_column][vc_column width=&#8221;1\/4&#8243; tablet_sm_width=&#8221;1-2&#8243;]\r\n\t\t<div class=\"grve-team grve-element\" style=\"\">\r\n\t\t\t<figure class=\"grve-image-hover grve-style-1 grve-zoom-in\">\r\n\t\t\t\t<div class=\"grve-team-person grve-media grve-dark-overlay grve-opacity-60\">\r\n\t\t\t\t\t<img decoding=\"async\" width=\"300\" height=\"300\" src=\"https:\/\/www.weyer-gruppe.com\/wp-content\/uploads\/2019\/07\/peter-noeldeke-horst-weyer-und-partner.png\" class=\"attachment-grve-image-small-square size-grve-image-small-square\" alt=\"Photo of Peter Noeldeke of horst weyer und partner gmbh\" srcset=\"https:\/\/www.weyer-gruppe.com\/wp-content\/uploads\/2019\/07\/peter-noeldeke-horst-weyer-und-partner.png 300w, https:\/\/www.weyer-gruppe.com\/wp-content\/uploads\/2019\/07\/peter-noeldeke-horst-weyer-und-partner-150x150.png 150w, https:\/\/www.weyer-gruppe.com\/wp-content\/uploads\/2019\/07\/peter-noeldeke-horst-weyer-und-partner-80x80.png 80w\" sizes=\"(max-width: 300px) 100vw, 300px\" \/>\t\t\t\t<\/div>\r\n\t\t\t\t<figcaption>\r\n\t\t\t\t\t<div class=\"grve-team-description\">\r\n\t\t\t\t\t\t\t\t\t\t\t\t<h4 class=\"grve-team-name grve-dark grve-h4\">Peter N\u00f6ldeke<\/h4>\r\n\t\t\t\t\t\t\t\t\t\t\t\t<small class=\"grve-team-identity grve-dark\">horst weyer und partner<\/small>\r\n\t\t\t\t\t<\/div>\r\n\t\t\t\t\t\t\t\t\t<\/figcaption>\r\n\t\t\t<\/figure>\r\n\t\t<\/div>\r\n\r\n\t\t[\/vc_column][\/vc_row][vc_row][vc_column width=&#8221;1\/4&#8243; tablet_sm_width=&#8221;1-2&#8243;]\r\n\t\t<div class=\"grve-team grve-element\" style=\"\">\r\n\t\t\t<figure class=\"grve-image-hover grve-style-1 grve-zoom-in\">\r\n\t\t\t\t<div class=\"grve-team-person grve-media grve-dark-overlay grve-opacity-60\">\r\n\t\t\t\t\t<img decoding=\"async\" width=\"300\" height=\"300\" src=\"https:\/\/www.weyer-gruppe.com\/wp-content\/uploads\/2019\/07\/johannes-gemmeke-horst-weyer-und-partner.png\" class=\"attachment-grve-image-small-square size-grve-image-small-square\" alt=\"Photo by Johannes Gemmeke of horst weyer und partner gmbh\" srcset=\"https:\/\/www.weyer-gruppe.com\/wp-content\/uploads\/2019\/07\/johannes-gemmeke-horst-weyer-und-partner.png 300w, https:\/\/www.weyer-gruppe.com\/wp-content\/uploads\/2019\/07\/johannes-gemmeke-horst-weyer-und-partner-150x150.png 150w, https:\/\/www.weyer-gruppe.com\/wp-content\/uploads\/2019\/07\/johannes-gemmeke-horst-weyer-und-partner-80x80.png 80w\" sizes=\"(max-width: 300px) 100vw, 300px\" \/>\t\t\t\t<\/div>\r\n\t\t\t\t<figcaption>\r\n\t\t\t\t\t<div class=\"grve-team-description\">\r\n\t\t\t\t\t\t\t\t\t\t\t\t<h4 class=\"grve-team-name grve-dark grve-h4\">Johannes Gemmeke<\/h4>\r\n\t\t\t\t\t\t\t\t\t\t\t\t<small class=\"grve-team-identity grve-dark\">horst weyer und partner<\/small>\r\n\t\t\t\t\t<\/div>\r\n\t\t\t\t\t\t\t\t\t<\/figcaption>\r\n\t\t\t<\/figure>\r\n\t\t<\/div>\r\n\r\n\t\t[\/vc_column][vc_column width=&#8221;1\/4&#8243; tablet_sm_width=&#8221;1-2&#8243;]\r\n\t\t<div class=\"grve-team grve-element\" style=\"\">\r\n\t\t\t<figure class=\"grve-image-hover grve-style-1 grve-zoom-in\">\r\n\t\t\t\t<div class=\"grve-team-person grve-media grve-dark-overlay grve-opacity-60\">\r\n\t\t\t\t\t<img decoding=\"async\" width=\"300\" height=\"300\" src=\"https:\/\/www.weyer-gruppe.com\/wp-content\/uploads\/2019\/09\/as-u-gamerith-weyer-gernot-gamerith.jpg\" class=\"attachment-grve-image-small-square size-grve-image-small-square\" alt=\"Employee photo of Dr. Gernoth Gamerith of As-U Gamerith-Weyer GmbH\" srcset=\"https:\/\/www.weyer-gruppe.com\/wp-content\/uploads\/2019\/09\/as-u-gamerith-weyer-gernot-gamerith.jpg 300w, https:\/\/www.weyer-gruppe.com\/wp-content\/uploads\/2019\/09\/as-u-gamerith-weyer-gernot-gamerith-150x150.jpg 150w, https:\/\/www.weyer-gruppe.com\/wp-content\/uploads\/2019\/09\/as-u-gamerith-weyer-gernot-gamerith-80x80.jpg 80w\" sizes=\"(max-width: 300px) 100vw, 300px\" \/>\t\t\t\t<\/div>\r\n\t\t\t\t<figcaption>\r\n\t\t\t\t\t<div class=\"grve-team-description\">\r\n\t\t\t\t\t\t\t\t\t\t\t\t<h4 class=\"grve-team-name grve-dark grve-h4\">Dr. Gernot Gamerith<\/h4>\r\n\t\t\t\t\t\t\t\t\t\t\t\t<small class=\"grve-team-identity grve-dark\">As-U Gamerith Weyer<\/small>\r\n\t\t\t\t\t<\/div>\r\n\t\t\t\t\t\t\t\t\t<\/figcaption>\r\n\t\t\t<\/figure>\r\n\t\t<\/div>\r\n\r\n\t\t[\/vc_column][vc_column width=&#8221;1\/4&#8243; tablet_sm_width=&#8221;1-2&#8243;]\r\n\t\t<div class=\"grve-team grve-element\" style=\"\">\r\n\t\t\t<figure class=\"grve-image-hover grve-style-1 grve-zoom-in\">\r\n\t\t\t\t<div class=\"grve-team-person grve-media grve-dark-overlay grve-opacity-60\">\r\n\t\t\t\t\t<img decoding=\"async\" width=\"300\" height=\"300\" src=\"https:\/\/www.weyer-gruppe.com\/wp-content\/uploads\/2019\/07\/wip-i.mueller.png\" class=\"attachment-grve-image-small-square size-grve-image-small-square\" alt=\"Employee photo of Ingo Mueller of weyer IngenieurPartner GmbH\" srcset=\"https:\/\/www.weyer-gruppe.com\/wp-content\/uploads\/2019\/07\/wip-i.mueller.png 300w, https:\/\/www.weyer-gruppe.com\/wp-content\/uploads\/2019\/07\/wip-i.mueller-150x150.png 150w, https:\/\/www.weyer-gruppe.com\/wp-content\/uploads\/2019\/07\/wip-i.mueller-80x80.png 80w\" sizes=\"(max-width: 300px) 100vw, 300px\" \/>\t\t\t\t<\/div>\r\n\t\t\t\t<figcaption>\r\n\t\t\t\t\t<div class=\"grve-team-description\">\r\n\t\t\t\t\t\t\t\t\t\t\t\t<h4 class=\"grve-team-name grve-dark grve-h4\">Dr.-Ing. Ingo M\u00fcller<\/h4>\r\n\t\t\t\t\t\t\t\t\t\t\t\t<small class=\"grve-team-identity grve-dark\">weyer IngenieurPartner<\/small>\r\n\t\t\t\t\t<\/div>\r\n\t\t\t\t\t\t\t\t\t<\/figcaption>\r\n\t\t\t<\/figure>\r\n\t\t<\/div>\r\n\r\n\t\t[\/vc_column][vc_column width=&#8221;1\/4&#8243; tablet_sm_width=&#8221;1-2&#8243;]\r\n\t\t<div class=\"grve-team grve-element\" style=\"\">\r\n\t\t\t<figure class=\"grve-image-hover grve-style-1 grve-zoom-in\">\r\n\t\t\t\t<div class=\"grve-team-person grve-media grve-dark-overlay grve-opacity-60\">\r\n\t\t\t\t\t<img decoding=\"async\" width=\"300\" height=\"300\" src=\"https:\/\/www.weyer-gruppe.com\/wp-content\/uploads\/2019\/07\/wip-t.brandes.png\" class=\"attachment-grve-image-small-square size-grve-image-small-square\" alt=\"Employee photo of Tobias Brandes of weyer IngenieurPartner GmbH\" srcset=\"https:\/\/www.weyer-gruppe.com\/wp-content\/uploads\/2019\/07\/wip-t.brandes.png 300w, https:\/\/www.weyer-gruppe.com\/wp-content\/uploads\/2019\/07\/wip-t.brandes-150x150.png 150w, https:\/\/www.weyer-gruppe.com\/wp-content\/uploads\/2019\/07\/wip-t.brandes-80x80.png 80w\" sizes=\"(max-width: 300px) 100vw, 300px\" \/>\t\t\t\t<\/div>\r\n\t\t\t\t<figcaption>\r\n\t\t\t\t\t<div class=\"grve-team-description\">\r\n\t\t\t\t\t\t\t\t\t\t\t\t<h4 class=\"grve-team-name grve-dark grve-h4\">Tobias Brandes<\/h4>\r\n\t\t\t\t\t\t\t\t\t\t\t\t<small class=\"grve-team-identity grve-dark\">weyer IngenieurPartner<\/small>\r\n\t\t\t\t\t<\/div>\r\n\t\t\t\t\t\t\t\t\t<\/figcaption>\r\n\t\t\t<\/figure>\r\n\t\t<\/div>\r\n\r\n\t\t[\/vc_column][\/vc_row][vc_row][vc_column width=&#8221;1\/4&#8243; tablet_sm_width=&#8221;1-2&#8243;]\r\n\t\t<div class=\"grve-team grve-element\" style=\"\">\r\n\t\t\t<figure class=\"grve-image-hover grve-style-1 grve-zoom-in\">\r\n\t\t\t\t<div class=\"grve-team-person grve-media grve-dark-overlay grve-opacity-60\">\r\n\t\t\t\t\t<img decoding=\"async\" width=\"300\" height=\"300\" src=\"https:\/\/www.weyer-gruppe.com\/wp-content\/uploads\/2021\/11\/hwp-b.schneider.jpg\" class=\"attachment-grve-image-small-square size-grve-image-small-square\" alt=\"\" srcset=\"https:\/\/www.weyer-gruppe.com\/wp-content\/uploads\/2021\/11\/hwp-b.schneider.jpg 300w, https:\/\/www.weyer-gruppe.com\/wp-content\/uploads\/2021\/11\/hwp-b.schneider-150x150.jpg 150w, https:\/\/www.weyer-gruppe.com\/wp-content\/uploads\/2021\/11\/hwp-b.schneider-80x80.jpg 80w\" sizes=\"(max-width: 300px) 100vw, 300px\" \/>\t\t\t\t<\/div>\r\n\t\t\t\t<figcaption>\r\n\t\t\t\t\t<div class=\"grve-team-description\">\r\n\t\t\t\t\t\t\t\t\t\t\t\t<h4 class=\"grve-team-name grve-dark grve-h4\">Bertram Schneider<\/h4>\r\n\t\t\t\t\t\t\t\t\t\t\t\t<small class=\"grve-team-identity grve-dark\">horst weyer und partner<\/small>\r\n\t\t\t\t\t<\/div>\r\n\t\t\t\t\t\t\t\t\t<\/figcaption>\r\n\t\t\t<\/figure>\r\n\t\t<\/div>\r\n\r\n\t\t[\/vc_column][vc_column width=&#8221;1\/4&#8243; tablet_sm_width=&#8221;1-2&#8243;]\r\n\t\t<div class=\"grve-team grve-element\" style=\"\">\r\n\t\t\t<figure class=\"grve-image-hover grve-style-1 grve-zoom-in\">\r\n\t\t\t\t<div class=\"grve-team-person grve-media grve-dark-overlay grve-opacity-60\">\r\n\t\t\t\t\t<img decoding=\"async\" width=\"300\" height=\"300\" src=\"https:\/\/www.weyer-gruppe.com\/wp-content\/uploads\/2020\/02\/weyer-gruppe-platzhalter-mitarbeiterfotos.jpg\" class=\"attachment-grve-image-small-square size-grve-image-small-square\" alt=\"Platzhalte Mitarbeiterfotos\" srcset=\"https:\/\/www.weyer-gruppe.com\/wp-content\/uploads\/2020\/02\/weyer-gruppe-platzhalter-mitarbeiterfotos.jpg 300w, https:\/\/www.weyer-gruppe.com\/wp-content\/uploads\/2020\/02\/weyer-gruppe-platzhalter-mitarbeiterfotos-150x150.jpg 150w, https:\/\/www.weyer-gruppe.com\/wp-content\/uploads\/2020\/02\/weyer-gruppe-platzhalter-mitarbeiterfotos-80x80.jpg 80w\" sizes=\"(max-width: 300px) 100vw, 300px\" \/>\t\t\t\t<\/div>\r\n\t\t\t\t<figcaption>\r\n\t\t\t\t\t<div class=\"grve-team-description\">\r\n\t\t\t\t\t\t\t\t\t\t\t\t<h4 class=\"grve-team-name grve-dark grve-h4\">J\u00f6rg Brieden<\/h4>\r\n\t\t\t\t\t\t\t\t\t\t\t\t<small class=\"grve-team-identity grve-dark\">horst weyer und partner<\/small>\r\n\t\t\t\t\t<\/div>\r\n\t\t\t\t\t\t\t\t\t<\/figcaption>\r\n\t\t\t<\/figure>\r\n\t\t<\/div>\r\n\r\n\t\t[\/vc_column][\/vc_row][vc_row][vc_column]<div class=\"grve-element grve-hr grve-space-divider\" style=\"\"><\/div>[\/vc_column][\/vc_row][vc_row section_id=&#8221;fachkundige-person-gefstoffv&#8221;][vc_column]<h2 class=\"grve-element grve-align-left grve-title-no-line grve-h2\" style=\"\"><span>Qualified Persons for Explosion Protection Documents according to \u00a72 Paragraph 16 GefStoffV<\/span><\/h2>[\/vc_column][\/vc_row][vc_row][vc_column width=&#8221;1\/4&#8243; tablet_sm_width=&#8221;1-2&#8243;]\r\n\t\t<div class=\"grve-team grve-element\" style=\"\">\r\n\t\t\t<figure class=\"grve-image-hover grve-style-1 grve-zoom-in\">\r\n\t\t\t\t<div class=\"grve-team-person grve-media grve-dark-overlay grve-opacity-60\">\r\n\t\t\t\t\t<img decoding=\"async\" width=\"300\" height=\"300\" src=\"https:\/\/www.weyer-gruppe.com\/wp-content\/uploads\/2021\/11\/hwp-b.schneider.jpg\" class=\"attachment-grve-image-small-square size-grve-image-small-square\" alt=\"\" srcset=\"https:\/\/www.weyer-gruppe.com\/wp-content\/uploads\/2021\/11\/hwp-b.schneider.jpg 300w, https:\/\/www.weyer-gruppe.com\/wp-content\/uploads\/2021\/11\/hwp-b.schneider-150x150.jpg 150w, https:\/\/www.weyer-gruppe.com\/wp-content\/uploads\/2021\/11\/hwp-b.schneider-80x80.jpg 80w\" sizes=\"(max-width: 300px) 100vw, 300px\" \/>\t\t\t\t<\/div>\r\n\t\t\t\t<figcaption>\r\n\t\t\t\t\t<div class=\"grve-team-description\">\r\n\t\t\t\t\t\t\t\t\t\t\t\t<h4 class=\"grve-team-name grve-dark grve-h4\">Bertram Schneider<\/h4>\r\n\t\t\t\t\t\t\t\t\t\t\t\t<small class=\"grve-team-identity grve-dark\">horst weyer und partner<\/small>\r\n\t\t\t\t\t<\/div>\r\n\t\t\t\t\t\t\t\t\t<\/figcaption>\r\n\t\t\t<\/figure>\r\n\t\t<\/div>\r\n\r\n\t\t[\/vc_column][vc_column width=&#8221;1\/4&#8243; tablet_sm_width=&#8221;1-2&#8243;]\r\n\t\t<div class=\"grve-team grve-element\" style=\"\">\r\n\t\t\t<figure class=\"grve-image-hover grve-style-1 grve-zoom-in\">\r\n\t\t\t\t<div class=\"grve-team-person grve-media grve-dark-overlay grve-opacity-60\">\r\n\t\t\t\t\t<img decoding=\"async\" width=\"300\" height=\"300\" src=\"https:\/\/www.weyer-gruppe.com\/wp-content\/uploads\/2019\/07\/klaus-woersdoerfer-horst-weyer-und-partner.jpg\" class=\"attachment-grve-image-small-square size-grve-image-small-square\" alt=\"Foto von Klaus Woersdoerfer der Horst Weyer und Partner gmbh\" srcset=\"https:\/\/www.weyer-gruppe.com\/wp-content\/uploads\/2019\/07\/klaus-woersdoerfer-horst-weyer-und-partner.jpg 300w, https:\/\/www.weyer-gruppe.com\/wp-content\/uploads\/2019\/07\/klaus-woersdoerfer-horst-weyer-und-partner-150x150.jpg 150w, https:\/\/www.weyer-gruppe.com\/wp-content\/uploads\/2019\/07\/klaus-woersdoerfer-horst-weyer-und-partner-80x80.jpg 80w\" sizes=\"(max-width: 300px) 100vw, 300px\" \/>\t\t\t\t<\/div>\r\n\t\t\t\t<figcaption>\r\n\t\t\t\t\t<div class=\"grve-team-description\">\r\n\t\t\t\t\t\t\t\t\t\t\t\t<h4 class=\"grve-team-name grve-dark grve-h4\">Dr. Klaus W\u00f6rsd\u00f6rfer<\/h4>\r\n\t\t\t\t\t\t\t\t\t\t\t\t<small class=\"grve-team-identity grve-dark\">horst weyer und partner<\/small>\r\n\t\t\t\t\t<\/div>\r\n\t\t\t\t\t\t\t\t\t<\/figcaption>\r\n\t\t\t<\/figure>\r\n\t\t<\/div>\r\n\r\n\t\t[\/vc_column][vc_column width=&#8221;1\/4&#8243; tablet_sm_width=&#8221;1-2&#8243;]\r\n\t\t<div class=\"grve-team grve-element\" style=\"\">\r\n\t\t\t<figure class=\"grve-image-hover grve-style-1 grve-zoom-in\">\r\n\t\t\t\t<div class=\"grve-team-person grve-media grve-dark-overlay grve-opacity-60\">\r\n\t\t\t\t\t<img decoding=\"async\" width=\"300\" height=\"300\" src=\"https:\/\/www.weyer-gruppe.com\/wp-content\/uploads\/2019\/07\/felix-kalienke-horst-weyer-und-partner.png\" class=\"attachment-grve-image-small-square size-grve-image-small-square\" alt=\"Photo of Felix Kalienke of horst weyer und partner gmbh\" srcset=\"https:\/\/www.weyer-gruppe.com\/wp-content\/uploads\/2019\/07\/felix-kalienke-horst-weyer-und-partner.png 300w, https:\/\/www.weyer-gruppe.com\/wp-content\/uploads\/2019\/07\/felix-kalienke-horst-weyer-und-partner-150x150.png 150w, https:\/\/www.weyer-gruppe.com\/wp-content\/uploads\/2019\/07\/felix-kalienke-horst-weyer-und-partner-80x80.png 80w\" sizes=\"(max-width: 300px) 100vw, 300px\" \/>\t\t\t\t<\/div>\r\n\t\t\t\t<figcaption>\r\n\t\t\t\t\t<div class=\"grve-team-description\">\r\n\t\t\t\t\t\t\t\t\t\t\t\t<h4 class=\"grve-team-name grve-dark grve-h4\">Felix Kalienke<\/h4>\r\n\t\t\t\t\t\t\t\t\t\t\t\t<small class=\"grve-team-identity grve-dark\">horst weyer und partner<\/small>\r\n\t\t\t\t\t<\/div>\r\n\t\t\t\t\t\t\t\t\t<\/figcaption>\r\n\t\t\t<\/figure>\r\n\t\t<\/div>\r\n\r\n\t\t[\/vc_column][vc_column width=&#8221;1\/4&#8243; tablet_sm_width=&#8221;1-2&#8243;]\r\n\t\t<div class=\"grve-team grve-element\" style=\"\">\r\n\t\t\t<figure class=\"grve-image-hover grve-style-1 grve-zoom-in\">\r\n\t\t\t\t<div class=\"grve-team-person grve-media grve-dark-overlay grve-opacity-60\">\r\n\t\t\t\t\t<img decoding=\"async\" width=\"300\" height=\"300\" src=\"https:\/\/www.weyer-gruppe.com\/wp-content\/uploads\/2019\/07\/ralf-schiffel-horst-weyer-und-partner.png\" class=\"attachment-grve-image-small-square size-grve-image-small-square\" alt=\"Photo of Ralf Schiffel of horst weyer und partner gmbh\" srcset=\"https:\/\/www.weyer-gruppe.com\/wp-content\/uploads\/2019\/07\/ralf-schiffel-horst-weyer-und-partner.png 300w, https:\/\/www.weyer-gruppe.com\/wp-content\/uploads\/2019\/07\/ralf-schiffel-horst-weyer-und-partner-150x150.png 150w, https:\/\/www.weyer-gruppe.com\/wp-content\/uploads\/2019\/07\/ralf-schiffel-horst-weyer-und-partner-80x80.png 80w\" sizes=\"(max-width: 300px) 100vw, 300px\" \/>\t\t\t\t<\/div>\r\n\t\t\t\t<figcaption>\r\n\t\t\t\t\t<div class=\"grve-team-description\">\r\n\t\t\t\t\t\t\t\t\t\t\t\t<h4 class=\"grve-team-name grve-dark grve-h4\">Ralf Schiffel<\/h4>\r\n\t\t\t\t\t\t\t\t\t\t\t\t<small class=\"grve-team-identity grve-dark\">horst weyer und partner<\/small>\r\n\t\t\t\t\t<\/div>\r\n\t\t\t\t\t\t\t\t\t<\/figcaption>\r\n\t\t\t<\/figure>\r\n\t\t<\/div>\r\n\r\n\t\t[\/vc_column][\/vc_row][vc_row][vc_column width=&#8221;1\/4&#8243; tablet_sm_width=&#8221;1-2&#8243;]\r\n\t\t<div class=\"grve-team grve-element\" style=\"\">\r\n\t\t\t<figure class=\"grve-image-hover grve-style-1 grve-zoom-in\">\r\n\t\t\t\t<div class=\"grve-team-person grve-media grve-dark-overlay grve-opacity-60\">\r\n\t\t\t\t\t<img decoding=\"async\" width=\"300\" height=\"300\" src=\"https:\/\/www.weyer-gruppe.com\/wp-content\/uploads\/2019\/07\/peter-noeldeke-horst-weyer-und-partner.png\" class=\"attachment-grve-image-small-square size-grve-image-small-square\" alt=\"Photo of Peter Noeldeke of horst weyer und partner gmbh\" srcset=\"https:\/\/www.weyer-gruppe.com\/wp-content\/uploads\/2019\/07\/peter-noeldeke-horst-weyer-und-partner.png 300w, https:\/\/www.weyer-gruppe.com\/wp-content\/uploads\/2019\/07\/peter-noeldeke-horst-weyer-und-partner-150x150.png 150w, https:\/\/www.weyer-gruppe.com\/wp-content\/uploads\/2019\/07\/peter-noeldeke-horst-weyer-und-partner-80x80.png 80w\" sizes=\"(max-width: 300px) 100vw, 300px\" \/>\t\t\t\t<\/div>\r\n\t\t\t\t<figcaption>\r\n\t\t\t\t\t<div class=\"grve-team-description\">\r\n\t\t\t\t\t\t\t\t\t\t\t\t<h4 class=\"grve-team-name grve-dark grve-h4\">Peter N\u00f6ldeke<\/h4>\r\n\t\t\t\t\t\t\t\t\t\t\t\t<small class=\"grve-team-identity grve-dark\">horst weyer und partner<\/small>\r\n\t\t\t\t\t<\/div>\r\n\t\t\t\t\t\t\t\t\t<\/figcaption>\r\n\t\t\t<\/figure>\r\n\t\t<\/div>\r\n\r\n\t\t[\/vc_column][vc_column width=&#8221;1\/4&#8243; tablet_sm_width=&#8221;1-2&#8243;]\r\n\t\t<div class=\"grve-team grve-element\" style=\"\">\r\n\t\t\t<figure class=\"grve-image-hover grve-style-1 grve-zoom-in\">\r\n\t\t\t\t<div class=\"grve-team-person grve-media grve-dark-overlay grve-opacity-60\">\r\n\t\t\t\t\t<img decoding=\"async\" width=\"300\" height=\"300\" src=\"https:\/\/www.weyer-gruppe.com\/wp-content\/uploads\/2019\/07\/johannes-gemmeke-horst-weyer-und-partner.png\" class=\"attachment-grve-image-small-square size-grve-image-small-square\" alt=\"Photo by Johannes Gemmeke of horst weyer und partner gmbh\" srcset=\"https:\/\/www.weyer-gruppe.com\/wp-content\/uploads\/2019\/07\/johannes-gemmeke-horst-weyer-und-partner.png 300w, https:\/\/www.weyer-gruppe.com\/wp-content\/uploads\/2019\/07\/johannes-gemmeke-horst-weyer-und-partner-150x150.png 150w, https:\/\/www.weyer-gruppe.com\/wp-content\/uploads\/2019\/07\/johannes-gemmeke-horst-weyer-und-partner-80x80.png 80w\" sizes=\"(max-width: 300px) 100vw, 300px\" \/>\t\t\t\t<\/div>\r\n\t\t\t\t<figcaption>\r\n\t\t\t\t\t<div class=\"grve-team-description\">\r\n\t\t\t\t\t\t\t\t\t\t\t\t<h4 class=\"grve-team-name grve-dark grve-h4\">Johannes Gemmeke<\/h4>\r\n\t\t\t\t\t\t\t\t\t\t\t\t<small class=\"grve-team-identity grve-dark\">horst weyer und partner<\/small>\r\n\t\t\t\t\t<\/div>\r\n\t\t\t\t\t\t\t\t\t<\/figcaption>\r\n\t\t\t<\/figure>\r\n\t\t<\/div>\r\n\r\n\t\t[\/vc_column][vc_column width=&#8221;1\/4&#8243; tablet_sm_width=&#8221;1-2&#8243;]\r\n\t\t<div class=\"grve-team grve-element\" style=\"\">\r\n\t\t\t<figure class=\"grve-image-hover grve-style-1 grve-zoom-in\">\r\n\t\t\t\t<div class=\"grve-team-person grve-media grve-dark-overlay grve-opacity-60\">\r\n\t\t\t\t\t<img decoding=\"async\" width=\"300\" height=\"300\" src=\"https:\/\/www.weyer-gruppe.com\/wp-content\/uploads\/2019\/07\/franz-josef-kipshagen-horst-weyer-und-partner.jpg\" class=\"attachment-grve-image-small-square size-grve-image-small-square\" alt=\"Employee photo of Franz Josef Kipshagen of horst weyer und partner gmbh\" srcset=\"https:\/\/www.weyer-gruppe.com\/wp-content\/uploads\/2019\/07\/franz-josef-kipshagen-horst-weyer-und-partner.jpg 300w, https:\/\/www.weyer-gruppe.com\/wp-content\/uploads\/2019\/07\/franz-josef-kipshagen-horst-weyer-und-partner-150x150.jpg 150w, https:\/\/www.weyer-gruppe.com\/wp-content\/uploads\/2019\/07\/franz-josef-kipshagen-horst-weyer-und-partner-80x80.jpg 80w\" sizes=\"(max-width: 300px) 100vw, 300px\" \/>\t\t\t\t<\/div>\r\n\t\t\t\t<figcaption>\r\n\t\t\t\t\t<div class=\"grve-team-description\">\r\n\t\t\t\t\t\t\t\t\t\t\t\t<h4 class=\"grve-team-name grve-dark grve-h4\">Franz-Josef Kipshagen<\/h4>\r\n\t\t\t\t\t\t\t\t\t\t\t\t<small class=\"grve-team-identity grve-dark\">horst weyer und partner<\/small>\r\n\t\t\t\t\t<\/div>\r\n\t\t\t\t\t\t\t\t\t<\/figcaption>\r\n\t\t\t<\/figure>\r\n\t\t<\/div>\r\n\r\n\t\t[\/vc_column][vc_column width=&#8221;1\/4&#8243; tablet_sm_width=&#8221;1-2&#8243;]\r\n\t\t<div class=\"grve-team grve-element\" style=\"\">\r\n\t\t\t<figure class=\"grve-image-hover grve-style-1 grve-zoom-in\">\r\n\t\t\t\t<div class=\"grve-team-person grve-media grve-dark-overlay grve-opacity-60\">\r\n\t\t\t\t\t<img decoding=\"async\" width=\"300\" height=\"300\" src=\"https:\/\/www.weyer-gruppe.com\/wp-content\/uploads\/2022\/05\/sebastian-kroell.jpg\" class=\"attachment-grve-image-small-square size-grve-image-small-square\" alt=\"\" srcset=\"https:\/\/www.weyer-gruppe.com\/wp-content\/uploads\/2022\/05\/sebastian-kroell.jpg 300w, https:\/\/www.weyer-gruppe.com\/wp-content\/uploads\/2022\/05\/sebastian-kroell-150x150.jpg 150w, https:\/\/www.weyer-gruppe.com\/wp-content\/uploads\/2022\/05\/sebastian-kroell-80x80.jpg 80w\" sizes=\"(max-width: 300px) 100vw, 300px\" \/>\t\t\t\t<\/div>\r\n\t\t\t\t<figcaption>\r\n\t\t\t\t\t<div class=\"grve-team-description\">\r\n\t\t\t\t\t\t\t\t\t\t\t\t<h4 class=\"grve-team-name grve-dark grve-h4\">Sebastian Kr\u00f6ll<\/h4>\r\n\t\t\t\t\t\t\t\t\t\t\t\t<small class=\"grve-team-identity grve-dark\">horst weyer und partner<\/small>\r\n\t\t\t\t\t<\/div>\r\n\t\t\t\t\t\t\t\t\t<\/figcaption>\r\n\t\t\t<\/figure>\r\n\t\t<\/div>\r\n\r\n\t\t[\/vc_column][\/vc_row][vc_row][vc_column width=&#8221;1\/4&#8243; tablet_sm_width=&#8221;1-2&#8243;]\r\n\t\t<div class=\"grve-team grve-element\" style=\"\">\r\n\t\t\t<figure class=\"grve-image-hover grve-style-1 grve-zoom-in\">\r\n\t\t\t\t<div class=\"grve-team-person grve-media grve-dark-overlay grve-opacity-60\">\r\n\t\t\t\t\t<img decoding=\"async\" width=\"300\" height=\"300\" src=\"https:\/\/www.weyer-gruppe.com\/wp-content\/uploads\/2020\/02\/weyer-gruppe-platzhalter-mitarbeiterfotos.jpg\" class=\"attachment-grve-image-small-square size-grve-image-small-square\" alt=\"Platzhalte Mitarbeiterfotos\" srcset=\"https:\/\/www.weyer-gruppe.com\/wp-content\/uploads\/2020\/02\/weyer-gruppe-platzhalter-mitarbeiterfotos.jpg 300w, https:\/\/www.weyer-gruppe.com\/wp-content\/uploads\/2020\/02\/weyer-gruppe-platzhalter-mitarbeiterfotos-150x150.jpg 150w, https:\/\/www.weyer-gruppe.com\/wp-content\/uploads\/2020\/02\/weyer-gruppe-platzhalter-mitarbeiterfotos-80x80.jpg 80w\" sizes=\"(max-width: 300px) 100vw, 300px\" \/>\t\t\t\t<\/div>\r\n\t\t\t\t<figcaption>\r\n\t\t\t\t\t<div class=\"grve-team-description\">\r\n\t\t\t\t\t\t\t\t\t\t\t\t<h4 class=\"grve-team-name grve-dark grve-h4\">Tanja Schultz<\/h4>\r\n\t\t\t\t\t\t\t\t\t\t\t\t<small class=\"grve-team-identity grve-dark\">horst weyer und partner<\/small>\r\n\t\t\t\t\t<\/div>\r\n\t\t\t\t\t\t\t\t\t<\/figcaption>\r\n\t\t\t<\/figure>\r\n\t\t<\/div>\r\n\r\n\t\t[\/vc_column][vc_column width=&#8221;1\/4&#8243;]\r\n\t\t<div class=\"grve-team grve-element\" style=\"\">\r\n\t\t\t<figure class=\"grve-image-hover grve-style-1 grve-zoom-in\">\r\n\t\t\t\t<div class=\"grve-team-person grve-media grve-dark-overlay grve-opacity-60\">\r\n\t\t\t\t\t<img decoding=\"async\" width=\"300\" height=\"300\" src=\"https:\/\/www.weyer-gruppe.com\/wp-content\/uploads\/2020\/02\/weyer-gruppe-platzhalter-mitarbeiterfotos.jpg\" class=\"attachment-grve-image-small-square size-grve-image-small-square\" alt=\"Platzhalte Mitarbeiterfotos\" srcset=\"https:\/\/www.weyer-gruppe.com\/wp-content\/uploads\/2020\/02\/weyer-gruppe-platzhalter-mitarbeiterfotos.jpg 300w, https:\/\/www.weyer-gruppe.com\/wp-content\/uploads\/2020\/02\/weyer-gruppe-platzhalter-mitarbeiterfotos-150x150.jpg 150w, https:\/\/www.weyer-gruppe.com\/wp-content\/uploads\/2020\/02\/weyer-gruppe-platzhalter-mitarbeiterfotos-80x80.jpg 80w\" sizes=\"(max-width: 300px) 100vw, 300px\" \/>\t\t\t\t<\/div>\r\n\t\t\t\t<figcaption>\r\n\t\t\t\t\t<div class=\"grve-team-description\">\r\n\t\t\t\t\t\t\t\t\t\t\t\t<h4 class=\"grve-team-name grve-dark grve-h4\">J\u00f6rg Brieden<\/h4>\r\n\t\t\t\t\t\t\t\t\t\t\t\t<small class=\"grve-team-identity grve-dark\">horst weyer und partner<\/small>\r\n\t\t\t\t\t<\/div>\r\n\t\t\t\t\t\t\t\t\t<\/figcaption>\r\n\t\t\t<\/figure>\r\n\t\t<\/div>\r\n\r\n\t\t[\/vc_column][\/vc_row][vc_row][vc_column]<div class=\"grve-element grve-hr grve-space-divider\" style=\"\"><\/div>[\/vc_column][\/vc_row][vc_row section_id=&#8221;sachverstaendige-awsv&#8221;][vc_column]<h2 class=\"grve-element grve-align-left grve-title-no-line grve-h2\" style=\"\"><span>Experts according to AwSV<\/span><\/h2>[\/vc_column][\/vc_row][vc_row][vc_column width=&#8221;1\/4&#8243; tablet_sm_width=&#8221;1-2&#8243;]\r\n\t\t<div class=\"grve-team grve-element\" style=\"\">\r\n\t\t\t<figure class=\"grve-image-hover grve-style-1 grve-zoom-in\">\r\n\t\t\t\t<div class=\"grve-team-person grve-media grve-dark-overlay grve-opacity-60\">\r\n\t\t\t\t\t<img decoding=\"async\" width=\"300\" height=\"300\" src=\"https:\/\/www.weyer-gruppe.com\/wp-content\/uploads\/2019\/07\/uwe-nachstedt-horst-weyer-und-partner.jpg\" class=\"attachment-grve-image-small-square size-grve-image-small-square\" alt=\"Foto von Uwe Nachstedt der Horst Weyer und Partner gmbh\" srcset=\"https:\/\/www.weyer-gruppe.com\/wp-content\/uploads\/2019\/07\/uwe-nachstedt-horst-weyer-und-partner.jpg 300w, https:\/\/www.weyer-gruppe.com\/wp-content\/uploads\/2019\/07\/uwe-nachstedt-horst-weyer-und-partner-150x150.jpg 150w, https:\/\/www.weyer-gruppe.com\/wp-content\/uploads\/2019\/07\/uwe-nachstedt-horst-weyer-und-partner-80x80.jpg 80w\" sizes=\"(max-width: 300px) 100vw, 300px\" \/>\t\t\t\t<\/div>\r\n\t\t\t\t<figcaption>\r\n\t\t\t\t\t<div class=\"grve-team-description\">\r\n\t\t\t\t\t\t\t\t\t\t\t\t<h4 class=\"grve-team-name grve-dark grve-h4\">Dr. Uwe Nachstedt<\/h4>\r\n\t\t\t\t\t\t\t\t\t\t\t\t<small class=\"grve-team-identity grve-dark\">horst weyer und partner<\/small>\r\n\t\t\t\t\t<\/div>\r\n\t\t\t\t\t\t\t\t\t<\/figcaption>\r\n\t\t\t<\/figure>\r\n\t\t<\/div>\r\n\r\n\t\t[\/vc_column][vc_column width=&#8221;1\/4&#8243; tablet_sm_width=&#8221;1-2&#8243;]\r\n\t\t<div class=\"grve-team grve-element\" style=\"\">\r\n\t\t\t<figure class=\"grve-image-hover grve-style-1 grve-zoom-in\">\r\n\t\t\t\t<div class=\"grve-team-person grve-media grve-dark-overlay grve-opacity-60\">\r\n\t\t\t\t\t<img decoding=\"async\" width=\"350\" height=\"350\" src=\"https:\/\/www.weyer-gruppe.com\/wp-content\/uploads\/2020\/12\/iyad-abou-alfadel.jpg\" class=\"attachment-grve-image-small-square size-grve-image-small-square\" alt=\"\" srcset=\"https:\/\/www.weyer-gruppe.com\/wp-content\/uploads\/2020\/12\/iyad-abou-alfadel.jpg 350w, https:\/\/www.weyer-gruppe.com\/wp-content\/uploads\/2020\/12\/iyad-abou-alfadel-300x300.jpg 300w, https:\/\/www.weyer-gruppe.com\/wp-content\/uploads\/2020\/12\/iyad-abou-alfadel-150x150.jpg 150w, https:\/\/www.weyer-gruppe.com\/wp-content\/uploads\/2020\/12\/iyad-abou-alfadel-80x80.jpg 80w\" sizes=\"(max-width: 350px) 100vw, 350px\" \/>\t\t\t\t<\/div>\r\n\t\t\t\t<figcaption>\r\n\t\t\t\t\t<div class=\"grve-team-description\">\r\n\t\t\t\t\t\t\t\t\t\t\t\t<h4 class=\"grve-team-name grve-dark grve-h4\">Iyad Abou Alfadel<\/h4>\r\n\t\t\t\t\t\t\t\t\t\t\t\t<small class=\"grve-team-identity grve-dark\">horst weyer und partner<\/small>\r\n\t\t\t\t\t<\/div>\r\n\t\t\t\t\t\t\t\t\t<\/figcaption>\r\n\t\t\t<\/figure>\r\n\t\t<\/div>\r\n\r\n\t\t[\/vc_column][vc_column width=&#8221;1\/4&#8243; tablet_sm_width=&#8221;1-2&#8243;]\r\n\t\t<div class=\"grve-team grve-element\" style=\"\">\r\n\t\t\t<figure class=\"grve-image-hover grve-style-1 grve-zoom-in\">\r\n\t\t\t\t<div class=\"grve-team-person grve-media grve-dark-overlay grve-opacity-60\">\r\n\t\t\t\t\t<img decoding=\"async\" width=\"300\" height=\"300\" src=\"https:\/\/www.weyer-gruppe.com\/wp-content\/uploads\/2019\/07\/felix-kalienke-horst-weyer-und-partner.png\" class=\"attachment-grve-image-small-square size-grve-image-small-square\" alt=\"Photo of Felix Kalienke of horst weyer und partner gmbh\" srcset=\"https:\/\/www.weyer-gruppe.com\/wp-content\/uploads\/2019\/07\/felix-kalienke-horst-weyer-und-partner.png 300w, https:\/\/www.weyer-gruppe.com\/wp-content\/uploads\/2019\/07\/felix-kalienke-horst-weyer-und-partner-150x150.png 150w, https:\/\/www.weyer-gruppe.com\/wp-content\/uploads\/2019\/07\/felix-kalienke-horst-weyer-und-partner-80x80.png 80w\" sizes=\"(max-width: 300px) 100vw, 300px\" \/>\t\t\t\t<\/div>\r\n\t\t\t\t<figcaption>\r\n\t\t\t\t\t<div class=\"grve-team-description\">\r\n\t\t\t\t\t\t\t\t\t\t\t\t<h4 class=\"grve-team-name grve-dark grve-h4\">Felix Kalienke<\/h4>\r\n\t\t\t\t\t\t\t\t\t\t\t\t<small class=\"grve-team-identity grve-dark\">horst weyer und partner<\/small>\r\n\t\t\t\t\t<\/div>\r\n\t\t\t\t\t\t\t\t\t<\/figcaption>\r\n\t\t\t<\/figure>\r\n\t\t<\/div>\r\n\r\n\t\t[\/vc_column][vc_column width=&#8221;1\/4&#8243; tablet_sm_width=&#8221;1-2&#8243;]\r\n\t\t<div class=\"grve-team grve-element\" style=\"\">\r\n\t\t\t<figure class=\"grve-image-hover grve-style-1 grve-zoom-in\">\r\n\t\t\t\t<div class=\"grve-team-person grve-media grve-dark-overlay grve-opacity-60\">\r\n\t\t\t\t\t<img decoding=\"async\" width=\"300\" height=\"300\" src=\"https:\/\/www.weyer-gruppe.com\/wp-content\/uploads\/2019\/07\/ralf-schiffel-horst-weyer-und-partner.png\" class=\"attachment-grve-image-small-square size-grve-image-small-square\" alt=\"Photo of Ralf Schiffel of horst weyer und partner gmbh\" srcset=\"https:\/\/www.weyer-gruppe.com\/wp-content\/uploads\/2019\/07\/ralf-schiffel-horst-weyer-und-partner.png 300w, https:\/\/www.weyer-gruppe.com\/wp-content\/uploads\/2019\/07\/ralf-schiffel-horst-weyer-und-partner-150x150.png 150w, https:\/\/www.weyer-gruppe.com\/wp-content\/uploads\/2019\/07\/ralf-schiffel-horst-weyer-und-partner-80x80.png 80w\" sizes=\"(max-width: 300px) 100vw, 300px\" \/>\t\t\t\t<\/div>\r\n\t\t\t\t<figcaption>\r\n\t\t\t\t\t<div class=\"grve-team-description\">\r\n\t\t\t\t\t\t\t\t\t\t\t\t<h4 class=\"grve-team-name grve-dark grve-h4\">Ralf Schiffel<\/h4>\r\n\t\t\t\t\t\t\t\t\t\t\t\t<small class=\"grve-team-identity grve-dark\">horst weyer und partner<\/small>\r\n\t\t\t\t\t<\/div>\r\n\t\t\t\t\t\t\t\t\t<\/figcaption>\r\n\t\t\t<\/figure>\r\n\t\t<\/div>\r\n\r\n\t\t[\/vc_column][\/vc_row][vc_row][vc_column width=&#8221;1\/4&#8243; tablet_sm_width=&#8221;1-2&#8243;]\r\n\t\t<div class=\"grve-team grve-element\" style=\"\">\r\n\t\t\t<figure class=\"grve-image-hover grve-style-1 grve-zoom-in\">\r\n\t\t\t\t<div class=\"grve-team-person grve-media grve-dark-overlay grve-opacity-60\">\r\n\t\t\t\t\t<img decoding=\"async\" width=\"300\" height=\"300\" src=\"https:\/\/www.weyer-gruppe.com\/wp-content\/uploads\/2019\/07\/peter-noeldeke-horst-weyer-und-partner.png\" class=\"attachment-grve-image-small-square size-grve-image-small-square\" alt=\"Photo of Peter Noeldeke of horst weyer und partner gmbh\" srcset=\"https:\/\/www.weyer-gruppe.com\/wp-content\/uploads\/2019\/07\/peter-noeldeke-horst-weyer-und-partner.png 300w, https:\/\/www.weyer-gruppe.com\/wp-content\/uploads\/2019\/07\/peter-noeldeke-horst-weyer-und-partner-150x150.png 150w, https:\/\/www.weyer-gruppe.com\/wp-content\/uploads\/2019\/07\/peter-noeldeke-horst-weyer-und-partner-80x80.png 80w\" sizes=\"(max-width: 300px) 100vw, 300px\" \/>\t\t\t\t<\/div>\r\n\t\t\t\t<figcaption>\r\n\t\t\t\t\t<div class=\"grve-team-description\">\r\n\t\t\t\t\t\t\t\t\t\t\t\t<h4 class=\"grve-team-name grve-dark grve-h4\">Peter N\u00f6ldeke<\/h4>\r\n\t\t\t\t\t\t\t\t\t\t\t\t<small class=\"grve-team-identity grve-dark\">horst weyer und partner<\/small>\r\n\t\t\t\t\t<\/div>\r\n\t\t\t\t\t\t\t\t\t<\/figcaption>\r\n\t\t\t<\/figure>\r\n\t\t<\/div>\r\n\r\n\t\t[\/vc_column][vc_column width=&#8221;1\/4&#8243;]\r\n\t\t<div class=\"grve-team grve-element\" style=\"\">\r\n\t\t\t<figure class=\"grve-image-hover grve-style-1 grve-zoom-in\">\r\n\t\t\t\t<div class=\"grve-team-person grve-media grve-dark-overlay grve-opacity-60\">\r\n\t\t\t\t\t<img decoding=\"async\" width=\"300\" height=\"300\" src=\"https:\/\/www.weyer-gruppe.com\/wp-content\/uploads\/2019\/07\/johannes-gemmeke-horst-weyer-und-partner.png\" class=\"attachment-grve-image-small-square size-grve-image-small-square\" alt=\"Photo by Johannes Gemmeke of horst weyer und partner gmbh\" srcset=\"https:\/\/www.weyer-gruppe.com\/wp-content\/uploads\/2019\/07\/johannes-gemmeke-horst-weyer-und-partner.png 300w, https:\/\/www.weyer-gruppe.com\/wp-content\/uploads\/2019\/07\/johannes-gemmeke-horst-weyer-und-partner-150x150.png 150w, https:\/\/www.weyer-gruppe.com\/wp-content\/uploads\/2019\/07\/johannes-gemmeke-horst-weyer-und-partner-80x80.png 80w\" sizes=\"(max-width: 300px) 100vw, 300px\" \/>\t\t\t\t<\/div>\r\n\t\t\t\t<figcaption>\r\n\t\t\t\t\t<div class=\"grve-team-description\">\r\n\t\t\t\t\t\t\t\t\t\t\t\t<h4 class=\"grve-team-name grve-dark grve-h4\">Johannes Gemmeke<\/h4>\r\n\t\t\t\t\t\t\t\t\t\t\t\t<small class=\"grve-team-identity grve-dark\">horst weyer und partner<\/small>\r\n\t\t\t\t\t<\/div>\r\n\t\t\t\t\t\t\t\t\t<\/figcaption>\r\n\t\t\t<\/figure>\r\n\t\t<\/div>\r\n\r\n\t\t[\/vc_column][vc_column width=&#8221;1\/4&#8243;]\r\n\t\t<div class=\"grve-team grve-element\" style=\"\">\r\n\t\t\t<figure class=\"grve-image-hover grve-style-1 grve-zoom-in\">\r\n\t\t\t\t<div class=\"grve-team-person grve-media grve-dark-overlay grve-opacity-60\">\r\n\t\t\t\t\t<img decoding=\"async\" width=\"300\" height=\"300\" src=\"https:\/\/www.weyer-gruppe.com\/wp-content\/uploads\/2019\/07\/ulrich-pynappel-horst-weyer-und-partner.jpg\" class=\"attachment-grve-image-small-square size-grve-image-small-square\" alt=\"Foto von Ulrich Pynappel der Horst Weyer und Partner gmbh\" srcset=\"https:\/\/www.weyer-gruppe.com\/wp-content\/uploads\/2019\/07\/ulrich-pynappel-horst-weyer-und-partner.jpg 300w, https:\/\/www.weyer-gruppe.com\/wp-content\/uploads\/2019\/07\/ulrich-pynappel-horst-weyer-und-partner-150x150.jpg 150w, https:\/\/www.weyer-gruppe.com\/wp-content\/uploads\/2019\/07\/ulrich-pynappel-horst-weyer-und-partner-80x80.jpg 80w\" sizes=\"(max-width: 300px) 100vw, 300px\" \/>\t\t\t\t<\/div>\r\n\t\t\t\t<figcaption>\r\n\t\t\t\t\t<div class=\"grve-team-description\">\r\n\t\t\t\t\t\t\t\t\t\t\t\t<h4 class=\"grve-team-name grve-dark grve-h4\">Ulrich Pynappel<\/h4>\r\n\t\t\t\t\t\t\t\t\t\t\t\t<small class=\"grve-team-identity grve-dark\">horst weyer und partner<\/small>\r\n\t\t\t\t\t<\/div>\r\n\t\t\t\t\t\t\t\t\t<\/figcaption>\r\n\t\t\t<\/figure>\r\n\t\t<\/div>\r\n\r\n\t\t[\/vc_column][vc_column width=&#8221;1\/4&#8243;]\r\n\t\t<div class=\"grve-team grve-element\" style=\"\">\r\n\t\t\t<figure class=\"grve-image-hover grve-style-1 grve-zoom-in\">\r\n\t\t\t\t<div class=\"grve-team-person grve-media grve-dark-overlay grve-opacity-60\">\r\n\t\t\t\t\t<img decoding=\"async\" width=\"300\" height=\"300\" src=\"https:\/\/www.weyer-gruppe.com\/wp-content\/uploads\/2019\/07\/wip-i.mueller.png\" class=\"attachment-grve-image-small-square size-grve-image-small-square\" alt=\"Employee photo of Ingo Mueller of weyer IngenieurPartner GmbH\" srcset=\"https:\/\/www.weyer-gruppe.com\/wp-content\/uploads\/2019\/07\/wip-i.mueller.png 300w, https:\/\/www.weyer-gruppe.com\/wp-content\/uploads\/2019\/07\/wip-i.mueller-150x150.png 150w, https:\/\/www.weyer-gruppe.com\/wp-content\/uploads\/2019\/07\/wip-i.mueller-80x80.png 80w\" sizes=\"(max-width: 300px) 100vw, 300px\" \/>\t\t\t\t<\/div>\r\n\t\t\t\t<figcaption>\r\n\t\t\t\t\t<div class=\"grve-team-description\">\r\n\t\t\t\t\t\t\t\t\t\t\t\t<h4 class=\"grve-team-name grve-dark grve-h4\">Dr. Ingo M\u00fcller<\/h4>\r\n\t\t\t\t\t\t\t\t\t\t\t\t<small class=\"grve-team-identity grve-dark\">weyer IngenieurPartner GmbH<\/small>\r\n\t\t\t\t\t<\/div>\r\n\t\t\t\t\t\t\t\t\t<\/figcaption>\r\n\t\t\t<\/figure>\r\n\t\t<\/div>\r\n\r\n\t\t[\/vc_column][\/vc_row][vc_row][vc_column width=&#8221;1\/4&#8243; tablet_sm_width=&#8221;1-2&#8243;]\r\n\t\t<div class=\"grve-team grve-element\" style=\"\">\r\n\t\t\t<figure class=\"grve-image-hover grve-style-1 grve-zoom-in\">\r\n\t\t\t\t<div class=\"grve-team-person grve-media grve-dark-overlay grve-opacity-60\">\r\n\t\t\t\t\t<img decoding=\"async\" width=\"300\" height=\"300\" src=\"https:\/\/www.weyer-gruppe.com\/wp-content\/uploads\/2020\/02\/weyer-gruppe-platzhalter-mitarbeiterfotos.jpg\" class=\"attachment-grve-image-small-square size-grve-image-small-square\" alt=\"Platzhalte Mitarbeiterfotos\" srcset=\"https:\/\/www.weyer-gruppe.com\/wp-content\/uploads\/2020\/02\/weyer-gruppe-platzhalter-mitarbeiterfotos.jpg 300w, https:\/\/www.weyer-gruppe.com\/wp-content\/uploads\/2020\/02\/weyer-gruppe-platzhalter-mitarbeiterfotos-150x150.jpg 150w, https:\/\/www.weyer-gruppe.com\/wp-content\/uploads\/2020\/02\/weyer-gruppe-platzhalter-mitarbeiterfotos-80x80.jpg 80w\" sizes=\"(max-width: 300px) 100vw, 300px\" \/>\t\t\t\t<\/div>\r\n\t\t\t\t<figcaption>\r\n\t\t\t\t\t<div class=\"grve-team-description\">\r\n\t\t\t\t\t\t\t\t\t\t\t\t<h4 class=\"grve-team-name grve-dark grve-h4\">J\u00f6rg Brieden<\/h4>\r\n\t\t\t\t\t\t\t\t\t\t\t\t<small class=\"grve-team-identity grve-dark\">horst weyer und partner<\/small>\r\n\t\t\t\t\t<\/div>\r\n\t\t\t\t\t\t\t\t\t<\/figcaption>\r\n\t\t\t<\/figure>\r\n\t\t<\/div>\r\n\r\n\t\t[\/vc_column][\/vc_row][vc_row][vc_column]<div class=\"grve-element grve-hr grve-space-divider\" style=\"\"><\/div>[\/vc_column][\/vc_row][vc_row][vc_column]<h2 class=\"grve-element grve-align-left grve-title-no-line grve-h2\" style=\"\"><span>Qualified Persons for Explosion Protection Inspections according to BetrSichV (Appendix 2, Section 3, No. 3.1 and 3.3)<\/span><\/h2>[\/vc_column][\/vc_row][vc_row][vc_column width=&#8221;1\/4&#8243; tablet_sm_width=&#8221;1-2&#8243;]\r\n\t\t<div class=\"grve-team grve-element\" style=\"\">\r\n\t\t\t<figure class=\"grve-image-hover grve-style-1 grve-zoom-in\">\r\n\t\t\t\t<div class=\"grve-team-person grve-media grve-dark-overlay grve-opacity-60\">\r\n\t\t\t\t\t<img decoding=\"async\" width=\"300\" height=\"300\" src=\"https:\/\/www.weyer-gruppe.com\/wp-content\/uploads\/2019\/07\/peter-noeldeke-horst-weyer-und-partner.png\" class=\"attachment-grve-image-small-square size-grve-image-small-square\" alt=\"Photo of Peter Noeldeke of horst weyer und partner gmbh\" srcset=\"https:\/\/www.weyer-gruppe.com\/wp-content\/uploads\/2019\/07\/peter-noeldeke-horst-weyer-und-partner.png 300w, https:\/\/www.weyer-gruppe.com\/wp-content\/uploads\/2019\/07\/peter-noeldeke-horst-weyer-und-partner-150x150.png 150w, https:\/\/www.weyer-gruppe.com\/wp-content\/uploads\/2019\/07\/peter-noeldeke-horst-weyer-und-partner-80x80.png 80w\" sizes=\"(max-width: 300px) 100vw, 300px\" \/>\t\t\t\t<\/div>\r\n\t\t\t\t<figcaption>\r\n\t\t\t\t\t<div class=\"grve-team-description\">\r\n\t\t\t\t\t\t\t\t\t\t\t\t<h4 class=\"grve-team-name grve-dark grve-h4\">Peter N\u00f6ldeke<\/h4>\r\n\t\t\t\t\t\t\t\t\t\t\t\t<small class=\"grve-team-identity grve-dark\">horst weyer und partner<\/small>\r\n\t\t\t\t\t<\/div>\r\n\t\t\t\t\t\t\t\t\t<\/figcaption>\r\n\t\t\t<\/figure>\r\n\t\t<\/div>\r\n\r\n\t\t[\/vc_column][vc_column width=&#8221;1\/4&#8243; tablet_sm_width=&#8221;1-2&#8243;]\r\n\t\t<div class=\"grve-team grve-element\" style=\"\">\r\n\t\t\t<figure class=\"grve-image-hover grve-style-1 grve-zoom-in\">\r\n\t\t\t\t<div class=\"grve-team-person grve-media grve-dark-overlay grve-opacity-60\">\r\n\t\t\t\t\t<img decoding=\"async\" width=\"300\" height=\"300\" src=\"https:\/\/www.weyer-gruppe.com\/wp-content\/uploads\/2019\/07\/ralf-schiffel-horst-weyer-und-partner.png\" class=\"attachment-grve-image-small-square size-grve-image-small-square\" alt=\"Photo of Ralf Schiffel of horst weyer und partner gmbh\" srcset=\"https:\/\/www.weyer-gruppe.com\/wp-content\/uploads\/2019\/07\/ralf-schiffel-horst-weyer-und-partner.png 300w, https:\/\/www.weyer-gruppe.com\/wp-content\/uploads\/2019\/07\/ralf-schiffel-horst-weyer-und-partner-150x150.png 150w, https:\/\/www.weyer-gruppe.com\/wp-content\/uploads\/2019\/07\/ralf-schiffel-horst-weyer-und-partner-80x80.png 80w\" sizes=\"(max-width: 300px) 100vw, 300px\" \/>\t\t\t\t<\/div>\r\n\t\t\t\t<figcaption>\r\n\t\t\t\t\t<div class=\"grve-team-description\">\r\n\t\t\t\t\t\t\t\t\t\t\t\t<h4 class=\"grve-team-name grve-dark grve-h4\">Ralf Schiffel<\/h4>\r\n\t\t\t\t\t\t\t\t\t\t\t\t<small class=\"grve-team-identity grve-dark\">horst weyer und partner<\/small>\r\n\t\t\t\t\t<\/div>\r\n\t\t\t\t\t\t\t\t\t<\/figcaption>\r\n\t\t\t<\/figure>\r\n\t\t<\/div>\r\n\r\n\t\t[\/vc_column][vc_column width=&#8221;1\/4&#8243; tablet_sm_width=&#8221;1-2&#8243;]\r\n\t\t<div class=\"grve-team grve-element\" style=\"\">\r\n\t\t\t<figure class=\"grve-image-hover grve-style-1 grve-zoom-in\">\r\n\t\t\t\t<div class=\"grve-team-person grve-media grve-dark-overlay grve-opacity-60\">\r\n\t\t\t\t\t<img decoding=\"async\" width=\"300\" height=\"300\" src=\"https:\/\/www.weyer-gruppe.com\/wp-content\/uploads\/2019\/07\/felix-kalienke-horst-weyer-und-partner.png\" class=\"attachment-grve-image-small-square size-grve-image-small-square\" alt=\"Photo of Felix Kalienke of horst weyer und partner gmbh\" srcset=\"https:\/\/www.weyer-gruppe.com\/wp-content\/uploads\/2019\/07\/felix-kalienke-horst-weyer-und-partner.png 300w, https:\/\/www.weyer-gruppe.com\/wp-content\/uploads\/2019\/07\/felix-kalienke-horst-weyer-und-partner-150x150.png 150w, https:\/\/www.weyer-gruppe.com\/wp-content\/uploads\/2019\/07\/felix-kalienke-horst-weyer-und-partner-80x80.png 80w\" sizes=\"(max-width: 300px) 100vw, 300px\" \/>\t\t\t\t<\/div>\r\n\t\t\t\t<figcaption>\r\n\t\t\t\t\t<div class=\"grve-team-description\">\r\n\t\t\t\t\t\t\t\t\t\t\t\t<h4 class=\"grve-team-name grve-dark grve-h4\">Felix Kalienke<\/h4>\r\n\t\t\t\t\t\t\t\t\t\t\t\t<small class=\"grve-team-identity grve-dark\">horst weyer und partner<\/small>\r\n\t\t\t\t\t<\/div>\r\n\t\t\t\t\t\t\t\t\t<\/figcaption>\r\n\t\t\t<\/figure>\r\n\t\t<\/div>\r\n\r\n\t\t[\/vc_column][vc_column width=&#8221;1\/4&#8243; tablet_sm_width=&#8221;1-2&#8243;]\r\n\t\t<div class=\"grve-team grve-element\" style=\"\">\r\n\t\t\t<figure class=\"grve-image-hover grve-style-1 grve-zoom-in\">\r\n\t\t\t\t<div class=\"grve-team-person grve-media grve-dark-overlay grve-opacity-60\">\r\n\t\t\t\t\t<img decoding=\"async\" width=\"300\" height=\"300\" src=\"https:\/\/www.weyer-gruppe.com\/wp-content\/uploads\/2019\/07\/johannes-gemmeke-horst-weyer-und-partner.png\" class=\"attachment-grve-image-small-square size-grve-image-small-square\" alt=\"Photo by Johannes Gemmeke of horst weyer und partner gmbh\" srcset=\"https:\/\/www.weyer-gruppe.com\/wp-content\/uploads\/2019\/07\/johannes-gemmeke-horst-weyer-und-partner.png 300w, https:\/\/www.weyer-gruppe.com\/wp-content\/uploads\/2019\/07\/johannes-gemmeke-horst-weyer-und-partner-150x150.png 150w, https:\/\/www.weyer-gruppe.com\/wp-content\/uploads\/2019\/07\/johannes-gemmeke-horst-weyer-und-partner-80x80.png 80w\" sizes=\"(max-width: 300px) 100vw, 300px\" \/>\t\t\t\t<\/div>\r\n\t\t\t\t<figcaption>\r\n\t\t\t\t\t<div class=\"grve-team-description\">\r\n\t\t\t\t\t\t\t\t\t\t\t\t<h4 class=\"grve-team-name grve-dark grve-h4\">Johannes Gemmeke<\/h4>\r\n\t\t\t\t\t\t\t\t\t\t\t\t<small class=\"grve-team-identity grve-dark\">horst weyer und partner<\/small>\r\n\t\t\t\t\t<\/div>\r\n\t\t\t\t\t\t\t\t\t<\/figcaption>\r\n\t\t\t<\/figure>\r\n\t\t<\/div>\r\n\r\n\t\t[\/vc_column][\/vc_row][vc_row][vc_column width=&#8221;1\/4&#8243; tablet_sm_width=&#8221;1-2&#8243;]\r\n\t\t<div class=\"grve-team grve-element\" style=\"\">\r\n\t\t\t<figure class=\"grve-image-hover grve-style-1 grve-zoom-in\">\r\n\t\t\t\t<div class=\"grve-team-person grve-media grve-dark-overlay grve-opacity-60\">\r\n\t\t\t\t\t<img decoding=\"async\" width=\"300\" height=\"300\" src=\"https:\/\/www.weyer-gruppe.com\/wp-content\/uploads\/2020\/02\/weyer-gruppe-platzhalter-mitarbeiterfotos.jpg\" class=\"attachment-grve-image-small-square size-grve-image-small-square\" alt=\"Platzhalte Mitarbeiterfotos\" srcset=\"https:\/\/www.weyer-gruppe.com\/wp-content\/uploads\/2020\/02\/weyer-gruppe-platzhalter-mitarbeiterfotos.jpg 300w, https:\/\/www.weyer-gruppe.com\/wp-content\/uploads\/2020\/02\/weyer-gruppe-platzhalter-mitarbeiterfotos-150x150.jpg 150w, https:\/\/www.weyer-gruppe.com\/wp-content\/uploads\/2020\/02\/weyer-gruppe-platzhalter-mitarbeiterfotos-80x80.jpg 80w\" sizes=\"(max-width: 300px) 100vw, 300px\" \/>\t\t\t\t<\/div>\r\n\t\t\t\t<figcaption>\r\n\t\t\t\t\t<div class=\"grve-team-description\">\r\n\t\t\t\t\t\t\t\t\t\t\t\t<h4 class=\"grve-team-name grve-dark grve-h4\">Frank Kalz<\/h4>\r\n\t\t\t\t\t\t\t\t\t\t\t\t<small class=\"grve-team-identity grve-dark\">horst weyer und partner<\/small>\r\n\t\t\t\t\t<\/div>\r\n\t\t\t\t\t\t\t\t\t<\/figcaption>\r\n\t\t\t<\/figure>\r\n\t\t<\/div>\r\n\r\n\t\t[\/vc_column][vc_column width=&#8221;1\/4&#8243;]\r\n\t\t<div class=\"grve-team grve-element\" style=\"\">\r\n\t\t\t<figure class=\"grve-image-hover grve-style-1 grve-zoom-in\">\r\n\t\t\t\t<div class=\"grve-team-person grve-media grve-dark-overlay grve-opacity-60\">\r\n\t\t\t\t\t<img decoding=\"async\" width=\"300\" height=\"300\" src=\"https:\/\/www.weyer-gruppe.com\/wp-content\/uploads\/2020\/02\/weyer-gruppe-platzhalter-mitarbeiterfotos.jpg\" class=\"attachment-grve-image-small-square size-grve-image-small-square\" alt=\"Platzhalte Mitarbeiterfotos\" srcset=\"https:\/\/www.weyer-gruppe.com\/wp-content\/uploads\/2020\/02\/weyer-gruppe-platzhalter-mitarbeiterfotos.jpg 300w, https:\/\/www.weyer-gruppe.com\/wp-content\/uploads\/2020\/02\/weyer-gruppe-platzhalter-mitarbeiterfotos-150x150.jpg 150w, https:\/\/www.weyer-gruppe.com\/wp-content\/uploads\/2020\/02\/weyer-gruppe-platzhalter-mitarbeiterfotos-80x80.jpg 80w\" sizes=\"(max-width: 300px) 100vw, 300px\" \/>\t\t\t\t<\/div>\r\n\t\t\t\t<figcaption>\r\n\t\t\t\t\t<div class=\"grve-team-description\">\r\n\t\t\t\t\t\t\t\t\t\t\t\t<h4 class=\"grve-team-name grve-dark grve-h4\">Malte R\u00fcther<\/h4>\r\n\t\t\t\t\t\t\t\t\t\t\t\t<small class=\"grve-team-identity grve-dark\">horst weyer und partner<\/small>\r\n\t\t\t\t\t<\/div>\r\n\t\t\t\t\t\t\t\t\t<\/figcaption>\r\n\t\t\t<\/figure>\r\n\t\t<\/div>\r\n\r\n\t\t[\/vc_column][\/vc_row][vc_row][vc_column]<div class=\"grve-element grve-hr grve-space-divider\" style=\"\"><\/div>[\/vc_column][\/vc_row][vc_row][vc_column]<h2 class=\"grve-element grve-align-left grve-title-no-line grve-h2\" style=\"\"><span>Additional Experts, Qualified Persons, and Officers<\/span><\/h2>[\/vc_column][\/vc_row][vc_row tablet_visibility=&#8221;hide&#8221; tablet_sm_visibility=&#8221;hide&#8221; mobile_visibility=&#8221;hide&#8221;][vc_column width=&#8221;1\/4&#8243; tablet_sm_width=&#8221;1-2&#8243;]<h4 class=\"grve-element grve-align-left grve-title-no-line grve-h4\" style=\"\"><span>Expert for Due Diligence in Technology and Environment; for Contaminated Site Assessment and Land Recycling; for Municipal Benefit &amp; Cost-Benefit Analyses<\/span><\/h4>\r\n\t\t<div class=\"grve-team grve-element\" style=\"\">\r\n\t\t\t<figure class=\"grve-image-hover grve-style-1 grve-zoom-in\">\r\n\t\t\t\t<div class=\"grve-team-person grve-media grve-dark-overlay grve-opacity-60\">\r\n\t\t\t\t\t<img decoding=\"async\" width=\"300\" height=\"300\" src=\"https:\/\/www.weyer-gruppe.com\/wp-content\/uploads\/2019\/07\/pr-kai-steffens.jpg\" class=\"attachment-grve-image-small-square size-grve-image-small-square\" alt=\"Employee photo of Dr. Kai Steffens of BDO TUC GmbH und PROBIOTEC GmbH\" \/>\t\t\t\t<\/div>\r\n\t\t\t\t<figcaption>\r\n\t\t\t\t\t<div class=\"grve-team-description\">\r\n\t\t\t\t\t\t\t\t\t\t\t\t<h4 class=\"grve-team-name grve-dark grve-h4\">Dr.-Ing. Kai Steffens<\/h4>\r\n\t\t\t\t\t\t\t\t\t\t\t\t<small class=\"grve-team-identity grve-dark\">BDO Technik und Umweltconsulting<\/small>\r\n\t\t\t\t\t<\/div>\r\n\t\t\t\t\t\t\t\t\t<\/figcaption>\r\n\t\t\t<\/figure>\r\n\t\t<\/div>\r\n\r\n\t\t[\/vc_column][vc_column width=&#8221;1\/4&#8243; tablet_sm_width=&#8221;1-2&#8243;][vc_empty_space height=&#8221;2px&#8221; el_id=&#8221;sicherheitsfachkraft-aschg&#8221; el_class=&#8221;sicherheitsfachkraft-aschg&#8221;]<h4 class=\"grve-element grve-align-left grve-title-no-line grve-h4\" style=\"\"><span>Publicly Appointed and Sworn Expert for Environmental Permitting Procedures<\/span><\/h4>\r\n\t\t<div class=\"grve-team grve-element\" style=\"\">\r\n\t\t\t<figure class=\"grve-image-hover grve-style-1 grve-zoom-in\">\r\n\t\t\t\t<div class=\"grve-team-person grve-media grve-dark-overlay grve-opacity-60\">\r\n\t\t\t\t\t<img decoding=\"async\" width=\"300\" height=\"300\" src=\"https:\/\/www.weyer-gruppe.com\/wp-content\/uploads\/2019\/07\/pr-andrea-esser.jpg\" class=\"attachment-grve-image-small-square size-grve-image-small-square\" alt=\"Foto von Andrea Esser der Probiotec\" \/>\t\t\t\t<\/div>\r\n\t\t\t\t<figcaption>\r\n\t\t\t\t\t<div class=\"grve-team-description\">\r\n\t\t\t\t\t\t\t\t\t\t\t\t<h4 class=\"grve-team-name grve-dark grve-h4\">Andrea Esser<\/h4>\r\n\t\t\t\t\t\t\t\t\t\t\t\t<small class=\"grve-team-identity grve-dark\">PROBIOTEC<\/small>\r\n\t\t\t\t\t<\/div>\r\n\t\t\t\t\t\t\t\t\t<\/figcaption>\r\n\t\t\t<\/figure>\r\n\t\t<\/div>\r\n\r\n\t\t[\/vc_column][vc_column width=&#8221;1\/4&#8243; tablet_sm_width=&#8221;1-2&#8243;]<h4 class=\"grve-element grve-align-left grve-title-no-line grve-h4\" style=\"\"><span>Qualified Supervisor for Assembly Venues<\/span><\/h4>\r\n\t\t<div class=\"grve-team grve-element\" style=\"\">\r\n\t\t\t<figure class=\"grve-image-hover grve-style-1 grve-zoom-in\">\r\n\t\t\t\t<div class=\"grve-team-person grve-media grve-dark-overlay grve-opacity-60\">\r\n\t\t\t\t\t<img decoding=\"async\" width=\"300\" height=\"300\" src=\"https:\/\/www.weyer-gruppe.com\/wp-content\/uploads\/2019\/07\/pr-kerstin-bahlert.jpg\" class=\"attachment-grve-image-small-square size-grve-image-small-square\" alt=\"Employee photo of Kerstin Bahlert of PROBIOTEC GmbH\" \/>\t\t\t\t<\/div>\r\n\t\t\t\t<figcaption>\r\n\t\t\t\t\t<div class=\"grve-team-description\">\r\n\t\t\t\t\t\t\t\t\t\t\t\t<h4 class=\"grve-team-name grve-dark grve-h4\">Kerstin Bahlert<\/h4>\r\n\t\t\t\t\t\t\t\t\t\t\t\t<small class=\"grve-team-identity grve-dark\">PROBIOTEC<\/small>\r\n\t\t\t\t\t<\/div>\r\n\t\t\t\t\t\t\t\t\t<\/figcaption>\r\n\t\t\t<\/figure>\r\n\t\t<\/div>\r\n\r\n\t\t[\/vc_column][vc_column width=&#8221;1\/4&#8243; tablet_sm_width=&#8221;1-2&#8243;]<h4 class=\"grve-element grve-align-left grve-title-no-line grve-h4\" style=\"\"><span>Publicly Appointed and Sworn Expert for Verification under TEHG<\/span><\/h4>\r\n\t\t<div class=\"grve-team grve-element\" style=\"\">\r\n\t\t\t<figure class=\"grve-image-hover grve-style-1 grve-zoom-in\">\r\n\t\t\t\t<div class=\"grve-team-person grve-media grve-dark-overlay grve-opacity-60\">\r\n\t\t\t\t\t<img decoding=\"async\" width=\"300\" height=\"300\" src=\"https:\/\/www.weyer-gruppe.com\/wp-content\/uploads\/2019\/07\/pr-patrick-bahlert.jpg\" class=\"attachment-grve-image-small-square size-grve-image-small-square\" alt=\"Employee photo of Patrick Bahlert of PROBIOTEC GmbH\" \/>\t\t\t\t<\/div>\r\n\t\t\t\t<figcaption>\r\n\t\t\t\t\t<div class=\"grve-team-description\">\r\n\t\t\t\t\t\t\t\t\t\t\t\t<h4 class=\"grve-team-name grve-dark grve-h4\">Patrick Bahlert<\/h4>\r\n\t\t\t\t\t\t\t\t\t\t\t\t<small class=\"grve-team-identity grve-dark\">PROBIOTEC<\/small>\r\n\t\t\t\t\t<\/div>\r\n\t\t\t\t\t\t\t\t\t<\/figcaption>\r\n\t\t\t<\/figure>\r\n\t\t<\/div>\r\n\r\n\t\t[\/vc_column][\/vc_row][vc_row][vc_column width=&#8221;1\/4&#8243; tablet_sm_width=&#8221;1-2&#8243;]<h4 class=\"grve-element grve-align-left grve-title-no-line grve-h4\" style=\"\"><span>Explosion Protection Officer<\/span><\/h4>\r\n\t\t<div class=\"grve-team grve-element\" style=\"\">\r\n\t\t\t<figure class=\"grve-image-hover grve-style-1 grve-zoom-in\">\r\n\t\t\t\t<div class=\"grve-team-person grve-media grve-dark-overlay grve-opacity-60\">\r\n\t\t\t\t\t<img decoding=\"async\" width=\"300\" height=\"300\" src=\"https:\/\/www.weyer-gruppe.com\/wp-content\/uploads\/2019\/07\/wip-t.brandes.png\" class=\"attachment-grve-image-small-square size-grve-image-small-square\" alt=\"Employee photo of Tobias Brandes of weyer IngenieurPartner GmbH\" srcset=\"https:\/\/www.weyer-gruppe.com\/wp-content\/uploads\/2019\/07\/wip-t.brandes.png 300w, https:\/\/www.weyer-gruppe.com\/wp-content\/uploads\/2019\/07\/wip-t.brandes-150x150.png 150w, https:\/\/www.weyer-gruppe.com\/wp-content\/uploads\/2019\/07\/wip-t.brandes-80x80.png 80w\" sizes=\"(max-width: 300px) 100vw, 300px\" \/>\t\t\t\t<\/div>\r\n\t\t\t\t<figcaption>\r\n\t\t\t\t\t<div class=\"grve-team-description\">\r\n\t\t\t\t\t\t\t\t\t\t\t\t<h4 class=\"grve-team-name grve-dark grve-h4\">Tobias Brandes<\/h4>\r\n\t\t\t\t\t\t\t\t\t\t\t\t<small class=\"grve-team-identity grve-dark\">weyer IngenieurPartner<\/small>\r\n\t\t\t\t\t<\/div>\r\n\t\t\t\t\t\t\t\t\t<\/figcaption>\r\n\t\t\t<\/figure>\r\n\t\t<\/div>\r\n\r\n\t\t[\/vc_column][\/vc_row][vc_row][vc_column]<div class=\"grve-element grve-hr grve-space-divider\" style=\"\"><\/div>[\/vc_column][\/vc_row][vc_row][vc_column]<h4 class=\"grve-element grve-align-left grve-title-no-line grve-h4\" style=\"\"><span>Safety Specialists according to ASiG<\/span><\/h4>[\/vc_column][\/vc_row][vc_row][vc_column width=&#8221;1\/4&#8243; tablet_sm_width=&#8221;1-2&#8243;]\r\n\t\t<div class=\"grve-team grve-element\" style=\"\">\r\n\t\t\t<figure class=\"grve-image-hover grve-style-1 grve-zoom-in\">\r\n\t\t\t\t<div class=\"grve-team-person grve-media grve-dark-overlay grve-opacity-60\">\r\n\t\t\t\t\t<img decoding=\"async\" width=\"300\" height=\"300\" src=\"https:\/\/www.weyer-gruppe.com\/wp-content\/uploads\/2019\/07\/felix-kalienke-horst-weyer-und-partner.png\" class=\"attachment-grve-image-small-square size-grve-image-small-square\" alt=\"Photo of Felix Kalienke of horst weyer und partner gmbh\" srcset=\"https:\/\/www.weyer-gruppe.com\/wp-content\/uploads\/2019\/07\/felix-kalienke-horst-weyer-und-partner.png 300w, https:\/\/www.weyer-gruppe.com\/wp-content\/uploads\/2019\/07\/felix-kalienke-horst-weyer-und-partner-150x150.png 150w, https:\/\/www.weyer-gruppe.com\/wp-content\/uploads\/2019\/07\/felix-kalienke-horst-weyer-und-partner-80x80.png 80w\" sizes=\"(max-width: 300px) 100vw, 300px\" \/>\t\t\t\t<\/div>\r\n\t\t\t\t<figcaption>\r\n\t\t\t\t\t<div class=\"grve-team-description\">\r\n\t\t\t\t\t\t\t\t\t\t\t\t<h4 class=\"grve-team-name grve-dark grve-h4\">Felix Kalienke<\/h4>\r\n\t\t\t\t\t\t\t\t\t\t\t\t<small class=\"grve-team-identity grve-dark\">horst weyer und partner<\/small>\r\n\t\t\t\t\t<\/div>\r\n\t\t\t\t\t\t\t\t\t<\/figcaption>\r\n\t\t\t<\/figure>\r\n\t\t<\/div>\r\n\r\n\t\t[\/vc_column][vc_column width=&#8221;1\/4&#8243; tablet_sm_width=&#8221;1-2&#8243;]\r\n\t\t<div class=\"grve-team grve-element\" style=\"\">\r\n\t\t\t<figure class=\"grve-image-hover grve-style-1 grve-zoom-in\">\r\n\t\t\t\t<div class=\"grve-team-person grve-media grve-dark-overlay grve-opacity-60\">\r\n\t\t\t\t\t<img decoding=\"async\" width=\"300\" height=\"300\" src=\"https:\/\/www.weyer-gruppe.com\/wp-content\/uploads\/2024\/04\/l.handschuh_web.png\" class=\"attachment-grve-image-small-square size-grve-image-small-square\" alt=\"Mitarbeiterfoto von Laura Handschuh\" srcset=\"https:\/\/www.weyer-gruppe.com\/wp-content\/uploads\/2024\/04\/l.handschuh_web.png 300w, https:\/\/www.weyer-gruppe.com\/wp-content\/uploads\/2024\/04\/l.handschuh_web-150x150.png 150w, https:\/\/www.weyer-gruppe.com\/wp-content\/uploads\/2024\/04\/l.handschuh_web-80x80.png 80w\" sizes=\"(max-width: 300px) 100vw, 300px\" \/>\t\t\t\t<\/div>\r\n\t\t\t\t<figcaption>\r\n\t\t\t\t\t<div class=\"grve-team-description\">\r\n\t\t\t\t\t\t\t\t\t\t\t\t<h4 class=\"grve-team-name grve-dark grve-h4\">Laura Handschuh<\/h4>\r\n\t\t\t\t\t\t\t\t\t\t\t\t<small class=\"grve-team-identity grve-dark\">horst weyer und partner<\/small>\r\n\t\t\t\t\t<\/div>\r\n\t\t\t\t\t\t\t\t\t<\/figcaption>\r\n\t\t\t<\/figure>\r\n\t\t<\/div>\r\n\r\n\t\t[\/vc_column][vc_column width=&#8221;1\/4&#8243; tablet_sm_width=&#8221;1-2&#8243;]\r\n\t\t<div class=\"grve-team grve-element\" style=\"\">\r\n\t\t\t<figure class=\"grve-image-hover grve-style-1 grve-zoom-in\">\r\n\t\t\t\t<div class=\"grve-team-person grve-media grve-dark-overlay grve-opacity-60\">\r\n\t\t\t\t\t<img decoding=\"async\" width=\"560\" height=\"560\" src=\"https:\/\/www.weyer-gruppe.com\/wp-content\/uploads\/2025\/09\/m.witt_-560x560.png\" class=\"attachment-grve-image-small-square size-grve-image-small-square\" alt=\"Mitarbeiter Foto Maurice Witt - horst weyer und partner gmbh\" srcset=\"https:\/\/www.weyer-gruppe.com\/wp-content\/uploads\/2025\/09\/m.witt_-560x560.png 560w, https:\/\/www.weyer-gruppe.com\/wp-content\/uploads\/2025\/09\/m.witt_-150x150.png 150w, https:\/\/www.weyer-gruppe.com\/wp-content\/uploads\/2025\/09\/m.witt_-80x80.png 80w\" sizes=\"(max-width: 560px) 100vw, 560px\" \/>\t\t\t\t<\/div>\r\n\t\t\t\t<figcaption>\r\n\t\t\t\t\t<div class=\"grve-team-description\">\r\n\t\t\t\t\t\t\t\t\t\t\t\t<h6 class=\"grve-team-name grve-dark grve-h6\">Maurice Witt<\/h6>\r\n\t\t\t\t\t\t\t\t\t\t\t\t<small class=\"grve-team-identity grve-dark\">horst weyer und partner gmbh<\/small>\r\n\t\t\t\t\t<\/div>\r\n\t\t\t\t\t\t\t\t\t<\/figcaption>\r\n\t\t\t<\/figure>\r\n\t\t<\/div>\r\n\r\n\t\t[\/vc_column][\/vc_row][vc_row][vc_column]<div class=\"grve-element grve-hr grve-space-divider\" style=\"\"><\/div>[\/vc_column][\/vc_row][vc_row bg_type=&#8221;color&#8221; bg_color=&#8221;#0070B9&#8243;][vc_column]<div class=\"grve-element grve-hr grve-space-divider\" style=\"\"><\/div>[\/vc_column][vc_column width=&#8221;1\/2&#8243;][vc_column_text css=&#8221;&#8221;]\n<h4><span style=\"color: #ffffff;\">Explore current job openings at the weyer gruppe<\/span><\/h4>\n[\/vc_column_text][\/vc_column][vc_column width=&#8221;1\/2&#8243;]<div class=\"grve-element grve-align-center\"><a class=\"grve-btn grve-btn-medium grve-square grve-bg-primary-1\" href=\"https:\/\/www.weyer-gruppe.com\/en\/careers-2\/\" target=\"_blank\" style=\"\"><span>Job Openings<\/span><\/a><\/div>[\/vc_column][vc_column]<div class=\"grve-element grve-hr grve-space-divider\" style=\"\"><\/div>[\/vc_column][\/vc_row][vc_row][vc_column]<div class=\"grve-element grve-hr grve-space-divider\" style=\"\"><\/div>[\/vc_column][\/vc_row][vc_row][vc_column width=&#8221;1\/2&#8243;]<div class=\"grve-element grve-hr grve-space-divider\" style=\"\"><\/div><div class=\"grve-element grve-box-icon grve-align-center\" style=\"\">  <div class=\"grve-icon grve-large grve-simple grve-no-shape grve-color-primary-1 fa fa-envelope-o\"><\/div><\/div>[vc_column_text css=&#8221;&#8221;]\n<h5 style=\"text-align: center;\">Do you have any questions?<\/h5>\n<h5 style=\"text-align: center;\">Contact us!<\/h5>\n<h5 style=\"text-align: center;\">Our experts are happy to advise you!<\/h5>\n[\/vc_column_text][\/vc_column][vc_column width=&#8221;1\/2&#8243;]\n<div class=\"wpcf7 no-js\" id=\"wpcf7-f24176-o1\" lang=\"en-US\" dir=\"ltr\" data-wpcf7-id=\"24176\">\n<div class=\"screen-reader-response\"><p role=\"status\" aria-live=\"polite\" aria-atomic=\"true\"><\/p> <ul><\/ul><\/div>\n<form action=\"\/en\/wp-json\/wp\/v2\/pages\/24309#wpcf7-f24176-o1\" method=\"post\" class=\"wpcf7-form init\" aria-label=\"Contact form\" novalidate=\"novalidate\" data-status=\"init\">\n<fieldset class=\"hidden-fields-container\"><input type=\"hidden\" name=\"_wpcf7\" value=\"24176\" \/><input type=\"hidden\" name=\"_wpcf7_version\" value=\"6.1.5\" \/><input type=\"hidden\" name=\"_wpcf7_locale\" value=\"en_US\" \/><input type=\"hidden\" name=\"_wpcf7_unit_tag\" value=\"wpcf7-f24176-o1\" \/><input type=\"hidden\" name=\"_wpcf7_container_post\" value=\"0\" \/><input type=\"hidden\" name=\"_wpcf7_posted_data_hash\" value=\"\" \/><input type=\"hidden\" name=\"_wpcf7_recaptcha_response\" value=\"\" \/>\n<\/fieldset>\n<p><label> Salutation (required)<br \/>\n<span class=\"wpcf7-form-control-wrap\" data-name=\"anrede\"><select class=\"wpcf7-form-control wpcf7-select wpcf7-validates-as-required\" aria-required=\"true\" aria-invalid=\"false\" name=\"anrede\"><option value=\"\">&#8212;Please choose an option&#8212;<\/option><option value=\"Mr.\">Mr.<\/option><option value=\"Mrs.\">Mrs.<\/option><\/select><\/span> <\/label><br \/>\n<label> First name (required)<br \/>\n<span class=\"wpcf7-form-control-wrap\" data-name=\"your-prename\"><input size=\"40\" maxlength=\"400\" class=\"wpcf7-form-control wpcf7-text wpcf7-validates-as-required\" aria-required=\"true\" aria-invalid=\"false\" value=\"\" type=\"text\" name=\"your-prename\" \/><\/span> <\/label><br \/>\n<label> Last name (required)<br \/>\n<span class=\"wpcf7-form-control-wrap\" data-name=\"your-lastname\"><input size=\"40\" maxlength=\"400\" class=\"wpcf7-form-control wpcf7-text wpcf7-validates-as-required\" aria-required=\"true\" aria-invalid=\"false\" value=\"\" type=\"text\" name=\"your-lastname\" \/><\/span> <\/label><br \/>\n<label> E-mail address (required)<br \/>\n<span class=\"wpcf7-form-control-wrap\" data-name=\"your-email\"><input size=\"40\" maxlength=\"400\" class=\"wpcf7-form-control wpcf7-email wpcf7-validates-as-required wpcf7-text wpcf7-validates-as-email\" aria-required=\"true\" aria-invalid=\"false\" value=\"\" type=\"email\" name=\"your-email\" \/><\/span> <\/label><br \/>\n<label> Phone Number<br \/>\n<span class=\"wpcf7-form-control-wrap\" data-name=\"Telefon\"><input size=\"40\" maxlength=\"400\" class=\"wpcf7-form-control wpcf7-tel wpcf7-text wpcf7-validates-as-tel\" aria-invalid=\"false\" value=\"\" type=\"tel\" name=\"Telefon\" \/><\/span> <\/label><br \/>\n<label> Subject<br \/>\n<span class=\"wpcf7-form-control-wrap\" data-name=\"your-subject\"><input size=\"40\" maxlength=\"400\" class=\"wpcf7-form-control wpcf7-text\" aria-invalid=\"false\" value=\"\" type=\"text\" name=\"your-subject\" \/><\/span> <\/label><br \/>\n<label> Message<br \/>\n<span class=\"wpcf7-form-control-wrap\" data-name=\"your-message\"><textarea cols=\"40\" rows=\"10\" maxlength=\"2000\" class=\"wpcf7-form-control wpcf7-textarea\" aria-invalid=\"false\" name=\"your-message\"><\/textarea><\/span> <\/label><br \/>\n<span class=\"wpcf7-form-control-wrap\" data-name=\"Datenschutzerklaerung\"><span class=\"wpcf7-form-control wpcf7-checkbox wpcf7-validates-as-required\"><span class=\"wpcf7-list-item first last\"><input type=\"checkbox\" name=\"Datenschutzerklaerung[]\" value=\"I have read the privacy policy and agree to it.\" \/><span class=\"wpcf7-list-item-label\">I have read the privacy policy and agree to it.<\/span><\/span><\/span><\/span><br \/>\n<br \/>\n<input class=\"wpcf7-form-control wpcf7-submit has-spinner\" type=\"submit\" value=\"Send\" \/>\n<\/p><div class=\"wpcf7-response-output\" aria-hidden=\"true\"><\/div>\n<\/form>\n<\/div>\n[\/vc_column][\/vc_row]\n<\/div>","protected":false},"excerpt":{"rendered":"<p>[vc_row][vc_column][vc_column_text css=&#8221;&#8221;]The weyer gruppe has been supporting plant planners, manufacturers, operators, and investors since 1976 with a wide range of consulting and engineering services. The group serves clients in the chemical, pharmaceutical, petroleum, supply and disposal industries, as well as associations and public authorities. We support you in all phases of your projects, from plant [&hellip;]<\/p>\n","protected":false},"author":5,"featured_media":0,"parent":23751,"menu_order":0,"comment_status":"closed","ping_status":"closed","template":"","meta":{"footnotes":""},"class_list":["post-24309","page","type-page","status-publish","hentry"],"yoast_head":"<!-- This site is optimized with the Yoast SEO Premium plugin v27.4 (Yoast SEO v27.4) - https:\/\/yoast.com\/product\/yoast-seo-premium-wordpress\/ -->\n<title>Specialists and experts &#8211; the team of weyer gruppe<\/title>\n<meta name=\"description\" content=\"Here you will find an overview of the team of experts and specialists of the weyer gruppe. Get in touch with the contact person you need.\" \/>\n<meta name=\"robots\" content=\"index, follow, max-snippet:-1, max-image-preview:large, max-video-preview:-1\" \/>\n<link rel=\"canonical\" href=\"https:\/\/www.weyer-gruppe.com\/en\/about-us\/specialists-and-experts\/\" \/>\n<meta property=\"og:locale\" content=\"en_US\" \/>\n<meta property=\"og:type\" content=\"article\" \/>\n<meta property=\"og:title\" content=\"Specialists and experts\" \/>\n<meta property=\"og:description\" content=\"Here you will find an overview of the team of experts and specialists of the weyer gruppe. Get in touch with the contact person you need.\" \/>\n<meta property=\"og:url\" content=\"https:\/\/www.weyer-gruppe.com\/en\/about-us\/specialists-and-experts\/\" \/>\n<meta property=\"og:site_name\" content=\"weyer gruppe\" \/>\n<meta property=\"article:publisher\" content=\"https:\/\/www.facebook.com\/weyergruppe\" \/>\n<meta property=\"article:modified_time\" content=\"2026-03-20T09:50:47+00:00\" \/>\n<meta name=\"twitter:card\" content=\"summary_large_image\" \/>\n<meta name=\"twitter:label1\" content=\"Est. reading time\" \/>\n\t<meta name=\"twitter:data1\" content=\"6 minutes\" \/>\n<script type=\"application\/ld+json\" class=\"yoast-schema-graph\">{\"@context\":\"https:\\\/\\\/schema.org\",\"@graph\":[{\"@type\":\"WebPage\",\"@id\":\"https:\\\/\\\/www.weyer-gruppe.com\\\/en\\\/about-us\\\/specialists-and-experts\\\/\",\"url\":\"https:\\\/\\\/www.weyer-gruppe.com\\\/en\\\/about-us\\\/specialists-and-experts\\\/\",\"name\":\"Specialists and experts &#8211; the team of weyer gruppe\",\"isPartOf\":{\"@id\":\"https:\\\/\\\/www.weyer-gruppe.com\\\/en\\\/#website\"},\"datePublished\":\"2019-07-17T14:32:20+00:00\",\"dateModified\":\"2026-03-20T09:50:47+00:00\",\"description\":\"Here you will find an overview of the team of experts and specialists of the weyer gruppe. Get in touch with the contact person you need.\",\"breadcrumb\":{\"@id\":\"https:\\\/\\\/www.weyer-gruppe.com\\\/en\\\/about-us\\\/specialists-and-experts\\\/#breadcrumb\"},\"inLanguage\":\"en-US\",\"potentialAction\":[{\"@type\":\"ReadAction\",\"target\":[\"https:\\\/\\\/www.weyer-gruppe.com\\\/en\\\/about-us\\\/specialists-and-experts\\\/\"]}]},{\"@type\":\"BreadcrumbList\",\"@id\":\"https:\\\/\\\/www.weyer-gruppe.com\\\/en\\\/about-us\\\/specialists-and-experts\\\/#breadcrumb\",\"itemListElement\":[{\"@type\":\"ListItem\",\"position\":1,\"name\":\"HOME\",\"item\":\"https:\\\/\\\/www.weyer-gruppe.com\\\/en\\\/\"},{\"@type\":\"ListItem\",\"position\":2,\"name\":\"About us\",\"item\":\"https:\\\/\\\/www.weyer-gruppe.com\\\/en\\\/about-us\\\/\"},{\"@type\":\"ListItem\",\"position\":3,\"name\":\"Specialists and experts\"}]},{\"@type\":\"WebSite\",\"@id\":\"https:\\\/\\\/www.weyer-gruppe.com\\\/en\\\/#website\",\"url\":\"https:\\\/\\\/www.weyer-gruppe.com\\\/en\\\/\",\"name\":\"weyer gruppe\",\"description\":\"komplett. durchdacht.\",\"publisher\":{\"@id\":\"https:\\\/\\\/www.weyer-gruppe.com\\\/en\\\/#organization\"},\"potentialAction\":[{\"@type\":\"SearchAction\",\"target\":{\"@type\":\"EntryPoint\",\"urlTemplate\":\"https:\\\/\\\/www.weyer-gruppe.com\\\/en\\\/?s={search_term_string}\"},\"query-input\":{\"@type\":\"PropertyValueSpecification\",\"valueRequired\":true,\"valueName\":\"search_term_string\"}}],\"inLanguage\":\"en-US\"},{\"@type\":\"Organization\",\"@id\":\"https:\\\/\\\/www.weyer-gruppe.com\\\/en\\\/#organization\",\"name\":\"weyer gruppe\",\"url\":\"https:\\\/\\\/www.weyer-gruppe.com\\\/en\\\/\",\"logo\":{\"@type\":\"ImageObject\",\"inLanguage\":\"en-US\",\"@id\":\"https:\\\/\\\/www.weyer-gruppe.com\\\/en\\\/#\\\/schema\\\/logo\\\/image\\\/\",\"url\":\"https:\\\/\\\/www.weyer-gruppe.com\\\/wp-content\\\/uploads\\\/2019\\\/07\\\/logo-weyer-gruppe-de.png\",\"contentUrl\":\"https:\\\/\\\/www.weyer-gruppe.com\\\/wp-content\\\/uploads\\\/2019\\\/07\\\/logo-weyer-gruppe-de.png\",\"width\":532,\"height\":513,\"caption\":\"weyer gruppe\"},\"image\":{\"@id\":\"https:\\\/\\\/www.weyer-gruppe.com\\\/en\\\/#\\\/schema\\\/logo\\\/image\\\/\"},\"sameAs\":[\"https:\\\/\\\/www.facebook.com\\\/weyergruppe\",\"https:\\\/\\\/de.linkedin.com\\\/company\\\/weyer-gruppe\",\"https:\\\/\\\/www.youtube.com\\\/channel\\\/UCmZItECuW56Ih_p501_Bq8A\"],\"description\":\"Die weyer gruppe ist seit 1976 Ihr Partner f\u00fcr verfahrenstechnische Anlagenplanung und Anlagensicherheit. Mit einem erfahrenen Team von \u00fcber 190 Mitarbeitern in Deutschland, \u00d6sterreich, Polen und der Schweiz realisieren wir j\u00e4hrlich \u00fcber 1.000 Kundenprojekte. Unsere Expertise erstreckt sich \u00fcber verschiedene Branchen wie Chemie, Pharma, Mineral\u00f6l sowie Ver- und Entsorgung. Vertrauen Sie auf die weyer Gruppe f\u00fcr ma\u00dfgeschneiderte Engineering- und Consulting-L\u00f6sungen, die Ihre Anforderungen in puncto Sicherheit und Effizienz erf\u00fcllen.\",\"email\":\"info@weyer-gruppe.com\",\"telephone\":\"+49 (0) 24 21 \u2013 69 09 1 \u2013 0\",\"numberOfEmployees\":{\"@type\":\"QuantitativeValue\",\"minValue\":\"51\",\"maxValue\":\"200\"}}]}<\/script>\n<!-- \/ Yoast SEO Premium plugin. -->","yoast_head_json":{"title":"Specialists and experts &#8211; the team of weyer gruppe","description":"Here you will find an overview of the team of experts and specialists of the weyer gruppe. Get in touch with the contact person you need.","robots":{"index":"index","follow":"follow","max-snippet":"max-snippet:-1","max-image-preview":"max-image-preview:large","max-video-preview":"max-video-preview:-1"},"canonical":"https:\/\/www.weyer-gruppe.com\/en\/about-us\/specialists-and-experts\/","og_locale":"en_US","og_type":"article","og_title":"Specialists and experts","og_description":"Here you will find an overview of the team of experts and specialists of the weyer gruppe. Get in touch with the contact person you need.","og_url":"https:\/\/www.weyer-gruppe.com\/en\/about-us\/specialists-and-experts\/","og_site_name":"weyer gruppe","article_publisher":"https:\/\/www.facebook.com\/weyergruppe","article_modified_time":"2026-03-20T09:50:47+00:00","twitter_card":"summary_large_image","twitter_misc":{"Est. reading time":"6 minutes"},"schema":{"@context":"https:\/\/schema.org","@graph":[{"@type":"WebPage","@id":"https:\/\/www.weyer-gruppe.com\/en\/about-us\/specialists-and-experts\/","url":"https:\/\/www.weyer-gruppe.com\/en\/about-us\/specialists-and-experts\/","name":"Specialists and experts &#8211; the team of weyer gruppe","isPartOf":{"@id":"https:\/\/www.weyer-gruppe.com\/en\/#website"},"datePublished":"2019-07-17T14:32:20+00:00","dateModified":"2026-03-20T09:50:47+00:00","description":"Here you will find an overview of the team of experts and specialists of the weyer gruppe. Get in touch with the contact person you need.","breadcrumb":{"@id":"https:\/\/www.weyer-gruppe.com\/en\/about-us\/specialists-and-experts\/#breadcrumb"},"inLanguage":"en-US","potentialAction":[{"@type":"ReadAction","target":["https:\/\/www.weyer-gruppe.com\/en\/about-us\/specialists-and-experts\/"]}]},{"@type":"BreadcrumbList","@id":"https:\/\/www.weyer-gruppe.com\/en\/about-us\/specialists-and-experts\/#breadcrumb","itemListElement":[{"@type":"ListItem","position":1,"name":"HOME","item":"https:\/\/www.weyer-gruppe.com\/en\/"},{"@type":"ListItem","position":2,"name":"About us","item":"https:\/\/www.weyer-gruppe.com\/en\/about-us\/"},{"@type":"ListItem","position":3,"name":"Specialists and experts"}]},{"@type":"WebSite","@id":"https:\/\/www.weyer-gruppe.com\/en\/#website","url":"https:\/\/www.weyer-gruppe.com\/en\/","name":"weyer gruppe","description":"komplett. durchdacht.","publisher":{"@id":"https:\/\/www.weyer-gruppe.com\/en\/#organization"},"potentialAction":[{"@type":"SearchAction","target":{"@type":"EntryPoint","urlTemplate":"https:\/\/www.weyer-gruppe.com\/en\/?s={search_term_string}"},"query-input":{"@type":"PropertyValueSpecification","valueRequired":true,"valueName":"search_term_string"}}],"inLanguage":"en-US"},{"@type":"Organization","@id":"https:\/\/www.weyer-gruppe.com\/en\/#organization","name":"weyer gruppe","url":"https:\/\/www.weyer-gruppe.com\/en\/","logo":{"@type":"ImageObject","inLanguage":"en-US","@id":"https:\/\/www.weyer-gruppe.com\/en\/#\/schema\/logo\/image\/","url":"https:\/\/www.weyer-gruppe.com\/wp-content\/uploads\/2019\/07\/logo-weyer-gruppe-de.png","contentUrl":"https:\/\/www.weyer-gruppe.com\/wp-content\/uploads\/2019\/07\/logo-weyer-gruppe-de.png","width":532,"height":513,"caption":"weyer gruppe"},"image":{"@id":"https:\/\/www.weyer-gruppe.com\/en\/#\/schema\/logo\/image\/"},"sameAs":["https:\/\/www.facebook.com\/weyergruppe","https:\/\/de.linkedin.com\/company\/weyer-gruppe","https:\/\/www.youtube.com\/channel\/UCmZItECuW56Ih_p501_Bq8A"],"description":"Die weyer gruppe ist seit 1976 Ihr Partner f\u00fcr verfahrenstechnische Anlagenplanung und Anlagensicherheit. Mit einem erfahrenen Team von \u00fcber 190 Mitarbeitern in Deutschland, \u00d6sterreich, Polen und der Schweiz realisieren wir j\u00e4hrlich \u00fcber 1.000 Kundenprojekte. Unsere Expertise erstreckt sich \u00fcber verschiedene Branchen wie Chemie, Pharma, Mineral\u00f6l sowie Ver- und Entsorgung. Vertrauen Sie auf die weyer Gruppe f\u00fcr ma\u00dfgeschneiderte Engineering- und Consulting-L\u00f6sungen, die Ihre Anforderungen in puncto Sicherheit und Effizienz erf\u00fcllen.","email":"info@weyer-gruppe.com","telephone":"+49 (0) 24 21 \u2013 69 09 1 \u2013 0","numberOfEmployees":{"@type":"QuantitativeValue","minValue":"51","maxValue":"200"}}]}},"_links":{"self":[{"href":"https:\/\/www.weyer-gruppe.com\/en\/wp-json\/wp\/v2\/pages\/24309","targetHints":{"allow":["GET"]}}],"collection":[{"href":"https:\/\/www.weyer-gruppe.com\/en\/wp-json\/wp\/v2\/pages"}],"about":[{"href":"https:\/\/www.weyer-gruppe.com\/en\/wp-json\/wp\/v2\/types\/page"}],"author":[{"embeddable":true,"href":"https:\/\/www.weyer-gruppe.com\/en\/wp-json\/wp\/v2\/users\/5"}],"replies":[{"embeddable":true,"href":"https:\/\/www.weyer-gruppe.com\/en\/wp-json\/wp\/v2\/comments?post=24309"}],"version-history":[{"count":6,"href":"https:\/\/www.weyer-gruppe.com\/en\/wp-json\/wp\/v2\/pages\/24309\/revisions"}],"predecessor-version":[{"id":237992,"href":"https:\/\/www.weyer-gruppe.com\/en\/wp-json\/wp\/v2\/pages\/24309\/revisions\/237992"}],"up":[{"embeddable":true,"href":"https:\/\/www.weyer-gruppe.com\/en\/wp-json\/wp\/v2\/pages\/23751"}],"wp:attachment":[{"href":"https:\/\/www.weyer-gruppe.com\/en\/wp-json\/wp\/v2\/media?parent=24309"}],"curies":[{"name":"wp","href":"https:\/\/api.w.org\/{rel}","templated":true}]}}