{"id":23368,"date":"2020-01-23T15:42:43","date_gmt":"2020-01-23T14:42:43","guid":{"rendered":"https:\/\/www.weyer-gruppe.com\/exhaust-air-cleaning-2\/"},"modified":"2026-03-19T15:52:53","modified_gmt":"2026-03-19T14:52:53","slug":"exhaust-air-cleaning-2","status":"publish","type":"page","link":"https:\/\/www.weyer-gruppe.com\/en\/plant-planners-and-manufacturers\/exhaust-air-cleaning-2\/","title":{"rendered":"Exhaust air cleaning"},"content":{"rendered":"<div class=\"wpb-content-wrapper\">[vc_row][vc_column][vc_column_text]Bei der Entwicklung von Abluftreinigungskonzepten, insbesondere bei der zentralen Behandlung mehrerer Abluftstr\u00f6me, ergeben sich vielf\u00e4ltige Fragestellungen, Abh\u00e4ngigkeiten und Zielkonflikte \u2013 alles rund um das Thema Abluftreinigung. Neben der konformen Abreinigung der Abluft auf die anzuwendenden Grenzwerte stehen hierbei Fragestellungen rund um die betriebliche Verf\u00fcgbarkeit der Abluftreinigungsanlage, deren Einfl\u00fcsse auf das Sicherheitskonzept der angeschlossenen Anlagen sowie der Energieeffizienz und Wirtschaftlichkeit im Mittelpunkt. All diese Fragestellungen gilt es m\u00f6glichst fr\u00fch und abschlie\u00dfend im Rahmen einer Konzeptfindung zu kl\u00e4ren. Am Ende der Konzeptfindung steht immer die Auswahl des in der Summe aller anzulegenden Kriterien optimalen Abluftreinigungsverfahrens inkl. des zugeh\u00f6rigen Sicherheitskonzeptes.<\/p>\n<p>Ma\u00dfgebliche Faktoren, die mit in eine Beurteilung einflie\u00dfen, sind neben den Investitions- und Betriebskosten auch die technisch sichere Umsetzung. Ein Abluftsammelsystem bzw. Abgassammelsystem an dem Batchprozessanlagen angeschlossen sind, verh\u00e4lt sich anders als ein System in das Abgasstr\u00f6me aus kontinuierlich arbeitenden Prozessen eingeleitet werden. Sollen die anfallenden Abgasmengenstr\u00f6me einer Verbrennungsanlage zugef\u00fchrt werden, so gibt es hier unterschiedliche Verfahren, wie die thermische Nachverbrennung, die katalytische Nachverbrennung sowie die regenerative Nachverbrennung.<\/p>\n<p>Jedes dieser Verfahren bringt seine eigenen Vorteile im Vergleich zu den anderen mit sich. Hier ist es notwendig alle Aspekte zu erfassen, um zun\u00e4chst eine technische Machbarkeit und Sinnhaftigkeit der einzusetzenden Technik ermitteln zu k\u00f6nnen. Hier stehen vor allen Dingen nachfolgende Kriterien im Vordergrund:<\/p>\n<ul class=\"arrow-gray\">\n<li class=\"first-child\">Beladung mit Kohlenwasserstoffen, die zum Energiebeitrag bei der Verbrennung beitragen<\/li>\n<li>Untere und obere Explosionsgrenzen<\/li>\n<li>Katalysatorgifte<\/li>\n<li>Schwankungsbreiten im Gasvolumenstrom<\/li>\n<li>Schwankungsbreiten der organischen Beladungen<\/li>\n<li class=\"last-child\">Zeitliche Darstellung der genannten Schwankungen<\/li>\n<\/ul>\n<p>Ausgehend von einer unerl\u00e4sslichen Analyse des Abgassystems erfolgt dann die Bewertung der einzelnen Verbrennungsverfahren.<\/p>\n<p>Nat\u00fcrlich stehen neben der Verbrennung noch weitere Verfahren zur Verf\u00fcgung. Hier sind beispielsweise die Absorption, die Adsorption, die Kondensation und Membrananlagen zu nennen. Hier sind die Einsatzbereiche sehr begrenzt. Sie k\u00f6nnen dort ihre Vorteile ausspielen, wo beispielsweise eine oder nur einige Komponenten im Abgas enthalten sind und mit den Verfahren mit vertretbarem Aufwand zu separieren sind. Insbesondere wenn Stoffe aus dem Abgas zur\u00fcckgewonnen werden sollen, wie es beispielweise bei der L\u00f6sungsmittelr\u00fcckgewinnung oft der Fall ist, werden solche Verfahren einer n\u00e4heren Betrachtung unterzogen.<\/p>\n<p>Nicht zu untersch\u00e4tzen sind auch neu hinzukommende Abgasstr\u00f6me aus modifizierten oder neuen Prozessanlagen, die ans Abgassystem angeschlossen werden. Hierzu ist es unbedingt notwendig das komplette System neu zu bewerten. Gerade im Bereich der Sicherheitstechnik, hier vor allen Dingen der Explosionsschutz, kann sich ein erheblicher Einfluss ergeben.<\/p>\n<h2>Leistungen innerhalb der Abluftreinigung<\/h2>\n<ul class=\"arrow-gray\">\n<li class=\"first-child\">Ermittlung der Abluftstromdaten und der Auslegungsbasis<\/li>\n<li>Auswahl des Abluftreinigungsverfahrens<\/li>\n<li>Einteilung der explosionsgef\u00e4hrdeten Bereiche<\/li>\n<li>Erstellung des Explosionsschutzkonzeptes<\/li>\n<li>Erstellung von Anfragespezifikationen und Begleitung beim Vergabeverfahren<\/li>\n<li>Kostensch\u00e4tzung<\/li>\n<li class=\"last-child\">Inbetriebnahme und Montagebegleitung<\/li>\n<\/ul>\n[\/vc_column_text][\/vc_column][\/vc_row][vc_row][vc_column]<div class=\"grve-element grve-hr grve-space-divider\" style=\"\"><\/div>[\/vc_column][\/vc_row][vc_row bg_type=&#8221;color&#8221; bg_color=&#8221;#0b3c80&#8243; font_color=&#8221;#ffffff&#8221;][vc_column]<div class=\"grve-element grve-hr grve-space-divider\" style=\"\"><\/div>[vc_row_inner][vc_column_inner width=&#8221;1\/2&#8243;][vc_column_text css=&#8221;.vc_custom_1659343248045{border-right-width: px !important;padding-right: 60px !important;}&#8221;]\n<div class=\"grve-content grve-align-right\" style=\"text-align: right;\">\n<h6>weyer spezial: Abluftreinigung<\/h6>\n<p>Bei der Entwicklung moderner Abluftreinigungskonzepte sind eine Vielzahl von Kriterien zu ber\u00fccksichtigen. Zum Einen wurden die anzuwendenden Grenzwerte durch den Gesetzgeber versch\u00e4rft, zum Anderen darf die Produktion durch die Installation und den Betrieb der Abluftreinigungsanlage nicht gest\u00f6rt werden. Letztlich liegt heute \u2013 mehr denn je \u2013 ein Fokus auf der Wirtschaftlichkeit der eingesetzten Verfahren\u2026<\/p>\n<p><a class=\"grve-read-more \" href=\"https:\/\/www.weyer-gruppe.com\/wp-content\/uploads\/2023\/04\/2022_weyer-spezial_Abluftreinigung_29.11.2023.pdf\" target=\"_blank\" rel=\"noopener\">Hier weyer spezial herunterladen<\/a><\/div>\n[\/vc_column_text][\/vc_column_inner][vc_column_inner width=&#8221;1\/3&#8243;]<div class=\"grve-element grve-image grve-align-left\" style=\"\"><a href=\"https:\/\/www.weyer-gruppe.com\/wp-content\/uploads\/2022\/08\/2022_weyer-special_Exhaust-air-cleaning-1.pdf\" target=\"_self\"><img decoding=\"async\" width=\"250\" height=\"354\" src=\"https:\/\/www.weyer-gruppe.com\/wp-content\/uploads\/2019\/07\/weyer-spezial-weyer-gruppe-abluftreinigung.jpg\" class=\"attachment-full size-full\" alt=\"weyer spezial zum Thema Abluftreinigung\" \/><\/a><\/div>[\/vc_column_inner][\/vc_row_inner][vc_empty_space height=&#8221;60px&#8221;][\/vc_column][\/vc_row][vc_row][vc_column]<div class=\"grve-element grve-hr grve-space-divider\" style=\"\"><\/div><h3 class=\"grve-element grve-align-left grve-title-no-line grve-h3\" style=\"\"><span>Our Team<\/span><\/h3>[\/vc_column][\/vc_row][vc_row][vc_column width=&#8221;1\/4&#8243; tablet_sm_width=&#8221;1-2&#8243;]\r\n\t\t<div class=\"grve-team grve-element\" style=\"\">\r\n\t\t\t<figure class=\"grve-image-hover grve-style-1 grve-zoom-in\">\r\n\t\t\t\t<div class=\"grve-team-person grve-media grve-dark-overlay grve-opacity-60\">\r\n\t\t\t\t\t<img decoding=\"async\" width=\"300\" height=\"300\" src=\"https:\/\/www.weyer-gruppe.com\/wp-content\/uploads\/2019\/07\/ulrich-pynappel-horst-weyer-und-partner.jpg\" class=\"attachment-grve-image-small-square size-grve-image-small-square\" alt=\"Foto von Ulrich Pynappel der Horst Weyer und Partner gmbh\" srcset=\"https:\/\/www.weyer-gruppe.com\/wp-content\/uploads\/2019\/07\/ulrich-pynappel-horst-weyer-und-partner.jpg 300w, https:\/\/www.weyer-gruppe.com\/wp-content\/uploads\/2019\/07\/ulrich-pynappel-horst-weyer-und-partner-150x150.jpg 150w, https:\/\/www.weyer-gruppe.com\/wp-content\/uploads\/2019\/07\/ulrich-pynappel-horst-weyer-und-partner-80x80.jpg 80w\" sizes=\"(max-width: 300px) 100vw, 300px\" \/>\t\t\t\t<\/div>\r\n\t\t\t\t<figcaption>\r\n\t\t\t\t\t<div class=\"grve-team-description\">\r\n\t\t\t\t\t\t\t\t\t\t\t\t<h4 class=\"grve-team-name grve-dark grve-h4\">Ulrich Pynappel<\/h4>\r\n\t\t\t\t\t\t\t\t\t\t\t\t<small class=\"grve-team-identity grve-dark\">horst weyer und partner<\/small>\r\n\t\t\t\t\t<\/div>\r\n\t\t\t\t\t\t\t\t\t<\/figcaption>\r\n\t\t\t<\/figure>\r\n\t\t<\/div>\r\n\r\n\t\t[\/vc_column][vc_column width=&#8221;1\/4&#8243; tablet_sm_width=&#8221;1-2&#8243;]\r\n\t\t<div class=\"grve-team grve-element\" style=\"\">\r\n\t\t\t<figure class=\"grve-image-hover grve-style-1 grve-zoom-in\">\r\n\t\t\t\t<div class=\"grve-team-person grve-media grve-dark-overlay grve-opacity-60\">\r\n\t\t\t\t\t<img decoding=\"async\" width=\"300\" height=\"300\" src=\"https:\/\/www.weyer-gruppe.com\/wp-content\/uploads\/2019\/07\/wch-f.sutter.png\" class=\"attachment-grve-image-small-square size-grve-image-small-square\" alt=\"Employee photo of Frank Sutter of Weyer und Partner (Schweiz) AG\" srcset=\"https:\/\/www.weyer-gruppe.com\/wp-content\/uploads\/2019\/07\/wch-f.sutter.png 300w, https:\/\/www.weyer-gruppe.com\/wp-content\/uploads\/2019\/07\/wch-f.sutter-150x150.png 150w, https:\/\/www.weyer-gruppe.com\/wp-content\/uploads\/2019\/07\/wch-f.sutter-80x80.png 80w\" sizes=\"(max-width: 300px) 100vw, 300px\" \/>\t\t\t\t<\/div>\r\n\t\t\t\t<figcaption>\r\n\t\t\t\t\t<div class=\"grve-team-description\">\r\n\t\t\t\t\t\t\t\t\t\t\t\t<h4 class=\"grve-team-name grve-dark grve-h4\">Frank Sutter<\/h4>\r\n\t\t\t\t\t\t\t\t\t\t\t\t<small class=\"grve-team-identity grve-dark\">Weyer und Partner (Schweiz)<\/small>\r\n\t\t\t\t\t<\/div>\r\n\t\t\t\t\t\t\t\t\t<\/figcaption>\r\n\t\t\t<\/figure>\r\n\t\t<\/div>\r\n\r\n\t\t[\/vc_column][vc_column width=&#8221;1\/4&#8243; tablet_sm_width=&#8221;1-2&#8243;]\r\n\t\t<div class=\"grve-team grve-element\" style=\"\">\r\n\t\t\t<figure class=\"grve-image-hover grve-style-1 grve-zoom-in\">\r\n\t\t\t\t<div class=\"grve-team-person grve-media grve-dark-overlay grve-opacity-60\">\r\n\t\t\t\t\t<img decoding=\"async\" width=\"300\" height=\"300\" src=\"https:\/\/www.weyer-gruppe.com\/wp-content\/uploads\/2019\/07\/weyer-polska-sylwia-prochniak.jpg\" class=\"attachment-grve-image-small-square size-grve-image-small-square\" alt=\"Foto von Sylwia Prochniak der Weyer Polska AG\" srcset=\"https:\/\/www.weyer-gruppe.com\/wp-content\/uploads\/2019\/07\/weyer-polska-sylwia-prochniak.jpg 300w, https:\/\/www.weyer-gruppe.com\/wp-content\/uploads\/2019\/07\/weyer-polska-sylwia-prochniak-150x150.jpg 150w, https:\/\/www.weyer-gruppe.com\/wp-content\/uploads\/2019\/07\/weyer-polska-sylwia-prochniak-80x80.jpg 80w\" sizes=\"(max-width: 300px) 100vw, 300px\" \/>\t\t\t\t<\/div>\r\n\t\t\t\t<figcaption>\r\n\t\t\t\t\t<div class=\"grve-team-description\">\r\n\t\t\t\t\t\t\t\t\t\t\t\t<h4 class=\"grve-team-name grve-dark grve-h4\">Sylwia Piekarczyk<\/h4>\r\n\t\t\t\t\t\t\t\t\t\t\t\t<small class=\"grve-team-identity grve-dark\">Weyer Polska Sp. z o. o.<\/small>\r\n\t\t\t\t\t<\/div>\r\n\t\t\t\t\t\t\t\t\t<\/figcaption>\r\n\t\t\t<\/figure>\r\n\t\t<\/div>\r\n\r\n\t\t[\/vc_column][\/vc_row]\n<\/div>","protected":false},"excerpt":{"rendered":"<p>[vc_row][vc_column][vc_column_text]Bei der Entwicklung von Abluftreinigungskonzepten, insbesondere bei der zentralen Behandlung mehrerer Abluftstr\u00f6me, ergeben sich vielf\u00e4ltige Fragestellungen, Abh\u00e4ngigkeiten und Zielkonflikte \u2013 alles rund um das Thema Abluftreinigung. Neben der konformen Abreinigung der Abluft auf die anzuwendenden Grenzwerte stehen hierbei Fragestellungen rund um die betriebliche Verf\u00fcgbarkeit der Abluftreinigungsanlage, deren Einfl\u00fcsse auf das Sicherheitskonzept der angeschlossenen Anlagen sowie [&hellip;]<\/p>\n","protected":false},"author":2,"featured_media":0,"parent":23872,"menu_order":0,"comment_status":"closed","ping_status":"closed","template":"","meta":{"footnotes":""},"class_list":["post-23368","page","type-page","status-publish","hentry"],"yoast_head":"<!-- This site is optimized with the Yoast SEO Premium plugin v27.4 (Yoast SEO v27.4) - https:\/\/yoast.com\/product\/yoast-seo-premium-wordpress\/ -->\n<title>Exhaust air cleaning &#8211; weyer gruppe<\/title>\n<meta name=\"robots\" content=\"index, follow, max-snippet:-1, max-image-preview:large, max-video-preview:-1\" \/>\n<link rel=\"canonical\" href=\"https:\/\/www.weyer-gruppe.com\/en\/plant-planners-and-manufacturers\/exhaust-air-cleaning-2\/\" \/>\n<meta property=\"og:locale\" content=\"en_US\" \/>\n<meta property=\"og:type\" content=\"article\" \/>\n<meta property=\"og:title\" content=\"Exhaust air cleaning\" \/>\n<meta property=\"og:description\" content=\"[vc_row][vc_column][vc_column_text]Bei der Entwicklung von Abluftreinigungskonzepten, insbesondere bei der zentralen Behandlung mehrerer Abluftstr\u00f6me, ergeben sich vielf\u00e4ltige Fragestellungen, Abh\u00e4ngigkeiten und Zielkonflikte \u2013 alles rund um das Thema Abluftreinigung. Neben der konformen Abreinigung der Abluft auf die anzuwendenden Grenzwerte stehen hierbei Fragestellungen rund um die betriebliche Verf\u00fcgbarkeit der Abluftreinigungsanlage, deren Einfl\u00fcsse auf das Sicherheitskonzept der angeschlossenen Anlagen sowie [&hellip;]\" \/>\n<meta property=\"og:url\" content=\"https:\/\/www.weyer-gruppe.com\/en\/plant-planners-and-manufacturers\/exhaust-air-cleaning-2\/\" \/>\n<meta property=\"og:site_name\" content=\"weyer gruppe\" \/>\n<meta property=\"article:publisher\" content=\"https:\/\/www.facebook.com\/weyergruppe\" \/>\n<meta property=\"article:modified_time\" content=\"2026-03-19T14:52:53+00:00\" \/>\n<meta name=\"twitter:card\" content=\"summary_large_image\" \/>\n<meta name=\"twitter:label1\" content=\"Est. reading time\" \/>\n\t<meta name=\"twitter:data1\" content=\"3 minutes\" \/>\n<script type=\"application\/ld+json\" class=\"yoast-schema-graph\">{\"@context\":\"https:\\\/\\\/schema.org\",\"@graph\":[{\"@type\":\"WebPage\",\"@id\":\"https:\\\/\\\/www.weyer-gruppe.com\\\/en\\\/plant-planners-and-manufacturers\\\/exhaust-air-cleaning-2\\\/\",\"url\":\"https:\\\/\\\/www.weyer-gruppe.com\\\/en\\\/plant-planners-and-manufacturers\\\/exhaust-air-cleaning-2\\\/\",\"name\":\"Exhaust air cleaning &#8211; weyer gruppe\",\"isPartOf\":{\"@id\":\"https:\\\/\\\/www.weyer-gruppe.com\\\/en\\\/#website\"},\"datePublished\":\"2020-01-23T14:42:43+00:00\",\"dateModified\":\"2026-03-19T14:52:53+00:00\",\"breadcrumb\":{\"@id\":\"https:\\\/\\\/www.weyer-gruppe.com\\\/en\\\/plant-planners-and-manufacturers\\\/exhaust-air-cleaning-2\\\/#breadcrumb\"},\"inLanguage\":\"en-US\",\"potentialAction\":[{\"@type\":\"ReadAction\",\"target\":[\"https:\\\/\\\/www.weyer-gruppe.com\\\/en\\\/plant-planners-and-manufacturers\\\/exhaust-air-cleaning-2\\\/\"]}]},{\"@type\":\"BreadcrumbList\",\"@id\":\"https:\\\/\\\/www.weyer-gruppe.com\\\/en\\\/plant-planners-and-manufacturers\\\/exhaust-air-cleaning-2\\\/#breadcrumb\",\"itemListElement\":[{\"@type\":\"ListItem\",\"position\":1,\"name\":\"HOME\",\"item\":\"https:\\\/\\\/www.weyer-gruppe.com\\\/en\\\/\"},{\"@type\":\"ListItem\",\"position\":2,\"name\":\"Plant planners and manufacturers\",\"item\":\"https:\\\/\\\/www.weyer-gruppe.com\\\/en\\\/plant-planners-and-manufacturers\\\/\"},{\"@type\":\"ListItem\",\"position\":3,\"name\":\"Exhaust air cleaning\"}]},{\"@type\":\"WebSite\",\"@id\":\"https:\\\/\\\/www.weyer-gruppe.com\\\/en\\\/#website\",\"url\":\"https:\\\/\\\/www.weyer-gruppe.com\\\/en\\\/\",\"name\":\"weyer gruppe\",\"description\":\"komplett. durchdacht.\",\"publisher\":{\"@id\":\"https:\\\/\\\/www.weyer-gruppe.com\\\/en\\\/#organization\"},\"potentialAction\":[{\"@type\":\"SearchAction\",\"target\":{\"@type\":\"EntryPoint\",\"urlTemplate\":\"https:\\\/\\\/www.weyer-gruppe.com\\\/en\\\/?s={search_term_string}\"},\"query-input\":{\"@type\":\"PropertyValueSpecification\",\"valueRequired\":true,\"valueName\":\"search_term_string\"}}],\"inLanguage\":\"en-US\"},{\"@type\":\"Organization\",\"@id\":\"https:\\\/\\\/www.weyer-gruppe.com\\\/en\\\/#organization\",\"name\":\"weyer gruppe\",\"url\":\"https:\\\/\\\/www.weyer-gruppe.com\\\/en\\\/\",\"logo\":{\"@type\":\"ImageObject\",\"inLanguage\":\"en-US\",\"@id\":\"https:\\\/\\\/www.weyer-gruppe.com\\\/en\\\/#\\\/schema\\\/logo\\\/image\\\/\",\"url\":\"https:\\\/\\\/www.weyer-gruppe.com\\\/wp-content\\\/uploads\\\/2019\\\/07\\\/logo-weyer-gruppe-de.png\",\"contentUrl\":\"https:\\\/\\\/www.weyer-gruppe.com\\\/wp-content\\\/uploads\\\/2019\\\/07\\\/logo-weyer-gruppe-de.png\",\"width\":532,\"height\":513,\"caption\":\"weyer gruppe\"},\"image\":{\"@id\":\"https:\\\/\\\/www.weyer-gruppe.com\\\/en\\\/#\\\/schema\\\/logo\\\/image\\\/\"},\"sameAs\":[\"https:\\\/\\\/www.facebook.com\\\/weyergruppe\",\"https:\\\/\\\/de.linkedin.com\\\/company\\\/weyer-gruppe\",\"https:\\\/\\\/www.youtube.com\\\/channel\\\/UCmZItECuW56Ih_p501_Bq8A\"],\"description\":\"Die weyer gruppe ist seit 1976 Ihr Partner f\u00fcr verfahrenstechnische Anlagenplanung und Anlagensicherheit. Mit einem erfahrenen Team von \u00fcber 190 Mitarbeitern in Deutschland, \u00d6sterreich, Polen und der Schweiz realisieren wir j\u00e4hrlich \u00fcber 1.000 Kundenprojekte. Unsere Expertise erstreckt sich \u00fcber verschiedene Branchen wie Chemie, Pharma, Mineral\u00f6l sowie Ver- und Entsorgung. Vertrauen Sie auf die weyer Gruppe f\u00fcr ma\u00dfgeschneiderte Engineering- und Consulting-L\u00f6sungen, die Ihre Anforderungen in puncto Sicherheit und Effizienz erf\u00fcllen.\",\"email\":\"info@weyer-gruppe.com\",\"telephone\":\"+49 (0) 24 21 \u2013 69 09 1 \u2013 0\",\"numberOfEmployees\":{\"@type\":\"QuantitativeValue\",\"minValue\":\"51\",\"maxValue\":\"200\"}}]}<\/script>\n<!-- \/ Yoast SEO Premium plugin. -->","yoast_head_json":{"title":"Exhaust air cleaning &#8211; weyer gruppe","robots":{"index":"index","follow":"follow","max-snippet":"max-snippet:-1","max-image-preview":"max-image-preview:large","max-video-preview":"max-video-preview:-1"},"canonical":"https:\/\/www.weyer-gruppe.com\/en\/plant-planners-and-manufacturers\/exhaust-air-cleaning-2\/","og_locale":"en_US","og_type":"article","og_title":"Exhaust air cleaning","og_description":"[vc_row][vc_column][vc_column_text]Bei der Entwicklung von Abluftreinigungskonzepten, insbesondere bei der zentralen Behandlung mehrerer Abluftstr\u00f6me, ergeben sich vielf\u00e4ltige Fragestellungen, Abh\u00e4ngigkeiten und Zielkonflikte \u2013 alles rund um das Thema Abluftreinigung. Neben der konformen Abreinigung der Abluft auf die anzuwendenden Grenzwerte stehen hierbei Fragestellungen rund um die betriebliche Verf\u00fcgbarkeit der Abluftreinigungsanlage, deren Einfl\u00fcsse auf das Sicherheitskonzept der angeschlossenen Anlagen sowie [&hellip;]","og_url":"https:\/\/www.weyer-gruppe.com\/en\/plant-planners-and-manufacturers\/exhaust-air-cleaning-2\/","og_site_name":"weyer gruppe","article_publisher":"https:\/\/www.facebook.com\/weyergruppe","article_modified_time":"2026-03-19T14:52:53+00:00","twitter_card":"summary_large_image","twitter_misc":{"Est. reading time":"3 minutes"},"schema":{"@context":"https:\/\/schema.org","@graph":[{"@type":"WebPage","@id":"https:\/\/www.weyer-gruppe.com\/en\/plant-planners-and-manufacturers\/exhaust-air-cleaning-2\/","url":"https:\/\/www.weyer-gruppe.com\/en\/plant-planners-and-manufacturers\/exhaust-air-cleaning-2\/","name":"Exhaust air cleaning &#8211; weyer gruppe","isPartOf":{"@id":"https:\/\/www.weyer-gruppe.com\/en\/#website"},"datePublished":"2020-01-23T14:42:43+00:00","dateModified":"2026-03-19T14:52:53+00:00","breadcrumb":{"@id":"https:\/\/www.weyer-gruppe.com\/en\/plant-planners-and-manufacturers\/exhaust-air-cleaning-2\/#breadcrumb"},"inLanguage":"en-US","potentialAction":[{"@type":"ReadAction","target":["https:\/\/www.weyer-gruppe.com\/en\/plant-planners-and-manufacturers\/exhaust-air-cleaning-2\/"]}]},{"@type":"BreadcrumbList","@id":"https:\/\/www.weyer-gruppe.com\/en\/plant-planners-and-manufacturers\/exhaust-air-cleaning-2\/#breadcrumb","itemListElement":[{"@type":"ListItem","position":1,"name":"HOME","item":"https:\/\/www.weyer-gruppe.com\/en\/"},{"@type":"ListItem","position":2,"name":"Plant planners and manufacturers","item":"https:\/\/www.weyer-gruppe.com\/en\/plant-planners-and-manufacturers\/"},{"@type":"ListItem","position":3,"name":"Exhaust air cleaning"}]},{"@type":"WebSite","@id":"https:\/\/www.weyer-gruppe.com\/en\/#website","url":"https:\/\/www.weyer-gruppe.com\/en\/","name":"weyer gruppe","description":"komplett. durchdacht.","publisher":{"@id":"https:\/\/www.weyer-gruppe.com\/en\/#organization"},"potentialAction":[{"@type":"SearchAction","target":{"@type":"EntryPoint","urlTemplate":"https:\/\/www.weyer-gruppe.com\/en\/?s={search_term_string}"},"query-input":{"@type":"PropertyValueSpecification","valueRequired":true,"valueName":"search_term_string"}}],"inLanguage":"en-US"},{"@type":"Organization","@id":"https:\/\/www.weyer-gruppe.com\/en\/#organization","name":"weyer gruppe","url":"https:\/\/www.weyer-gruppe.com\/en\/","logo":{"@type":"ImageObject","inLanguage":"en-US","@id":"https:\/\/www.weyer-gruppe.com\/en\/#\/schema\/logo\/image\/","url":"https:\/\/www.weyer-gruppe.com\/wp-content\/uploads\/2019\/07\/logo-weyer-gruppe-de.png","contentUrl":"https:\/\/www.weyer-gruppe.com\/wp-content\/uploads\/2019\/07\/logo-weyer-gruppe-de.png","width":532,"height":513,"caption":"weyer gruppe"},"image":{"@id":"https:\/\/www.weyer-gruppe.com\/en\/#\/schema\/logo\/image\/"},"sameAs":["https:\/\/www.facebook.com\/weyergruppe","https:\/\/de.linkedin.com\/company\/weyer-gruppe","https:\/\/www.youtube.com\/channel\/UCmZItECuW56Ih_p501_Bq8A"],"description":"Die weyer gruppe ist seit 1976 Ihr Partner f\u00fcr verfahrenstechnische Anlagenplanung und Anlagensicherheit. Mit einem erfahrenen Team von \u00fcber 190 Mitarbeitern in Deutschland, \u00d6sterreich, Polen und der Schweiz realisieren wir j\u00e4hrlich \u00fcber 1.000 Kundenprojekte. Unsere Expertise erstreckt sich \u00fcber verschiedene Branchen wie Chemie, Pharma, Mineral\u00f6l sowie Ver- und Entsorgung. Vertrauen Sie auf die weyer Gruppe f\u00fcr ma\u00dfgeschneiderte Engineering- und Consulting-L\u00f6sungen, die Ihre Anforderungen in puncto Sicherheit und Effizienz erf\u00fcllen.","email":"info@weyer-gruppe.com","telephone":"+49 (0) 24 21 \u2013 69 09 1 \u2013 0","numberOfEmployees":{"@type":"QuantitativeValue","minValue":"51","maxValue":"200"}}]}},"_links":{"self":[{"href":"https:\/\/www.weyer-gruppe.com\/en\/wp-json\/wp\/v2\/pages\/23368","targetHints":{"allow":["GET"]}}],"collection":[{"href":"https:\/\/www.weyer-gruppe.com\/en\/wp-json\/wp\/v2\/pages"}],"about":[{"href":"https:\/\/www.weyer-gruppe.com\/en\/wp-json\/wp\/v2\/types\/page"}],"author":[{"embeddable":true,"href":"https:\/\/www.weyer-gruppe.com\/en\/wp-json\/wp\/v2\/users\/2"}],"replies":[{"embeddable":true,"href":"https:\/\/www.weyer-gruppe.com\/en\/wp-json\/wp\/v2\/comments?post=23368"}],"version-history":[{"count":2,"href":"https:\/\/www.weyer-gruppe.com\/en\/wp-json\/wp\/v2\/pages\/23368\/revisions"}],"predecessor-version":[{"id":237945,"href":"https:\/\/www.weyer-gruppe.com\/en\/wp-json\/wp\/v2\/pages\/23368\/revisions\/237945"}],"up":[{"embeddable":true,"href":"https:\/\/www.weyer-gruppe.com\/en\/wp-json\/wp\/v2\/pages\/23872"}],"wp:attachment":[{"href":"https:\/\/www.weyer-gruppe.com\/en\/wp-json\/wp\/v2\/media?parent=23368"}],"curies":[{"name":"wp","href":"https:\/\/api.w.org\/{rel}","templated":true}]}}