{"id":23266,"date":"2019-12-16T16:59:41","date_gmt":"2019-12-16T15:59:41","guid":{"rendered":"https:\/\/www.weyer-gruppe.com\/risk-assessment-ra-in-accordance-with-the-operating-safety-ordinance-betrsichv-use-of-work-equipment-directive-am-vo-2\/"},"modified":"2026-02-26T13:16:45","modified_gmt":"2026-02-26T12:16:45","slug":"risk-assessment-ra-in-accordance-with-the-operating-safety-ordinance-betrsichv-use-of-work-equipment-directive-am-vo-2","status":"publish","type":"page","link":"https:\/\/www.weyer-gruppe.com\/en\/plant-planners-and-manufacturers\/risk-assessment-ra-in-accordance-with-the-operating-safety-ordinance-betrsichv-use-of-work-equipment-directive-am-vo-2\/","title":{"rendered":"Risk assessment (RA) in accordance with the Operating Safety Ordinance (BetrSichV) \/ Use of Work Equipment Directive (AM-VO)"},"content":{"rendered":"<div class=\"wpb-content-wrapper\">[vc_row][vc_column][vc_column_text]Der Arbeitgeber muss im Rahmen der Gef\u00e4rdungsbeurteilung (GBU) nach deutschem Arbeitsschutzgesetz bzw. der Evaluierung nach <a href=\"https:\/\/www.ris.bka.gv.at\/GeltendeFassung.wxe?Abfrage=Bundesnormen&amp;Gesetzesnummer=10008910\" target=\"_blank\" rel=\"noopener noreferrer\">\u00f6sterreichischem ArbeitnehmerInnenschutzgesetz (ASchG)<\/a> (siehe auch <a href=\"https:\/\/www.weyer-gruppe.com\/anlagenbetreiber-und-investoren\/betreiber-investoren-arbeitssicherheit-arbeitsschutz\/\" target=\"_blank\" rel=\"noopener noreferrer\">Arbeitssicherheit<\/a>) auch eine Beurteilung der jeweiligen Gef\u00e4hrdungen durch die vorhandenen Arbeitsmittel durchf\u00fchren. Die deutsche Betriebssicherheitsverordnung (<a href=\"https:\/\/www.gesetze-im-internet.de\/betrsichv_2015\/\" target=\"_blank\" rel=\"noopener noreferrer\">BetrSichV<\/a>) bzw. die \u00f6sterreichische Arbeitsmittelverordnung (<a href=\"https:\/\/www.ris.bka.gv.at\/GeltendeFassung.wxe?Abfrage=Bundesnormen&amp;Gesetzesnummer=20000727\" target=\"_blank\" rel=\"noopener noreferrer\">AM-VO<\/a>) konkretisieren die Anforderungen an die Gef\u00e4hrdungsbeurteilung (GBU) von Arbeitsmitteln.<\/p>\n<p>Die auftretenden Gef\u00e4hrdungen sind vor der Verwendung von Arbeitsmitteln \u2013 idealerweise in der Planungsphase vor der Beschaffung \u2013 zu beurteilen und daraus notwendige und geeignete Schutzma\u00dfnahmen abzuleiten.<\/p>\n<p>Bei der Beurteilung sind alle Gef\u00e4hrdungen einzubeziehen, die bei der Verwendung von Arbeitsmitteln auftreten k\u00f6nnen. Dabei werden sowohl die Arbeitsmittel selbst, wie auch die Arbeitsumgebung, Gegenst\u00e4nde an denen gearbeitet wird und die ergonomischen Zusammenh\u00e4nge dazwischen betrachtet, die den Arbeitsplatz ausmachen. Es ist besonders auf vorhersehbare Betriebsst\u00f6rungen und die Anwendung des Standes der Technik zu achten. Weiterhin sind Aspekte zur M\u00f6glichkeit einer Manipulation von Arbeitsmitteln, psychische Belastungen und Gef\u00e4hrdungen w\u00e4hrend Instandhaltungsarbeiten zu untersuchen. Nicht zuletzt sind Erkenntnisse aus dem betrieblichen Unfallgeschehen in die Gef\u00e4hrdungsbeurteilung einzubeziehen.<\/p>\n<p>Je nach Beanspruchung und Vorgaben durch die BetrSichV bzw. AM-VO sind Pr\u00fcfungen in regelm\u00e4\u00dfigen Abst\u00e4nden durchzuf\u00fchren. Insbesondere \u00fcberwachungsbed\u00fcrftige Anlagen (z. B. Druckger\u00e4te, Anlagen in explosionsgef\u00e4hrdeten Bereichen) unterliegen besonderen Regelungen und Pr\u00fcfungen durch bef\u00e4higte Personen oder eine zugelassene \u00dcberwachungsstelle. Die weyer gruppe unterst\u00fctzt Sie durch ihre langj\u00e4hrige Erfahrung bei der Erstellung einer Gef\u00e4hrdungsbeurteilung (GBU) nach BetrSichV \/ AM-VO.<\/p>\n<h2>Leistungen<\/h2>\n<ul class=\"arrow-gray\">\n<li>Erstellung von Gef\u00e4hrdungsbeurteilungen gem\u00e4\u00df <a href=\"https:\/\/www.gesetze-im-internet.de\/arbschg\/\" target=\"_blank\" rel=\"noopener noreferrer\">ArbSchG<\/a> bzw. ASchG unter Ber\u00fccksichtigung der Konkretisierungen, in Deutschland z. B. nach: <a href=\"https:\/\/www.gesetze-im-internet.de\/betrsichv_2015\/\" target=\"_blank\" rel=\"noopener noreferrer\">BetrSichV<\/a>, <a href=\"https:\/\/www.gesetze-im-internet.de\/gefstoffv_2010\/\" target=\"_blank\" rel=\"noopener noreferrer\">GefStoffV<\/a>, <a href=\"https:\/\/www.gesetze-im-internet.de\/biostoffv_2013\/\">BioStoffV<\/a>, <a href=\"https:\/\/www.gesetze-im-internet.de\/arbst_ttv_2004\/\" target=\"_blank\" rel=\"noopener noreferrer\">ArbSt\u00e4ttV<\/a><\/li>\n<li>Pr\u00fcfung auf Einhaltung der rechtlichen Vorgaben im Arbeits- und Gesundheitsschutz (weitere Informationen: <a href=\"https:\/\/www.weyer-gruppe.com\/anlagenbetreiber-und-investoren\/legal-compliance\/\" target=\"_blank\" rel=\"noopener noreferrer\">Legal Compliance Assessment<\/a>)<\/li>\n<\/ul>\n[\/vc_column_text][\/vc_column][\/vc_row][vc_row][vc_column]<h3 class=\"grve-element grve-align-left grve-title-no-line grve-h3\" style=\"\"><span>Our Team<\/span><\/h3>[\/vc_column][\/vc_row][vc_row][vc_column width=&#8221;1\/4&#8243; tablet_sm_width=&#8221;1-2&#8243;]\r\n\t\t<div class=\"grve-team grve-element\" style=\"\">\r\n\t\t\t<figure class=\"grve-image-hover grve-style-1 grve-zoom-in\">\r\n\t\t\t\t<div class=\"grve-team-person grve-media grve-dark-overlay grve-opacity-60\">\r\n\t\t\t\t\t<img decoding=\"async\" width=\"300\" height=\"300\" src=\"https:\/\/www.weyer-gruppe.com\/wp-content\/uploads\/2019\/09\/as-u-gamerith-weyer-gernot-gamerith.jpg\" class=\"attachment-grve-image-small-square size-grve-image-small-square\" alt=\"Employee photo of Dr. Gernoth Gamerith of As-U Gamerith-Weyer GmbH\" srcset=\"https:\/\/www.weyer-gruppe.com\/wp-content\/uploads\/2019\/09\/as-u-gamerith-weyer-gernot-gamerith.jpg 300w, https:\/\/www.weyer-gruppe.com\/wp-content\/uploads\/2019\/09\/as-u-gamerith-weyer-gernot-gamerith-150x150.jpg 150w, https:\/\/www.weyer-gruppe.com\/wp-content\/uploads\/2019\/09\/as-u-gamerith-weyer-gernot-gamerith-80x80.jpg 80w\" sizes=\"(max-width: 300px) 100vw, 300px\" \/>\t\t\t\t<\/div>\r\n\t\t\t\t<figcaption>\r\n\t\t\t\t\t<div class=\"grve-team-description\">\r\n\t\t\t\t\t\t\t\t\t\t\t\t<h4 class=\"grve-team-name grve-dark grve-h4\">Dr. Gernoth Gamerith<\/h4>\r\n\t\t\t\t\t\t\t\t\t\t\t\t<small class=\"grve-team-identity grve-dark\">As-U Gamerith Weyer<\/small>\r\n\t\t\t\t\t<\/div>\r\n\t\t\t\t\t\t\t\t\t<\/figcaption>\r\n\t\t\t<\/figure>\r\n\t\t<\/div>\r\n\r\n\t\t[\/vc_column][vc_column width=&#8221;1\/4&#8243; tablet_sm_width=&#8221;1-2&#8243;]\r\n\t\t<div class=\"grve-team grve-element\" style=\"\">\r\n\t\t\t<figure class=\"grve-image-hover grve-style-1 grve-zoom-in\">\r\n\t\t\t\t<div class=\"grve-team-person grve-media grve-dark-overlay grve-opacity-60\">\r\n\t\t\t\t\t<img decoding=\"async\" width=\"300\" height=\"300\" src=\"https:\/\/www.weyer-gruppe.com\/wp-content\/uploads\/2019\/07\/wch-f.sutter.png\" class=\"attachment-grve-image-small-square size-grve-image-small-square\" alt=\"Employee photo of Frank Sutter of Weyer und Partner (Schweiz) AG\" srcset=\"https:\/\/www.weyer-gruppe.com\/wp-content\/uploads\/2019\/07\/wch-f.sutter.png 300w, https:\/\/www.weyer-gruppe.com\/wp-content\/uploads\/2019\/07\/wch-f.sutter-150x150.png 150w, https:\/\/www.weyer-gruppe.com\/wp-content\/uploads\/2019\/07\/wch-f.sutter-80x80.png 80w\" sizes=\"(max-width: 300px) 100vw, 300px\" \/>\t\t\t\t<\/div>\r\n\t\t\t\t<figcaption>\r\n\t\t\t\t\t<div class=\"grve-team-description\">\r\n\t\t\t\t\t\t\t\t\t\t\t\t<h4 class=\"grve-team-name grve-dark grve-h4\">Frank Sutter<\/h4>\r\n\t\t\t\t\t\t\t\t\t\t\t\t<small class=\"grve-team-identity grve-dark\">Weyer und Partner (Schweiz)<\/small>\r\n\t\t\t\t\t<\/div>\r\n\t\t\t\t\t\t\t\t\t<\/figcaption>\r\n\t\t\t<\/figure>\r\n\t\t<\/div>\r\n\r\n\t\t[\/vc_column][vc_column width=&#8221;1\/4&#8243; tablet_sm_width=&#8221;1-2&#8243;]\r\n\t\t<div class=\"grve-team grve-element\" style=\"\">\r\n\t\t\t<figure class=\"grve-image-hover grve-style-1 grve-zoom-in\">\r\n\t\t\t\t<div class=\"grve-team-person grve-media grve-dark-overlay grve-opacity-60\">\r\n\t\t\t\t\t<img decoding=\"async\" width=\"300\" height=\"300\" src=\"https:\/\/www.weyer-gruppe.com\/wp-content\/uploads\/2019\/07\/klaus-woersdoerfer-horst-weyer-und-partner.jpg\" class=\"attachment-grve-image-small-square size-grve-image-small-square\" alt=\"Foto von Klaus Woersdoerfer der Horst Weyer und Partner gmbh\" srcset=\"https:\/\/www.weyer-gruppe.com\/wp-content\/uploads\/2019\/07\/klaus-woersdoerfer-horst-weyer-und-partner.jpg 300w, https:\/\/www.weyer-gruppe.com\/wp-content\/uploads\/2019\/07\/klaus-woersdoerfer-horst-weyer-und-partner-150x150.jpg 150w, https:\/\/www.weyer-gruppe.com\/wp-content\/uploads\/2019\/07\/klaus-woersdoerfer-horst-weyer-und-partner-80x80.jpg 80w\" sizes=\"(max-width: 300px) 100vw, 300px\" \/>\t\t\t\t<\/div>\r\n\t\t\t\t<figcaption>\r\n\t\t\t\t\t<div class=\"grve-team-description\">\r\n\t\t\t\t\t\t\t\t\t\t\t\t<h4 class=\"grve-team-name grve-dark grve-h4\">Dr. Klaus W\u00f6rsd\u00f6rfer<\/h4>\r\n\t\t\t\t\t\t\t\t\t\t\t\t<small class=\"grve-team-identity grve-dark\">horst weyer und partner<\/small>\r\n\t\t\t\t\t<\/div>\r\n\t\t\t\t\t\t\t\t\t<\/figcaption>\r\n\t\t\t<\/figure>\r\n\t\t<\/div>\r\n\r\n\t\t[\/vc_column][vc_column width=&#8221;1\/4&#8243; tablet_sm_width=&#8221;1-2&#8243;]\r\n\t\t<div class=\"grve-team grve-element\" style=\"\">\r\n\t\t\t<figure class=\"grve-image-hover grve-style-1 grve-zoom-in\">\r\n\t\t\t\t<div class=\"grve-team-person grve-media grve-dark-overlay grve-opacity-60\">\r\n\t\t\t\t\t<img decoding=\"async\" width=\"300\" height=\"300\" src=\"https:\/\/www.weyer-gruppe.com\/wp-content\/uploads\/2019\/07\/wip-t.brandes.png\" class=\"attachment-grve-image-small-square size-grve-image-small-square\" alt=\"Employee photo of Tobias Brandes of weyer IngenieurPartner GmbH\" srcset=\"https:\/\/www.weyer-gruppe.com\/wp-content\/uploads\/2019\/07\/wip-t.brandes.png 300w, https:\/\/www.weyer-gruppe.com\/wp-content\/uploads\/2019\/07\/wip-t.brandes-150x150.png 150w, https:\/\/www.weyer-gruppe.com\/wp-content\/uploads\/2019\/07\/wip-t.brandes-80x80.png 80w\" sizes=\"(max-width: 300px) 100vw, 300px\" \/>\t\t\t\t<\/div>\r\n\t\t\t\t<figcaption>\r\n\t\t\t\t\t<div class=\"grve-team-description\">\r\n\t\t\t\t\t\t\t\t\t\t\t\t<h4 class=\"grve-team-name grve-dark grve-h4\">Tobias Brandes<\/h4>\r\n\t\t\t\t\t\t\t\t\t\t\t\t<small class=\"grve-team-identity grve-dark\">weyer IngenieurPartner<\/small>\r\n\t\t\t\t\t<\/div>\r\n\t\t\t\t\t\t\t\t\t<\/figcaption>\r\n\t\t\t<\/figure>\r\n\t\t<\/div>\r\n\r\n\t\t[\/vc_column][\/vc_row][vc_row][vc_column width=&#8221;1\/4&#8243; tablet_sm_width=&#8221;1-2&#8243;]\r\n\t\t<div class=\"grve-team grve-element\" style=\"\">\r\n\t\t\t<figure class=\"grve-image-hover grve-style-1 grve-zoom-in\">\r\n\t\t\t\t<div class=\"grve-team-person grve-media grve-dark-overlay grve-opacity-60\">\r\n\t\t\t\t\t<img decoding=\"async\" width=\"300\" height=\"300\" src=\"https:\/\/www.weyer-gruppe.com\/wp-content\/uploads\/2019\/07\/felix-kalienke-horst-weyer-und-partner.png\" class=\"attachment-grve-image-small-square size-grve-image-small-square\" alt=\"Photo of Felix Kalienke of horst weyer und partner gmbh\" srcset=\"https:\/\/www.weyer-gruppe.com\/wp-content\/uploads\/2019\/07\/felix-kalienke-horst-weyer-und-partner.png 300w, https:\/\/www.weyer-gruppe.com\/wp-content\/uploads\/2019\/07\/felix-kalienke-horst-weyer-und-partner-150x150.png 150w, https:\/\/www.weyer-gruppe.com\/wp-content\/uploads\/2019\/07\/felix-kalienke-horst-weyer-und-partner-80x80.png 80w\" sizes=\"(max-width: 300px) 100vw, 300px\" \/>\t\t\t\t<\/div>\r\n\t\t\t\t<figcaption>\r\n\t\t\t\t\t<div class=\"grve-team-description\">\r\n\t\t\t\t\t\t\t\t\t\t\t\t<h4 class=\"grve-team-name grve-dark grve-h4\">Felix Kalienke<\/h4>\r\n\t\t\t\t\t\t\t\t\t\t\t\t<small class=\"grve-team-identity grve-dark\">horst weyer und partner<\/small>\r\n\t\t\t\t\t<\/div>\r\n\t\t\t\t\t\t\t\t\t<\/figcaption>\r\n\t\t\t<\/figure>\r\n\t\t<\/div>\r\n\r\n\t\t[\/vc_column][\/vc_row]\n<\/div>","protected":false},"excerpt":{"rendered":"<p>[vc_row][vc_column][vc_column_text]Der Arbeitgeber muss im Rahmen der Gef\u00e4rdungsbeurteilung (GBU) nach deutschem Arbeitsschutzgesetz bzw. der Evaluierung nach \u00f6sterreichischem ArbeitnehmerInnenschutzgesetz (ASchG) (siehe auch Arbeitssicherheit) auch eine Beurteilung der jeweiligen Gef\u00e4hrdungen durch die vorhandenen Arbeitsmittel durchf\u00fchren. Die deutsche Betriebssicherheitsverordnung (BetrSichV) bzw. die \u00f6sterreichische Arbeitsmittelverordnung (AM-VO) konkretisieren die Anforderungen an die Gef\u00e4hrdungsbeurteilung (GBU) von Arbeitsmitteln. Die auftretenden Gef\u00e4hrdungen sind vor [&hellip;]<\/p>\n","protected":false},"author":5,"featured_media":0,"parent":23872,"menu_order":0,"comment_status":"closed","ping_status":"closed","template":"","meta":{"footnotes":""},"class_list":["post-23266","page","type-page","status-publish","hentry"],"yoast_head":"<!-- This site is optimized with the Yoast SEO Premium plugin v27.4 (Yoast SEO v27.4) - https:\/\/yoast.com\/product\/yoast-seo-premium-wordpress\/ -->\n<title>Risk assessment (RA) in accordance with the Operating Safety Ordinance (BetrSichV) \/ Use of Work Equipment Directive (AM-VO) &#8211; weyer gruppe<\/title>\n<meta name=\"description\" content=\"To safeguard health and safety at work at your company, the weyer group prepares your risk assessment (RA) in accordance with the Operating Safety Ordinance (BetrSichV) \/ Use of Work Equipment Directive (AM-VO).\" \/>\n<meta name=\"robots\" content=\"noindex, follow\" \/>\n<meta property=\"og:locale\" content=\"en_US\" \/>\n<meta property=\"og:type\" content=\"article\" \/>\n<meta property=\"og:title\" content=\"Risk assessment (RA) in accordance with the Operating Safety Ordinance (BetrSichV) \/ Use of Work Equipment Directive (AM-VO)\" \/>\n<meta property=\"og:description\" content=\"To safeguard health and safety at work at your company, the weyer group prepares your risk assessment (RA) in accordance with the Operating Safety Ordinance (BetrSichV) \/ Use of Work Equipment Directive (AM-VO).\" \/>\n<meta property=\"og:url\" content=\"https:\/\/www.weyer-gruppe.com\/en\/plant-planners-and-manufacturers\/risk-assessment-ra-in-accordance-with-the-operating-safety-ordinance-betrsichv-use-of-work-equipment-directive-am-vo-2\/\" \/>\n<meta property=\"og:site_name\" content=\"weyer gruppe\" \/>\n<meta property=\"article:publisher\" content=\"https:\/\/www.facebook.com\/weyergruppe\" \/>\n<meta property=\"article:modified_time\" content=\"2026-02-26T12:16:45+00:00\" \/>\n<meta name=\"twitter:card\" content=\"summary_large_image\" \/>\n<meta name=\"twitter:label1\" content=\"Est. reading time\" \/>\n\t<meta name=\"twitter:data1\" content=\"3 minutes\" \/>\n<script type=\"application\/ld+json\" class=\"yoast-schema-graph\">{\"@context\":\"https:\\\/\\\/schema.org\",\"@graph\":[{\"@type\":\"WebPage\",\"@id\":\"https:\\\/\\\/www.weyer-gruppe.com\\\/en\\\/plant-planners-and-manufacturers\\\/risk-assessment-ra-in-accordance-with-the-operating-safety-ordinance-betrsichv-use-of-work-equipment-directive-am-vo-2\\\/\",\"url\":\"https:\\\/\\\/www.weyer-gruppe.com\\\/en\\\/plant-planners-and-manufacturers\\\/risk-assessment-ra-in-accordance-with-the-operating-safety-ordinance-betrsichv-use-of-work-equipment-directive-am-vo-2\\\/\",\"name\":\"Risk assessment (RA) in accordance with the Operating Safety Ordinance (BetrSichV) \\\/ Use of Work Equipment Directive (AM-VO) &#8211; weyer gruppe\",\"isPartOf\":{\"@id\":\"https:\\\/\\\/www.weyer-gruppe.com\\\/en\\\/#website\"},\"datePublished\":\"2019-12-16T15:59:41+00:00\",\"dateModified\":\"2026-02-26T12:16:45+00:00\",\"description\":\"To safeguard health and safety at work at your company, the weyer group prepares your risk assessment (RA) in accordance with the Operating Safety Ordinance (BetrSichV) \\\/ Use of Work Equipment Directive (AM-VO).\",\"breadcrumb\":{\"@id\":\"https:\\\/\\\/www.weyer-gruppe.com\\\/en\\\/plant-planners-and-manufacturers\\\/risk-assessment-ra-in-accordance-with-the-operating-safety-ordinance-betrsichv-use-of-work-equipment-directive-am-vo-2\\\/#breadcrumb\"},\"inLanguage\":\"en-US\",\"potentialAction\":[{\"@type\":\"ReadAction\",\"target\":[\"https:\\\/\\\/www.weyer-gruppe.com\\\/en\\\/plant-planners-and-manufacturers\\\/risk-assessment-ra-in-accordance-with-the-operating-safety-ordinance-betrsichv-use-of-work-equipment-directive-am-vo-2\\\/\"]}]},{\"@type\":\"BreadcrumbList\",\"@id\":\"https:\\\/\\\/www.weyer-gruppe.com\\\/en\\\/plant-planners-and-manufacturers\\\/risk-assessment-ra-in-accordance-with-the-operating-safety-ordinance-betrsichv-use-of-work-equipment-directive-am-vo-2\\\/#breadcrumb\",\"itemListElement\":[{\"@type\":\"ListItem\",\"position\":1,\"name\":\"HOME\",\"item\":\"https:\\\/\\\/www.weyer-gruppe.com\\\/en\\\/\"},{\"@type\":\"ListItem\",\"position\":2,\"name\":\"Plant planners and manufacturers\",\"item\":\"https:\\\/\\\/www.weyer-gruppe.com\\\/en\\\/plant-planners-and-manufacturers\\\/\"},{\"@type\":\"ListItem\",\"position\":3,\"name\":\"Risk assessment (RA) in accordance with the Operating Safety Ordinance (BetrSichV) \\\/ Use of Work Equipment Directive (AM-VO)\"}]},{\"@type\":\"WebSite\",\"@id\":\"https:\\\/\\\/www.weyer-gruppe.com\\\/en\\\/#website\",\"url\":\"https:\\\/\\\/www.weyer-gruppe.com\\\/en\\\/\",\"name\":\"weyer gruppe\",\"description\":\"komplett. durchdacht.\",\"publisher\":{\"@id\":\"https:\\\/\\\/www.weyer-gruppe.com\\\/en\\\/#organization\"},\"potentialAction\":[{\"@type\":\"SearchAction\",\"target\":{\"@type\":\"EntryPoint\",\"urlTemplate\":\"https:\\\/\\\/www.weyer-gruppe.com\\\/en\\\/?s={search_term_string}\"},\"query-input\":{\"@type\":\"PropertyValueSpecification\",\"valueRequired\":true,\"valueName\":\"search_term_string\"}}],\"inLanguage\":\"en-US\"},{\"@type\":\"Organization\",\"@id\":\"https:\\\/\\\/www.weyer-gruppe.com\\\/en\\\/#organization\",\"name\":\"weyer gruppe\",\"url\":\"https:\\\/\\\/www.weyer-gruppe.com\\\/en\\\/\",\"logo\":{\"@type\":\"ImageObject\",\"inLanguage\":\"en-US\",\"@id\":\"https:\\\/\\\/www.weyer-gruppe.com\\\/en\\\/#\\\/schema\\\/logo\\\/image\\\/\",\"url\":\"https:\\\/\\\/www.weyer-gruppe.com\\\/wp-content\\\/uploads\\\/2019\\\/07\\\/logo-weyer-gruppe-de.png\",\"contentUrl\":\"https:\\\/\\\/www.weyer-gruppe.com\\\/wp-content\\\/uploads\\\/2019\\\/07\\\/logo-weyer-gruppe-de.png\",\"width\":532,\"height\":513,\"caption\":\"weyer gruppe\"},\"image\":{\"@id\":\"https:\\\/\\\/www.weyer-gruppe.com\\\/en\\\/#\\\/schema\\\/logo\\\/image\\\/\"},\"sameAs\":[\"https:\\\/\\\/www.facebook.com\\\/weyergruppe\",\"https:\\\/\\\/de.linkedin.com\\\/company\\\/weyer-gruppe\",\"https:\\\/\\\/www.youtube.com\\\/channel\\\/UCmZItECuW56Ih_p501_Bq8A\"],\"description\":\"Die weyer gruppe ist seit 1976 Ihr Partner f\u00fcr verfahrenstechnische Anlagenplanung und Anlagensicherheit. Mit einem erfahrenen Team von \u00fcber 190 Mitarbeitern in Deutschland, \u00d6sterreich, Polen und der Schweiz realisieren wir j\u00e4hrlich \u00fcber 1.000 Kundenprojekte. Unsere Expertise erstreckt sich \u00fcber verschiedene Branchen wie Chemie, Pharma, Mineral\u00f6l sowie Ver- und Entsorgung. Vertrauen Sie auf die weyer Gruppe f\u00fcr ma\u00dfgeschneiderte Engineering- und Consulting-L\u00f6sungen, die Ihre Anforderungen in puncto Sicherheit und Effizienz erf\u00fcllen.\",\"email\":\"info@weyer-gruppe.com\",\"telephone\":\"+49 (0) 24 21 \u2013 69 09 1 \u2013 0\",\"numberOfEmployees\":{\"@type\":\"QuantitativeValue\",\"minValue\":\"51\",\"maxValue\":\"200\"}}]}<\/script>\n<!-- \/ Yoast SEO Premium plugin. -->","yoast_head_json":{"title":"Risk assessment (RA) in accordance with the Operating Safety Ordinance (BetrSichV) \/ Use of Work Equipment Directive (AM-VO) &#8211; weyer gruppe","description":"To safeguard health and safety at work at your company, the weyer group prepares your risk assessment (RA) in accordance with the Operating Safety Ordinance (BetrSichV) \/ Use of Work Equipment Directive (AM-VO).","robots":{"index":"noindex","follow":"follow"},"og_locale":"en_US","og_type":"article","og_title":"Risk assessment (RA) in accordance with the Operating Safety Ordinance (BetrSichV) \/ Use of Work Equipment Directive (AM-VO)","og_description":"To safeguard health and safety at work at your company, the weyer group prepares your risk assessment (RA) in accordance with the Operating Safety Ordinance (BetrSichV) \/ Use of Work Equipment Directive (AM-VO).","og_url":"https:\/\/www.weyer-gruppe.com\/en\/plant-planners-and-manufacturers\/risk-assessment-ra-in-accordance-with-the-operating-safety-ordinance-betrsichv-use-of-work-equipment-directive-am-vo-2\/","og_site_name":"weyer gruppe","article_publisher":"https:\/\/www.facebook.com\/weyergruppe","article_modified_time":"2026-02-26T12:16:45+00:00","twitter_card":"summary_large_image","twitter_misc":{"Est. reading time":"3 minutes"},"schema":{"@context":"https:\/\/schema.org","@graph":[{"@type":"WebPage","@id":"https:\/\/www.weyer-gruppe.com\/en\/plant-planners-and-manufacturers\/risk-assessment-ra-in-accordance-with-the-operating-safety-ordinance-betrsichv-use-of-work-equipment-directive-am-vo-2\/","url":"https:\/\/www.weyer-gruppe.com\/en\/plant-planners-and-manufacturers\/risk-assessment-ra-in-accordance-with-the-operating-safety-ordinance-betrsichv-use-of-work-equipment-directive-am-vo-2\/","name":"Risk assessment (RA) in accordance with the Operating Safety Ordinance (BetrSichV) \/ Use of Work Equipment Directive (AM-VO) &#8211; weyer gruppe","isPartOf":{"@id":"https:\/\/www.weyer-gruppe.com\/en\/#website"},"datePublished":"2019-12-16T15:59:41+00:00","dateModified":"2026-02-26T12:16:45+00:00","description":"To safeguard health and safety at work at your company, the weyer group prepares your risk assessment (RA) in accordance with the Operating Safety Ordinance (BetrSichV) \/ Use of Work Equipment Directive (AM-VO).","breadcrumb":{"@id":"https:\/\/www.weyer-gruppe.com\/en\/plant-planners-and-manufacturers\/risk-assessment-ra-in-accordance-with-the-operating-safety-ordinance-betrsichv-use-of-work-equipment-directive-am-vo-2\/#breadcrumb"},"inLanguage":"en-US","potentialAction":[{"@type":"ReadAction","target":["https:\/\/www.weyer-gruppe.com\/en\/plant-planners-and-manufacturers\/risk-assessment-ra-in-accordance-with-the-operating-safety-ordinance-betrsichv-use-of-work-equipment-directive-am-vo-2\/"]}]},{"@type":"BreadcrumbList","@id":"https:\/\/www.weyer-gruppe.com\/en\/plant-planners-and-manufacturers\/risk-assessment-ra-in-accordance-with-the-operating-safety-ordinance-betrsichv-use-of-work-equipment-directive-am-vo-2\/#breadcrumb","itemListElement":[{"@type":"ListItem","position":1,"name":"HOME","item":"https:\/\/www.weyer-gruppe.com\/en\/"},{"@type":"ListItem","position":2,"name":"Plant planners and manufacturers","item":"https:\/\/www.weyer-gruppe.com\/en\/plant-planners-and-manufacturers\/"},{"@type":"ListItem","position":3,"name":"Risk assessment (RA) in accordance with the Operating Safety Ordinance (BetrSichV) \/ Use of Work Equipment Directive (AM-VO)"}]},{"@type":"WebSite","@id":"https:\/\/www.weyer-gruppe.com\/en\/#website","url":"https:\/\/www.weyer-gruppe.com\/en\/","name":"weyer gruppe","description":"komplett. durchdacht.","publisher":{"@id":"https:\/\/www.weyer-gruppe.com\/en\/#organization"},"potentialAction":[{"@type":"SearchAction","target":{"@type":"EntryPoint","urlTemplate":"https:\/\/www.weyer-gruppe.com\/en\/?s={search_term_string}"},"query-input":{"@type":"PropertyValueSpecification","valueRequired":true,"valueName":"search_term_string"}}],"inLanguage":"en-US"},{"@type":"Organization","@id":"https:\/\/www.weyer-gruppe.com\/en\/#organization","name":"weyer gruppe","url":"https:\/\/www.weyer-gruppe.com\/en\/","logo":{"@type":"ImageObject","inLanguage":"en-US","@id":"https:\/\/www.weyer-gruppe.com\/en\/#\/schema\/logo\/image\/","url":"https:\/\/www.weyer-gruppe.com\/wp-content\/uploads\/2019\/07\/logo-weyer-gruppe-de.png","contentUrl":"https:\/\/www.weyer-gruppe.com\/wp-content\/uploads\/2019\/07\/logo-weyer-gruppe-de.png","width":532,"height":513,"caption":"weyer gruppe"},"image":{"@id":"https:\/\/www.weyer-gruppe.com\/en\/#\/schema\/logo\/image\/"},"sameAs":["https:\/\/www.facebook.com\/weyergruppe","https:\/\/de.linkedin.com\/company\/weyer-gruppe","https:\/\/www.youtube.com\/channel\/UCmZItECuW56Ih_p501_Bq8A"],"description":"Die weyer gruppe ist seit 1976 Ihr Partner f\u00fcr verfahrenstechnische Anlagenplanung und Anlagensicherheit. Mit einem erfahrenen Team von \u00fcber 190 Mitarbeitern in Deutschland, \u00d6sterreich, Polen und der Schweiz realisieren wir j\u00e4hrlich \u00fcber 1.000 Kundenprojekte. Unsere Expertise erstreckt sich \u00fcber verschiedene Branchen wie Chemie, Pharma, Mineral\u00f6l sowie Ver- und Entsorgung. Vertrauen Sie auf die weyer Gruppe f\u00fcr ma\u00dfgeschneiderte Engineering- und Consulting-L\u00f6sungen, die Ihre Anforderungen in puncto Sicherheit und Effizienz erf\u00fcllen.","email":"info@weyer-gruppe.com","telephone":"+49 (0) 24 21 \u2013 69 09 1 \u2013 0","numberOfEmployees":{"@type":"QuantitativeValue","minValue":"51","maxValue":"200"}}]}},"_links":{"self":[{"href":"https:\/\/www.weyer-gruppe.com\/en\/wp-json\/wp\/v2\/pages\/23266","targetHints":{"allow":["GET"]}}],"collection":[{"href":"https:\/\/www.weyer-gruppe.com\/en\/wp-json\/wp\/v2\/pages"}],"about":[{"href":"https:\/\/www.weyer-gruppe.com\/en\/wp-json\/wp\/v2\/types\/page"}],"author":[{"embeddable":true,"href":"https:\/\/www.weyer-gruppe.com\/en\/wp-json\/wp\/v2\/users\/5"}],"replies":[{"embeddable":true,"href":"https:\/\/www.weyer-gruppe.com\/en\/wp-json\/wp\/v2\/comments?post=23266"}],"version-history":[{"count":4,"href":"https:\/\/www.weyer-gruppe.com\/en\/wp-json\/wp\/v2\/pages\/23266\/revisions"}],"predecessor-version":[{"id":237564,"href":"https:\/\/www.weyer-gruppe.com\/en\/wp-json\/wp\/v2\/pages\/23266\/revisions\/237564"}],"up":[{"embeddable":true,"href":"https:\/\/www.weyer-gruppe.com\/en\/wp-json\/wp\/v2\/pages\/23872"}],"wp:attachment":[{"href":"https:\/\/www.weyer-gruppe.com\/en\/wp-json\/wp\/v2\/media?parent=23266"}],"curies":[{"name":"wp","href":"https:\/\/api.w.org\/{rel}","templated":true}]}}